{"id":3403,"date":"2021-07-28T17:31:25","date_gmt":"2021-07-28T15:31:25","guid":{"rendered":"http:\/\/regs-burg-stargard.de\/wordpress\/?page_id=3403"},"modified":"2022-10-07T10:04:20","modified_gmt":"2022-10-07T08:04:20","slug":"schuljahr-2021-2022","status":"publish","type":"page","link":"https:\/\/regs-burg-stargard.de\/wordpress\/archiv\/schuljahr-2021-2022\/","title":{"rendered":"Schuljahr 2021\/2022"},"content":{"rendered":"<p>30.06.2022<br \/>\n<span style=\"color: #ff0000;\">Arbeitseinsatz beim Tag in den Gemeinden<\/span><\/p>\n<p>Im Rahmen der Projektwoche am Schuljahresende fand am 29. Juni nach 2 Jahren Unterbrechung wieder unser Tag in den Gemeinden statt. An diesem Tag bleiben alle Sch\u00fcler in ihren Heimatgemeinden und helfen dort ihre D\u00f6rfer sauber und sch\u00f6n zu erhalten. Dieses Jahr waren sie in Ballin, Dewitz, Pragsdorf, C\u00f6lpin, Gro\u00df Nemerow, Rowa, Holldorf, Loitz und Burg Stargard im Einsatz. Eingewiesen wurden die Jungen und M\u00e4dchen durch die jeweiligen Gemeindearbeiter, in Holldorf war wieder Frau M\u00fcller f\u00fcr sie da. Ein herzlicher Dank geht an sie und die B\u00fcrgermeister der Gemeinden f\u00fcr die Organisation.<br \/>\nDa sehr viele Sch\u00fcler aus Burg Stargard stammen, gab es hier auch besonders viele flei\u00dfige H\u00e4nde. So wurde allerorten M\u00fcll gesammelt, Unkraut gezupft, geharkt und gefegt, unter anderem im Kr\u00e4utergarten auf der Burg, auf dem Markt oder dem Denkmalsberg. Aber auch Stellen, die besonders h\u00e4ufig von den Jugendlichen selbst verschmutzt werden, wurden gereinigt, wie der Pavillon am Spielplatz Marner Stra\u00dfe.<br \/>\nWir hoffen sehr, dass wir diese sch\u00f6ne Tradition erhalten k\u00f6nnen, bei der die Sch\u00fcler etwas an ihre Heimatgemeinden zur\u00fcckgeben und den Wert einer sch\u00f6nen, sauberen Umgebung besser sch\u00e4tzen lernen.<\/p>\n<p>Sylvia Eskaf<\/p>\n<p><a href=\"https:\/\/regs-burg-stargard.de\/wordpress\/wp-content\/uploads\/2022\/06\/Arbeitseinsatz-am-Spielplatz-Marner-Strasse-scaled.jpg\"><img loading=\"lazy\" decoding=\"async\" class=\"alignnone size-medium wp-image-3670 colorbox-3403\" src=\"https:\/\/regs-burg-stargard.de\/wordpress\/wp-content\/uploads\/2022\/06\/Arbeitseinsatz-am-Spielplatz-Marner-Strasse-225x300.jpg\" alt=\"\" width=\"225\" height=\"300\" srcset=\"https:\/\/regs-burg-stargard.de\/wordpress\/wp-content\/uploads\/2022\/06\/Arbeitseinsatz-am-Spielplatz-Marner-Strasse-225x300.jpg 225w, https:\/\/regs-burg-stargard.de\/wordpress\/wp-content\/uploads\/2022\/06\/Arbeitseinsatz-am-Spielplatz-Marner-Strasse-768x1024.jpg 768w, https:\/\/regs-burg-stargard.de\/wordpress\/wp-content\/uploads\/2022\/06\/Arbeitseinsatz-am-Spielplatz-Marner-Strasse-300x400.jpg 300w, https:\/\/regs-burg-stargard.de\/wordpress\/wp-content\/uploads\/2022\/06\/Arbeitseinsatz-am-Spielplatz-Marner-Strasse-1152x1536.jpg 1152w, https:\/\/regs-burg-stargard.de\/wordpress\/wp-content\/uploads\/2022\/06\/Arbeitseinsatz-am-Spielplatz-Marner-Strasse-1536x2048.jpg 1536w, https:\/\/regs-burg-stargard.de\/wordpress\/wp-content\/uploads\/2022\/06\/Arbeitseinsatz-am-Spielplatz-Marner-Strasse-scaled.jpg 1920w\" sizes=\"auto, (max-width: 225px) 100vw, 225px\" \/><\/a><\/p>\n<p>24.06.2022<br \/>\n<span style=\"color: #ff0000;\">Ein besonderer H\u00f6hepunkt im Schuljahr Zeugnis\u00fcbergabe in <\/span><br \/>\n<span style=\"color: #ff0000;\">Klasse 10<\/span><\/p>\n<p>Am 23.06.2022 erhielten 26 Sch\u00fclerinnen und Sch\u00fcler der<br \/>\n10. Klasse ihr Abschlusszeugnis. Das ist, wie in jedem Jahr, ein ganz besonderer Tag f\u00fcr die Jugendlichen, die Eltern und die Lehrerinnen und Lehrer.<br \/>\nAuch auf die Ergebnisse k\u00f6nnen alle stolz sein. 21 Sch\u00fclerinnen und Sch\u00fcler erreichten die Mittlere Reife, der Pr\u00e4dikatsdurchschnitt lag bei 2,4. Das Pr\u00e4dikat \u201eSehr gut- mit Auszeichnung\u201c erhielten 2 Sch\u00fclerinnen. Damit gab es wirklich einen guten Grund zum Feiern.<br \/>\nDie meisten Sch\u00fclerinnen und Sch\u00fcler k\u00f6nnen auch mit einem guten Gef\u00fchl in die Ferien gehen, denn sie haben ihren Ausbildungsvertrag unterschrieben und k\u00f6nnen ab September in einen neuen Lebensabschnitt starten.<\/p>\n<p>S. Schwenn<br \/>\nSchulleiterin<\/p>\n<p>27.05.2022<br \/>\n<span style=\"color: #ff0000;\">Erfolgreiche Titelverteidigung &#8211; Berufswahl-Siegel MV &#8211;<br \/>\n<\/span><span style=\"color: #339966;\">Schule mit vorbildlicher Beruflicher Orientierung 2022-2027<\/span><\/p>\n<p>Im Mai\/Juni 2022 konnte die Regionale Schule Burg Stargard erneut erfolgreich das Berufswahlsiegel MV verteidigen. Bereits seit 2014 darf sie sich Schule mit vorbildlicher Beruflicher Orientierung nennen. Der Titel wird von der Vereinigung der Unternehmerverb\u00e4nde und der DGB-Nord verliehen.<br \/>\nDie Jury bescheinigte der Schule ein gutes Berufswahlkonzept auf dessen Grundlage den Sch\u00fclerinnen und Sch\u00fclern besonders ab Klasse 7 Ma\u00dfnahmen angeboten werden, Berufe zu erkunden, ihrer St\u00e4rken und Schw\u00e4chen kennen zu lernen und Praxiserfahrungen zu sammeln. Eine kontinuierliche Berufsberatung durch eine Fachkraft vom Arbeitsamt bietet Hilfe und Unterst\u00fctzung bei der Suche nach einem Ausbildungsplatz und der Zusammenstellung der Bewerbungsunterlagen.<\/p>\n<p>C. Vo\u00df (verantwortliche Lehrkraft f\u00fcr BO)<br \/>\nS. Schwenn (Schulleiterin)<\/p>\n<p><a href=\"https:\/\/regs-burg-stargard.de\/wordpress\/wp-content\/uploads\/2022\/06\/Berufswahlsiegel-rotated.jpg\"><img loading=\"lazy\" decoding=\"async\" class=\"alignnone size-medium wp-image-3668 colorbox-3403\" src=\"https:\/\/regs-burg-stargard.de\/wordpress\/wp-content\/uploads\/2022\/06\/Berufswahlsiegel-225x300.jpg\" alt=\"\" width=\"225\" height=\"300\" srcset=\"https:\/\/regs-burg-stargard.de\/wordpress\/wp-content\/uploads\/2022\/06\/Berufswahlsiegel-225x300.jpg 225w, https:\/\/regs-burg-stargard.de\/wordpress\/wp-content\/uploads\/2022\/06\/Berufswahlsiegel-300x400.jpg 300w, https:\/\/regs-burg-stargard.de\/wordpress\/wp-content\/uploads\/2022\/06\/Berufswahlsiegel-rotated.jpg 480w\" sizes=\"auto, (max-width: 225px) 100vw, 225px\" \/><\/a><\/p>\n<p><span style=\"color: #ff0000;\">&nbsp;<\/span><\/p>\n<p><span style=\"color: #ff0000;\"><span style=\"color: #000000;\">19.05.2022<\/span><br \/>\nEndlich wieder Theater zum Mitmachen!<\/span><br \/>\n<span style=\"color: #339966;\">Theaterprojekt mit den 5. und 6. Klassen an der Regionalen Schule<\/span><\/p>\n<p>Martina und Klaus Herre, Theaterp\u00e4dagogin und Schauspieler aus Neustrelitz, die schon viele Jahre eng mit unserer Schule verbunden sind, haben die \u201eCorona \u2013 Abstandszeit\u201c genutzt, um ein neues Theaterst\u00fcck mit relevanten Themen f\u00fcr Schulklassen zu entwickeln und jetzt endlich konnten Sch\u00fcler der 5. und 6. Klassen, Klassenlehrer und Schulsozialarbeiterin sie an unserer Schule mit dem St\u00fcck \u201eDetektive wie wir\u201c erleben.<br \/>\nIm Klassenraum richteten sich die Detektive Kitti und Kalle ein B\u00fcro ein, aber die Auftr\u00e4ge waren rar und so machten sie sich auf Spurensuche. Probleme, f\u00fcr die L\u00f6sungen gefunden werden m\u00fcssen, gibt es schlie\u00dflich \u00fcberall. Die Spuren f\u00fchrten sie zu den verschiedensten Orten: in den Stadtpark, den Wald, ans Meer. Themen wie Einsamkeit, Mobbing, unn\u00fctzes B\u00e4umef\u00e4llen und Verm\u00fcllung der Meere wurden in dem St\u00fcck auf ber\u00fchrende Weise dargestellt.<br \/>\nGetreu dem Motto: \u201e Denk doch mal nach und fang bei dir selbst an\u201c wurden L\u00f6sungsans\u00e4tze aufgezeigt.<br \/>\nIm weiteren Verlauf des Projekttages spielten die Sch\u00fcler Szenen nach und gestalteten bildnerisch ihre Zukunftsw\u00fcnsche oder Phantasiewelten. Jede Klasse erhielt so am Ende des Tages eine Mappe mit ihren klugen Ideen und Gedanken. Diese kann im Laufe der Schuljahre noch weiter gef\u00fcllt werden.<br \/>\nDie einzelnen Sch\u00fclerinnen und Sch\u00fcler fanden den Theatertag toll und w\u00fcnschen sich ein baldiges Wiedersehen. Nach zwei Jahren ohne Theater u. \u00e4. war der Projekttag eine gute Erfahrung f\u00fcr alle Beteiligten.<\/p>\n<p>C. Lukasczyk<br \/>\nSchulsozialarbeiterin<\/p>\n<p><a href=\"https:\/\/regs-burg-stargard.de\/wordpress\/wp-content\/uploads\/2022\/05\/20220516_105933_resized.jpg\"><img loading=\"lazy\" decoding=\"async\" class=\"alignnone size-medium wp-image-3653 colorbox-3403\" src=\"https:\/\/regs-burg-stargard.de\/wordpress\/wp-content\/uploads\/2022\/05\/20220516_105933_resized-300x169.jpg\" alt=\"\" width=\"300\" height=\"169\" srcset=\"https:\/\/regs-burg-stargard.de\/wordpress\/wp-content\/uploads\/2022\/05\/20220516_105933_resized-300x169.jpg 300w, https:\/\/regs-burg-stargard.de\/wordpress\/wp-content\/uploads\/2022\/05\/20220516_105933_resized-768x432.jpg 768w, https:\/\/regs-burg-stargard.de\/wordpress\/wp-content\/uploads\/2022\/05\/20220516_105933_resized.jpg 816w\" sizes=\"auto, (max-width: 300px) 100vw, 300px\" \/><\/a><\/p>\n<p><a href=\"https:\/\/regs-burg-stargard.de\/wordpress\/wp-content\/uploads\/2022\/05\/20220516_110450_resized.jpg\"><img loading=\"lazy\" decoding=\"async\" class=\"alignnone size-medium wp-image-3654 colorbox-3403\" src=\"https:\/\/regs-burg-stargard.de\/wordpress\/wp-content\/uploads\/2022\/05\/20220516_110450_resized-300x169.jpg\" alt=\"\" width=\"300\" height=\"169\" srcset=\"https:\/\/regs-burg-stargard.de\/wordpress\/wp-content\/uploads\/2022\/05\/20220516_110450_resized-300x169.jpg 300w, https:\/\/regs-burg-stargard.de\/wordpress\/wp-content\/uploads\/2022\/05\/20220516_110450_resized-768x432.jpg 768w, https:\/\/regs-burg-stargard.de\/wordpress\/wp-content\/uploads\/2022\/05\/20220516_110450_resized.jpg 816w\" sizes=\"auto, (max-width: 300px) 100vw, 300px\" \/><\/a><\/p>\n<p><a href=\"https:\/\/regs-burg-stargard.de\/wordpress\/wp-content\/uploads\/2022\/05\/20220517_141322_resized.jpg\"><img loading=\"lazy\" decoding=\"async\" class=\"alignnone size-medium wp-image-3655 colorbox-3403\" src=\"https:\/\/regs-burg-stargard.de\/wordpress\/wp-content\/uploads\/2022\/05\/20220517_141322_resized-300x169.jpg\" alt=\"\" width=\"300\" height=\"169\" srcset=\"https:\/\/regs-burg-stargard.de\/wordpress\/wp-content\/uploads\/2022\/05\/20220517_141322_resized-300x169.jpg 300w, https:\/\/regs-burg-stargard.de\/wordpress\/wp-content\/uploads\/2022\/05\/20220517_141322_resized-768x432.jpg 768w, https:\/\/regs-burg-stargard.de\/wordpress\/wp-content\/uploads\/2022\/05\/20220517_141322_resized.jpg 816w\" sizes=\"auto, (max-width: 300px) 100vw, 300px\" \/><\/a><\/p>\n<p><span style=\"color: #ff0000;\">Ein Grund zum Feiern!<br \/>\n<\/span><span style=\"color: #339966;\">Letzter Unterrichtstag der 10. Klasse<\/span><\/p>\n<p>Am 03.05.2022 war es endlich soweit. Die Sch\u00fclerinnen und Sch\u00fcler konnten ihren letzten Unterrichtstag feiern. Wie es Tradition ist, hatten sie sich f\u00fcr diesen Tag etwas Besonderes ausgedacht. So wurden die beiden Klassenlehrerinnen, Frau Retzar und Frau Eskaf, mit einer Limousine von zu Hause abgeholt und von den festlich gekleideten Sch\u00fclerinnen und Sch\u00fclern auf dem roten Teppich vor dem Schulhaus in Empfang genommen. Aber auch die j\u00fcngeren Sch\u00fcler*innen hatten ihren Spa\u00df, denn sie mussten sich durch Unmengen von Luftballons und verbarrikadierten Treppen in ihre Klassenr\u00e4ume durchk\u00e4mpfen. Daf\u00fcr hagelte es dann im Unterricht Bonbons.<br \/>\nDer Tag fand seinen Abschluss mit einem Besuch der Sommerrodelbahn.<br \/>\nNun liegt vor den Zehntkl\u00e4sslern eine anstrengende Zeit. Die schriftlichen und m\u00fcndlichen Pr\u00fcfungen m\u00fcssen absolviert werden, damit alle am 23.06.2022 stolz ihr Zeugnis in den H\u00e4nden halten k\u00f6nnen.<\/p>\n<p>S. Schwenn<br \/>\nSchulleiterin<\/p>\n<p><a href=\"https:\/\/regs-burg-stargard.de\/wordpress\/wp-content\/uploads\/2022\/05\/letzter-Schultag_03.05.20222472-rotated.jpg\"><img loading=\"lazy\" decoding=\"async\" class=\"alignnone size-medium wp-image-3649 colorbox-3403\" src=\"https:\/\/regs-burg-stargard.de\/wordpress\/wp-content\/uploads\/2022\/05\/letzter-Schultag_03.05.20222472-225x300.jpg\" alt=\"\" width=\"225\" height=\"300\" srcset=\"https:\/\/regs-burg-stargard.de\/wordpress\/wp-content\/uploads\/2022\/05\/letzter-Schultag_03.05.20222472-225x300.jpg 225w, https:\/\/regs-burg-stargard.de\/wordpress\/wp-content\/uploads\/2022\/05\/letzter-Schultag_03.05.20222472-300x400.jpg 300w, https:\/\/regs-burg-stargard.de\/wordpress\/wp-content\/uploads\/2022\/05\/letzter-Schultag_03.05.20222472-rotated.jpg 480w\" sizes=\"auto, (max-width: 225px) 100vw, 225px\" \/>&nbsp;&nbsp; <\/a><a href=\"https:\/\/regs-burg-stargard.de\/wordpress\/wp-content\/uploads\/2022\/05\/letzter-Schultag_03.05.2022.2472-rotated.jpg\"><img loading=\"lazy\" decoding=\"async\" class=\"alignnone size-medium wp-image-3651 colorbox-3403\" src=\"https:\/\/regs-burg-stargard.de\/wordpress\/wp-content\/uploads\/2022\/05\/letzter-Schultag_03.05.2022.2472-225x300.jpg\" alt=\"\" width=\"225\" height=\"300\" srcset=\"https:\/\/regs-burg-stargard.de\/wordpress\/wp-content\/uploads\/2022\/05\/letzter-Schultag_03.05.2022.2472-225x300.jpg 225w, https:\/\/regs-burg-stargard.de\/wordpress\/wp-content\/uploads\/2022\/05\/letzter-Schultag_03.05.2022.2472-300x400.jpg 300w, https:\/\/regs-burg-stargard.de\/wordpress\/wp-content\/uploads\/2022\/05\/letzter-Schultag_03.05.2022.2472-rotated.jpg 480w\" sizes=\"auto, (max-width: 225px) 100vw, 225px\" \/><\/a><\/p>\n<p>&nbsp;<\/p>\n<p><span style=\"color: #ff0000;\">2. Wandertag am 26.04.2022<\/span><\/p>\n<p><span style=\"color: #339966;\">Geschichte, Biologie und vieles mehr\u2026<\/span><\/p>\n<p>Wir sind sehr gl\u00fccklich dar\u00fcber, dass der zweite Wandertag regul\u00e4r stattfinden konnte und somit wieder etwas mehr Normalit\u00e4t in die Schule zur\u00fcckkehrt.<br \/>\nW\u00e4hrend die F\u00fcnftkl\u00e4ssler die Ausstellung im Landeszentrum f\u00fcr erneuerbare Energien in Neustrelitz besuchten, fuhren die Sch\u00fclerinnen und Sch\u00fcler der 6. Jahrgangsstufe mit dem Bus nach Stralsund, um in die Unterwasserwelt des Ozeaneums einzutauchen.<br \/>\nDer Wandertag der 7a stand unter dem Motto \u201eDer Weg ist das Ziel\u201c. So wanderten sie bei herrlichem Wetter durch das Lindetal nach Neubrandenburg. Die Klasse 7b fuhr dagegen mit dem Zug in die Stadt, um deren historische Entwicklung nachzuvollziehen und im Treptower Tor einen Lederbeutel herzustellen. Ein leckeres Eis rundete den Tag ab.<br \/>\nDie Sch\u00fclerinnen und Sch\u00fcler der 8. Jahrgangsstufe stellten einen neuen Geschwindigkeitsrekord auf der Sommerrodelbahn in Burg Stargard auf. Zuvor wurde noch gemeinsam Sport getrieben.<br \/>\nDer Rostocker Zoo war das Ziel der 9. Klassen, hier besuchten sie vor allem das Darwineum. Anschlie\u00dfend konnten sich die Jugendlichen noch selbst vom maritimen Flair der Hansestadt \u00fcberzeugen.<br \/>\nUnser Abschlussjahrgang erlebte die Ausstellung des J\u00fcdischen Museums in Berlin. Es begann mit den drei Achsen im Untergeschoss. Diese symbolisierten die unterschiedlichen Entwicklungen j\u00fcdischer Lebensgeschichte in Deutschland: Die Achse des Exils, die Achse des Holocaust und die Achse der Kontinuit\u00e4t. In Vitrinen konnten die Sch\u00fclerinnen und Sch\u00fcler verschiedenste Erinnerungsst\u00fccke sehen, wie zum Beispiel ein Hochzeitskleid von einer J\u00fcdin aus dem Jahr 1938.<\/p>\n<p>Mit den unterschiedlichsten Eindr\u00fccken endete der Tag f\u00fcr unsere Sch\u00fcler. Wir freuen uns schon auf den letzten Wandertag in der Projektwoche vor den Sommerferien.<\/p>\n<p><a href=\"https:\/\/regs-burg-stargard.de\/wordpress\/wp-content\/uploads\/2022\/05\/Darwineum_Kl.9-scaled.jpg\"><img loading=\"lazy\" decoding=\"async\" class=\"alignnone size-medium wp-image-3637 colorbox-3403\" src=\"https:\/\/regs-burg-stargard.de\/wordpress\/wp-content\/uploads\/2022\/05\/Darwineum_Kl.9-300x225.jpg\" alt=\"\" width=\"300\" height=\"225\" srcset=\"https:\/\/regs-burg-stargard.de\/wordpress\/wp-content\/uploads\/2022\/05\/Darwineum_Kl.9-300x225.jpg 300w, https:\/\/regs-burg-stargard.de\/wordpress\/wp-content\/uploads\/2022\/05\/Darwineum_Kl.9-1024x768.jpg 1024w, https:\/\/regs-burg-stargard.de\/wordpress\/wp-content\/uploads\/2022\/05\/Darwineum_Kl.9-768x576.jpg 768w, https:\/\/regs-burg-stargard.de\/wordpress\/wp-content\/uploads\/2022\/05\/Darwineum_Kl.9-1536x1152.jpg 1536w, https:\/\/regs-burg-stargard.de\/wordpress\/wp-content\/uploads\/2022\/05\/Darwineum_Kl.9-2048x1536.jpg 2048w\" sizes=\"auto, (max-width: 300px) 100vw, 300px\" \/><\/a>&nbsp; <a href=\"https:\/\/regs-burg-stargard.de\/wordpress\/wp-content\/uploads\/2022\/05\/Klasse7b.jpg\"><img loading=\"lazy\" decoding=\"async\" class=\"alignnone size-medium wp-image-3639 colorbox-3403\" src=\"https:\/\/regs-burg-stargard.de\/wordpress\/wp-content\/uploads\/2022\/05\/Klasse7b-300x227.jpg\" alt=\"\" width=\"300\" height=\"227\" srcset=\"https:\/\/regs-burg-stargard.de\/wordpress\/wp-content\/uploads\/2022\/05\/Klasse7b-300x227.jpg 300w, https:\/\/regs-burg-stargard.de\/wordpress\/wp-content\/uploads\/2022\/05\/Klasse7b-1024x776.jpg 1024w, https:\/\/regs-burg-stargard.de\/wordpress\/wp-content\/uploads\/2022\/05\/Klasse7b-768x582.jpg 768w, https:\/\/regs-burg-stargard.de\/wordpress\/wp-content\/uploads\/2022\/05\/Klasse7b.jpg 1073w\" sizes=\"auto, (max-width: 300px) 100vw, 300px\" \/><\/a> <a href=\"https:\/\/regs-burg-stargard.de\/wordpress\/wp-content\/uploads\/2022\/05\/Stralsund_Kl.6b-scaled.jpeg\"><img loading=\"lazy\" decoding=\"async\" class=\"alignnone size-medium wp-image-3641 colorbox-3403\" src=\"https:\/\/regs-burg-stargard.de\/wordpress\/wp-content\/uploads\/2022\/05\/Stralsund_Kl.6b-300x225.jpeg\" alt=\"\" width=\"300\" height=\"225\" srcset=\"https:\/\/regs-burg-stargard.de\/wordpress\/wp-content\/uploads\/2022\/05\/Stralsund_Kl.6b-300x225.jpeg 300w, https:\/\/regs-burg-stargard.de\/wordpress\/wp-content\/uploads\/2022\/05\/Stralsund_Kl.6b-1024x768.jpeg 1024w, https:\/\/regs-burg-stargard.de\/wordpress\/wp-content\/uploads\/2022\/05\/Stralsund_Kl.6b-768x576.jpeg 768w, https:\/\/regs-burg-stargard.de\/wordpress\/wp-content\/uploads\/2022\/05\/Stralsund_Kl.6b-1536x1152.jpeg 1536w, https:\/\/regs-burg-stargard.de\/wordpress\/wp-content\/uploads\/2022\/05\/Stralsund_Kl.6b-2048x1536.jpeg 2048w\" sizes=\"auto, (max-width: 300px) 100vw, 300px\" \/><\/a> <a href=\"https:\/\/regs-burg-stargard.de\/wordpress\/wp-content\/uploads\/2022\/05\/Klasse8b-1.jpg\"><img loading=\"lazy\" decoding=\"async\" class=\"alignnone size-medium wp-image-3642 colorbox-3403\" src=\"https:\/\/regs-burg-stargard.de\/wordpress\/wp-content\/uploads\/2022\/05\/Klasse8b-1-300x225.jpg\" alt=\"\" width=\"300\" height=\"225\" srcset=\"https:\/\/regs-burg-stargard.de\/wordpress\/wp-content\/uploads\/2022\/05\/Klasse8b-1-300x225.jpg 300w, https:\/\/regs-burg-stargard.de\/wordpress\/wp-content\/uploads\/2022\/05\/Klasse8b-1-1024x768.jpg 1024w, https:\/\/regs-burg-stargard.de\/wordpress\/wp-content\/uploads\/2022\/05\/Klasse8b-1-768x576.jpg 768w, https:\/\/regs-burg-stargard.de\/wordpress\/wp-content\/uploads\/2022\/05\/Klasse8b-1-1536x1152.jpg 1536w, https:\/\/regs-burg-stargard.de\/wordpress\/wp-content\/uploads\/2022\/05\/Klasse8b-1.jpg 2048w\" sizes=\"auto, (max-width: 300px) 100vw, 300px\" \/><\/a><a href=\"https:\/\/regs-burg-stargard.de\/wordpress\/wp-content\/uploads\/2022\/05\/Darwineum_Kl.92-scaled.jpg\"><img loading=\"lazy\" decoding=\"async\" class=\"alignnone size-medium wp-image-3644 colorbox-3403\" src=\"https:\/\/regs-burg-stargard.de\/wordpress\/wp-content\/uploads\/2022\/05\/Darwineum_Kl.92-300x225.jpg\" alt=\"\" width=\"300\" height=\"225\" srcset=\"https:\/\/regs-burg-stargard.de\/wordpress\/wp-content\/uploads\/2022\/05\/Darwineum_Kl.92-300x225.jpg 300w, https:\/\/regs-burg-stargard.de\/wordpress\/wp-content\/uploads\/2022\/05\/Darwineum_Kl.92-1024x768.jpg 1024w, https:\/\/regs-burg-stargard.de\/wordpress\/wp-content\/uploads\/2022\/05\/Darwineum_Kl.92-768x576.jpg 768w, https:\/\/regs-burg-stargard.de\/wordpress\/wp-content\/uploads\/2022\/05\/Darwineum_Kl.92-1536x1152.jpg 1536w, https:\/\/regs-burg-stargard.de\/wordpress\/wp-content\/uploads\/2022\/05\/Darwineum_Kl.92-2048x1536.jpg 2048w\" sizes=\"auto, (max-width: 300px) 100vw, 300px\" \/><\/a><\/p>\n<p>&nbsp;<\/p>\n<p><span style=\"color: #ff0000;\">Fr\u00fchst\u00fcck f\u00fcr einen guten Zweck <\/span><\/p>\n<p><span style=\"color: #339966;\">Spendenaktion f\u00fcr ukrainische Fl\u00fcchtlinge<\/span><\/p>\n<p>Lehrer*innen und Sch\u00fcler*innen der Regionalen Schule sind sehr betroffen \u00fcber den Einmarsch russischer Truppen in die Ukraine und die Folgen, die dieser Krieg f\u00fcr die ukrainische Bev\u00f6lkerung hat. Schnell stand darum die Frage im Raum, wie wir den Menschen helfen k\u00f6nnen, die auf der Flucht vor den Bomben sind und alles zur\u00fccklassen mussten.<br \/>\nIn einer Beratung der Klassensprecher fiel die Entscheidung, Fr\u00fchst\u00fccksb\u00fcfetts zu organisieren, wo selbstgemachte Produkte zur Pausenversorgung angeboten werden.<br \/>\nViele Eltern und Sch\u00fcler*innen stellten leckere Speisen zur Verf\u00fcgung und organisierten Aufbau und Verkauf. Das Fr\u00fchst\u00fccksangebot wurde rege genutzt und so konnte ein Verkaufserl\u00f6s in H\u00f6he von 950,- \u20ac erzielt werden. Das Geld wird auf das Spendenkonto des DRK Kreisverbandes Neubrandenburg eingezahlt, der Fl\u00fcchtlingshilfe organisiert.<\/p>\n<p>Ein gro\u00dfes Dankesch\u00f6n allen Eltern, Sch\u00fcler*innen und Lehrer*innen, die sich sehr engagiert an der Spendenaktion beteiligten sowie an die Schulsozialarbeiterin Frau Lukasczyk, die die Planung \u00fcbernahm.<br \/>\nWir sind sicher, dass diese Spende einen kleinen Beitrag leisten kann, den gefl\u00fcchteten Menschen zu helfen und so das Leid etwas zu mindern. Wir hoffen, dass dieser Krieg bald beendet wird und die Fl\u00fcchtlinge in ihre Heimat zur\u00fcckkehren k\u00f6nnen.<\/p>\n<p>S. Schwenn &nbsp; &nbsp; &nbsp; &nbsp; &nbsp; &nbsp; &nbsp; &nbsp; &nbsp; &nbsp; &nbsp; &nbsp; &nbsp; &nbsp; &nbsp; &nbsp; &nbsp; &nbsp; &nbsp; &nbsp; &nbsp; Alina Vogt<br \/>\nSchulleiterin&nbsp;&nbsp;&nbsp;&nbsp;&nbsp;&nbsp;&nbsp;&nbsp;&nbsp;&nbsp;&nbsp;&nbsp;&nbsp;&nbsp;&nbsp;&nbsp;&nbsp;&nbsp;&nbsp;&nbsp;&nbsp;&nbsp;&nbsp;&nbsp;&nbsp;&nbsp;&nbsp;&nbsp;&nbsp;&nbsp;&nbsp;&nbsp;&nbsp;&nbsp;&nbsp;&nbsp;&nbsp;&nbsp;&nbsp; Sch\u00fclersprecherin<\/p>\n<p><a href=\"https:\/\/regs-burg-stargard.de\/wordpress\/wp-content\/uploads\/2022\/03\/Bild-1.jpg\"><img loading=\"lazy\" decoding=\"async\" class=\"alignnone wp-image-3624 colorbox-3403\" src=\"https:\/\/regs-burg-stargard.de\/wordpress\/wp-content\/uploads\/2022\/03\/Bild-1-225x300.jpg\" alt=\"\" width=\"219\" height=\"292\" srcset=\"https:\/\/regs-burg-stargard.de\/wordpress\/wp-content\/uploads\/2022\/03\/Bild-1-225x300.jpg 225w, https:\/\/regs-burg-stargard.de\/wordpress\/wp-content\/uploads\/2022\/03\/Bild-1.jpg 240w\" sizes=\"auto, (max-width: 219px) 100vw, 219px\" \/><\/a> <a href=\"https:\/\/regs-burg-stargard.de\/wordpress\/wp-content\/uploads\/2022\/03\/Bild-2.jpg\"><img loading=\"lazy\" decoding=\"async\" class=\"alignnone wp-image-3625 colorbox-3403\" src=\"https:\/\/regs-burg-stargard.de\/wordpress\/wp-content\/uploads\/2022\/03\/Bild-2-225x300.jpg\" alt=\"\" width=\"219\" height=\"292\" srcset=\"https:\/\/regs-burg-stargard.de\/wordpress\/wp-content\/uploads\/2022\/03\/Bild-2-225x300.jpg 225w, https:\/\/regs-burg-stargard.de\/wordpress\/wp-content\/uploads\/2022\/03\/Bild-2-300x400.jpg 300w, https:\/\/regs-burg-stargard.de\/wordpress\/wp-content\/uploads\/2022\/03\/Bild-2.jpg 480w\" sizes=\"auto, (max-width: 219px) 100vw, 219px\" \/><\/a> <a href=\"https:\/\/regs-burg-stargard.de\/wordpress\/wp-content\/uploads\/2022\/03\/Bild-4-scaled.jpg\"><img loading=\"lazy\" decoding=\"async\" class=\"alignnone wp-image-3627 colorbox-3403\" src=\"https:\/\/regs-burg-stargard.de\/wordpress\/wp-content\/uploads\/2022\/03\/Bild-4-300x225.jpg\" alt=\"\" width=\"286\" height=\"214\" srcset=\"https:\/\/regs-burg-stargard.de\/wordpress\/wp-content\/uploads\/2022\/03\/Bild-4-300x225.jpg 300w, https:\/\/regs-burg-stargard.de\/wordpress\/wp-content\/uploads\/2022\/03\/Bild-4-1024x768.jpg 1024w, https:\/\/regs-burg-stargard.de\/wordpress\/wp-content\/uploads\/2022\/03\/Bild-4-768x576.jpg 768w, https:\/\/regs-burg-stargard.de\/wordpress\/wp-content\/uploads\/2022\/03\/Bild-4-1536x1152.jpg 1536w, https:\/\/regs-burg-stargard.de\/wordpress\/wp-content\/uploads\/2022\/03\/Bild-4-2048x1536.jpg 2048w\" sizes=\"auto, (max-width: 286px) 100vw, 286px\" \/><\/a><\/p>\n<p>&nbsp;<\/p>\n<p><span style=\"color: #ff0000;\"><strong>Projekttag Sozialkunde<\/strong><\/span><\/p>\n<p><span style=\"color: #339966;\">Ein interessanter Besuch im Landtag<\/span><\/p>\n<p>Leider keine Schlossherren, sondern nur Besucher auf Zeit waren die Sch\u00fcler der Klasse 10 der Regionalen Schule Burg Stargard.<\/p>\n<p>Am 9. M\u00e4rz 2022 waren sie eingeladen, die Arbeit des Landtages Mecklenburg- Vorpommerns aus n\u00e4chster N\u00e4he zu beobachten und einige ihrer Kenntnisse aus dem Sozialkundeunterricht zu \u00fcberpr\u00fcfen. Besonders interessant war f\u00fcr alle die Beobachtung einer Landtagssitzung von der Besuchertrib\u00fcne aus, wo man den Abgeordneten im wahrsten Sinne des Wortes \u00fcber die Schulter auf ihre Arbeitspl\u00e4tze sehen konnte.<br \/>\nAber auch das anschlie\u00dfende Gespr\u00e4ch mit zwei der neu ins Parlament gew\u00e4hlten Abgeordneten verlief f\u00fcr alle Anwesenden kurzweilig und interessant, da vor allem Fragen der Sch\u00fcler beantwortet wurden.<br \/>\nAm Rande gab es auch noch eine interessante Besichtigung des Schlossmuseums, was f\u00fcr den einen oder die andere eine Idee f\u00fcr einen l\u00e4ngeren Besuch mit Freunden oder Familie erzeugte.<\/p>\n<p>Der Dank aller Mitreisenden gilt noch einmal Frau Schlauch f\u00fcr die vorbereitenden Absprachen, Frau L\u00fcck vom Besucherdienst f\u00fcr die pers\u00f6nliche Begleitung und den Klassenlehrerinnen f\u00fcr die organisatorische Umsetzung.<\/p>\n<p>A. Retzar<\/p>\n<p><a href=\"https:\/\/regs-burg-stargard.de\/wordpress\/wp-content\/uploads\/2022\/03\/IMG-20220309-WA0000.jpg\"><img loading=\"lazy\" decoding=\"async\" class=\"alignnone size-medium wp-image-3618 colorbox-3403\" src=\"https:\/\/regs-burg-stargard.de\/wordpress\/wp-content\/uploads\/2022\/03\/IMG-20220309-WA0000-300x225.jpg\" alt=\"\" width=\"300\" height=\"225\" srcset=\"https:\/\/regs-burg-stargard.de\/wordpress\/wp-content\/uploads\/2022\/03\/IMG-20220309-WA0000-300x225.jpg 300w, https:\/\/regs-burg-stargard.de\/wordpress\/wp-content\/uploads\/2022\/03\/IMG-20220309-WA0000-1024x768.jpg 1024w, https:\/\/regs-burg-stargard.de\/wordpress\/wp-content\/uploads\/2022\/03\/IMG-20220309-WA0000-768x576.jpg 768w, https:\/\/regs-burg-stargard.de\/wordpress\/wp-content\/uploads\/2022\/03\/IMG-20220309-WA0000-1536x1152.jpg 1536w, https:\/\/regs-burg-stargard.de\/wordpress\/wp-content\/uploads\/2022\/03\/IMG-20220309-WA0000.jpg 2000w\" sizes=\"auto, (max-width: 300px) 100vw, 300px\" \/><\/a>&nbsp;<br \/>\n<a href=\"https:\/\/regs-burg-stargard.de\/wordpress\/wp-content\/uploads\/2022\/03\/IMG_20220309_125556-scaled.jpg\">&nbsp; <\/a><a href=\"https:\/\/regs-burg-stargard.de\/wordpress\/wp-content\/uploads\/2022\/03\/IMG_20220309_125847-scaled.jpg\"><img loading=\"lazy\" decoding=\"async\" class=\"alignnone size-medium wp-image-3620 colorbox-3403\" src=\"https:\/\/regs-burg-stargard.de\/wordpress\/wp-content\/uploads\/2022\/03\/IMG_20220309_125847-148x300.jpg\" alt=\"\" width=\"148\" height=\"300\" srcset=\"https:\/\/regs-burg-stargard.de\/wordpress\/wp-content\/uploads\/2022\/03\/IMG_20220309_125847-148x300.jpg 148w, https:\/\/regs-burg-stargard.de\/wordpress\/wp-content\/uploads\/2022\/03\/IMG_20220309_125847-505x1024.jpg 505w, https:\/\/regs-burg-stargard.de\/wordpress\/wp-content\/uploads\/2022\/03\/IMG_20220309_125847-768x1558.jpg 768w, https:\/\/regs-burg-stargard.de\/wordpress\/wp-content\/uploads\/2022\/03\/IMG_20220309_125847-757x1536.jpg 757w, https:\/\/regs-burg-stargard.de\/wordpress\/wp-content\/uploads\/2022\/03\/IMG_20220309_125847-1010x2048.jpg 1010w, https:\/\/regs-burg-stargard.de\/wordpress\/wp-content\/uploads\/2022\/03\/IMG_20220309_125847-scaled.jpg 1262w\" sizes=\"auto, (max-width: 148px) 100vw, 148px\" \/><\/a><a href=\"https:\/\/regs-burg-stargard.de\/wordpress\/wp-content\/uploads\/2022\/03\/IMG_20220309_125556-scaled.jpg\"><img loading=\"lazy\" decoding=\"async\" class=\"alignnone size-medium wp-image-3619 colorbox-3403\" src=\"https:\/\/regs-burg-stargard.de\/wordpress\/wp-content\/uploads\/2022\/03\/IMG_20220309_125556-148x300.jpg\" alt=\"\" width=\"148\" height=\"300\" srcset=\"https:\/\/regs-burg-stargard.de\/wordpress\/wp-content\/uploads\/2022\/03\/IMG_20220309_125556-148x300.jpg 148w, https:\/\/regs-burg-stargard.de\/wordpress\/wp-content\/uploads\/2022\/03\/IMG_20220309_125556-505x1024.jpg 505w, https:\/\/regs-burg-stargard.de\/wordpress\/wp-content\/uploads\/2022\/03\/IMG_20220309_125556-768x1558.jpg 768w, https:\/\/regs-burg-stargard.de\/wordpress\/wp-content\/uploads\/2022\/03\/IMG_20220309_125556-757x1536.jpg 757w, https:\/\/regs-burg-stargard.de\/wordpress\/wp-content\/uploads\/2022\/03\/IMG_20220309_125556-1010x2048.jpg 1010w, https:\/\/regs-burg-stargard.de\/wordpress\/wp-content\/uploads\/2022\/03\/IMG_20220309_125556-scaled.jpg 1262w\" sizes=\"auto, (max-width: 148px) 100vw, 148px\" \/><\/a><\/p>\n<p><span style=\"color: #ff0000;\"><strong>Fachlehrersprechtag am 04.04.2022<\/strong><\/span><\/p>\n<p><span style=\"color: #339966;\">Liebe Eltern,<\/span><strong><br \/>\n<\/strong>das Zeugnis vor den Winterferien sowie die bereits erteilten Noten im zweiten Halbjahr zeigen den aktuellen Leistungsstand Ihres Kindes. Gemeinsam mit Ihrem Sohn\/Ihrer Tochter haben Sie sicherlich f\u00fcr das weitere Schuljahr Ziele gesetzt und Vereinbarungen getroffen.<\/p>\n<p>Wir unterst\u00fctzen Sie gerne, geben Tipps und beantworten Ihre Fragen. Nutzen Sie daf\u00fcr den <strong>Fachlehrersprechtag<\/strong> am <strong>04.04.2022 <\/strong>von <strong>14 bis 18 Uhr.<\/strong> Bitte beachten Sie folgende Hinweise:<\/p>\n<ol>\n<li>Vereinbaren Sie zuvor einen <strong>Termin<\/strong> \u00fcber den Elternbrief.<\/li>\n<li>Die Fachlehrergespr\u00e4che finden <strong>mit den Kindern <\/strong>statt.<\/li>\n<li>Bitte halten Sie sich nicht l\u00e4nger als n\u00f6tig im Schulgeb\u00e4ude auf.<\/li>\n<li>Beachten Sie den <strong>Raumplan<\/strong>, der im Schulhaus aush\u00e4ngt.<\/li>\n<li>Es gilt eine <strong>Maskenpflicht<\/strong> (bevorzugt FFP2-Maske).<\/li>\n<\/ol>\n<p>Wir w\u00fcnschen uns ein gutes Gelingen,<br \/>\ndie Lehrerinnen und Lehrer der Regionalen Schule Burg Stargard.<\/p>\n<p><span style=\"color: #ff0000;\">Ein erster Einblick in die Berufswelt<br \/>\n<\/span><\/p>\n<p><span style=\"color: #008000;\">Praktikum der 8. Klassen<\/span><\/p>\n<p>Welcher Beruf ist f\u00fcr mich geeignet? Welche Arbeit liegt mir? Welche Berufe gibt es \u00fcberhaupt?<\/p>\n<p>F\u00fcr die Jugendlichen der 8. Jahrgangsstufe fand ein einw\u00f6chiges Praktikum in der Ausbildungsgemeinschaft Neubrandenburg statt. Dort wurden die Sch\u00fclerinnen und Sch\u00fcler mit 4 unterschiedlichen Berufsfeldern vertraut gemacht: Verwaltung, Soziale Berufe, Hauswirtschaft und Farbgestaltung. Eine Potenzialanalyse gab anfangs eine erste Orientierung f\u00fcr eine Berufsrichtung. Zudem wurden Schl\u00fcsselqualifikationen wie zum Beispiel Teamarbeit und logisches Denken trainiert. Nun f\u00e4llt es den M\u00e4dchen und Jungen hoffentlich leichter, sich f\u00fcr den richtigen Betrieb f\u00fcr das zweite Praktikum im Juni zu entscheiden und damit weiter in die Berufswelt hineinzuschnuppern.<\/p>\n<p><a href=\"https:\/\/regs-burg-stargard.de\/wordpress\/wp-content\/uploads\/2022\/03\/Praktikum_Mrz2022.jpg\"><img loading=\"lazy\" decoding=\"async\" class=\"alignnone size-medium wp-image-3613 colorbox-3403\" src=\"https:\/\/regs-burg-stargard.de\/wordpress\/wp-content\/uploads\/2022\/03\/Praktikum_Mrz2022-300x225.jpg\" alt=\"\" width=\"300\" height=\"225\" srcset=\"https:\/\/regs-burg-stargard.de\/wordpress\/wp-content\/uploads\/2022\/03\/Praktikum_Mrz2022-300x225.jpg 300w, https:\/\/regs-burg-stargard.de\/wordpress\/wp-content\/uploads\/2022\/03\/Praktikum_Mrz2022-1024x768.jpg 1024w, https:\/\/regs-burg-stargard.de\/wordpress\/wp-content\/uploads\/2022\/03\/Praktikum_Mrz2022-768x576.jpg 768w, https:\/\/regs-burg-stargard.de\/wordpress\/wp-content\/uploads\/2022\/03\/Praktikum_Mrz2022-1536x1153.jpg 1536w, https:\/\/regs-burg-stargard.de\/wordpress\/wp-content\/uploads\/2022\/03\/Praktikum_Mrz2022.jpg 1599w\" sizes=\"auto, (max-width: 300px) 100vw, 300px\" \/><\/a><\/p>\n<p>&nbsp;<\/p>\n<p><span style=\"color: #ff0000;\">04.02.2022 &#8211; Informationen zum Schulstart nach den Winterferien<\/span><\/p>\n<p><span style=\"color: #000000;\">Am Montag, dem 21.02.2022 m\u00fcssen alle Sch\u00fclerinnen und Sch\u00fcler die unterschriebene Erkl\u00e4rung \u00fcber das Reiseverhalten in den Winterferien vorlegen.<br \/>\nWeiterhin werden die Sch\u00fcler auch dreimal in der Woche getestet (Mo, Mi, Fr.). Die Maskenpflicht im Schulhaus bleibt bestehen.<br \/>\nIch w\u00fcnsche allen Sch\u00fclerinnen und Sch\u00fclern erholsame Ferien.<\/span><\/p>\n<p>Mit freundlichen Gr\u00fc\u00dfen<\/p>\n<p>S. Schwenn<\/p>\n<p><a href=\"https:\/\/regs-burg-stargard.de\/wordpress\/wp-content\/uploads\/2022\/02\/Anlage_Erklaerung-zum-Reiseverhalten_14.02.2022.pdf\"><span style=\"color: #0000ff;\">Anlage_Erkl\u00e4rung zum Reiseverhalten_14.02.2022<\/span><\/a><\/p>\n<p>&nbsp;<\/p>\n<p><span style=\"color: #ff0000;\">04.01.2022 &#8211;&nbsp; Informationen zur Schulorganisation ab Januar 2022<\/span><\/p>\n<p><span style=\"color: #339966;\">Liebe Eltern!<br \/>\n<\/span>Auf Grundlage der Hinweise und Vorgaben des Bildungsministeriums vom 03.01.2022 m\u00f6chte ich Sie \u00fcber Ma\u00dfnahmen zur Unterrichtsorganisation ab Januar 2022 informieren.<br \/>\nNat\u00fcrlich ist es unser Ziel, den Pr\u00e4senzunterricht f\u00fcr alle Klassen durchzuf\u00fchren. Es besteht f\u00fcr alle Sch\u00fclerinnen und Sch\u00fcler weiterhin <strong>Pr\u00e4senzpflicht.<\/strong> Sollte auf Grund eines hohen Krankenstandes der Personaleinsatz nur eingeschr\u00e4nkt m\u00f6glich sein, kann es erforderlich werden, einige Klassen im Wechselunterricht oder auch im Distanzunterricht zu beschulen. Das betrifft in erster Linie die Klassen 7,8 und 9. Die Klasse 10 sollte durchg\u00e4ngig in Pr\u00e4senz beschult werden und die Klassen 5\/6 nur im Ausnahmefall im Distanzunterricht. Wechselunterricht bedeutet, die Klassen lernen eine Woche in der Schule und eine Woche zu Hause. Im Fall von Distanzunterricht f\u00fcr die Klassen 5\/6 wird eine Notbetreuung eingerichtet. Im Distanzunterricht erhalten die Sch\u00fcler Aufgaben \u00fcber Itslearning. Die R\u00fcckmeldung, die Teilnahme an Videokonferenzen und die Kommunikation mit den Fachlehrern erfolgt ebenfalls \u00fcber Itslearning. Distanzunterricht wird durchschnittlich f\u00fcr 4 Unterrichtsstunden am Tag geplant.<\/p>\n<p><strong>Es ist zwingend erforderlich, dass die Voraussetzungen f\u00fcr die Nutzung von Itslearning im h\u00e4uslichen Umfeld gegeben sind und Ihr Kind von zu Hause mit der Lernplattform arbeiten kann.<br \/>\n<\/strong>Leihger\u00e4te f\u00fcr den Distanzunterricht stehen nur auf Antrag (Sekretariat der Schule) eingeschr\u00e4nkt zur Verf\u00fcgung.<\/p>\n<p>Ab Januar wird in den Schulen dreimal w\u00f6chentlich der Selbsttest durchgef\u00fchrt (Montag, Mittwoch und Freitag). Der Landkreis Mecklenburgische Seenplatte ordnete in diesem Zusammenhang an, dass die Testung ab Klasse 5 nur in der Schule oder in einem anerkannten Testzentrum erfolgen kann. Bei Nichterf\u00fcllung der Testpflicht ist eine Teilnahme am Unterricht nicht m\u00f6glich. Distanzlernen wird nicht angeboten.<br \/>\nBitte beachten Sie auch weiterhin die Regelungen zum Verhalten bei einer Coronaerkrankung bzw. zum Kontaktmanagement. (Hinweise vom 02.12.2021)<br \/>\nSch\u00fclerinnen und Sch\u00fcler, die sich in Quarant\u00e4ne begeben m\u00fcssen, bearbeiten die Aufgaben, die in Itslearning in den Kursen unter Distanzunterricht abgelegt sind.<\/p>\n<p>Es ist davon auszugehen, dass \u00c4nderungen in der Unterrichtsorganisation recht kurzfristig umgesetzt werden m\u00fcssen. Betreffende Informationen erhalten Sie <strong>per Mail \u00fcber die Klassenlehrer und auch auf der Homepage der Schule.<\/strong><\/p>\n<p>Mit freundlichen Gr\u00fc\u00dfen<\/p>\n<p>S. Schwenn<\/p>\n<p><span style=\"color: #ff0000;\">15.12.2021 &#8211; Hinweise zum Schulstart nach den Weihnachtsferien am 03.01.2022<\/span><\/p>\n<p><span style=\"color: #339966;\">Liebe Eltern,<br \/>\n<\/span>f\u00fcr den Schulstart nach den Weihnachtsferien am 03.01.2022 m\u00f6chte ich Sie \u00fcber folgende Ma\u00dfnahmen informieren.<\/p>\n<ol>\n<li>Alle Sch\u00fclerinnen und Sch\u00fcler erhalten f\u00fcr den 20.\/21.12.2021 Aufgaben zur eigenst\u00e4ndigen Bearbeitung. Diese werden in der Woche vom&nbsp; 03.01. \u2013 07.01.2022 in der Schule kontrolliert.<\/li>\n<\/ol>\n<ol start=\"2\">\n<li>Am 03.01.2022 m\u00fcssen alle Sch\u00fclerinnen und Sch\u00fcler erneut eine unterschriebene Erkl\u00e4rung \u00fcber das Reiseverhalten in den Ferien vorlegen. Das erfolgt vor Beginn der 1. Stunde beim entsprechenden Fachlehrer.&nbsp; Bei Nichtvorlage der Erkl\u00e4rung d\u00fcrfen die Sch\u00fclerinnen und Sch\u00fcler nicht am Unterricht teilnehmen. Das Formular wird den Kindern mitgegeben.<\/li>\n<li>Die Maskenpflicht im Unterricht und auf dem Schulgeb\u00e4ude besteht weiterhin.<\/li>\n<\/ol>\n<ol start=\"4\">\n<li>Unabh\u00e4ngig vom Testturnus erfolgt am 03.01.2022 die erste Testung in der Schule. Der Selbsttest ist an diesem Tag auch bei geimpften und genesenen Personen erforderlich.<\/li>\n<\/ol>\n<ol start=\"5\">\n<li>Die F\u00e4cher Sport und Musik k\u00f6nnen ab dem 03.01.2022 wieder ohne Einschr\u00e4nkung unterrichtet werden.<\/li>\n<\/ol>\n<ol start=\"6\">\n<li>Alle sonstigen Ma\u00dfnahmen des Hygieneplans der Schule werden weiterhin umgesetzt.<\/li>\n<\/ol>\n<p>Bei Fragen zum Schulstart wenden Sie sich bitte per Mail an die Klassenlehrerin \/ den Klassenlehrer Ihres Kindes.<\/p>\n<p>Mit freundlichen Gr\u00fc\u00dfen<\/p>\n<p>S. Schwenn<br \/>\nSchulleiterin<\/p>\n<p><a href=\"https:\/\/regs-burg-stargard.de\/wordpress\/wp-content\/uploads\/2021\/12\/Erklaerung-zum-Reiseverhalten-09.12.2021.pdf\"><span style=\"color: #0000ff;\">Erkl\u00e4rung zum Reiseverhalten 09.12.2021<\/span><\/a><\/p>\n<p><a href=\"https:\/\/regs-burg-stargard.de\/wordpress\/wp-content\/uploads\/2021\/10\/Einverstaendniserklaerung-zur-Durchfuehrung-eines-Antigen-Schnelltests.pdf\"><span style=\"color: #0000ff;\">Einverst\u00e4ndniserkl\u00e4rung zur Durchf\u00fchrung eines Antigen-Schnelltests<\/span><\/a><\/p>\n<p>&nbsp;<\/p>\n<p><span style=\"color: #ff0000;\">02.12.2021 &#8211; Ver\u00e4nderte Ma\u00dfnahmen ab 01.12.2021<\/span><\/p>\n<p><span style=\"color: #339966;\">Liebe Eltern,<br \/>\n<\/span>seit Mittwoch, dem 01. Dezember 2021 gibt es aufgrund des aktuell hohen Infektionsgeschehens <strong>erneut <\/strong>ver\u00e4nderte Ma\u00dfnahmen an Schulen.<\/p>\n<ol>\n<li><strong><u> Testpflicht:<br \/>\n<\/u><\/strong>In der Zeit vom 06.12. bis voraussichtlich 17.12.2021 m\u00fcssen alle Sch\u00fclerinnen und Sch\u00fcler zweimal die Woche mittels anerkanntem Selbsttest <strong>in der Schule <\/strong>verpflichtend getestet werden, <strong>ansonsten ist eine Teilnahme am Pr\u00e4senzunterricht nicht zul\u00e4ssig. Eine h\u00e4usliche Testung ist nicht m\u00f6glich<\/strong>. Sch\u00fclerinnen und Sch\u00fcler, die bisher zu Hause getestet wurden, legen bitte <strong>bis Montag<\/strong> die Einverst\u00e4ndniserkl\u00e4rung f\u00fcr den schulischen Test im Sekretariat vor. Die Testpflicht besteht im Regelfall nicht f\u00fcr geimpfte und genesene Personen. Wird eine Klasse separiert beschult, m\u00fcssen sich auch Genesene und Geimpfte testen.<\/li>\n<li><strong><strong><u>Schulbescheinigung\/Sch\u00fclerausweis:<br \/>\n<\/u><\/strong><\/strong>Sch\u00fclerinnen und Sch\u00fcler, die in der Schule getestet werden, k\u00f6nnen sich bei Bedarf im Sekretariat eine Schulbescheinigung\/Schulausweis ausstellen lassen. (1 Tag Bearbeitungszeit)<\/li>\n<li><strong><strong><u>Umgang mit Corona \u2013 positiv getesteten Sch\u00fclerinnen\/Sch\u00fcler &amp; Kontaktpersonen:<br \/>\n<\/u><\/strong><\/strong>Ma\u00dfnahmen bei positivem PCR Test:<br \/>\n&#8211; sofortige h\u00e4usliche Selbstisolierung f\u00fcr 14 Tage, Beachtung<br \/>\n&nbsp; Anlage 2<br \/>\n&#8211; Ende der Quarant\u00e4ne wird vom Gesundheitsamt festgelegt<br \/>\n&#8211; Information \u00fcber Erkrankung an die Schule<br \/>\n&#8211; infizierte Personen bzw. deren Erziehungsberechtigte sind<br \/>\n&nbsp;&nbsp; selbst daf\u00fcr verantwortlich, alle Kontaktpersonen im<br \/>\n&nbsp;&nbsp; privaten u. beruflichen Umfeld zu informieren<br \/>\n&#8211; bei einem positiv getesteten Sch\u00fcler in der Klasse ist f\u00fcr<br \/>\n&nbsp;&nbsp; alle anderen <strong>ohne <\/strong><strong>Symptome<\/strong> Pr\u00e4senzunterricht weiterhin<br \/>\n&nbsp;&nbsp; m\u00f6glich unter folgenden Bedingungen:<br \/>\n&nbsp;&nbsp;&nbsp;&nbsp;&nbsp;&nbsp;&nbsp;&nbsp;&nbsp;&nbsp; &#8211; 5 Tage Separierung der Klasse<br \/>\n&nbsp;&nbsp;&nbsp;&nbsp;&nbsp;&nbsp;&nbsp;&nbsp;&nbsp;&nbsp; &#8211; t\u00e4gliches Testen in der Schule auch f\u00fcr Genesene und<br \/>\n&nbsp;&nbsp;&nbsp;&nbsp;&nbsp;&nbsp;&nbsp;&nbsp;&nbsp;&nbsp;&nbsp;&nbsp;&nbsp; Geimpfte<br \/>\n&nbsp;&nbsp;&nbsp;&nbsp;&nbsp;&nbsp;&nbsp;&nbsp;&nbsp;&nbsp; &#8211; bei Auftreten von Symptomen keine Teilnahme am<br \/>\n&nbsp;&nbsp;&nbsp;&nbsp;&nbsp;&nbsp;&nbsp;&nbsp;&nbsp;&nbsp;&nbsp;&nbsp;&nbsp; Pr\u00e4senzunterricht&nbsp; und sofortiger Arztbesuch<br \/>\n&nbsp;&nbsp;&nbsp;&nbsp;&nbsp;&nbsp;&nbsp;&nbsp;&nbsp;&nbsp; &#8211; Selbstkontrolle auf Symptome f\u00fcr 14 TageBitte beachten Sie die Hinweise f\u00fcr Infizierte und Kontaktpersonen in den Anlagen 1, 2 und 3.<br \/>\nDie Klassenlehrer\/-innen werden Sie \u00fcber einen Corona-Fall in der Klasse informieren.<br \/>\nEs deutet sich an, dass nach den Weihnachtsferien dreimal in der Schule getestet wird und die h\u00e4usliche Testung f\u00fcr die Teilnahme am Unterricht nicht m\u00f6glich ist.&nbsp; Eine entsprechende Anordnung vom BM liegt aktuell noch nicht vor.Ich bedanke mich f\u00fcr Ihr Verst\u00e4ndnis und Ihre Unterst\u00fctzung.Mit freundlichen Gr\u00fc\u00dfenS. Schwenn<a href=\"https:\/\/regs-burg-stargard.de\/wordpress\/wp-content\/uploads\/2021\/12\/Anlage-2_Merkblatt-Infizierte_23112021.pdf\"><span style=\"color: #0000ff;\">Anlage 2_Merkblatt Infizierte_23112021<\/span><\/a><span style=\"color: #0000ff;\"><a style=\"color: #0000ff;\" href=\"https:\/\/regs-burg-stargard.de\/wordpress\/wp-content\/uploads\/2021\/12\/Anlage-3_Merkblatt-Kontaktperson-geimpft_23112021.pdf\">Anlage 3_Merkblatt Kontaktperson geimpft_23112021<\/a><br \/>\n<\/span><br \/>\n<span style=\"color: #0000ff;\"><a style=\"color: #0000ff;\" href=\"https:\/\/regs-burg-stargard.de\/wordpress\/wp-content\/uploads\/2021\/12\/Anlage-4_Merkblatt-Kontaktperson-ungeimpft_23112021.pdf\">Anlage 4_Merkblatt Kontaktperson ungeimpft_23112021<\/a><br \/>\n<\/span><br \/>\n<a href=\"https:\/\/regs-burg-stargard.de\/wordpress\/wp-content\/uploads\/2021\/12\/Einverstaendniserklaerung-Durchfuehrung-Antigen-Schnelltests-vom-06.12.-bis-17.12.21.pdf\"><span style=\"color: #0000ff;\">Einverst\u00e4ndniserkl\u00e4rung Durchf\u00fchrung Antigen-Schnelltests vom 06.12. bis 17.12.21<\/span><\/a><\/li>\n<\/ol>\n<p>&nbsp;<\/p>\n<p><span style=\"color: #ff0000;\">30.11.2021 &#8211; Hinweise zur \u00c4nderung der Schul-Corona-Verordnung<\/span><\/p>\n<p><span style=\"color: #339966;\">Liebe Eltern,<br \/>\n<\/span>seit dem 29. November 2021 gilt an Schulen in MV eine ver\u00e4nderte Schul-Corona-Verordnung. Diese ist Grundlage f\u00fcr einige Ver\u00e4nderungen in der Unterrichtsorganisation an unserer Schule.<\/p>\n<ol>\n<li>Bis Weihnachten findet kein Sportunterricht statt. Er wird durch Unterricht in anderen F\u00e4chern ersetzt.<\/li>\n<li>Ganztagsangebote f\u00fcr Klasse 5 entfallen.<\/li>\n<li>Bei einem hohen Krankenstand von Lehrkr\u00e4ften kann kurzfristig f\u00fcr einen begrenzten Zeitraum f\u00fcr einzelne Klassen Distanzunterricht angeordnet werden. Sch\u00fclerinnen und Sch\u00fcler erhalten f\u00fcr diesen Fall Aufgaben.<\/li>\n<li>Grunds\u00e4tzlich entscheidet das Gesundheitsamt, wann Sch\u00fcler oder ganze Klassen in Quarant\u00e4ne gehen. Bei R\u00fcckkehr aus der Quarant\u00e4ne muss ein negativer PCR Test in der Schule vorgelegt werden.<\/li>\n<li>Sind nur wenige Sch\u00fcler einer Klasse an Corona erkrankt (positiver PCR Test) wird die Klasse in der Regel separiert. Das bedeutet, der Unterricht findet nur im Klassenraum statt, in den kleinen Pausen darf der Raum nicht verlassen werden und der Toilettengang erfolgt im Unterricht. Sch\u00fclerinnen und Sch\u00fcler werden t\u00e4glich getestet. Die Zeitdauer der Separierung legt das &nbsp;&nbsp; Gesundheitsamt fest.<\/li>\n<\/ol>\n<ol start=\"6\">\n<li>Alle Sch\u00fclerinnen und Sch\u00fcler werden 2x w\u00f6chentlich getestet. Tagesaktuelle Testbescheinigungen k\u00f6nnen aus personellen Gr\u00fcnden nur im Ausnahmefall erteilt werden, die Ausgabe einer Schulbescheinigung ist m\u00f6glich.<\/li>\n<li>Sollten Klassen \u00fcber einen l\u00e4ngeren Zeitraum im Distanzunterricht beschult werden, erhalten die Sch\u00fcler Aufgaben \u00fcber den Wochenplan und Itslearning.<\/li>\n<\/ol>\n<ol start=\"8\">\n<li>Schulveranstaltungen und Wandertage d\u00fcrfen bis Februar 2022 nicht stattfinden.<\/li>\n<\/ol>\n<ol start=\"9\">\n<li>Das Betreten der Schule f\u00fcr Au\u00dfenstehende (schulfremde Personen) ist nur<br \/>\nunter Ber\u00fccksichtigung der 3-G-Regel m\u00f6glich.<\/li>\n<\/ol>\n<p>Alle getroffenen Ma\u00dfnahmen sind darauf ausgerichtet, den Sch\u00fclerinnen und Sch\u00fclern kontinuierlich einen Unterricht vor Ort zu erm\u00f6glichen. Bitte unterst\u00fctzen Sie uns in diesem Anliegen und in der Umsetzung der Ma\u00dfnahmen. Bei Problemen oder Nachfragen werden Sie sich bitte an die verantwortlichen Klassenlehrer\/innen.<\/p>\n<p>Ich w\u00fcnsche Ihnen allen eine besinnliche Adventszeit. Bleiben Sie gesund!<\/p>\n<p>S. Schwenn<\/p>\n<p>&nbsp;<\/p>\n<p><span style=\"color: #ff0000;\">Wichtige Information!<\/span><\/p>\n<p>17.11.2021<\/p>\n<p><span style=\"color: #008000;\">Liebe Eltern,<br \/>\n<\/span>an unserer Schule sind <strong>positive<\/strong> COVID19-F\u00e4lle aufgetreten.<br \/>\nDie betroffene Klasse wurde per Mail informiert.<br \/>\nBitte achten Sie verst\u00e4rkt auf Symptome.&nbsp;<\/p>\n<p>Vielen Dank f\u00fcr Ihr Verst\u00e4ndnis<\/p>\n<p>K. M\u00f6ller \/ K. Reen<\/p>\n<p>&nbsp;<\/p>\n<p><span style=\"color: #ff0000;\">Bastelarbeit<\/span><\/p>\n<p>Hallo ?\u200d\u2640\ufe0f<br \/>\nwir, die Kinder der Klasse 6b der Regionalen Schule Burg Stargard, haben am 15.11.2021 mit Frau Henneberg H\u00e4user gebastelt. Dazu brauchten wir einen ausgetrunkenen Milchkarton und Farben. Die Fenster sind ausgeschnitten und von innen mit Papierklebestreifen zugeklebt, der Schnee \u2744\ufe0f und Dampf aus dem Schornstein ist mit Watte erstellt.<br \/>\nIm Inneren des Hauses steht ein kleines elektrisches Teelicht, so kommt die vorweihnachtliche Stimmung in unserem Klassenzimmer gerade morgens richtig sch\u00f6n zur Wirkung.<\/p>\n<p>Das Basteln hat uns viel Spa\u00df gemacht, wir freuen uns schon sehr auf Weihnachten ?<\/p>\n<p><a href=\"https:\/\/regs-burg-stargard.de\/wordpress\/wp-content\/uploads\/2021\/11\/IMG_2521-scaled.jpg\"><img loading=\"lazy\" decoding=\"async\" class=\"alignnone size-medium wp-image-3546 colorbox-3403\" src=\"https:\/\/regs-burg-stargard.de\/wordpress\/wp-content\/uploads\/2021\/11\/IMG_2521-225x300.jpg\" alt=\"\" width=\"225\" height=\"300\" srcset=\"https:\/\/regs-burg-stargard.de\/wordpress\/wp-content\/uploads\/2021\/11\/IMG_2521-225x300.jpg 225w, https:\/\/regs-burg-stargard.de\/wordpress\/wp-content\/uploads\/2021\/11\/IMG_2521-768x1024.jpg 768w, https:\/\/regs-burg-stargard.de\/wordpress\/wp-content\/uploads\/2021\/11\/IMG_2521-300x400.jpg 300w, https:\/\/regs-burg-stargard.de\/wordpress\/wp-content\/uploads\/2021\/11\/IMG_2521-1152x1536.jpg 1152w, https:\/\/regs-burg-stargard.de\/wordpress\/wp-content\/uploads\/2021\/11\/IMG_2521-1536x2048.jpg 1536w, https:\/\/regs-burg-stargard.de\/wordpress\/wp-content\/uploads\/2021\/11\/IMG_2521-scaled.jpg 1920w\" sizes=\"auto, (max-width: 225px) 100vw, 225px\" \/><\/a> <a href=\"https:\/\/regs-burg-stargard.de\/wordpress\/wp-content\/uploads\/2021\/11\/IMG_2523-scaled.jpg\"><img loading=\"lazy\" decoding=\"async\" class=\"alignnone size-medium wp-image-3547 colorbox-3403\" src=\"https:\/\/regs-burg-stargard.de\/wordpress\/wp-content\/uploads\/2021\/11\/IMG_2523-225x300.jpg\" alt=\"\" width=\"225\" height=\"300\" srcset=\"https:\/\/regs-burg-stargard.de\/wordpress\/wp-content\/uploads\/2021\/11\/IMG_2523-225x300.jpg 225w, https:\/\/regs-burg-stargard.de\/wordpress\/wp-content\/uploads\/2021\/11\/IMG_2523-768x1024.jpg 768w, https:\/\/regs-burg-stargard.de\/wordpress\/wp-content\/uploads\/2021\/11\/IMG_2523-300x400.jpg 300w, https:\/\/regs-burg-stargard.de\/wordpress\/wp-content\/uploads\/2021\/11\/IMG_2523-1152x1536.jpg 1152w, https:\/\/regs-burg-stargard.de\/wordpress\/wp-content\/uploads\/2021\/11\/IMG_2523-1536x2048.jpg 1536w, https:\/\/regs-burg-stargard.de\/wordpress\/wp-content\/uploads\/2021\/11\/IMG_2523-scaled.jpg 1920w\" sizes=\"auto, (max-width: 225px) 100vw, 225px\" \/><\/a> <a href=\"https:\/\/regs-burg-stargard.de\/wordpress\/wp-content\/uploads\/2021\/11\/IMG_2526-scaled.jpg\"><img loading=\"lazy\" decoding=\"async\" class=\"alignnone size-medium wp-image-3548 colorbox-3403\" src=\"https:\/\/regs-burg-stargard.de\/wordpress\/wp-content\/uploads\/2021\/11\/IMG_2526-225x300.jpg\" alt=\"\" width=\"225\" height=\"300\" srcset=\"https:\/\/regs-burg-stargard.de\/wordpress\/wp-content\/uploads\/2021\/11\/IMG_2526-225x300.jpg 225w, https:\/\/regs-burg-stargard.de\/wordpress\/wp-content\/uploads\/2021\/11\/IMG_2526-768x1024.jpg 768w, https:\/\/regs-burg-stargard.de\/wordpress\/wp-content\/uploads\/2021\/11\/IMG_2526-300x400.jpg 300w, https:\/\/regs-burg-stargard.de\/wordpress\/wp-content\/uploads\/2021\/11\/IMG_2526-1152x1536.jpg 1152w, https:\/\/regs-burg-stargard.de\/wordpress\/wp-content\/uploads\/2021\/11\/IMG_2526-1536x2048.jpg 1536w, https:\/\/regs-burg-stargard.de\/wordpress\/wp-content\/uploads\/2021\/11\/IMG_2526-scaled.jpg 1920w\" sizes=\"auto, (max-width: 225px) 100vw, 225px\" \/><\/a><\/p>\n<p><span style=\"color: #ff0000;\">Fachlehrersprechtag 08.11.2021 &#8211; 14:00 bis 18:00 Uhr<br \/>\n<\/span>aktualisiert am 04.11.2021<\/p>\n<p><span style=\"color: #ff0000;\"><span style=\"color: #339966;\">Liebe Eltern,<br \/>\n<span style=\"color: #000000;\">aufgrund der steigenden Infektionszahlen werden wir den Fachlehrersprechtag am 08.11.2021 von 14 bis 18 Uhr nun folgenderma\u00dfen durchf\u00fchren:<\/span><\/span><\/span><\/p>\n<p><span style=\"color: #000000;\">1. Die Fachlehrergespr\u00e4che finden ohne die Kinder statt, damit die<br \/>\n&nbsp;&nbsp;&nbsp;&nbsp;&nbsp; vorgeschriebenen Lerngruppen sich nicht durchmischen.<\/span><br \/>\n<span style=\"color: #000000;\">2. Bitte halten Sie sich nicht l\u00e4nger als n\u00f6tig im Schulgeb\u00e4ude auf,<br \/>\n&nbsp;&nbsp;&nbsp;&nbsp; vermeiden Sie Kontakt zu anderen Eltern.<\/span><br \/>\n<span style=\"color: #000000;\">3. Nutzen Sie nur den ausgewiesenen Eingang<br \/>\n&nbsp;&nbsp;&nbsp; (\u00fcber den Schulhof von der Kl\u00fcschenbergstra\u00dfe aus) und Ausgang<br \/>\n&nbsp;&nbsp;&nbsp; (ehemaliger Horteingang Kl\u00fcschenbergstra\u00dfe).<\/span><br \/>\n<span style=\"color: #000000;\">4. Planen Sie ausreichend Zeit ein, um zun\u00e4chst in der Aula einen<br \/>\n&nbsp;&nbsp;&nbsp;&nbsp; Nachweis \u00fcber die geforderten 3 Gs (Genesen, Geimpft, Getestet)<br \/>\n&nbsp;&nbsp;&nbsp;&nbsp; zu erbringen.<\/span><br \/>\n<span style=\"color: #000000;\">5. Anschlie\u00dfend k\u00f6nnen Sie nun die Fachlehrer zu Ihren<br \/>\n&nbsp;&nbsp;&nbsp;&nbsp; Gespr\u00e4chsterminen aufsuchen.<br \/>\n&nbsp;&nbsp;&nbsp;&nbsp; Beachten Sie den Raumplan, der im Schulhaus aush\u00e4ngt.<\/span><br \/>\n<span style=\"color: #000000;\">6. Es gilt eine Maskenpflicht.<\/span><\/p>\n<p><span style=\"color: #000000;\">Wir w\u00fcnschen uns konstruktive Gespr\u00e4che,<\/span><br \/>\n<span style=\"color: #000000;\">die Lehrerinnen und Lehrer.<\/span><\/p>\n<p><span style=\"color: #0000ff;\"><a style=\"color: #0000ff;\" href=\"https:\/\/regs-burg-stargard.de\/wordpress\/wp-content\/uploads\/2021\/11\/Aufnahmeveranstaltung-Formular-zur-Selbsterklaerung.pdf\">Aufnahmeveranstaltung Formular zur Selbsterkl\u00e4rung<\/a><\/span><\/p>\n<p>&nbsp;<\/p>\n<p><span style=\"color: #ff0000;\"><strong>Selbsttestung in der Woche vom 03.11. bis 05.11.2021<\/strong><\/span><\/p>\n<p><span style=\"color: #339966;\">Liebe Eltern,<\/span><br \/>\nin der kommenden Woche testen wir am Mittwoch und Freitag.<\/p>\n<p>K. M\u00f6ller<br \/>\n28.10.2021<\/p>\n<p><span style=\"color: #ff0000;\"><strong>Projekttag der 5. Klassen<br \/>\n<\/strong><\/span><span style=\"color: #339966;\">Faires Miteinander<\/span><\/p>\n<p>So hie\u00df das Thema unserer Projekttage in der vergangenen Oktoberwoche, die Kim und Sabrina von der AWO Neustrelitz mit den f\u00fcnften Klassen durchf\u00fchrten.<br \/>\nWir starteten mit einem Stuhlkreis, in dem alle Beteiligten mit Namen sowie das Anliegen des Projektes, n\u00e4mlich faires Miteinander, vorgestellt wurden.<br \/>\nUnsere erste Bew\u00e4hrungsprobe lautete \u201eOzean\u00fcberquerung\u201c, bei der alle Sch\u00fcler gemeinsam mit Holzbrettern unter bestimmten Bedingungen einen \u201eOzean\u201c \u00fcberschreiten sollten. Daf\u00fcr mussten wir uns einen Plan \u00fcberlegen, wie wir das am besten schaffen. Nach mehreren Versuchen gelang es uns. Geschicklichkeit und gegenseitige R\u00fccksichtnahme waren dabei gefragt.<\/p>\n<p>Auch beim zweiten Spiel \u201eWo ist D\u00f6rte?\u201c ging es um die gemeinsame Bew\u00e4ltigung einer Aufgabe, bei der sich alle aufeinander verlassen mussten, um zum Ziel zu gelangen.<br \/>\nUns haben diese Tage viel Spa\u00df und Freude bereitet.<\/p>\n<p>Die Sch\u00fcler der Klassen 5a, 5b und 5c<\/p>\n<p><a href=\"https:\/\/regs-burg-stargard.de\/wordpress\/wp-content\/uploads\/2021\/10\/20211020_085737_001-002-scaled.jpg\"><img loading=\"lazy\" decoding=\"async\" class=\"alignnone size-medium wp-image-3530 colorbox-3403\" src=\"https:\/\/regs-burg-stargard.de\/wordpress\/wp-content\/uploads\/2021\/10\/20211020_085737_001-002-300x169.jpg\" alt=\"\" width=\"300\" height=\"169\" srcset=\"https:\/\/regs-burg-stargard.de\/wordpress\/wp-content\/uploads\/2021\/10\/20211020_085737_001-002-300x169.jpg 300w, https:\/\/regs-burg-stargard.de\/wordpress\/wp-content\/uploads\/2021\/10\/20211020_085737_001-002-1024x576.jpg 1024w, https:\/\/regs-burg-stargard.de\/wordpress\/wp-content\/uploads\/2021\/10\/20211020_085737_001-002-768x432.jpg 768w, https:\/\/regs-burg-stargard.de\/wordpress\/wp-content\/uploads\/2021\/10\/20211020_085737_001-002-1536x864.jpg 1536w, https:\/\/regs-burg-stargard.de\/wordpress\/wp-content\/uploads\/2021\/10\/20211020_085737_001-002-2048x1152.jpg 2048w\" sizes=\"auto, (max-width: 300px) 100vw, 300px\" \/><\/a><\/p>\n<p><a href=\"https:\/\/regs-burg-stargard.de\/wordpress\/wp-content\/uploads\/2021\/10\/IMG_20211021_083307-3-002-scaled.jpg\"><img loading=\"lazy\" decoding=\"async\" class=\"alignnone size-medium wp-image-3531 colorbox-3403\" src=\"https:\/\/regs-burg-stargard.de\/wordpress\/wp-content\/uploads\/2021\/10\/IMG_20211021_083307-3-002-300x138.jpg\" alt=\"\" width=\"300\" height=\"138\" srcset=\"https:\/\/regs-burg-stargard.de\/wordpress\/wp-content\/uploads\/2021\/10\/IMG_20211021_083307-3-002-300x138.jpg 300w, https:\/\/regs-burg-stargard.de\/wordpress\/wp-content\/uploads\/2021\/10\/IMG_20211021_083307-3-002-1024x472.jpg 1024w, https:\/\/regs-burg-stargard.de\/wordpress\/wp-content\/uploads\/2021\/10\/IMG_20211021_083307-3-002-768x354.jpg 768w, https:\/\/regs-burg-stargard.de\/wordpress\/wp-content\/uploads\/2021\/10\/IMG_20211021_083307-3-002-1536x708.jpg 1536w, https:\/\/regs-burg-stargard.de\/wordpress\/wp-content\/uploads\/2021\/10\/IMG_20211021_083307-3-002-2048x944.jpg 2048w\" sizes=\"auto, (max-width: 300px) 100vw, 300px\" \/><\/a><\/p>\n<p><span style=\"color: #ff0000;\">Maskenpflicht bleibt bestehen \u2013 25.10.2021<\/span><\/p>\n<p><span style=\"color: #339966;\">Liebe Eltern,<br \/>\n<\/span>der Landkreis Mecklenburgische Seenplatte ist nun der Warnstufe gelb zugeordnet worden. Daher bleibt das Tragen einer Maske in allen Schulen verpflichtend. Sobald an f\u00fcnf aufeinanderfolgenden Tagen der Landkreis die gr\u00fcne Stufe erreicht, ist die Pflicht aufgehoben.<\/p>\n<p>Wir danken f\u00fcr die gute Zusammenarbeit,<br \/>\nK. M\u00f6ller<\/p>\n<p><span style=\"color: #ff0000;\">Fachlehrersprechtag 08.11.2021<\/span><\/p>\n<p><span style=\"color: #339966;\">Liebe Eltern!<br \/>\n<\/span>Der <strong>Fachlehrersprechtag am 8. November 2021<\/strong> von <strong>14 bis 18 Uhr<\/strong> naht. Dieser Nachmittag ist eine gute Chance, mit den Fachlehrern Ihres Kindes in Kontakt zu treten.<\/p>\n<p>Zum Ablauf m\u00f6chten wir Ihnen folgende Hinweise geben:<\/p>\n<ol>\n<li>Bitte nutzen Sie <strong><u>nur<\/u><\/strong> den <strong>ausgewiesenen Eingang <\/strong>(\u00fcber den Schulhof von der Kl\u00fcschenbergstra\u00dfe aus) und<strong> Ausgang <\/strong>(ehemaliger Horteingang an der Kl\u00fcschenbergstra\u00dfe) zum Betreten und Verlassen des Geb\u00e4udes.<\/li>\n<li>Planen Sie ausreichend Zeit ein, um zun\u00e4chst in der Aula einen <strong>Nachweis \u00fcber die geforderten<br \/>\n3 Gs<\/strong> (Genesen, Geimpft, Getestet) zu erbringen.<\/li>\n<li>Anschlie\u00dfend k\u00f6nnen Sie nun die Fachlehrer zu Ihren Gespr\u00e4chsterminen aufsuchen. Beachten Sie den <strong>Raumplan<\/strong>, der im Schulhaus aush\u00e4ngt.<\/li>\n<li>Bitte halten Sie sich nicht l\u00e4nger als n\u00f6tig im Schulgeb\u00e4ude auf, vermeiden Sie Kontakt zu anderen Eltern.<\/li>\n<li>F\u00fcr den Fachlehrersprechtag gilt eine <strong>Maskenpflicht<\/strong>.<\/li>\n<li>Kurzfristige Ver\u00e4nderungen zum Ablauf teilen wir Ihnen \u00fcber die Homepage mit.<\/li>\n<\/ol>\n<p>Wir w\u00fcnschen Ihnen, Ihren Kindern und uns konstruktive Gespr\u00e4che,<\/p>\n<p>die Lehrerinnen und Lehrer der Regionalen Schule Burg Stargard.<\/p>\n<p>&nbsp;<\/p>\n<p><span style=\"color: #ff0000;\">Informationen zum Schulstart nach den Herbstferien <\/span><\/p>\n<p><span style=\"color: #339966;\">Liebe Eltern! Liebe Sch\u00fclerinnen und Sch\u00fcler!<\/span><\/p>\n<p><span style=\"color: #000000;\">1. Am Montag, dem 11.10.2021, muss jeder Sch\u00fcler\/ jede Sch\u00fclerin<br \/>\n&nbsp;&nbsp;&nbsp;&nbsp; in der 1. Stunde die Erkl\u00e4rung \u00fcber das Reiseverhalten beim<br \/>\n&nbsp;&nbsp;&nbsp;&nbsp; Fachlehrer abgeben. Sch\u00fcler*innenn ohne Bescheinigung d\u00fcrfen<br \/>\n&nbsp;&nbsp;&nbsp;&nbsp; nicht am Unterricht teilnehmen.<\/span><\/p>\n<p>2. Am Montag in der 1. Stunde wird der Selbsttest durchgef\u00fchrt.<br \/>\n&nbsp;&nbsp;&nbsp;&nbsp; Sch\u00fcler*innen, die sich zu Hause testen, legen die Selbstauskunft<br \/>\n&nbsp;&nbsp;&nbsp;&nbsp; vor.<\/p>\n<p>3. In den ersten beiden Schulwochen nach den Herbstferien besteht<br \/>\n&nbsp;&nbsp;&nbsp;&nbsp; im Schulhaus und im Unterricht <strong>Maskenpflicht.<\/strong><\/p>\n<p>S. Schwenn<br \/>\n01.10.2021<\/p>\n<p><a href=\"https:\/\/regs-burg-stargard.de\/wordpress\/wp-content\/uploads\/2021\/10\/Erklaerung-ueber-das-Reiseverhalten_02.08.2021.pdf\"><span style=\"color: #0000ff;\">Erkl\u00e4rung \u00fcber das Reiseverhalten_02.08.2021<\/span><\/a><\/p>\n<p><a href=\"https:\/\/regs-burg-stargard.de\/wordpress\/wp-content\/uploads\/2021\/10\/Formular-Bestaetigung-eines-negativen-Testergebnisses-ab-dem-2.-August-2021.pdf\"><span style=\"color: #0000ff;\">Formular Best\u00e4tigung eines negativen Testergebnisses ab dem 2. August 2021<\/span><\/a><\/p>\n<p>&nbsp;<\/p>\n<p><strong><span style=\"color: #ff0000;\">Wiedergutmachung f\u00fcr die ausgefallene Klassenfahrt<\/span><\/strong><\/p>\n<p><span style=\"color: #339966;\">Grillen und \u00dcbernachten auf der Burg<\/span><\/p>\n<p>Die <strong>Klasse 8b<\/strong> konnte im letzten Schuljahr wegen der Corona-Pandemie keine Klassenfahrt durchf\u00fchren. Um diese verpassten Erfahrungen und Erlebnisse wenigstens im Ansatz nachzuholen, entschlossen wir uns, am 17. September 2021 gemeinsam abends zu grillen und im Damenfl\u00fcgel der Burg zu \u00fcbernachten.<br \/>\nEs wurde viel erz\u00e4hlt, noch mehr genascht und vor allem neugierig auf Ger\u00e4usche und Bewegungen in der Nacht geachtet.<br \/>\nUnsere Klasse bedankt sich f\u00fcr die tatkr\u00e4ftige Unterst\u00fctzung des Elternrats.<\/p>\n<p>K. Reen<\/p>\n<p>&nbsp;<\/p>\n<p><span style=\"color: #ff0000;\"><strong>Zur\u00fcck in die Jungsteinzeit!<\/strong><\/span><\/p>\n<p><span style=\"color: #339966;\">Das Geschichtsprojekt der 6. Klassen<\/span> <span style=\"color: #339966;\">der Regionalen Schule<\/span><\/p>\n<p>Am 14. September konnte auch in diesem Jahr zusammen mit der Kunstwerkstatt das Geschichtsprojekt der 6. Klassen in der Regionalen Schule stattfinden. Die Sch\u00fclerinnen und Sch\u00fcler der<br \/>\n6a &#8211; c erlebten jeweils zwei Stunden lang auf besondere und kreative Art den Alltag der Menschen in der Jungsteinzeit. Das Projekt drehte sich dabei um eine der entscheidenden Errungenschaften dieser fr\u00fchen Zeit \u2013 die Erfindung von Keramik. Nach einer kurzen Einf\u00fchrung zum Thema, in der die Sch\u00fclerinnen und Sch\u00fcler viel Interessantes \u00fcber die genaue Herstellungsweise und Nutzung von Tongef\u00e4\u00dfen erfuhren und auch ihr eigenes Wissen zum Leben der Steinzeitmenschen einbringen konnten, hatten sie im Anschluss die Gelegenheit, nach selbst gezeichneten Vorlagen Gef\u00e4\u00dfe, Gegenst\u00e4nde oder Tiere aus Ton zu formen und mit Hilfsmitteln, wie kleinen St\u00f6ckchen, zu verzieren. Diese Arbeit brachte nicht nur eine Menge Spa\u00df, sondern vermittelte auch einen Eindruck vom Stand der Leistung und Kunstfertigkeit, den die Menschen schon vor rund 5000 Jahren erreicht hatten. Wir danken Frau Gro\u00dfe und der Kunstwerkstatt f\u00fcr ihre tolle Unterst\u00fctzung und freuen uns auf die Ergebnisse dieses spannenden Projekttages.<\/p>\n<p><a href=\"https:\/\/regs-burg-stargard.de\/wordpress\/wp-content\/uploads\/2021\/09\/Geschichtsprojekt_6c-rotated.jpg\"><img loading=\"lazy\" decoding=\"async\" class=\"alignnone wp-image-3477 colorbox-3403\" src=\"https:\/\/regs-burg-stargard.de\/wordpress\/wp-content\/uploads\/2021\/09\/Geschichtsprojekt_6c-225x300.jpg\" alt=\"\" width=\"181\" height=\"241\" srcset=\"https:\/\/regs-burg-stargard.de\/wordpress\/wp-content\/uploads\/2021\/09\/Geschichtsprojekt_6c-225x300.jpg 225w, https:\/\/regs-burg-stargard.de\/wordpress\/wp-content\/uploads\/2021\/09\/Geschichtsprojekt_6c-rotated.jpg 480w\" sizes=\"auto, (max-width: 181px) 100vw, 181px\" \/><\/a><a href=\"https:\/\/regs-burg-stargard.de\/wordpress\/wp-content\/uploads\/2021\/09\/Geschichtsprojekt_6c2-rotated.jpg\"> &nbsp; &nbsp;&nbsp; <\/a><a href=\"https:\/\/regs-burg-stargard.de\/wordpress\/wp-content\/uploads\/2021\/09\/Geschichtsprojekt_6a-scaled.jpg\"><img loading=\"lazy\" decoding=\"async\" class=\"alignnone wp-image-3475 colorbox-3403\" src=\"https:\/\/regs-burg-stargard.de\/wordpress\/wp-content\/uploads\/2021\/09\/Geschichtsprojekt_6a-300x225.jpg\" alt=\"\" width=\"251\" height=\"188\" srcset=\"https:\/\/regs-burg-stargard.de\/wordpress\/wp-content\/uploads\/2021\/09\/Geschichtsprojekt_6a-300x225.jpg 300w, https:\/\/regs-burg-stargard.de\/wordpress\/wp-content\/uploads\/2021\/09\/Geschichtsprojekt_6a-1024x768.jpg 1024w, https:\/\/regs-burg-stargard.de\/wordpress\/wp-content\/uploads\/2021\/09\/Geschichtsprojekt_6a-768x576.jpg 768w, https:\/\/regs-burg-stargard.de\/wordpress\/wp-content\/uploads\/2021\/09\/Geschichtsprojekt_6a-1536x1152.jpg 1536w, https:\/\/regs-burg-stargard.de\/wordpress\/wp-content\/uploads\/2021\/09\/Geschichtsprojekt_6a-2048x1536.jpg 2048w\" sizes=\"auto, (max-width: 251px) 100vw, 251px\" \/><\/a><a href=\"https:\/\/regs-burg-stargard.de\/wordpress\/wp-content\/uploads\/2021\/09\/Geschichtsprojekt_6c2-rotated.jpg\"> &nbsp;&nbsp;&nbsp;&nbsp;&nbsp;&nbsp; <img loading=\"lazy\" decoding=\"async\" class=\"alignnone wp-image-3476 colorbox-3403\" src=\"https:\/\/regs-burg-stargard.de\/wordpress\/wp-content\/uploads\/2021\/09\/Geschichtsprojekt_6c2-225x300.jpg\" alt=\"\" width=\"181\" height=\"242\" srcset=\"https:\/\/regs-burg-stargard.de\/wordpress\/wp-content\/uploads\/2021\/09\/Geschichtsprojekt_6c2-225x300.jpg 225w, https:\/\/regs-burg-stargard.de\/wordpress\/wp-content\/uploads\/2021\/09\/Geschichtsprojekt_6c2-rotated.jpg 480w\" sizes=\"auto, (max-width: 181px) 100vw, 181px\" \/>&nbsp;<\/a><\/p>\n<p>&nbsp;<\/p>\n<p><span style=\"color: #ff0000;\"><strong>Endlich wieder ein Wandertag!<\/strong><\/span><\/p>\n<p><span style=\"color: #339966;\">Interessante Ziele in MV<\/span><\/p>\n<p>Am 2. September 2021 fand nach langer Zeit wieder ein Wandertag f\u00fcr unsere Sch\u00fclerinnen und Sch\u00fcler statt. Auf dem Plan standen viele interessante Ziele.<\/p>\n<p>Die M\u00e4dchen und Jungen der <strong>5. Klassen<\/strong> erkundeten zu Fu\u00df Burg Stargard und die n\u00e4here Umgebung.<br \/>\nJ. Fischer Klasse 5b berichtet.<\/p>\n<p><em>Am 02.09.2021 hatten wir unseren ersten Wandertag. Um 8 Uhr begann unsere gef\u00fchrte 7-Bergewanderung am Fu\u00dfe des Galgenbergs. Dort trafen wir unseren Bergf\u00fchrer Herr Schr\u00f6der.&nbsp; \u00dcber den Galgenberg ging es dann weiter zum T\u00f6pferberg. Von dort aus ging es weiter zum Scheunsberg mit einer sch\u00f6nen Sicht auf die Stadt und dann die steile Treppe hinauf zum Denkmalsberg.&nbsp; W\u00e4hrend der Wanderung erz\u00e4hlte uns Herr Schr\u00f6der sehr spannende Geschichten und Sagen zu den einzelnen Bergen. Am besten gefielen mir die Geschichten rund um den Burgberg. Dort angekommen, machten wir eine kleine Essens- und Spielpause. Anschlie\u00dfend wanderten wir \u00fcber den Kl\u00fcschenberg zur Sommerrodelbahn, wo wir mit der Klasse 5a zusammentrafen, eifrig rodelten und so den Tag ausklingen lie\u00dfen.<br \/>\n<\/em><em>Insgesamt war es f\u00fcr uns alle ein sehr sch\u00f6ner Wandertag.<\/em><\/p>\n<p>Die Insel Usedom war das Ziel der <strong>6. Klassen<\/strong>.<br \/>\nDie Klasse 6b berichtet:<\/p>\n<p><em>Unser Wandertag f\u00fchrte uns, gemeinsam mit der Klasse 6a und 6c, nach Peenem\u00fcnde. Dort besuchten wir die Ph\u00e4nomenta. Es gab unglaublich viel zu bestaunen. Besonders toll war es, dass wir all die vielen Experimente selber ausf\u00fchren durften. <\/em><em>Im Anschluss gingen wir noch f\u00fcr eine Stunde an den Hafen, dort konnten wir bei herrlichem Sonnenschein die Schiffe beobachten und etwas essen und spielen. Es war ein toller Tag, wir freuen uns schon auf den n\u00e4chsten Ausflug.<\/em><\/p>\n<p><a href=\"https:\/\/regs-burg-stargard.de\/wordpress\/wp-content\/uploads\/2021\/09\/Klasse-6b-scaled.jpg\"><img loading=\"lazy\" decoding=\"async\" class=\"alignnone size-medium wp-image-3457 colorbox-3403\" src=\"https:\/\/regs-burg-stargard.de\/wordpress\/wp-content\/uploads\/2021\/09\/Klasse-6b-178x300.jpg\" alt=\"\" width=\"178\" height=\"300\" srcset=\"https:\/\/regs-burg-stargard.de\/wordpress\/wp-content\/uploads\/2021\/09\/Klasse-6b-178x300.jpg 178w, https:\/\/regs-burg-stargard.de\/wordpress\/wp-content\/uploads\/2021\/09\/Klasse-6b-607x1024.jpg 607w, https:\/\/regs-burg-stargard.de\/wordpress\/wp-content\/uploads\/2021\/09\/Klasse-6b-768x1295.jpg 768w, https:\/\/regs-burg-stargard.de\/wordpress\/wp-content\/uploads\/2021\/09\/Klasse-6b-911x1536.jpg 911w, https:\/\/regs-burg-stargard.de\/wordpress\/wp-content\/uploads\/2021\/09\/Klasse-6b-1214x2048.jpg 1214w, https:\/\/regs-burg-stargard.de\/wordpress\/wp-content\/uploads\/2021\/09\/Klasse-6b-scaled.jpg 1518w\" sizes=\"auto, (max-width: 178px) 100vw, 178px\" \/><\/a> <a href=\"https:\/\/regs-burg-stargard.de\/wordpress\/wp-content\/uploads\/2021\/09\/Klasse-6b_2-1-scaled.jpg\"><img loading=\"lazy\" decoding=\"async\" class=\"alignnone wp-image-3460 colorbox-3403\" src=\"https:\/\/regs-burg-stargard.de\/wordpress\/wp-content\/uploads\/2021\/09\/Klasse-6b_2-1-300x225.jpg\" alt=\"\" width=\"275\" height=\"206\" srcset=\"https:\/\/regs-burg-stargard.de\/wordpress\/wp-content\/uploads\/2021\/09\/Klasse-6b_2-1-300x225.jpg 300w, https:\/\/regs-burg-stargard.de\/wordpress\/wp-content\/uploads\/2021\/09\/Klasse-6b_2-1-1024x768.jpg 1024w, https:\/\/regs-burg-stargard.de\/wordpress\/wp-content\/uploads\/2021\/09\/Klasse-6b_2-1-768x576.jpg 768w, https:\/\/regs-burg-stargard.de\/wordpress\/wp-content\/uploads\/2021\/09\/Klasse-6b_2-1-1536x1152.jpg 1536w, https:\/\/regs-burg-stargard.de\/wordpress\/wp-content\/uploads\/2021\/09\/Klasse-6b_2-1-2048x1536.jpg 2048w\" sizes=\"auto, (max-width: 275px) 100vw, 275px\" \/><\/a><\/p>\n<p>Die Kinder der <strong>7. Jahrgangsstufe<\/strong> durften sogar f\u00fcr vier Tage in Greifswald verbringen. Dort nahmen Sie an TEO Projekttagen zum Thema Datenschutz und Cyberkriminalit\u00e4t teil. Die Klassenlehrer haben die Fahrt zusammengefasst:<\/p>\n<p><em>Die Klassen 7a und 7b weilten vom 31.08.-03.09.2021 in Greifswald Wieck. Bei herrlichem Wetter konnten alle die Freizeit direkt auf dem Herbergsgel\u00e4nde, am Hafen oder am Strand genie\u00dfen. Freizeit? Gab es da etwa noch etwas anderes? Na klar: Jeden Tag standen Workshops und teambildende Ma\u00dfnahmen auf dem Programm. \u201eGearbeitet\u201c wurde zum Thema: \u201eTEO protect privacy- mein Klick, meine Verantwortung\u201c. Es ging um Datenschutz, Cyberkriminalit\u00e4t, geistige Manipulationen, Spielen im Internet, soziale Netzwerke bis hin zur Frage: Was ist typisch Mann oder typisch Frau? Die Experten der Workshops kamen u.a. aus der Landeszentrale f\u00fcr Datenschutz, dem Landeskriminalamt und der Computerspielschule Greifswald. Egal wie viel man schon vorher wusste- dazugelernt hat jeder etwas. Am Abschlussabend sorgten Jonas und Jason f\u00fcr die Musik und Stimmung im Partyraum. Danke daf\u00fcr! Irgendwie waren die Tage so kurz, dass auch ein Teil der Nachtruhe f\u00fcr gemeinsames Erleben genutzt wurde. Mal richtig ausschlafen mussten dann wohl alle zu Hause.<\/em><\/p>\n<p><a href=\"https:\/\/regs-burg-stargard.de\/wordpress\/wp-content\/uploads\/2021\/09\/Klasse-7_3-scaled.jpg\"><img loading=\"lazy\" decoding=\"async\" class=\"alignnone wp-image-3455 colorbox-3403\" src=\"https:\/\/regs-burg-stargard.de\/wordpress\/wp-content\/uploads\/2021\/09\/Klasse-7_3-300x225.jpg\" alt=\"\" width=\"206\" height=\"155\" srcset=\"https:\/\/regs-burg-stargard.de\/wordpress\/wp-content\/uploads\/2021\/09\/Klasse-7_3-300x225.jpg 300w, https:\/\/regs-burg-stargard.de\/wordpress\/wp-content\/uploads\/2021\/09\/Klasse-7_3-1024x768.jpg 1024w, https:\/\/regs-burg-stargard.de\/wordpress\/wp-content\/uploads\/2021\/09\/Klasse-7_3-768x576.jpg 768w, https:\/\/regs-burg-stargard.de\/wordpress\/wp-content\/uploads\/2021\/09\/Klasse-7_3-1536x1152.jpg 1536w, https:\/\/regs-burg-stargard.de\/wordpress\/wp-content\/uploads\/2021\/09\/Klasse-7_3-2048x1536.jpg 2048w\" sizes=\"auto, (max-width: 206px) 100vw, 206px\" \/><\/a><a href=\"https:\/\/regs-burg-stargard.de\/wordpress\/wp-content\/uploads\/2021\/09\/Klasse-7_6.pg_-scaled.jpg\"><img loading=\"lazy\" decoding=\"async\" class=\"alignnone wp-image-3453 colorbox-3403\" src=\"https:\/\/regs-burg-stargard.de\/wordpress\/wp-content\/uploads\/2021\/09\/Klasse-7_6.pg_-225x300.jpg\" alt=\"\" width=\"176\" height=\"235\" srcset=\"https:\/\/regs-burg-stargard.de\/wordpress\/wp-content\/uploads\/2021\/09\/Klasse-7_6.pg_-225x300.jpg 225w, https:\/\/regs-burg-stargard.de\/wordpress\/wp-content\/uploads\/2021\/09\/Klasse-7_6.pg_-768x1024.jpg 768w, https:\/\/regs-burg-stargard.de\/wordpress\/wp-content\/uploads\/2021\/09\/Klasse-7_6.pg_-1152x1536.jpg 1152w, https:\/\/regs-burg-stargard.de\/wordpress\/wp-content\/uploads\/2021\/09\/Klasse-7_6.pg_-1536x2048.jpg 1536w, https:\/\/regs-burg-stargard.de\/wordpress\/wp-content\/uploads\/2021\/09\/Klasse-7_6.pg_-scaled.jpg 1920w\" sizes=\"auto, (max-width: 176px) 100vw, 176px\" \/><\/a> <a href=\"https:\/\/regs-burg-stargard.de\/wordpress\/wp-content\/uploads\/2021\/09\/Klasse-7_2-scaled.jpg\"><img loading=\"lazy\" decoding=\"async\" class=\"alignnone wp-image-3452 colorbox-3403\" src=\"https:\/\/regs-burg-stargard.de\/wordpress\/wp-content\/uploads\/2021\/09\/Klasse-7_2-225x300.jpg\" alt=\"\" width=\"157\" height=\"210\" srcset=\"https:\/\/regs-burg-stargard.de\/wordpress\/wp-content\/uploads\/2021\/09\/Klasse-7_2-225x300.jpg 225w, https:\/\/regs-burg-stargard.de\/wordpress\/wp-content\/uploads\/2021\/09\/Klasse-7_2-768x1024.jpg 768w, https:\/\/regs-burg-stargard.de\/wordpress\/wp-content\/uploads\/2021\/09\/Klasse-7_2-1152x1536.jpg 1152w, https:\/\/regs-burg-stargard.de\/wordpress\/wp-content\/uploads\/2021\/09\/Klasse-7_2-1536x2048.jpg 1536w, https:\/\/regs-burg-stargard.de\/wordpress\/wp-content\/uploads\/2021\/09\/Klasse-7_2-scaled.jpg 1920w\" sizes=\"auto, (max-width: 157px) 100vw, 157px\" \/><\/a><a href=\"https:\/\/regs-burg-stargard.de\/wordpress\/wp-content\/uploads\/2021\/09\/Klasse-7_5-scaled.jpg\"><img loading=\"lazy\" decoding=\"async\" class=\"alignnone wp-image-3456 colorbox-3403\" src=\"https:\/\/regs-burg-stargard.de\/wordpress\/wp-content\/uploads\/2021\/09\/Klasse-7_5-300x225.jpg\" alt=\"\" width=\"206\" height=\"154\" srcset=\"https:\/\/regs-burg-stargard.de\/wordpress\/wp-content\/uploads\/2021\/09\/Klasse-7_5-300x225.jpg 300w, https:\/\/regs-burg-stargard.de\/wordpress\/wp-content\/uploads\/2021\/09\/Klasse-7_5-1024x768.jpg 1024w, https:\/\/regs-burg-stargard.de\/wordpress\/wp-content\/uploads\/2021\/09\/Klasse-7_5-768x576.jpg 768w, https:\/\/regs-burg-stargard.de\/wordpress\/wp-content\/uploads\/2021\/09\/Klasse-7_5-1536x1152.jpg 1536w, https:\/\/regs-burg-stargard.de\/wordpress\/wp-content\/uploads\/2021\/09\/Klasse-7_5-2048x1536.jpg 2048w\" sizes=\"auto, (max-width: 206px) 100vw, 206px\" \/><\/a><\/p>\n<p>Dass Sport auch anders ausge\u00fcbt werden kann, erkannten die Jugendlichen der <strong>8. Klassen<\/strong>. Diese fuhren nach Neubrandenburg, um zu bowlen und Lasertag zu spielen. Zwischen den schwei\u00dftreibenden Spielrunden wurde gequatscht, ausgiebig gegessen und getrunken sowie die Schlagkraft der F\u00e4uste an einem Automaten gemessen.<\/p>\n<p><a href=\"https:\/\/regs-burg-stargard.de\/wordpress\/wp-content\/uploads\/2021\/09\/Klasse-8_2.jpg\"><img loading=\"lazy\" decoding=\"async\" class=\"alignnone wp-image-3464 colorbox-3403\" src=\"https:\/\/regs-burg-stargard.de\/wordpress\/wp-content\/uploads\/2021\/09\/Klasse-8_2-300x225.jpg\" alt=\"\" width=\"254\" height=\"190\" srcset=\"https:\/\/regs-burg-stargard.de\/wordpress\/wp-content\/uploads\/2021\/09\/Klasse-8_2-300x225.jpg 300w, https:\/\/regs-burg-stargard.de\/wordpress\/wp-content\/uploads\/2021\/09\/Klasse-8_2-1024x768.jpg 1024w, https:\/\/regs-burg-stargard.de\/wordpress\/wp-content\/uploads\/2021\/09\/Klasse-8_2-768x576.jpg 768w, https:\/\/regs-burg-stargard.de\/wordpress\/wp-content\/uploads\/2021\/09\/Klasse-8_2-1536x1152.jpg 1536w, https:\/\/regs-burg-stargard.de\/wordpress\/wp-content\/uploads\/2021\/09\/Klasse-8_2.jpg 2048w\" sizes=\"auto, (max-width: 254px) 100vw, 254px\" \/><\/a> <a href=\"https:\/\/regs-burg-stargard.de\/wordpress\/wp-content\/uploads\/2021\/09\/Klasse-8_1.jpg\"><img loading=\"lazy\" decoding=\"async\" class=\"alignnone wp-image-3463 colorbox-3403\" src=\"https:\/\/regs-burg-stargard.de\/wordpress\/wp-content\/uploads\/2021\/09\/Klasse-8_1-300x225.jpg\" alt=\"\" width=\"255\" height=\"192\" srcset=\"https:\/\/regs-burg-stargard.de\/wordpress\/wp-content\/uploads\/2021\/09\/Klasse-8_1-300x225.jpg 300w, https:\/\/regs-burg-stargard.de\/wordpress\/wp-content\/uploads\/2021\/09\/Klasse-8_1-1024x768.jpg 1024w, https:\/\/regs-burg-stargard.de\/wordpress\/wp-content\/uploads\/2021\/09\/Klasse-8_1-768x576.jpg 768w, https:\/\/regs-burg-stargard.de\/wordpress\/wp-content\/uploads\/2021\/09\/Klasse-8_1-1536x1152.jpg 1536w, https:\/\/regs-burg-stargard.de\/wordpress\/wp-content\/uploads\/2021\/09\/Klasse-8_1.jpg 2048w\" sizes=\"auto, (max-width: 255px) 100vw, 255px\" \/><\/a> <a href=\"https:\/\/regs-burg-stargard.de\/wordpress\/wp-content\/uploads\/2021\/09\/Klasse-8.jpg\"><img loading=\"lazy\" decoding=\"async\" class=\"alignnone wp-image-3462 colorbox-3403\" src=\"https:\/\/regs-burg-stargard.de\/wordpress\/wp-content\/uploads\/2021\/09\/Klasse-8-300x225.jpg\" alt=\"\" width=\"250\" height=\"188\" srcset=\"https:\/\/regs-burg-stargard.de\/wordpress\/wp-content\/uploads\/2021\/09\/Klasse-8-300x225.jpg 300w, https:\/\/regs-burg-stargard.de\/wordpress\/wp-content\/uploads\/2021\/09\/Klasse-8-1024x768.jpg 1024w, https:\/\/regs-burg-stargard.de\/wordpress\/wp-content\/uploads\/2021\/09\/Klasse-8-768x576.jpg 768w, https:\/\/regs-burg-stargard.de\/wordpress\/wp-content\/uploads\/2021\/09\/Klasse-8-1536x1152.jpg 1536w, https:\/\/regs-burg-stargard.de\/wordpress\/wp-content\/uploads\/2021\/09\/Klasse-8.jpg 2048w\" sizes=\"auto, (max-width: 250px) 100vw, 250px\" \/><\/a><\/p>\n<p>Aufgrund der angek\u00fcndigten Bahnstreiks mussten die <strong>Neuntkl\u00e4ssler<\/strong> kurzfristig ihr Programm \u00e4ndern. Daher erlebten sie statt der geplanten Fahrt nach Berlin die Ausstellung des Regionalmuseums in Neubrandenburg und verfolgten die historischen Spuren in der Innenstadt.<\/p>\n<p><a href=\"https:\/\/regs-burg-stargard.de\/wordpress\/wp-content\/uploads\/2021\/09\/Klasse-9-scaled.jpg\"><img loading=\"lazy\" decoding=\"async\" class=\"alignnone size-medium wp-image-3465 colorbox-3403\" src=\"https:\/\/regs-burg-stargard.de\/wordpress\/wp-content\/uploads\/2021\/09\/Klasse-9-225x300.jpg\" alt=\"\" width=\"225\" height=\"300\" srcset=\"https:\/\/regs-burg-stargard.de\/wordpress\/wp-content\/uploads\/2021\/09\/Klasse-9-225x300.jpg 225w, https:\/\/regs-burg-stargard.de\/wordpress\/wp-content\/uploads\/2021\/09\/Klasse-9-768x1024.jpg 768w, https:\/\/regs-burg-stargard.de\/wordpress\/wp-content\/uploads\/2021\/09\/Klasse-9-1152x1536.jpg 1152w, https:\/\/regs-burg-stargard.de\/wordpress\/wp-content\/uploads\/2021\/09\/Klasse-9-1536x2048.jpg 1536w, https:\/\/regs-burg-stargard.de\/wordpress\/wp-content\/uploads\/2021\/09\/Klasse-9-scaled.jpg 1920w\" sizes=\"auto, (max-width: 225px) 100vw, 225px\" \/><\/a> <a href=\"https:\/\/regs-burg-stargard.de\/wordpress\/wp-content\/uploads\/2021\/09\/Klasse-9_2-scaled.jpg\"><img loading=\"lazy\" decoding=\"async\" class=\"alignnone size-medium wp-image-3466 colorbox-3403\" src=\"https:\/\/regs-burg-stargard.de\/wordpress\/wp-content\/uploads\/2021\/09\/Klasse-9_2-225x300.jpg\" alt=\"\" width=\"225\" height=\"300\" srcset=\"https:\/\/regs-burg-stargard.de\/wordpress\/wp-content\/uploads\/2021\/09\/Klasse-9_2-225x300.jpg 225w, https:\/\/regs-burg-stargard.de\/wordpress\/wp-content\/uploads\/2021\/09\/Klasse-9_2-768x1024.jpg 768w, https:\/\/regs-burg-stargard.de\/wordpress\/wp-content\/uploads\/2021\/09\/Klasse-9_2-1152x1536.jpg 1152w, https:\/\/regs-burg-stargard.de\/wordpress\/wp-content\/uploads\/2021\/09\/Klasse-9_2-1536x2048.jpg 1536w, https:\/\/regs-burg-stargard.de\/wordpress\/wp-content\/uploads\/2021\/09\/Klasse-9_2-scaled.jpg 1920w\" sizes=\"auto, (max-width: 225px) 100vw, 225px\" \/><\/a> <a href=\"https:\/\/regs-burg-stargard.de\/wordpress\/wp-content\/uploads\/2021\/09\/Klasse-9_4-scaled.jpg\"><img loading=\"lazy\" decoding=\"async\" class=\"alignnone size-medium wp-image-3467 colorbox-3403\" src=\"https:\/\/regs-burg-stargard.de\/wordpress\/wp-content\/uploads\/2021\/09\/Klasse-9_4-300x225.jpg\" alt=\"\" width=\"300\" height=\"225\" srcset=\"https:\/\/regs-burg-stargard.de\/wordpress\/wp-content\/uploads\/2021\/09\/Klasse-9_4-300x225.jpg 300w, https:\/\/regs-burg-stargard.de\/wordpress\/wp-content\/uploads\/2021\/09\/Klasse-9_4-1024x768.jpg 1024w, https:\/\/regs-burg-stargard.de\/wordpress\/wp-content\/uploads\/2021\/09\/Klasse-9_4-768x576.jpg 768w, https:\/\/regs-burg-stargard.de\/wordpress\/wp-content\/uploads\/2021\/09\/Klasse-9_4-1536x1152.jpg 1536w, https:\/\/regs-burg-stargard.de\/wordpress\/wp-content\/uploads\/2021\/09\/Klasse-9_4-2048x1536.jpg 2048w\" sizes=\"auto, (max-width: 300px) 100vw, 300px\" \/><\/a><\/p>\n<p>Unser <strong>Abschlussjahrgang<\/strong> fuhr nach Rostock ins Darwineum, um die Evolution durch die verschiedenen Erdzeitalter auf spannende Art und Weise nachzuvollziehen.<\/p>\n<p>Wir freuen uns auf die weiteren Wandertage im 2. Halbjahr!<\/p>\n<p>Die Klassenlehrerinnen und Klassenlehrer<\/p>\n<p>&nbsp;<\/p>\n<p><span style=\"color: #ff0000;\">Nein zu Rechtsextremismus!<\/span><\/p>\n<p><span style=\"color: #339966;\">Unterricht mit der Kriminalpolizei<\/span><\/p>\n<p>Um nicht unwissend einen schwerwiegenden Fehler zu begehen, erkl\u00e4rt Frau Ebert von der Kriminalpolizei-Inspektion Neubrandenburg diese Woche den Sch\u00fclerinnen und Sch\u00fclern der 7. und 8. Klassen, welche rechtsextremen Symbole verboten sind und wie die Verwendung dieser strafrechtlich verfolgt wird. Sie erl\u00e4utert an mehreren Beispielen, dass das unbedachte Ver\u00f6ffentlichen von Zeichen sowie das Rufen von rechten Parolen die Berufswahl einschr\u00e4nkt, da viele zuk\u00fcnftige Arbeitgeber ein F\u00fchrungszeugnis verlangen, welches \u00fcber solche Vergehen Auskunft gibt.<\/p>\n<p>Wir bedanken uns herzlich bei Frau Ebert f\u00fcr die informativen Gespr\u00e4chsrunden.<\/p>\n<p>K. Reen<br \/>\nKlassenlehrerin Klasse 8b<\/p>\n<p><a href=\"https:\/\/regs-burg-stargard.de\/wordpress\/wp-content\/uploads\/2021\/08\/index.2.jpg\"><img loading=\"lazy\" decoding=\"async\" class=\"alignnone size-medium wp-image-3429 colorbox-3403\" src=\"https:\/\/regs-burg-stargard.de\/wordpress\/wp-content\/uploads\/2021\/08\/index.2-300x225.jpg\" alt=\"\" width=\"300\" height=\"225\" srcset=\"https:\/\/regs-burg-stargard.de\/wordpress\/wp-content\/uploads\/2021\/08\/index.2-300x225.jpg 300w, https:\/\/regs-burg-stargard.de\/wordpress\/wp-content\/uploads\/2021\/08\/index.2-1024x768.jpg 1024w, https:\/\/regs-burg-stargard.de\/wordpress\/wp-content\/uploads\/2021\/08\/index.2-768x576.jpg 768w, https:\/\/regs-burg-stargard.de\/wordpress\/wp-content\/uploads\/2021\/08\/index.2-1536x1152.jpg 1536w, https:\/\/regs-burg-stargard.de\/wordpress\/wp-content\/uploads\/2021\/08\/index.2.jpg 2048w\" sizes=\"auto, (max-width: 300px) 100vw, 300px\" \/><\/a> <a href=\"https:\/\/regs-burg-stargard.de\/wordpress\/wp-content\/uploads\/2021\/08\/index.3.jpg\"><img loading=\"lazy\" decoding=\"async\" class=\"alignnone size-medium wp-image-3430 colorbox-3403\" src=\"https:\/\/regs-burg-stargard.de\/wordpress\/wp-content\/uploads\/2021\/08\/index.3-300x225.jpg\" alt=\"\" width=\"300\" height=\"225\" srcset=\"https:\/\/regs-burg-stargard.de\/wordpress\/wp-content\/uploads\/2021\/08\/index.3-300x225.jpg 300w, https:\/\/regs-burg-stargard.de\/wordpress\/wp-content\/uploads\/2021\/08\/index.3-1024x768.jpg 1024w, https:\/\/regs-burg-stargard.de\/wordpress\/wp-content\/uploads\/2021\/08\/index.3-768x576.jpg 768w, https:\/\/regs-burg-stargard.de\/wordpress\/wp-content\/uploads\/2021\/08\/index.3-1536x1152.jpg 1536w, https:\/\/regs-burg-stargard.de\/wordpress\/wp-content\/uploads\/2021\/08\/index.3.jpg 2048w\" sizes=\"auto, (max-width: 300px) 100vw, 300px\" \/><\/a> <a href=\"https:\/\/regs-burg-stargard.de\/wordpress\/wp-content\/uploads\/2021\/08\/index.jpg\"><img loading=\"lazy\" decoding=\"async\" class=\"alignnone size-medium wp-image-3431 colorbox-3403\" src=\"https:\/\/regs-burg-stargard.de\/wordpress\/wp-content\/uploads\/2021\/08\/index-300x225.jpg\" alt=\"\" width=\"300\" height=\"225\" srcset=\"https:\/\/regs-burg-stargard.de\/wordpress\/wp-content\/uploads\/2021\/08\/index-300x225.jpg 300w, https:\/\/regs-burg-stargard.de\/wordpress\/wp-content\/uploads\/2021\/08\/index-1024x768.jpg 1024w, https:\/\/regs-burg-stargard.de\/wordpress\/wp-content\/uploads\/2021\/08\/index-768x576.jpg 768w, https:\/\/regs-burg-stargard.de\/wordpress\/wp-content\/uploads\/2021\/08\/index-1536x1152.jpg 1536w, https:\/\/regs-burg-stargard.de\/wordpress\/wp-content\/uploads\/2021\/08\/index.jpg 2048w\" sizes=\"auto, (max-width: 300px) 100vw, 300px\" \/><\/a><\/p>\n<p><span style=\"color: #339966;\">Das neue Schuljahr hat begonnen!<\/span><\/p>\n<p>Wir begr\u00fc\u00dfen unsere F\u00fcnftkl\u00e4ssler, die neugierig das Schulgeb\u00e4ude erkunden und sich mit den Abl\u00e4ufen unserer Schule vertraut machen. Auch die anderen Klassen starten neben den organisatorischen Hinweisen mit Projektthemen:<\/p>\n<p>Klasse 6 &nbsp;&nbsp;&nbsp;&nbsp;&nbsp;&nbsp;&nbsp;&nbsp;&nbsp;&nbsp;&nbsp;&nbsp;&nbsp; Plakatgestaltung<\/p>\n<p>Klasse 7 &nbsp;&nbsp;&nbsp;&nbsp;&nbsp;&nbsp;&nbsp;&nbsp;&nbsp;&nbsp;&nbsp;&nbsp;&nbsp; Tabellen erstellen und Diagramme zeichnen<\/p>\n<p>Klasse 8&nbsp;&nbsp;&nbsp;&nbsp;&nbsp;&nbsp;&nbsp;&nbsp;&nbsp;&nbsp;&nbsp;&nbsp;&nbsp;&nbsp; Soziales Lernen<\/p>\n<p>Klasse 9 &nbsp;&nbsp;&nbsp;&nbsp;&nbsp;&nbsp;&nbsp;&nbsp;&nbsp;&nbsp;&nbsp;&nbsp;&nbsp; Arbeit mit dem W\u00f6rterbuch und Recherche<\/p>\n<p>Klasse 10 &nbsp;&nbsp;&nbsp;&nbsp;&nbsp;&nbsp;&nbsp;&nbsp;&nbsp;&nbsp; Tipps zum Verfassen einer Jahresarbeit.<\/p>\n<p>Wir w\u00fcnschen allen Sch\u00fclerinnen und Sch\u00fclern viel Erfolg beim Lernen.<\/p>\n<h3><span style=\"color: #800000;\">Informationen zum Schulstart<\/span><\/h3>\n<p><span style=\"color: #339966;\">Liebe Eltern! Liebe Sch\u00fclerinnen und Sch\u00fcler!<\/span><\/p>\n<p>Am 02.08.2021 starten wir gemeinsam in ein neues Schuljahr. Leider ist eine gemeinsame Begr\u00fc\u00dfung auf dem Schulhof aufgrund der Hygienevorgaben nicht m\u00f6glich. Alle Sch\u00fclerinnen und Sch\u00fcler gehen um 7:20 Uhr in ihre Klassenr\u00e4ume und werden dort von den Klassenlehrern empfangen, um 7:35 Uhr beginnt die 1.&nbsp; Stunde. Ein Aushang an den Eingangst\u00fcren auf dem Schulhof informiert \u00fcber die entsprechenden R\u00e4ume.<\/p>\n<p><strong>In der 1.&nbsp; Stunde testen sich alle anwesenden Sch\u00fclerinnen und Sch\u00fcler mit einem Corona &#8211; Selbsttest und geben die Gesundheitsbescheinigung ab. Das ist Voraussetzung f\u00fcr die weitere Teilnahme am Unterricht.<\/strong><\/p>\n<p><strong>Sch\u00fclerinnen und Sch\u00fcler, die erstmalig unsere Schule besuchen, legen eine Einverst\u00e4ndniserkl\u00e4rung f\u00fcr die Teilnahme am Selbsttest oder eine Erkl\u00e4rung \u00fcber einen negativen Corona &#8211; Test vor.<\/strong><\/p>\n<p>Die Sch\u00fclerinnen und Sch\u00fcler der 5. Klassen werden um 7:30 Uhr auf dem Schulhof begr\u00fc\u00dft und gehen dann gemeinsam mit den Klassenlehrern in das Schulhaus. Sie geben die Erkl\u00e4rung \u00fcber den negativen Selbsttest und die Gesundheitsbescheinigung im Klassenraum ab.<\/p>\n<p>Am Montag und Dienstag finden Projekttage statt, die durch die Klassenlehrer organisiert werden. Der Unterricht endet &nbsp;f\u00fcr alle Sch\u00fclerinnen und Sch\u00fcler nach der 5. Stunde um 12:00 Uhr. Die Teilnahme an der Mittagsversorgung ist m\u00f6glich.<\/p>\n<p>Ab Mittwoch findet Unterricht laut Stundenplan statt.<\/p>\n<p><strong><span style=\"color: #000000;\">Bitte beachten:<br \/>\nAufgrund von Asphaltierarbeiten vom 02. &#8211; 06.08.2021 in der M\u00fchlenstra\u00dfe kann die Buswendeschleife in der Dewitzer Chaussee nicht von den Schulbussen angefahren werden. Die Haltestelle wurde f\u00fcr diesen Zeitraum in die Rosenstra\u00dfe am Sportplatz verlegt.<\/span><\/strong><\/p>\n<p>Wir freuen uns auf den Schulstart und hoffen, alle Sch\u00fclerinnen und Sch\u00fcler gut erholt und gesund begr\u00fc\u00dfen zu k\u00f6nnen.<\/p>\n<p>S. Schwenn<br \/>\nSchulleiterin<\/p>\n<p><a href=\"https:\/\/regs-burg-stargard.de\/wordpress\/wp-content\/uploads\/2021\/08\/Formular-Bestaetigung-eines-negativen-Testergebnisses-ab-dem-2.-August-2021.pdf\"><span style=\"color: #0000ff;\">Formular Best\u00e4tigung eines negativen Testergebnisses ab dem 2. August 2021<\/span><\/a><\/p>\n<p><a href=\"https:\/\/regs-burg-stargard.de\/wordpress\/wp-content\/uploads\/2021\/06\/Formular-zur-Gesundheitsbestaetigung-02.08.2021.pdf\"><span style=\"color: #0000ff;\">Formular zur Gesundheitsbest\u00e4tigung 02.08.2021<\/span><\/a><\/p>\n<p><span style=\"color: #0000ff;\"><a style=\"color: #0000ff;\" href=\"https:\/\/regs-burg-stargard.de\/wordpress\/wp-content\/uploads\/2021\/04\/A2_Einverstaendniserklaerung_Schule.pdf\">A2_Einverst\u00e4ndniserkl\u00e4rung_Schule<\/a><\/span><\/p>\n<p><span style=\"color: #0000ff;\"><a style=\"color: #0000ff;\" href=\"https:\/\/regs-burg-stargard.de\/wordpress\/wp-content\/uploads\/2021\/08\/Einverstaendniserklaerung_Abgabe-in-die-Haeuslichkeit.pdf\">Einverst\u00e4ndniserkl\u00e4rung_Abgabe in die H\u00e4uslichkeit<\/a><\/span><\/p>\n","protected":false},"excerpt":{"rendered":"<p>30.06.2022 Arbeitseinsatz beim Tag in den Gemeinden Im Rahmen der Projektwoche am Schuljahresende fand am 29. Juni nach 2 Jahren Unterbrechung wieder unser Tag in den Gemeinden statt. An diesem Tag bleiben alle Sch\u00fcler in ihren Heimatgemeinden und helfen dort ihre D\u00f6rfer sauber und sch\u00f6n zu erhalten. Dieses Jahr waren sie in Ballin, Dewitz, Pragsdorf, [&hellip;]<\/p>\n","protected":false},"author":5,"featured_media":0,"parent":2593,"menu_order":0,"comment_status":"closed","ping_status":"closed","template":"","meta":{"site-sidebar-layout":"default","site-content-layout":"","ast-site-content-layout":"default","site-content-style":"default","site-sidebar-style":"default","ast-global-header-display":"","ast-banner-title-visibility":"","ast-main-header-display":"","ast-hfb-above-header-display":"","ast-hfb-below-header-display":"","ast-hfb-mobile-header-display":"","site-post-title":"","ast-breadcrumbs-content":"","ast-featured-img":"","footer-sml-layout":"","theme-transparent-header-meta":"","adv-header-id-meta":"","stick-header-meta":"","header-above-stick-meta":"","header-main-stick-meta":"","header-below-stick-meta":"","astra-migrate-meta-layouts":"default","ast-page-background-enabled":"default","ast-page-background-meta":{"desktop":{"background-color":"","background-image":"","background-repeat":"repeat","background-position":"center center","background-size":"auto","background-attachment":"scroll","background-type":"","background-media":"","overlay-type":"","overlay-color":"","overlay-opacity":"","overlay-gradient":""},"tablet":{"background-color":"","background-image":"","background-repeat":"repeat","background-position":"center center","background-size":"auto","background-attachment":"scroll","background-type":"","background-media":"","overlay-type":"","overlay-color":"","overlay-opacity":"","overlay-gradient":""},"mobile":{"background-color":"","background-image":"","background-repeat":"repeat","background-position":"center center","background-size":"auto","background-attachment":"scroll","background-type":"","background-media":"","overlay-type":"","overlay-color":"","overlay-opacity":"","overlay-gradient":""}},"ast-content-background-meta":{"desktop":{"background-color":"var(--ast-global-color-5)","background-image":"","background-repeat":"repeat","background-position":"center center","background-size":"auto","background-attachment":"scroll","background-type":"","background-media":"","overlay-type":"","overlay-color":"","overlay-opacity":"","overlay-gradient":""},"tablet":{"background-color":"var(--ast-global-color-5)","background-image":"","background-repeat":"repeat","background-position":"center center","background-size":"auto","background-attachment":"scroll","background-type":"","background-media":"","overlay-type":"","overlay-color":"","overlay-opacity":"","overlay-gradient":""},"mobile":{"background-color":"var(--ast-global-color-5)","background-image":"","background-repeat":"repeat","background-position":"center center","background-size":"auto","background-attachment":"scroll","background-type":"","background-media":"","overlay-type":"","overlay-color":"","overlay-opacity":"","overlay-gradient":""}},"ngg_post_thumbnail":0,"footnotes":""},"class_list":["post-3403","page","type-page","status-publish","hentry"],"_links":{"self":[{"href":"https:\/\/regs-burg-stargard.de\/wordpress\/wp-json\/wp\/v2\/pages\/3403","targetHints":{"allow":["GET"]}}],"collection":[{"href":"https:\/\/regs-burg-stargard.de\/wordpress\/wp-json\/wp\/v2\/pages"}],"about":[{"href":"https:\/\/regs-burg-stargard.de\/wordpress\/wp-json\/wp\/v2\/types\/page"}],"author":[{"embeddable":true,"href":"https:\/\/regs-burg-stargard.de\/wordpress\/wp-json\/wp\/v2\/users\/5"}],"replies":[{"embeddable":true,"href":"https:\/\/regs-burg-stargard.de\/wordpress\/wp-json\/wp\/v2\/comments?post=3403"}],"version-history":[{"count":53,"href":"https:\/\/regs-burg-stargard.de\/wordpress\/wp-json\/wp\/v2\/pages\/3403\/revisions"}],"predecessor-version":[{"id":3675,"href":"https:\/\/regs-burg-stargard.de\/wordpress\/wp-json\/wp\/v2\/pages\/3403\/revisions\/3675"}],"up":[{"embeddable":true,"href":"https:\/\/regs-burg-stargard.de\/wordpress\/wp-json\/wp\/v2\/pages\/2593"}],"wp:attachment":[{"href":"https:\/\/regs-burg-stargard.de\/wordpress\/wp-json\/wp\/v2\/media?parent=3403"}],"curies":[{"name":"wp","href":"https:\/\/api.w.org\/{rel}","templated":true}]}}