{"id":3677,"date":"2022-08-02T12:41:39","date_gmt":"2022-08-02T10:41:39","guid":{"rendered":"https:\/\/regs-burg-stargard.de\/wordpress\/?page_id=3677"},"modified":"2023-08-24T13:24:38","modified_gmt":"2023-08-24T11:24:38","slug":"schuljahr-2022-2023","status":"publish","type":"page","link":"https:\/\/regs-burg-stargard.de\/wordpress\/schuljahr-2022-2023\/","title":{"rendered":"Schuljahr 2022\/2023"},"content":{"rendered":"\n<h3 class=\"wp-block-heading\">Arbeitseinsatz in den Heimatgemeinden<\/h3>\n\n\n\n<h4 class=\"wp-block-heading\">Ein Projekttag an der Regionalen Schule Burg Stargard<\/h4>\n\n\n\n<p>Am 12.07.2023 fand f\u00fcr die Sch\u00fclerinnen und Sch\u00fcler der Regionalen Schule Burg Stargard der traditionelle \u201eTag in den Gemeinden\u201c statt. Ziel dieses Tages ist es, dass die Kinder und Jugendlichen selbst aktiv werden, um ihr Lebensumfeld zu versch\u00f6nern und den Gemeinden so \u201eDanke\u201c sagen. So wurden zum Beispiel in Cammin die Badestelle und der Spielplatz f\u00fcr den Gro\u00dfeinsatz in den Sommerferien sch\u00f6n gemacht. Weiterhin wurde der Spielplatz in Loitz von Unkraut und Unrat befreit und die neue Wanderh\u00fctte in Holldorf wurde ebenfalls mit einem Anstrich versehen (siehe Foto). An zahlreichen weiteren Orten waren unsere Sch\u00fcler genauso flei\u00dfig im Einsatz.<br>Selbstverst\u00e4ndlich ist ein solcher Einsatz nur mit Unterst\u00fctzung der B\u00fcrgermeister und Gemeindearbeiter der Gemeinden m\u00f6glich. Sie wiesen die Kinder vor Ort ein, stellten teilweise Arbeitsger\u00e4te und einen kleinen Imbiss oder Getr\u00e4nke zur Verf\u00fcgung. Ihnen gilt unser Dank ebenso wie Frau Schumann und Frau M\u00fcller, die in Burg Stargard und Holldorf bei der Betreuung halfen.<br><br>Sylvia Eskaf<br>verant. Lehrkraft<\/p>\n\n\n\n<div class=\"wp-block-columns is-layout-flex wp-container-core-columns-is-layout-28f84493 wp-block-columns-is-layout-flex\">\n<div class=\"wp-block-column is-layout-flow wp-block-column-is-layout-flow\">\n<figure class=\"wp-block-image size-full is-resized\"><a href=\"https:\/\/regs-burg-stargard.de\/wordpress\/wp-content\/uploads\/2023\/07\/Gemeindetag-1.jpg\"><img loading=\"lazy\" decoding=\"async\" src=\"https:\/\/regs-burg-stargard.de\/wordpress\/wp-content\/uploads\/2023\/07\/Gemeindetag-1.jpg\" alt=\"\" class=\"wp-image-4238 colorbox-3677\" width=\"300\" height=\"400\" srcset=\"https:\/\/regs-burg-stargard.de\/wordpress\/wp-content\/uploads\/2023\/07\/Gemeindetag-1.jpg 480w, https:\/\/regs-burg-stargard.de\/wordpress\/wp-content\/uploads\/2023\/07\/Gemeindetag-1-225x300.jpg 225w, https:\/\/regs-burg-stargard.de\/wordpress\/wp-content\/uploads\/2023\/07\/Gemeindetag-1-300x400.jpg 300w\" sizes=\"auto, (max-width: 300px) 100vw, 300px\" \/><\/a><\/figure>\n<\/div>\n\n\n\n<div class=\"wp-block-column is-layout-flow wp-block-column-is-layout-flow\">\n<figure class=\"wp-block-image size-full is-resized\"><a href=\"https:\/\/regs-burg-stargard.de\/wordpress\/wp-content\/uploads\/2023\/07\/Gemeindetag-2-1.jpg\"><img loading=\"lazy\" decoding=\"async\" src=\"https:\/\/regs-burg-stargard.de\/wordpress\/wp-content\/uploads\/2023\/07\/Gemeindetag-2-1.jpg\" alt=\"\" class=\"wp-image-4240 colorbox-3677\" width=\"300\" height=\"400\" srcset=\"https:\/\/regs-burg-stargard.de\/wordpress\/wp-content\/uploads\/2023\/07\/Gemeindetag-2-1.jpg 480w, https:\/\/regs-burg-stargard.de\/wordpress\/wp-content\/uploads\/2023\/07\/Gemeindetag-2-1-225x300.jpg 225w, https:\/\/regs-burg-stargard.de\/wordpress\/wp-content\/uploads\/2023\/07\/Gemeindetag-2-1-300x400.jpg 300w\" sizes=\"auto, (max-width: 300px) 100vw, 300px\" \/><\/a><\/figure>\n<\/div>\n<\/div>\n\n\n\n<h3 class=\"wp-block-heading\">&#8222;Auf die Pl\u00e4tze! Fertig! Los!&#8220;<\/h3>\n\n\n\n<h4 class=\"wp-block-heading\">Sportfest 2023 an der Regionalen Schule <\/h4>\n\n\n\n<p>Zum Abschluss des Schuljahres fand am Dienstag, den 11.07.2023 das Sportfest der Regionalen Schule Burg Stargard unter sonnigen Bedingungen statt. Die Sch\u00fclerinnen und Sch\u00fcler der Jahrgangsstufen 5-8 konnten sich bei schwei\u00dftreibenden Wettk\u00e4mpfen miteinander messen. Sie k\u00e4mpften sich durch 5 Stationen, bei denen \u00fcberall der Teamgedanke und Sportgeist im Vordergrund standen. Auf der Jagd nach Punkten f\u00fcr den Klassensieg verausgabten sich Burg Stargards Sch\u00fclerinnen und Sch\u00fcler \u00fcber vier Stunden. Nicht nur beim Volleyball f\u00fcr die Stufen 7 und 8 oder beim Zweifelderball f\u00fcr die Stufen 5 und 6 war die Teamleistung entscheidend. Auch beim Weitsprung, der Schwammstaffel und der Sprintstaffel lag der Fokus auf der Gesamtleistung der Klasse, da alle Sch\u00fclerInnen durch ihre Individualleistung zur Klassenleistung beigetragen haben.<br>Besonderer Dank geht an die tatkr\u00e4ftige Unterst\u00fctzung aller Klassenlehrer*innen sowie den Sch\u00fcler*innen der Jahrgangsstufe 9 unter der Leitung von Herrn Frick. <br>Alle Teilnehmer*innen hatten an diesem Tag gro\u00dfen Spa\u00df und werden ihn in guter Erinnerung behalten.<br><br>Martin Rohe<br>Sportlehrer<\/p>\n\n\n\n<div class=\"wp-block-columns is-layout-flex wp-container-core-columns-is-layout-28f84493 wp-block-columns-is-layout-flex\">\n<div class=\"wp-block-column is-layout-flow wp-block-column-is-layout-flow\">\n<figure class=\"wp-block-image size-full\"><a href=\"https:\/\/regs-burg-stargard.de\/wordpress\/wp-content\/uploads\/2023\/07\/Sportfest-2023_1.jpg\"><img loading=\"lazy\" decoding=\"async\" width=\"743\" height=\"557\" src=\"https:\/\/regs-burg-stargard.de\/wordpress\/wp-content\/uploads\/2023\/07\/Sportfest-2023_1.jpg\" alt=\"\" class=\"wp-image-4234 colorbox-3677\" srcset=\"https:\/\/regs-burg-stargard.de\/wordpress\/wp-content\/uploads\/2023\/07\/Sportfest-2023_1.jpg 743w, https:\/\/regs-burg-stargard.de\/wordpress\/wp-content\/uploads\/2023\/07\/Sportfest-2023_1-300x225.jpg 300w\" sizes=\"auto, (max-width: 743px) 100vw, 743px\" \/><\/a><\/figure>\n<\/div>\n\n\n\n<div class=\"wp-block-column is-layout-flow wp-block-column-is-layout-flow\">\n<figure class=\"wp-block-image size-full\"><a href=\"https:\/\/regs-burg-stargard.de\/wordpress\/wp-content\/uploads\/2023\/07\/Sportfest-2023_2.jpg\"><img loading=\"lazy\" decoding=\"async\" width=\"748\" height=\"561\" src=\"https:\/\/regs-burg-stargard.de\/wordpress\/wp-content\/uploads\/2023\/07\/Sportfest-2023_2.jpg\" alt=\"\" class=\"wp-image-4235 colorbox-3677\" srcset=\"https:\/\/regs-burg-stargard.de\/wordpress\/wp-content\/uploads\/2023\/07\/Sportfest-2023_2.jpg 748w, https:\/\/regs-burg-stargard.de\/wordpress\/wp-content\/uploads\/2023\/07\/Sportfest-2023_2-300x225.jpg 300w\" sizes=\"auto, (max-width: 748px) 100vw, 748px\" \/><\/a><\/figure>\n<\/div>\n<\/div>\n\n\n\n<h3 class=\"wp-block-heading\">&#8222;Die Mittlere Reife erhalten &#8230;&#8220;<\/h3>\n\n\n\n<h4 class=\"wp-block-heading\">Feierliche Zeugnisausgabe Klasse 10 an der Regionalen Schule Burg Stargard<\/h4>\n\n\n\n<p>Hausaufgaben, m\u00fcndliche und schriftliche Leistungskontrollen, Klausuren, Belegarbeiten und Pr\u00fcfungen liegen nun hinter den Sch\u00fclerinnen und Sch\u00fclern der Abschlussklassen der Regionalen Schule Burg Stargard.<br>Festlich gekleidet fanden sich am Freitag, dem 07.07.2023 um 18:00 Uhr die Absolventen gemeinsam mit ihren Familien in der geschm\u00fcckten Aula der Schule ein, um gemeinsam mit ihren Lehrer*innen den Abschluss ihrer Schulzeit zu begehen. F\u00fcr feierliche Stimmung sorgte unter anderem der Auftritt der Familie Irmer, welcher das Publikum mit klassischen Kl\u00e4ngen verzauberte, Willi Henke bereicherte die Veranstaltung mit einem Klavierst\u00fcck und Mathilda und Henrika aus der Klasse 6b gaben den Jugendlichen gute W\u00fcnschen und Lebensweisheiten mit auf ihren zuk\u00fcnftigen Weg.<br>Die Reden der Klassenlehrerinnen und der Schulleiterin lie\u00dfen alle in Erinnerung schwelgen und stimmten auf den so bedeutenden Augenblick der Zeugnis\u00fcbergabe ein. Voller Stolz konnten die beiden Klassenlehrerinnen, Frau Streich und Frau Fandrich, gemeinsam mit der Schulleiterin Frau Schwenn 34 Sch\u00fclerinnen und Sch\u00fclern das Abschlusszeugnis der Mittleren Reife \u00fcbergeben. Besonders hervorzuheben ist, dass eine Sch\u00fclerin und ein Sch\u00fcler sogar den qualifizierten Abschluss der Mittleren Reife erreichen konnten.<br>Wir w\u00fcnschen allen Absolventen einen erfolgreichen Start in die Ausbildung und alles Gute f\u00fcr die Zukunft!<br><br>Josefine Streich<br>ehemalige Klassenlehrerin der Kl. 10a<\/p>\n\n\n\n<figure class=\"wp-block-image size-large is-resized\"><a href=\"https:\/\/regs-burg-stargard.de\/wordpress\/wp-content\/uploads\/2023\/07\/Zeugnisausgabe-07.07.2023-1-scaled.jpg\"><img loading=\"lazy\" decoding=\"async\" src=\"https:\/\/regs-burg-stargard.de\/wordpress\/wp-content\/uploads\/2023\/07\/Zeugnisausgabe-07.07.2023-1-768x1024.jpg\" alt=\"\" class=\"wp-image-4232 colorbox-3677\" width=\"301\" height=\"401\" srcset=\"https:\/\/regs-burg-stargard.de\/wordpress\/wp-content\/uploads\/2023\/07\/Zeugnisausgabe-07.07.2023-1-768x1024.jpg 768w, https:\/\/regs-burg-stargard.de\/wordpress\/wp-content\/uploads\/2023\/07\/Zeugnisausgabe-07.07.2023-1-225x300.jpg 225w, https:\/\/regs-burg-stargard.de\/wordpress\/wp-content\/uploads\/2023\/07\/Zeugnisausgabe-07.07.2023-1-300x400.jpg 300w, https:\/\/regs-burg-stargard.de\/wordpress\/wp-content\/uploads\/2023\/07\/Zeugnisausgabe-07.07.2023-1-1152x1536.jpg 1152w, https:\/\/regs-burg-stargard.de\/wordpress\/wp-content\/uploads\/2023\/07\/Zeugnisausgabe-07.07.2023-1-1536x2048.jpg 1536w, https:\/\/regs-burg-stargard.de\/wordpress\/wp-content\/uploads\/2023\/07\/Zeugnisausgabe-07.07.2023-1-scaled.jpg 1920w\" sizes=\"auto, (max-width: 301px) 100vw, 301px\" \/><\/a><\/figure>\n\n\n\n<h3 class=\"wp-block-heading\">Da gabs was auf die Ohren<\/h3>\n\n\n\n<h4 class=\"wp-block-heading\">Die Sch\u00fclerband stellt sich vor <\/h4>\n\n\n\n<p>Am 04.07.2023 spielte die Schulband das erste Mal vor Publikum in der Aula der Schule. Oscar, Ottmar, Ruby und Johnas bekamen viel Applaus &#8211; und den haben sie sich auch wirklich verdient.<br>Ein gro\u00dfes Dankesch\u00f6n geht noch einmal an alle Sponsoren, die durch ihre Spende die Anschaffung eines Schlagzeuges erm\u00f6glichten sowie Herrn Ivanov f\u00fcr die tolle musikalische Betreuung der K\u00fcnstler in diesem Schuljahr. <br>Wir w\u00fcnschen allen sch\u00f6ne Sommerferien.<br><br>Ulrike Henneberg<br>Musiklehrerin<\/p>\n\n\n\n<div class=\"wp-block-columns is-layout-flex wp-container-core-columns-is-layout-28f84493 wp-block-columns-is-layout-flex\">\n<div class=\"wp-block-column is-layout-flow wp-block-column-is-layout-flow\">\n<figure class=\"wp-block-image size-large\"><a href=\"https:\/\/regs-burg-stargard.de\/wordpress\/wp-content\/uploads\/2023\/07\/IMG_4776.jpeg\"><img loading=\"lazy\" decoding=\"async\" width=\"1024\" height=\"768\" src=\"https:\/\/regs-burg-stargard.de\/wordpress\/wp-content\/uploads\/2023\/07\/IMG_4776-1024x768.jpeg\" alt=\"\" class=\"wp-image-4226 colorbox-3677\" srcset=\"https:\/\/regs-burg-stargard.de\/wordpress\/wp-content\/uploads\/2023\/07\/IMG_4776-1024x768.jpeg 1024w, https:\/\/regs-burg-stargard.de\/wordpress\/wp-content\/uploads\/2023\/07\/IMG_4776-300x225.jpeg 300w, https:\/\/regs-burg-stargard.de\/wordpress\/wp-content\/uploads\/2023\/07\/IMG_4776-768x576.jpeg 768w, https:\/\/regs-burg-stargard.de\/wordpress\/wp-content\/uploads\/2023\/07\/IMG_4776-1536x1152.jpeg 1536w, https:\/\/regs-burg-stargard.de\/wordpress\/wp-content\/uploads\/2023\/07\/IMG_4776.jpeg 2048w\" sizes=\"auto, (max-width: 1024px) 100vw, 1024px\" \/><\/a><\/figure>\n<\/div>\n\n\n\n<div class=\"wp-block-column is-layout-flow wp-block-column-is-layout-flow\">\n<figure class=\"wp-block-image size-large\"><a href=\"https:\/\/regs-burg-stargard.de\/wordpress\/wp-content\/uploads\/2023\/07\/IMG_4777.jpeg\"><img loading=\"lazy\" decoding=\"async\" width=\"1024\" height=\"768\" src=\"https:\/\/regs-burg-stargard.de\/wordpress\/wp-content\/uploads\/2023\/07\/IMG_4777-1024x768.jpeg\" alt=\"\" class=\"wp-image-4228 colorbox-3677\" srcset=\"https:\/\/regs-burg-stargard.de\/wordpress\/wp-content\/uploads\/2023\/07\/IMG_4777-1024x768.jpeg 1024w, https:\/\/regs-burg-stargard.de\/wordpress\/wp-content\/uploads\/2023\/07\/IMG_4777-300x225.jpeg 300w, https:\/\/regs-burg-stargard.de\/wordpress\/wp-content\/uploads\/2023\/07\/IMG_4777-768x576.jpeg 768w, https:\/\/regs-burg-stargard.de\/wordpress\/wp-content\/uploads\/2023\/07\/IMG_4777-1536x1152.jpeg 1536w, https:\/\/regs-burg-stargard.de\/wordpress\/wp-content\/uploads\/2023\/07\/IMG_4777.jpeg 2048w\" sizes=\"auto, (max-width: 1024px) 100vw, 1024px\" \/><\/a><\/figure>\n<\/div>\n<\/div>\n\n\n\n<h3 class=\"wp-block-heading\">Wir sind viele &#8211; ich bin dabei<\/h3>\n\n\n\n<p>Am 4. Mai 2023 fand f\u00fcr unsere Klasse 5b ein Projekttag statt. An diesem Tag haben wir gelernt, wie man besser mit anderen Menschen umgehen kann.<br>Zwei junge Studentinnen, Nele und Claudia, haben uns durch den Tag begleitet. Am Anfang haben wir ein Kennenlernspiel mit ihnen gespielt. Bei vielen weiteren Spielen, wie zum Beispiel dem \u201eObstsalat\u201c, haben wir mehr \u00fcber einander erfahren und uns so besser kennengelernt. Unser Favorit war das Moormonsterspiel, wo man miteinander einen Weg durch das \u201eMoor\u201c finden musste.<br>Am Ende des Tages haben wir ein gro\u00dfes Plakat bekommen mit allen Dingen, die wir gemacht und erarbeitet hatten. Dies h\u00e4ngt jetzt in unserem Klassenraum und erinnert uns daran, wie wir besser miteinander auskommen k\u00f6nnen.<br><br>Hannah, Jarno, Mailo, L\u00e4tizia, Meira und Jule<br>Klasse 5b<\/p>\n\n\n\n<figure class=\"wp-block-gallery has-nested-images columns-default is-cropped wp-block-gallery-1 is-layout-flex wp-block-gallery-is-layout-flex\">\n<figure class=\"wp-block-image size-full\"><a href=\"https:\/\/regs-burg-stargard.de\/wordpress\/wp-content\/uploads\/2023\/05\/Projekttag-Kl.5b_20230505_0740550-1-scaled.jpg\"><img loading=\"lazy\" decoding=\"async\" width=\"2560\" height=\"1920\" data-id=\"4200\" src=\"https:\/\/regs-burg-stargard.de\/wordpress\/wp-content\/uploads\/2023\/05\/Projekttag-Kl.5b_20230505_0740550-1-scaled.jpg\" alt=\"\" class=\"wp-image-4200 colorbox-3677\" srcset=\"https:\/\/regs-burg-stargard.de\/wordpress\/wp-content\/uploads\/2023\/05\/Projekttag-Kl.5b_20230505_0740550-1-scaled.jpg 2560w, https:\/\/regs-burg-stargard.de\/wordpress\/wp-content\/uploads\/2023\/05\/Projekttag-Kl.5b_20230505_0740550-1-300x225.jpg 300w, https:\/\/regs-burg-stargard.de\/wordpress\/wp-content\/uploads\/2023\/05\/Projekttag-Kl.5b_20230505_0740550-1-1024x768.jpg 1024w, https:\/\/regs-burg-stargard.de\/wordpress\/wp-content\/uploads\/2023\/05\/Projekttag-Kl.5b_20230505_0740550-1-768x576.jpg 768w, https:\/\/regs-burg-stargard.de\/wordpress\/wp-content\/uploads\/2023\/05\/Projekttag-Kl.5b_20230505_0740550-1-1536x1152.jpg 1536w, https:\/\/regs-burg-stargard.de\/wordpress\/wp-content\/uploads\/2023\/05\/Projekttag-Kl.5b_20230505_0740550-1-2048x1536.jpg 2048w\" sizes=\"auto, (max-width: 2560px) 100vw, 2560px\" \/><\/a><\/figure>\n<\/figure>\n\n\n\n<h3 class=\"wp-block-heading\">So macht Schule Spa\u00df!<\/h3>\n\n\n\n<h4 class=\"wp-block-heading\">Wandertage und Klassenfahrten an der Regionalen Schule Burg Stargard<\/h4>\n\n\n\n<p>Nach 3 Jahren ohne Klassenfahrten durften im April die Sch\u00fcler*innen der Regionalen Schule endlich wieder auf Reisen gehen. In der letzten Aprilwoche fanden Wandertage und Klassenfahrten statt. Dabei wurden viele unterschiedliche Ziele angesteuert.<br><br>W\u00e4hrend die F\u00fcnftkl\u00e4ssler die Ausstellung im Landeszentrum f\u00fcr erneuerbare Energien in Neustrelitz besuchten, fuhren die Sch\u00fclerinnen und Sch\u00fcler der 6. Jahrgangsstufe mit dem Bus nach Stralsund, um in die Unterwasserwelt des Ozeaneums einzutauchen.<br><br>Die Klassenfahrt der Klassenstufe 7 entf\u00fchrte sie auf die gr\u00f6\u00dfte Insel Deutschlands: R\u00fcgen. W\u00e4hrend die Klasse 7a in Prora n\u00e4chtigte und die dortige Strandkulisse genoss, fuhr die Klasse 7b zur Hafenstadt Sassnitz und erfreute sich an der Aussicht der Kreidek\u00fcste. Beide Klassen besuchten auch den K\u00f6nigsstuhl und konnten den neuen Skywalk bewundern.<br><br>Die Sch\u00fclerinnen und Sch\u00fcler der 8. und 10. Jahrgangsstufe machten die Hauptstadt Berlin unsicher. Das technische Museum war das Ziel der 8. Klassen. Im Anschluss durften die Sch\u00fcler und Sch\u00fclerinnen rund um den Alexanderplatz flanieren. Die 10. Klassen erkundeten das DDR-Museum, wobei sie einen Fragebogen bew\u00e4ltigen mussten. Danach wurde noch der Potsdamer Platz mit seinen Unterhaltungen besucht.<br><br>Eine Klassenfahrt unternahm auch die Jahrgangsstufe 9. Die 9a bereiste die sch\u00f6nen Havelberge und veranstaltete Kanufahrten, Klettertouren und Bogenschie\u00dfen. Die Klasse 9b dagegen fuhr nach Wismar und besuchte einen Tag den Freizeitpark in Sierksdorf sowie einen anderen Tag das Jumphaus in Schwerin.<br><br>Unser Abschlussjahrgang der 10a fuhr ebenfalls einige Tage auf Klassenfahrt. Ihr Weg f\u00fchrte sie nach Rostock und Warnem\u00fcnde. Neben einer Schifffahrt konnte die Klasse sich beim Bowling messen und sich in einem Jumphaus austoben.<br>Mit den unterschiedlichsten Eindr\u00fccken endeten die Ausfl\u00fcge und Fahrten unsere Sch\u00fcler. Wir freuen uns schon auf die n\u00e4chsten Wandertage in der Projektwoche vor den Sommerferien.<br><br>U. Matzke &amp; A. Wenzel<\/p>\n\n\n\n<div class=\"wp-block-columns is-layout-flex wp-container-core-columns-is-layout-28f84493 wp-block-columns-is-layout-flex\">\n<div class=\"wp-block-column is-layout-flow wp-block-column-is-layout-flow\">\n<figure class=\"wp-block-image size-large\"><a href=\"https:\/\/regs-burg-stargard.de\/wordpress\/wp-content\/uploads\/2023\/05\/LEEA_-scaled.jpg\"><img loading=\"lazy\" decoding=\"async\" width=\"1024\" height=\"768\" src=\"https:\/\/regs-burg-stargard.de\/wordpress\/wp-content\/uploads\/2023\/05\/LEEA_-1024x768.jpg\" alt=\"\" class=\"wp-image-4180 colorbox-3677\" srcset=\"https:\/\/regs-burg-stargard.de\/wordpress\/wp-content\/uploads\/2023\/05\/LEEA_-1024x768.jpg 1024w, https:\/\/regs-burg-stargard.de\/wordpress\/wp-content\/uploads\/2023\/05\/LEEA_-300x225.jpg 300w, https:\/\/regs-burg-stargard.de\/wordpress\/wp-content\/uploads\/2023\/05\/LEEA_-768x576.jpg 768w, https:\/\/regs-burg-stargard.de\/wordpress\/wp-content\/uploads\/2023\/05\/LEEA_-1536x1152.jpg 1536w, https:\/\/regs-burg-stargard.de\/wordpress\/wp-content\/uploads\/2023\/05\/LEEA_-2048x1536.jpg 2048w\" sizes=\"auto, (max-width: 1024px) 100vw, 1024px\" \/><\/a><\/figure>\n<\/div>\n\n\n\n<div class=\"wp-block-column is-layout-flow wp-block-column-is-layout-flow\">\n<figure class=\"wp-block-image size-large\"><a href=\"https:\/\/regs-burg-stargard.de\/wordpress\/wp-content\/uploads\/2023\/05\/Ozeaneum_Kl.6a-6c-scaled.jpg\"><img loading=\"lazy\" decoding=\"async\" width=\"1024\" height=\"768\" src=\"https:\/\/regs-burg-stargard.de\/wordpress\/wp-content\/uploads\/2023\/05\/Ozeaneum_Kl.6a-6c-1024x768.jpg\" alt=\"\" class=\"wp-image-4181 colorbox-3677\" srcset=\"https:\/\/regs-burg-stargard.de\/wordpress\/wp-content\/uploads\/2023\/05\/Ozeaneum_Kl.6a-6c-1024x768.jpg 1024w, https:\/\/regs-burg-stargard.de\/wordpress\/wp-content\/uploads\/2023\/05\/Ozeaneum_Kl.6a-6c-300x225.jpg 300w, https:\/\/regs-burg-stargard.de\/wordpress\/wp-content\/uploads\/2023\/05\/Ozeaneum_Kl.6a-6c-768x576.jpg 768w, https:\/\/regs-burg-stargard.de\/wordpress\/wp-content\/uploads\/2023\/05\/Ozeaneum_Kl.6a-6c-1536x1152.jpg 1536w, https:\/\/regs-burg-stargard.de\/wordpress\/wp-content\/uploads\/2023\/05\/Ozeaneum_Kl.6a-6c-2048x1536.jpg 2048w\" sizes=\"auto, (max-width: 1024px) 100vw, 1024px\" \/><\/a><\/figure>\n<\/div>\n\n\n\n<div class=\"wp-block-column is-layout-flow wp-block-column-is-layout-flow\">\n<figure class=\"wp-block-image size-large\"><a href=\"https:\/\/regs-burg-stargard.de\/wordpress\/wp-content\/uploads\/2023\/05\/Sassnitz_Kl.7b_Collage_20230507_122948-1.jpg\"><img loading=\"lazy\" decoding=\"async\" width=\"1024\" height=\"1024\" src=\"https:\/\/regs-burg-stargard.de\/wordpress\/wp-content\/uploads\/2023\/05\/Sassnitz_Kl.7b_Collage_20230507_122948-1-1024x1024.jpg\" alt=\"\" class=\"wp-image-4183 colorbox-3677\" srcset=\"https:\/\/regs-burg-stargard.de\/wordpress\/wp-content\/uploads\/2023\/05\/Sassnitz_Kl.7b_Collage_20230507_122948-1-1024x1024.jpg 1024w, https:\/\/regs-burg-stargard.de\/wordpress\/wp-content\/uploads\/2023\/05\/Sassnitz_Kl.7b_Collage_20230507_122948-1-300x300.jpg 300w, https:\/\/regs-burg-stargard.de\/wordpress\/wp-content\/uploads\/2023\/05\/Sassnitz_Kl.7b_Collage_20230507_122948-1-150x150.jpg 150w, https:\/\/regs-burg-stargard.de\/wordpress\/wp-content\/uploads\/2023\/05\/Sassnitz_Kl.7b_Collage_20230507_122948-1-768x768.jpg 768w, https:\/\/regs-burg-stargard.de\/wordpress\/wp-content\/uploads\/2023\/05\/Sassnitz_Kl.7b_Collage_20230507_122948-1-1536x1536.jpg 1536w, https:\/\/regs-burg-stargard.de\/wordpress\/wp-content\/uploads\/2023\/05\/Sassnitz_Kl.7b_Collage_20230507_122948-1-2048x2048.jpg 2048w\" sizes=\"auto, (max-width: 1024px) 100vw, 1024px\" \/><\/a><\/figure>\n<\/div>\n<\/div>\n\n\n\n<h3 class=\"wp-block-heading\">Wandertag zum LEEA<\/h3>\n\n\n\n<p>Wir, die Sch\u00fclerinnen und Sch\u00fcler der Klasse 5b, waren gemeinsam mit den anderen 5. Klassen am 25. April 2023 in Neustrelitz im LEEA, dem Landeszentrum f\u00fcr erneuerbare Energien. Dort bekommt man viele Informationen zum Thema Umwelt.<br>Ein Teil von uns war im Energielabor und hat an einem Projekt teilgenommen. Dort haben wir aus unterschiedlichen Materialien Windr\u00e4der gebaut und mussten unter anderem durch Versuche herausfinden, welche Rotorbl\u00e4tter am besten funktionieren.<br>Die anderen Kinder waren in der Erlebniswelt. Da gab es viele Dinge zum Anschauen, verschiedene Quiz und Spiele. Auf der Carrera-Bahn wurden Rennautos durch die mit den Fahrr\u00e4dern erzeugte elektrische Energie angetrieben. Oft hatten sie so viel Schwung, dass sie aus der Kurve flogen. Im Bauch eines aus Holz nachgebauten Wals wurde gezeigt, wie Plastik unsere Umwelt verschmutzt und wie viel Plastik einfach so weggeworfen wird.<br>Nach dem Mittagessen konnte man sich als Nachtisch Eis kaufen, das war zwar ziemlich teuer, aber sehr lecker. Auch Souvenirs konnte man sich kaufen. Auf dem coolen Spielplatz haben wir uns noch etwas ausgetobt.<br>Wir hatten viel Spa\u00df im LEEA und haben eine Menge dort gelernt.<br><br>Hannah, Jule, Amelie, Finn und Jarno<br>Klasse 5b<\/p>\n\n\n\n<figure class=\"wp-block-image size-medium\"><a href=\"https:\/\/regs-burg-stargard.de\/wordpress\/wp-content\/uploads\/2023\/04\/LEEA_20230425_101040-1-scaled.jpg\"><img loading=\"lazy\" decoding=\"async\" width=\"225\" height=\"300\" src=\"https:\/\/regs-burg-stargard.de\/wordpress\/wp-content\/uploads\/2023\/04\/LEEA_20230425_101040-1-225x300.jpg\" alt=\"\" class=\"wp-image-4147 colorbox-3677\" srcset=\"https:\/\/regs-burg-stargard.de\/wordpress\/wp-content\/uploads\/2023\/04\/LEEA_20230425_101040-1-225x300.jpg 225w, https:\/\/regs-burg-stargard.de\/wordpress\/wp-content\/uploads\/2023\/04\/LEEA_20230425_101040-1-768x1024.jpg 768w, https:\/\/regs-burg-stargard.de\/wordpress\/wp-content\/uploads\/2023\/04\/LEEA_20230425_101040-1-300x400.jpg 300w, https:\/\/regs-burg-stargard.de\/wordpress\/wp-content\/uploads\/2023\/04\/LEEA_20230425_101040-1-1152x1536.jpg 1152w, https:\/\/regs-burg-stargard.de\/wordpress\/wp-content\/uploads\/2023\/04\/LEEA_20230425_101040-1-1536x2048.jpg 1536w, https:\/\/regs-burg-stargard.de\/wordpress\/wp-content\/uploads\/2023\/04\/LEEA_20230425_101040-1-scaled.jpg 1920w\" sizes=\"auto, (max-width: 225px) 100vw, 225px\" \/><\/a><\/figure>\n\n\n\n<h3 class=\"wp-block-heading\">ISS &#8211; wir kommen!<\/h3>\n\n\n\n<h4 class=\"wp-block-heading\">Ein interessanter Projekttag mit tollen Experimenten<\/h4>\n\n\n\n<p>Endlich war es soweit. Im M\u00e4rz fuhren die 6. Klassen der Regionalen Schule Burg Stargard zum DLR. Die Gesellschaft f\u00fcr Luft- und Raumfahrtechnik hat einen wissenschaftlichen Standort in Neustrelitz. Dieses Jahr wurde eine gute Tradition fortgesetzt und die Sch\u00fclerinnen und Sch\u00fcler konnten unter Anleitung der Mitarbeiter physikalische Experimente durchf\u00fchren.<br>Ein kurzer \u00dcberblick zum DLR leitete den Projekttag ein. Anschlie\u00dfend wurde in Teams experimentiert und vieles ausprobiert. Keiner wusste, dass Sonnenstrahlen ein Loch in eine dicke Stahlplatte brennen k\u00f6nnen. Oder dass in Neustrelitz riesige Antennen stehen, mit denen Daten von internationalen Satelliten empfangen werden! Diese Informationen und noch mehr Interessantes erfuhren die Sch\u00fclerinnen und Sch\u00fcler w\u00e4hrend des Projekttages. Sehr knifflig war die Steuerung eines Roboterarmes und die smarte T\u00fcrsteuerung f\u00fcr ein ganzes Haus.<br>F\u00fcr die Handwerker war auch etwas dabei. Sie falteten einen Flieger, der einige Meter segelte und bauten einen Testsatelliten nach.<br>Am eindrucksvollsten war der Besuch der ISS. Mit Hilfe einer VR-Brille konnte jede Ecke der internationalen Raumstation erkundet werden.<br>Die Sch\u00fclerInnen der 6. Klassen bedanken sich bei den Mitarbeitern in Neustrelitz f\u00fcr diesen sch\u00f6nen Projekttag.<br><br>Angela R\u00f6\u00dfler<br>Fachlehrerin Physik<\/p>\n\n\n\n<div class=\"wp-block-columns is-layout-flex wp-container-core-columns-is-layout-28f84493 wp-block-columns-is-layout-flex\">\n<div class=\"wp-block-column is-layout-flow wp-block-column-is-layout-flow\">\n<figure class=\"wp-block-gallery has-nested-images columns-default is-cropped wp-block-gallery-2 is-layout-flex wp-block-gallery-is-layout-flex\">\n<figure class=\"wp-block-image size-large\"><a href=\"https:\/\/regs-burg-stargard.de\/wordpress\/wp-content\/uploads\/2023\/04\/6b-DLR-28.03.2023-29.jpg\"><img loading=\"lazy\" decoding=\"async\" width=\"748\" height=\"1000\" data-id=\"4138\" src=\"https:\/\/regs-burg-stargard.de\/wordpress\/wp-content\/uploads\/2023\/04\/6b-DLR-28.03.2023-29.jpg\" alt=\"\" class=\"wp-image-4138 colorbox-3677\" srcset=\"https:\/\/regs-burg-stargard.de\/wordpress\/wp-content\/uploads\/2023\/04\/6b-DLR-28.03.2023-29.jpg 748w, https:\/\/regs-burg-stargard.de\/wordpress\/wp-content\/uploads\/2023\/04\/6b-DLR-28.03.2023-29-224x300.jpg 224w, https:\/\/regs-burg-stargard.de\/wordpress\/wp-content\/uploads\/2023\/04\/6b-DLR-28.03.2023-29-300x400.jpg 300w\" sizes=\"auto, (max-width: 748px) 100vw, 748px\" \/><\/a><\/figure>\n<\/figure>\n<\/div>\n\n\n\n<div class=\"wp-block-column is-layout-flow wp-block-column-is-layout-flow\">\n<figure class=\"wp-block-gallery has-nested-images columns-default is-cropped wp-block-gallery-3 is-layout-flex wp-block-gallery-is-layout-flex\">\n<figure class=\"wp-block-image size-large\"><a href=\"https:\/\/regs-burg-stargard.de\/wordpress\/wp-content\/uploads\/2023\/04\/6b-DLR-28.03.2023-36.jpg\"><img loading=\"lazy\" decoding=\"async\" width=\"748\" height=\"1000\" data-id=\"4139\" src=\"https:\/\/regs-burg-stargard.de\/wordpress\/wp-content\/uploads\/2023\/04\/6b-DLR-28.03.2023-36.jpg\" alt=\"\" class=\"wp-image-4139 colorbox-3677\" srcset=\"https:\/\/regs-burg-stargard.de\/wordpress\/wp-content\/uploads\/2023\/04\/6b-DLR-28.03.2023-36.jpg 748w, https:\/\/regs-burg-stargard.de\/wordpress\/wp-content\/uploads\/2023\/04\/6b-DLR-28.03.2023-36-224x300.jpg 224w, https:\/\/regs-burg-stargard.de\/wordpress\/wp-content\/uploads\/2023\/04\/6b-DLR-28.03.2023-36-300x400.jpg 300w\" sizes=\"auto, (max-width: 748px) 100vw, 748px\" \/><\/a><\/figure>\n<\/figure>\n<\/div>\n\n\n\n<div class=\"wp-block-column is-layout-flow wp-block-column-is-layout-flow\">\n<figure class=\"wp-block-gallery has-nested-images columns-default is-cropped wp-block-gallery-4 is-layout-flex wp-block-gallery-is-layout-flex\">\n<figure class=\"wp-block-image size-large\"><a href=\"https:\/\/regs-burg-stargard.de\/wordpress\/wp-content\/uploads\/2023\/04\/6a-DLR-23.03.2023-13.jpg\"><img loading=\"lazy\" decoding=\"async\" width=\"748\" height=\"1000\" data-id=\"4140\" src=\"https:\/\/regs-burg-stargard.de\/wordpress\/wp-content\/uploads\/2023\/04\/6a-DLR-23.03.2023-13.jpg\" alt=\"\" class=\"wp-image-4140 colorbox-3677\" srcset=\"https:\/\/regs-burg-stargard.de\/wordpress\/wp-content\/uploads\/2023\/04\/6a-DLR-23.03.2023-13.jpg 748w, https:\/\/regs-burg-stargard.de\/wordpress\/wp-content\/uploads\/2023\/04\/6a-DLR-23.03.2023-13-224x300.jpg 224w, https:\/\/regs-burg-stargard.de\/wordpress\/wp-content\/uploads\/2023\/04\/6a-DLR-23.03.2023-13-300x400.jpg 300w\" sizes=\"auto, (max-width: 748px) 100vw, 748px\" \/><\/a><\/figure>\n<\/figure>\n<\/div>\n<\/div>\n\n\n\n<h3 class=\"wp-block-heading\">Lesewettbewerb der 6. Klassen in der Stadtbibliothek Burg Stargard<\/h3>\n\n\n\n<p>Noch im letzten Jahr coronabedingt verschoben, fand der diesj\u00e4hrige Lesewettbewerb der<br>\u2018Regionalen Schule\u2018 in der Stadtbibliothek Burg Stargard statt. Die drei 6. Klassen w\u00e4hlten<br>jeweils drei Sch\u00fclerinnen oder Sch\u00fcler, um den besten Leser oder die beste Leserin in dieser<br>Altersklasse zu ermitteln. Insgesamt traten also 9 Sch\u00fclerinnen und Sch\u00fcler im Wettbewerb<br>gegeneinander an und nach folgendem Modell wurde bewertet: Zuerst wurden eigene<br>Wunschtexte zum Besten gegeben. Schwerpunkte hierf\u00fcr waren Lesetechnik sowie<br>Interpretation. Dabei h\u00e4tte das Spektrum an unterschiedlichen Genres kaum gr\u00f6\u00dfer sein<br>k\u00f6nnen. Angefangen vom ,Tagebuch der Anne Frank\u2018 bis hin zu ,Harry Potter\u2018 wurde allen<br>Anwesenden ein breites Spektrum an Jugendliteratur zur Bewertung pr\u00e4sentiert. Im zweiten<br>Teil des Wettbewerbes mussten die Sechstkl\u00e4ssler einen ihnen vollkommen unbekannten<br>Text vortragen. Dies hatte selbstverst\u00e4ndlich einige T\u00fccken in sich und brachte somit den ein<br>oder anderen Favoriten um den sichergeglaubten Sieg. Im Anschluss an beiden Runden<br>setzte sich die vierk\u00f6pfige Jury zusammen und z\u00e4hlte die vergebenen Punkte f\u00fcr alle<br>Teilnehmerinnen und Teilnehmer zusammen. Daraus ergaben sich folgende<br>Endplatzierungen. Platz 1: Lina, Platz 2: Tjorven, Platz 3: Matilda. Allen anderen Kindern ein<br>riesiges Dankesch\u00f6n f\u00fcr die Teilnahme am Wettbewerb und weiterhin viel Spa\u00df beim Lesen<br>Eurer Lieblingsb\u00fccher.<br><br>Stefan Richert, Stadtbibiothek Burg Stargard<\/p>\n\n\n\n<figure class=\"wp-block-gallery has-nested-images columns-default is-cropped wp-block-gallery-5 is-layout-flex wp-block-gallery-is-layout-flex\">\n<figure class=\"wp-block-image size-large\"><a href=\"https:\/\/regs-burg-stargard.de\/wordpress\/wp-content\/uploads\/2023\/04\/Lesewettbewerb-Kl.6-1-scaled.jpg\"><img loading=\"lazy\" decoding=\"async\" width=\"1024\" height=\"768\" data-id=\"4133\" src=\"https:\/\/regs-burg-stargard.de\/wordpress\/wp-content\/uploads\/2023\/04\/Lesewettbewerb-Kl.6-1-1024x768.jpg\" alt=\"\" class=\"wp-image-4133 colorbox-3677\" srcset=\"https:\/\/regs-burg-stargard.de\/wordpress\/wp-content\/uploads\/2023\/04\/Lesewettbewerb-Kl.6-1-1024x768.jpg 1024w, https:\/\/regs-burg-stargard.de\/wordpress\/wp-content\/uploads\/2023\/04\/Lesewettbewerb-Kl.6-1-300x225.jpg 300w, https:\/\/regs-burg-stargard.de\/wordpress\/wp-content\/uploads\/2023\/04\/Lesewettbewerb-Kl.6-1-768x576.jpg 768w, https:\/\/regs-burg-stargard.de\/wordpress\/wp-content\/uploads\/2023\/04\/Lesewettbewerb-Kl.6-1-1536x1152.jpg 1536w, https:\/\/regs-burg-stargard.de\/wordpress\/wp-content\/uploads\/2023\/04\/Lesewettbewerb-Kl.6-1-2048x1536.jpg 2048w\" sizes=\"auto, (max-width: 1024px) 100vw, 1024px\" \/><\/a><\/figure>\n<\/figure>\n\n\n\n<h3 class=\"wp-block-heading\">Kuchenbasar Klasse 6b<\/h3>\n\n\n\n<h4 class=\"wp-block-heading\">Ein gelungener Kuchenbasar<\/h4>\n\n\n\n<p><em>Am Montag, den 20.03.2023, hat die Klasse 6B einen Kuchenbasar zum Fr\u00fchlingsanfang in der Aula der Schule veranstaltet. Verkauft wurden belegte Br\u00f6tchen, Spie\u00dfe mit K\u00e4se und Tomaten, Muffins und jede Menge Kuchen. Am Ende sind 262\u20ac zusammengekommen. Wir haben uns als Klasse dazu entschieden, 100\u20ac f\u00fcr die Sch\u00fclerband zu spenden und bedanken uns f\u00fcr die rege Teilnahme.&nbsp;<\/em><br><em>Henrika &amp; Emma <\/em><br>Klasse <em>6b<\/em><\/p>\n\n\n\n<div class=\"wp-block-columns is-layout-flex wp-container-core-columns-is-layout-28f84493 wp-block-columns-is-layout-flex\">\n<div class=\"wp-block-column is-layout-flow wp-block-column-is-layout-flow\">\n<figure class=\"wp-block-image size-large is-resized\"><a href=\"https:\/\/regs-burg-stargard.de\/wordpress\/wp-content\/uploads\/2023\/03\/1679656823610-scaled.jpg\"><img loading=\"lazy\" decoding=\"async\" src=\"https:\/\/regs-burg-stargard.de\/wordpress\/wp-content\/uploads\/2023\/03\/1679656823610-1024x472.jpg\" alt=\"\" class=\"wp-image-4123 colorbox-3677\" width=\"512\" height=\"236\" srcset=\"https:\/\/regs-burg-stargard.de\/wordpress\/wp-content\/uploads\/2023\/03\/1679656823610-1024x472.jpg 1024w, https:\/\/regs-burg-stargard.de\/wordpress\/wp-content\/uploads\/2023\/03\/1679656823610-300x138.jpg 300w, https:\/\/regs-burg-stargard.de\/wordpress\/wp-content\/uploads\/2023\/03\/1679656823610-768x354.jpg 768w, https:\/\/regs-burg-stargard.de\/wordpress\/wp-content\/uploads\/2023\/03\/1679656823610-1536x708.jpg 1536w, https:\/\/regs-burg-stargard.de\/wordpress\/wp-content\/uploads\/2023\/03\/1679656823610-2048x944.jpg 2048w\" sizes=\"auto, (max-width: 512px) 100vw, 512px\" \/><\/a><\/figure>\n<\/div>\n<\/div>\n\n\n\n<h3 class=\"wp-block-heading\">Spenden f\u00fcr ein neues Schlagzeug<\/h3>\n\n\n\n<h4 class=\"wp-block-heading\">Kuchenbasar der Klasse 5c<\/h4>\n\n\n\n<p>Am Dienstag, dem 07.03.2023, gab es in unserer Schule einen Kuchenbasar. Die Klasse hatte 17 Kuchen mitgebracht. Insgesamt kamen 214,60 als Erl\u00f6s zustande. Das Geld spenden die Kinder der Schulband, die unbedingt ein neues Schlagzeug, zwei Verst\u00e4rker und ein Mischpult ben\u00f6tigt. Daf\u00fcr herzlichen Dank!<br>Leider reicht dieses Geld noch nicht und so werden wir uns in den n\u00e4chsten Wochen auf Sponsorensuche begeben. Sch\u00fclerinnen und Sch\u00fcler werden mit einem Flyer f\u00fcr Spenden werben und freuen sich \u00fcber eine finanzielle Zuwendung an den F\u00f6rderverein. Jede Spende z\u00e4hlt!<br>Ulrike Henneberg<br>Klasse 5c<\/p>\n\n\n\n<div class=\"wp-block-columns is-layout-flex wp-container-core-columns-is-layout-28f84493 wp-block-columns-is-layout-flex\">\n<div class=\"wp-block-column is-layout-flow wp-block-column-is-layout-flow\">\n<figure class=\"wp-block-image size-large\"><a href=\"https:\/\/regs-burg-stargard.de\/wordpress\/wp-content\/uploads\/2023\/03\/Spenden-fuer-ein-neues-Schlagzeug_Kuchenbasar1-scaled.jpg\"><img loading=\"lazy\" decoding=\"async\" width=\"768\" height=\"1024\" src=\"https:\/\/regs-burg-stargard.de\/wordpress\/wp-content\/uploads\/2023\/03\/Spenden-fuer-ein-neues-Schlagzeug_Kuchenbasar1-768x1024.jpg\" alt=\"\" class=\"wp-image-4101 colorbox-3677\" srcset=\"https:\/\/regs-burg-stargard.de\/wordpress\/wp-content\/uploads\/2023\/03\/Spenden-fuer-ein-neues-Schlagzeug_Kuchenbasar1-768x1024.jpg 768w, https:\/\/regs-burg-stargard.de\/wordpress\/wp-content\/uploads\/2023\/03\/Spenden-fuer-ein-neues-Schlagzeug_Kuchenbasar1-225x300.jpg 225w, https:\/\/regs-burg-stargard.de\/wordpress\/wp-content\/uploads\/2023\/03\/Spenden-fuer-ein-neues-Schlagzeug_Kuchenbasar1-300x400.jpg 300w, https:\/\/regs-burg-stargard.de\/wordpress\/wp-content\/uploads\/2023\/03\/Spenden-fuer-ein-neues-Schlagzeug_Kuchenbasar1-1152x1536.jpg 1152w, https:\/\/regs-burg-stargard.de\/wordpress\/wp-content\/uploads\/2023\/03\/Spenden-fuer-ein-neues-Schlagzeug_Kuchenbasar1-1536x2048.jpg 1536w, https:\/\/regs-burg-stargard.de\/wordpress\/wp-content\/uploads\/2023\/03\/Spenden-fuer-ein-neues-Schlagzeug_Kuchenbasar1-scaled.jpg 1920w\" sizes=\"auto, (max-width: 768px) 100vw, 768px\" \/><\/a><\/figure>\n<\/div>\n\n\n\n<div class=\"wp-block-column is-layout-flow wp-block-column-is-layout-flow\">\n<figure class=\"wp-block-image size-large\"><a href=\"https:\/\/regs-burg-stargard.de\/wordpress\/wp-content\/uploads\/2023\/03\/Spenden-fuer-ein-neues-Schlagzeug_Kuchenbasar2-scaled.jpg\"><img loading=\"lazy\" decoding=\"async\" width=\"768\" height=\"1024\" src=\"https:\/\/regs-burg-stargard.de\/wordpress\/wp-content\/uploads\/2023\/03\/Spenden-fuer-ein-neues-Schlagzeug_Kuchenbasar2-768x1024.jpg\" alt=\"\" class=\"wp-image-4103 colorbox-3677\" srcset=\"https:\/\/regs-burg-stargard.de\/wordpress\/wp-content\/uploads\/2023\/03\/Spenden-fuer-ein-neues-Schlagzeug_Kuchenbasar2-768x1024.jpg 768w, https:\/\/regs-burg-stargard.de\/wordpress\/wp-content\/uploads\/2023\/03\/Spenden-fuer-ein-neues-Schlagzeug_Kuchenbasar2-225x300.jpg 225w, https:\/\/regs-burg-stargard.de\/wordpress\/wp-content\/uploads\/2023\/03\/Spenden-fuer-ein-neues-Schlagzeug_Kuchenbasar2-300x400.jpg 300w, https:\/\/regs-burg-stargard.de\/wordpress\/wp-content\/uploads\/2023\/03\/Spenden-fuer-ein-neues-Schlagzeug_Kuchenbasar2-1152x1536.jpg 1152w, https:\/\/regs-burg-stargard.de\/wordpress\/wp-content\/uploads\/2023\/03\/Spenden-fuer-ein-neues-Schlagzeug_Kuchenbasar2-1536x2048.jpg 1536w, https:\/\/regs-burg-stargard.de\/wordpress\/wp-content\/uploads\/2023\/03\/Spenden-fuer-ein-neues-Schlagzeug_Kuchenbasar2-scaled.jpg 1920w\" sizes=\"auto, (max-width: 768px) 100vw, 768px\" \/><\/a><\/figure>\n<\/div>\n<\/div>\n\n\n\n<h3 class=\"wp-block-heading\">Neues Halbjahr, neues Gl\u00fcck<\/h3>\n\n\n\n<p>Als kr\u00f6nenden Abschluss des ersten Schulhalbjahres hat die Klasse 5b am 27. Januar ihre im Oktober ausgefallene Gruselwanderung nachgeholt. Nachdem wir in kleinen Gruppen in der Abendd\u00e4mmerung um die Burg und durch den Burggarten gewandert waren, gingen wir zur Feuerwehr, wo die Eltern mit hei\u00dfem Punsch und gegrillten Bratw\u00fcrstchen auf uns warteten.<br>In der folgenden Woche gab es die ersten Halbjahreszeugnisse in der Regionalen Schule, und egal wie das Zeugnis ausgefallen war, machte uns unsere Klassenlehrerin Mut mit einem selbst gebastelten Schokoriegel.<br>Jetzt geht es mit viel Elan in das zweite Halbjahr.<br><br>Klasse 5b<br>Sylvia Eskaf<\/p>\n\n\n\n<div class=\"wp-block-columns is-layout-flex wp-container-core-columns-is-layout-28f84493 wp-block-columns-is-layout-flex\">\n<div class=\"wp-block-column is-layout-flow wp-block-column-is-layout-flow\">\n<figure class=\"wp-block-image size-large\"><a href=\"https:\/\/regs-burg-stargard.de\/wordpress\/wp-content\/uploads\/2023\/03\/Gruselwanderung.jpg\"><img loading=\"lazy\" decoding=\"async\" width=\"1024\" height=\"768\" src=\"https:\/\/regs-burg-stargard.de\/wordpress\/wp-content\/uploads\/2023\/03\/Gruselwanderung-1024x768.jpg\" alt=\"\" class=\"wp-image-4110 colorbox-3677\" srcset=\"https:\/\/regs-burg-stargard.de\/wordpress\/wp-content\/uploads\/2023\/03\/Gruselwanderung-1024x768.jpg 1024w, https:\/\/regs-burg-stargard.de\/wordpress\/wp-content\/uploads\/2023\/03\/Gruselwanderung-300x225.jpg 300w, https:\/\/regs-burg-stargard.de\/wordpress\/wp-content\/uploads\/2023\/03\/Gruselwanderung-768x576.jpg 768w, https:\/\/regs-burg-stargard.de\/wordpress\/wp-content\/uploads\/2023\/03\/Gruselwanderung-1536x1152.jpg 1536w, https:\/\/regs-burg-stargard.de\/wordpress\/wp-content\/uploads\/2023\/03\/Gruselwanderung.jpg 1600w\" sizes=\"auto, (max-width: 1024px) 100vw, 1024px\" \/><\/a><\/figure>\n<\/div>\n\n\n\n<div class=\"wp-block-column is-layout-flow wp-block-column-is-layout-flow\">\n<figure class=\"wp-block-image size-large\"><a href=\"https:\/\/regs-burg-stargard.de\/wordpress\/wp-content\/uploads\/2023\/03\/Kannst-stolz-sein.jpeg\"><img loading=\"lazy\" decoding=\"async\" width=\"1024\" height=\"655\" src=\"https:\/\/regs-burg-stargard.de\/wordpress\/wp-content\/uploads\/2023\/03\/Kannst-stolz-sein-1024x655.jpeg\" alt=\"\" class=\"wp-image-4111 colorbox-3677\" srcset=\"https:\/\/regs-burg-stargard.de\/wordpress\/wp-content\/uploads\/2023\/03\/Kannst-stolz-sein-1024x655.jpeg 1024w, https:\/\/regs-burg-stargard.de\/wordpress\/wp-content\/uploads\/2023\/03\/Kannst-stolz-sein-300x192.jpeg 300w, https:\/\/regs-burg-stargard.de\/wordpress\/wp-content\/uploads\/2023\/03\/Kannst-stolz-sein-768x491.jpeg 768w, https:\/\/regs-burg-stargard.de\/wordpress\/wp-content\/uploads\/2023\/03\/Kannst-stolz-sein-1536x982.jpeg 1536w, https:\/\/regs-burg-stargard.de\/wordpress\/wp-content\/uploads\/2023\/03\/Kannst-stolz-sein.jpeg 1935w\" sizes=\"auto, (max-width: 1024px) 100vw, 1024px\" \/><\/a><\/figure>\n<\/div>\n\n\n\n<div class=\"wp-block-column is-layout-flow wp-block-column-is-layout-flow\">\n<figure class=\"wp-block-image size-large\"><a href=\"https:\/\/regs-burg-stargard.de\/wordpress\/wp-content\/uploads\/2023\/03\/Winterferienchallenge-scaled.jpg\"><img loading=\"lazy\" decoding=\"async\" width=\"768\" height=\"1024\" src=\"https:\/\/regs-burg-stargard.de\/wordpress\/wp-content\/uploads\/2023\/03\/Winterferienchallenge-768x1024.jpg\" alt=\"\" class=\"wp-image-4112 colorbox-3677\" srcset=\"https:\/\/regs-burg-stargard.de\/wordpress\/wp-content\/uploads\/2023\/03\/Winterferienchallenge-768x1024.jpg 768w, https:\/\/regs-burg-stargard.de\/wordpress\/wp-content\/uploads\/2023\/03\/Winterferienchallenge-225x300.jpg 225w, https:\/\/regs-burg-stargard.de\/wordpress\/wp-content\/uploads\/2023\/03\/Winterferienchallenge-300x400.jpg 300w, https:\/\/regs-burg-stargard.de\/wordpress\/wp-content\/uploads\/2023\/03\/Winterferienchallenge-1152x1536.jpg 1152w, https:\/\/regs-burg-stargard.de\/wordpress\/wp-content\/uploads\/2023\/03\/Winterferienchallenge-1536x2048.jpg 1536w, https:\/\/regs-burg-stargard.de\/wordpress\/wp-content\/uploads\/2023\/03\/Winterferienchallenge-scaled.jpg 1920w\" sizes=\"auto, (max-width: 768px) 100vw, 768px\" \/><\/a><\/figure>\n<\/div>\n<\/div>\n\n\n\n<h3 class=\"wp-block-heading\">Willkommen in der Regionalen Schule!<\/h3>\n\n\n\n<h4 class=\"wp-block-heading\">Tag der offenen T\u00fcr am 16.01.2023<\/h4>\n\n\n\n<p>Nach zwei Jahren Pause fand am 16.01.2023 wieder ein \u201eTag der offenen T\u00fcr\u201c an der Regionalen Schule Burg Stargard statt. Die Sch\u00fcler der 4. Klassen und ihre Eltern hatten in der Zeit von 17:00-19:00 Uhr Gelegenheit, die Schulr\u00e4ume und Unterrichtsinhalte n\u00e4her kennen zu lernen. Zun\u00e4chst begr\u00fc\u00dfte die Schulleiterin, Frau Schwenn, alle G\u00e4ste. Anschlie\u00dfend konnten sich diese durch das Schulgeb\u00e4ude f\u00fchren lassen und sich umschauen sowie mit Lehrern und Sch\u00fclern ins Gespr\u00e4ch kommen. In der Aula und den Fachr\u00e4umen pr\u00e4sentierten sich die verschiedenen Fachbereiche und gaben mit Ausstellungsst\u00fccken, Plakaten und Arbeitsmaterialien einen Einblick in den zuk\u00fcnftigen Unterricht Klasse 5 &amp; 6. Die Sch\u00fcler*innen konnten auch selbst aktiv werden, zum Beispiel beim L\u00f6sen von Knobelaufgaben und Lernspielen am Computer oder bei der Durchf\u00fchrung von Experimenten in Chemie und Physik. F\u00fcr das leibliche Wohl sorgte die Sch\u00fclerfirma. In einer abschlie\u00dfenden Informationsveranstaltung erfuhren die Eltern einiges zum Schulkonzept, zur Organisation und inhaltlichen Gestaltung der Ganztagsschule.<br><br>Ulrike Matzke &amp; Anne Wenzel<\/p>\n\n\n\n<figure class=\"wp-block-gallery has-nested-images columns-default is-cropped wp-block-gallery-6 is-layout-flex wp-block-gallery-is-layout-flex\">\n<figure class=\"wp-block-image size-large\"><a href=\"https:\/\/regs-burg-stargard.de\/wordpress\/wp-content\/uploads\/2023\/01\/TagderoffenenTuer2_16.01.2023-1-scaled.jpg\"><img loading=\"lazy\" decoding=\"async\" width=\"1024\" height=\"766\" data-id=\"4037\" src=\"https:\/\/regs-burg-stargard.de\/wordpress\/wp-content\/uploads\/2023\/01\/TagderoffenenTuer2_16.01.2023-1-1024x766.jpg\" alt=\"\" class=\"wp-image-4037 colorbox-3677\" srcset=\"https:\/\/regs-burg-stargard.de\/wordpress\/wp-content\/uploads\/2023\/01\/TagderoffenenTuer2_16.01.2023-1-1024x766.jpg 1024w, https:\/\/regs-burg-stargard.de\/wordpress\/wp-content\/uploads\/2023\/01\/TagderoffenenTuer2_16.01.2023-1-300x224.jpg 300w, https:\/\/regs-burg-stargard.de\/wordpress\/wp-content\/uploads\/2023\/01\/TagderoffenenTuer2_16.01.2023-1-768x574.jpg 768w, https:\/\/regs-burg-stargard.de\/wordpress\/wp-content\/uploads\/2023\/01\/TagderoffenenTuer2_16.01.2023-1-1536x1149.jpg 1536w, https:\/\/regs-burg-stargard.de\/wordpress\/wp-content\/uploads\/2023\/01\/TagderoffenenTuer2_16.01.2023-1-2048x1532.jpg 2048w\" sizes=\"auto, (max-width: 1024px) 100vw, 1024px\" \/><\/a><\/figure>\n\n\n\n<figure class=\"wp-block-image size-large\"><a href=\"https:\/\/regs-burg-stargard.de\/wordpress\/wp-content\/uploads\/2023\/01\/TagderoffenenTuer_16.01.2023-scaled.jpg\"><img loading=\"lazy\" decoding=\"async\" width=\"766\" height=\"1024\" data-id=\"4038\" src=\"https:\/\/regs-burg-stargard.de\/wordpress\/wp-content\/uploads\/2023\/01\/TagderoffenenTuer_16.01.2023-766x1024.jpg\" alt=\"\" class=\"wp-image-4038 colorbox-3677\" srcset=\"https:\/\/regs-burg-stargard.de\/wordpress\/wp-content\/uploads\/2023\/01\/TagderoffenenTuer_16.01.2023-766x1024.jpg 766w, https:\/\/regs-burg-stargard.de\/wordpress\/wp-content\/uploads\/2023\/01\/TagderoffenenTuer_16.01.2023-224x300.jpg 224w, https:\/\/regs-burg-stargard.de\/wordpress\/wp-content\/uploads\/2023\/01\/TagderoffenenTuer_16.01.2023-768x1027.jpg 768w, https:\/\/regs-burg-stargard.de\/wordpress\/wp-content\/uploads\/2023\/01\/TagderoffenenTuer_16.01.2023-300x400.jpg 300w, https:\/\/regs-burg-stargard.de\/wordpress\/wp-content\/uploads\/2023\/01\/TagderoffenenTuer_16.01.2023-1149x1536.jpg 1149w, https:\/\/regs-burg-stargard.de\/wordpress\/wp-content\/uploads\/2023\/01\/TagderoffenenTuer_16.01.2023-1532x2048.jpg 1532w, https:\/\/regs-burg-stargard.de\/wordpress\/wp-content\/uploads\/2023\/01\/TagderoffenenTuer_16.01.2023-scaled.jpg 1915w\" sizes=\"auto, (max-width: 766px) 100vw, 766px\" \/><\/a><\/figure>\n<\/figure>\n\n\n\n<h3 class=\"wp-block-heading\">Mit guten Vors\u00e4tzen ins neue Jahr<\/h3>\n\n\n\n<p>Die Sch\u00fclerinnen und Sch\u00fcler der Klasse 5b staunten nicht schlecht, als sie in der ersten Englischstunde des neuen Jahres die festliche dekorierte Pinnwand sahen. Im Laufe der Stunde wurden die Schule betreffende gute Vors\u00e4tze zusammengetragen und auf bunten Zetteln verewigt. Damit wurde eine farbenfrohe und inspirierende Dekoration geschaffen, die uns den Start ins neue Jahr versch\u00f6nern soll. Als n\u00e4chster H\u00f6hepunkt im Klassenleben soll die wegen Krankheit ausgefallene Gruselwanderung noch im Januar nachgeholt werden. Der Elternrat hat schon flei\u00dfig organisiert und wir werden davon berichten.<br>Allen Lesern w\u00fcnschen wir ein gesundes, friedliches neues Jahr.<br><br>Klasse 5b<br>S. Eskaf<\/p>\n\n\n\n<div class=\"wp-block-columns is-layout-flex wp-container-core-columns-is-layout-28f84493 wp-block-columns-is-layout-flex\">\n<div class=\"wp-block-column is-layout-flow wp-block-column-is-layout-flow\" style=\"flex-basis:100%\">\n<figure class=\"wp-block-image size-large is-resized\"><a href=\"https:\/\/regs-burg-stargard.de\/wordpress\/wp-content\/uploads\/2023\/01\/Mit-guten-Vorsaetzen-ins-neue-Jahr-3-scaled.jpg\"><img loading=\"lazy\" decoding=\"async\" src=\"https:\/\/regs-burg-stargard.de\/wordpress\/wp-content\/uploads\/2023\/01\/Mit-guten-Vorsaetzen-ins-neue-Jahr-3-768x1024.jpg\" alt=\"\" class=\"wp-image-4014 colorbox-3677\" width=\"274\" height=\"365\" srcset=\"https:\/\/regs-burg-stargard.de\/wordpress\/wp-content\/uploads\/2023\/01\/Mit-guten-Vorsaetzen-ins-neue-Jahr-3-768x1024.jpg 768w, https:\/\/regs-burg-stargard.de\/wordpress\/wp-content\/uploads\/2023\/01\/Mit-guten-Vorsaetzen-ins-neue-Jahr-3-225x300.jpg 225w, https:\/\/regs-burg-stargard.de\/wordpress\/wp-content\/uploads\/2023\/01\/Mit-guten-Vorsaetzen-ins-neue-Jahr-3-300x400.jpg 300w, https:\/\/regs-burg-stargard.de\/wordpress\/wp-content\/uploads\/2023\/01\/Mit-guten-Vorsaetzen-ins-neue-Jahr-3-1152x1536.jpg 1152w, https:\/\/regs-burg-stargard.de\/wordpress\/wp-content\/uploads\/2023\/01\/Mit-guten-Vorsaetzen-ins-neue-Jahr-3-1536x2048.jpg 1536w, https:\/\/regs-burg-stargard.de\/wordpress\/wp-content\/uploads\/2023\/01\/Mit-guten-Vorsaetzen-ins-neue-Jahr-3-scaled.jpg 1920w\" sizes=\"auto, (max-width: 274px) 100vw, 274px\" \/><\/a><\/figure>\n<\/div>\n<\/div>\n\n\n\n<h3 class=\"wp-block-heading\"><strong>\u201eTag der offenen T\u00fcr\u201c<\/strong><\/h3>\n\n\n\n<p>Am Montag, dem <strong>16.01.2023<\/strong> findet in der Regionalen Schule Burg Stargard der <strong>TAG DER OFFENEN T\u00dcR<\/strong> statt.<br>In der Zeit von 17:00 Uhr bis 19:00 Uhr k\u00f6nnen Eltern und Sch\u00fcler der 4. Klasse die Schule kennen lernen und mit der Schulleitung und<br>den Fachlehrern ins Gespr\u00e4ch kommen.<br>Um 17:45 Uhr informiert die Schulleiterin Frau Schwenn \u00fcber das Schulprofil und Angebote der Ganztagsschule.<br><br>S. Schwenn<br>Schulleiterin<\/p>\n\n\n\n<h3 class=\"wp-block-heading\">Fr\u00f6hliche Weihnachten!<\/h3>\n\n\n\n<h4 class=\"wp-block-heading\">Unser Weihnachtsbrunch am 21.12.2022<\/h4>\n\n\n\n<p>Zur Einstimmung auf die Festtage veranstaltete die Regionale Schule am letzten Schultag vor den Ferien einen gro\u00dfen Weihnachtsbrunch. Nach individuellem Programm der einzelnen Klassen in den ersten zwei Stunden, in welchen in den Klassenr\u00e4umen u.a. gewichtelt, gesungen und gespielt wurde, gab es im Anschluss f\u00fcr alle Sch\u00fcler und Sch\u00fclerinnen ein gemeinsames Fr\u00fchst\u00fcck in der Aula. Mit viel Engagement bereiteten die Klassen zun\u00e4chst alles vor: ein buntes und vielseitiges Buffet mit s\u00fc\u00dfen und herzhaften Speisen von Br\u00f6tchen, Wurst, K\u00e4se, Marmelade oder Obst bis zu selbstgemachtem Geb\u00e4ck oder Waffeln wurde in der Galerie im ersten Stock aufgebaut sowie die Tische passend dekoriert. Nachdem sich alle Sch\u00fcler und Sch\u00fclerinnen in der Aula versammelt hatten, wurden sie zu Beginn von unserer Schulleiterin, Frau Schwenn, und unserem Sch\u00fclersprecher, Fritz Kukuk, mit einer kurzen Ansprache begr\u00fc\u00dft. Anschlie\u00dfend sang der Schulchor weihnachtliche Musik, wobei viele Sch\u00fcler zu den Liedern, wie zum Beispiel \u201eIn der Weihnachtsb\u00e4ckerei\u201c, miteinstimmten. Danach konnten sie die restliche Zeit bei einem ausgiebigen, gem\u00fctlichen Fr\u00fchst\u00fcck mit Freunden verbringen. Dieser gemeinsame Abschluss vor den Ferien brachte allen Beteiligten viel Freude und Spa\u00df. Wir danken allen Sch\u00fcler und Sch\u00fclerinnen sowie deren Eltern herzlich f\u00fcr ihre tatkr\u00e4ftige Unterst\u00fctzung.<br><br>Ulrike Matzke &amp; Anne Wenzel<\/p>\n\n\n\n<div class=\"wp-block-columns is-layout-flex wp-container-core-columns-is-layout-28f84493 wp-block-columns-is-layout-flex\">\n<div class=\"wp-block-column is-layout-flow wp-block-column-is-layout-flow\">\n<figure class=\"wp-block-gallery has-nested-images columns-default is-cropped wp-block-gallery-7 is-layout-flex wp-block-gallery-is-layout-flex\">\n<figure class=\"wp-block-image size-large\"><a href=\"https:\/\/regs-burg-stargard.de\/wordpress\/wp-content\/uploads\/2023\/01\/Weihnachtsbrunch2_2022-3-scaled.jpg\"><img loading=\"lazy\" decoding=\"async\" width=\"1024\" height=\"766\" data-id=\"4000\" src=\"https:\/\/regs-burg-stargard.de\/wordpress\/wp-content\/uploads\/2023\/01\/Weihnachtsbrunch2_2022-3-1024x766.jpg\" alt=\"\" class=\"wp-image-4000 colorbox-3677\" srcset=\"https:\/\/regs-burg-stargard.de\/wordpress\/wp-content\/uploads\/2023\/01\/Weihnachtsbrunch2_2022-3-1024x766.jpg 1024w, https:\/\/regs-burg-stargard.de\/wordpress\/wp-content\/uploads\/2023\/01\/Weihnachtsbrunch2_2022-3-300x224.jpg 300w, https:\/\/regs-burg-stargard.de\/wordpress\/wp-content\/uploads\/2023\/01\/Weihnachtsbrunch2_2022-3-768x574.jpg 768w, https:\/\/regs-burg-stargard.de\/wordpress\/wp-content\/uploads\/2023\/01\/Weihnachtsbrunch2_2022-3-1536x1149.jpg 1536w, https:\/\/regs-burg-stargard.de\/wordpress\/wp-content\/uploads\/2023\/01\/Weihnachtsbrunch2_2022-3-2048x1532.jpg 2048w\" sizes=\"auto, (max-width: 1024px) 100vw, 1024px\" \/><\/a><\/figure>\n<\/figure>\n<\/div>\n\n\n\n<div class=\"wp-block-column is-layout-flow wp-block-column-is-layout-flow\">\n<figure class=\"wp-block-gallery has-nested-images columns-default is-cropped wp-block-gallery-8 is-layout-flex wp-block-gallery-is-layout-flex\">\n<figure class=\"wp-block-image size-full\"><a href=\"https:\/\/regs-burg-stargard.de\/wordpress\/wp-content\/uploads\/2023\/01\/Weihnachtsbrunch_2022-2.jpg\"><img loading=\"lazy\" decoding=\"async\" width=\"480\" height=\"360\" data-id=\"4002\" src=\"https:\/\/regs-burg-stargard.de\/wordpress\/wp-content\/uploads\/2023\/01\/Weihnachtsbrunch_2022-2-edited.jpg\" alt=\"\" class=\"wp-image-4002 colorbox-3677\" srcset=\"https:\/\/regs-burg-stargard.de\/wordpress\/wp-content\/uploads\/2023\/01\/Weihnachtsbrunch_2022-2-edited.jpg 480w, https:\/\/regs-burg-stargard.de\/wordpress\/wp-content\/uploads\/2023\/01\/Weihnachtsbrunch_2022-2-edited-300x225.jpg 300w\" sizes=\"auto, (max-width: 480px) 100vw, 480px\" \/><\/a><\/figure>\n<\/figure>\n<\/div>\n<\/div>\n\n\n\n<h3 class=\"wp-block-heading\"><strong>Weihnachtsp\u00e4ckchen f\u00fcr strahlende Kinderaugen<\/strong><\/h3>\n\n\n\n<h4 class=\"wp-block-heading\">Spendenaktion der Regionalen Schule Burg Stargard f\u00fcr die Neubrandenburger Tafel<\/h4>\n\n\n\n<p>Schon seit Jahren organisiert die Lehrerin Frau Sylvia Eskaf mit ihren jeweiligen Klassen eine Weihnachtsp\u00e4ckchenaktion an der Regionalen Schule Burg Stargard. In diesem Jahr konnten \u00fcber 170 Pakete gepackt werden, so viele wie noch nie. Im Oktober wurden Sch\u00fcler<em>innen, Eltern und Lehrer<\/em>innen um Spenden gebeten. Aus diesen Spenden packten die Klasse 5b, Johanna Otto und Mara Grimmert aus der Klasse 7b die Weihnachts\u00fcberraschungen zusammen. Dass die P\u00e4ckchenaktion eine Herzensangelegenheit ist, zeigten auch die ehemaligen Sch\u00fclerinnen Cindy Pioch und Emily Schmidt, die auch im diesem Jahr wieder tatkr\u00e4ftig beim Packen geholfen haben.<br>Die Neubrandenburger Tafel wird daf\u00fcr sorgen, dass mit diesen P\u00e4ckchen auch f\u00fcr Kinder, denen es nicht so gut geht, das Weihnachtsfest voller sch\u00f6ner \u00dcberraschungen sein wird.<br>Ganz herzlich bedanken wir uns bei allen Spendern f\u00fcr ihre Unterst\u00fctzung der Weihnachtsp\u00e4ckchenaktion.<br><br>C. Lukasczyk<br>Schulsozialarbeiterin TWSD in MV Regionale Schule Burg Stargard<\/p>\n\n\n\n<figure class=\"wp-block-image size-medium\"><a href=\"https:\/\/regs-burg-stargard.de\/wordpress\/wp-content\/uploads\/2022\/12\/Weihnachtbaum_Tafel_2022-3-scaled.jpg\"><img loading=\"lazy\" decoding=\"async\" width=\"225\" height=\"300\" src=\"https:\/\/regs-burg-stargard.de\/wordpress\/wp-content\/uploads\/2022\/12\/Weihnachtbaum_Tafel_2022-3-225x300.jpg\" alt=\"\" class=\"wp-image-3968 colorbox-3677\" srcset=\"https:\/\/regs-burg-stargard.de\/wordpress\/wp-content\/uploads\/2022\/12\/Weihnachtbaum_Tafel_2022-3-225x300.jpg 225w, https:\/\/regs-burg-stargard.de\/wordpress\/wp-content\/uploads\/2022\/12\/Weihnachtbaum_Tafel_2022-3-768x1024.jpg 768w, https:\/\/regs-burg-stargard.de\/wordpress\/wp-content\/uploads\/2022\/12\/Weihnachtbaum_Tafel_2022-3-300x400.jpg 300w, https:\/\/regs-burg-stargard.de\/wordpress\/wp-content\/uploads\/2022\/12\/Weihnachtbaum_Tafel_2022-3-1152x1536.jpg 1152w, https:\/\/regs-burg-stargard.de\/wordpress\/wp-content\/uploads\/2022\/12\/Weihnachtbaum_Tafel_2022-3-1536x2048.jpg 1536w, https:\/\/regs-burg-stargard.de\/wordpress\/wp-content\/uploads\/2022\/12\/Weihnachtbaum_Tafel_2022-3-scaled.jpg 1920w\" sizes=\"auto, (max-width: 225px) 100vw, 225px\" \/><\/a><\/figure>\n\n\n\n<h3 class=\"wp-block-heading\">\u201eEs war einmal\u2026\u2026\u2026\u201c<\/h3>\n\n\n\n<h4 class=\"wp-block-heading has-vivid-green-cyan-color has-text-color\">Ein m\u00e4rchenhafter Projekttag<\/h4>\n\n\n\n<p>Am 23.11.2022 drehte sich f\u00fcr die f\u00fcnften Klassen alles um das Thema M\u00e4rchen.<br>Es ging nicht nur um das Lesen von bestimmten M\u00e4rchen, die Sch\u00fcler konnten ihr aus dem Unterricht gewonnenes Wissen und ihre eigenen Erfahrungen einbringen, wie zum Beispiel in Form von R\u00e4tseln, Frageb\u00f6gen oder als M\u00e4rchenerz\u00e4hler.<br>In M\u00e4rchen spielt Zauberei eine wichtige Rolle, deren praktische Umsetzung im Chemiekabinett experimentell \u201em\u00e4rchenhaft\u201c veranschaulicht werden konnte.<br>Ihre eigenen gew\u00e4hlten M\u00e4rchenfiguren bastelten und gestalteten die Sch\u00fcler unter Anleitung von Frau Gro\u00dfe und Frau Mundry von der Kunstwerkstatt mit einfachen Hilfsmitteln und viel Fantasie, mit denen sie dann ihr ausgesuchtes M\u00e4rchen als Puppenspiel vortragen k\u00f6nnen.<br>Daf\u00fcr gilt ihnen f\u00fcr die Unterst\u00fctzung ein besonderer Dank.<\/p>\n\n\n\n<p>H. Hecht<br>Klassenlehrerin<\/p>\n\n\n\n<div class=\"inherit-container-width wp-block-group is-layout-constrained wp-block-group-is-layout-constrained\">\n<div class=\"wp-block-columns is-layout-flex wp-container-core-columns-is-layout-28f84493 wp-block-columns-is-layout-flex\">\n<div class=\"wp-block-column is-layout-flow wp-block-column-is-layout-flow\" style=\"flex-basis:100%\">\n<figure class=\"wp-block-gallery has-nested-images columns-default is-cropped wp-block-gallery-9 is-layout-flex wp-block-gallery-is-layout-flex\">\n<figure class=\"wp-block-image size-large\"><a href=\"https:\/\/regs-burg-stargard.de\/wordpress\/wp-content\/uploads\/2022\/11\/20221123_101844_resized.jpg\"><img loading=\"lazy\" decoding=\"async\" width=\"1024\" height=\"768\" data-id=\"3946\" src=\"https:\/\/regs-burg-stargard.de\/wordpress\/wp-content\/uploads\/2022\/11\/20221123_101844_resized-1024x768.jpg\" alt=\"\" class=\"wp-image-3946 colorbox-3677\" srcset=\"https:\/\/regs-burg-stargard.de\/wordpress\/wp-content\/uploads\/2022\/11\/20221123_101844_resized-1024x768.jpg 1024w, https:\/\/regs-burg-stargard.de\/wordpress\/wp-content\/uploads\/2022\/11\/20221123_101844_resized-300x225.jpg 300w, https:\/\/regs-burg-stargard.de\/wordpress\/wp-content\/uploads\/2022\/11\/20221123_101844_resized-768x576.jpg 768w, https:\/\/regs-burg-stargard.de\/wordpress\/wp-content\/uploads\/2022\/11\/20221123_101844_resized-1536x1152.jpg 1536w, https:\/\/regs-burg-stargard.de\/wordpress\/wp-content\/uploads\/2022\/11\/20221123_101844_resized.jpg 1632w\" sizes=\"auto, (max-width: 1024px) 100vw, 1024px\" \/><\/a><\/figure>\n\n\n\n<figure class=\"wp-block-image size-large\"><a href=\"https:\/\/regs-burg-stargard.de\/wordpress\/wp-content\/uploads\/2022\/11\/Es-war-einmal-...-2.jpg\"><img loading=\"lazy\" decoding=\"async\" width=\"480\" height=\"640\" data-id=\"3945\" src=\"https:\/\/regs-burg-stargard.de\/wordpress\/wp-content\/uploads\/2022\/11\/Es-war-einmal-...-2.jpg\" alt=\"\" class=\"wp-image-3945 colorbox-3677\" srcset=\"https:\/\/regs-burg-stargard.de\/wordpress\/wp-content\/uploads\/2022\/11\/Es-war-einmal-...-2.jpg 480w, https:\/\/regs-burg-stargard.de\/wordpress\/wp-content\/uploads\/2022\/11\/Es-war-einmal-...-2-225x300.jpg 225w, https:\/\/regs-burg-stargard.de\/wordpress\/wp-content\/uploads\/2022\/11\/Es-war-einmal-...-2-300x400.jpg 300w\" sizes=\"auto, (max-width: 480px) 100vw, 480px\" \/><\/a><\/figure>\n<\/figure>\n<\/div>\n<\/div>\n<\/div>\n\n\n\n<p>Information zum Fachlehrersprechtag<\/p>\n\n\n\n<p>Am Montag, dem 14.11.2022 findet von 14:30 &#8211; 18:00 Uhr ein Fachlehrersprechtag statt.<br>Nach vorheriger Anmeldung und Terminabsprache k\u00f6nnen sich Erziehungsberechtigte mit Fachlehrerinnen und Fachlehrern \u00fcber die schulische Entwicklung ihrer Kinder informieren.<\/p>\n\n\n\n<p>S. Schwenn<br>Schulleiterin<\/p>\n\n\n\n<p><\/p>\n\n\n\n<h3 class=\"wp-block-heading has-vivid-red-color has-text-color\">Regionale Schule Burg Stargard in Bewegung<\/h3>\n\n\n\n<h4 class=\"wp-block-heading has-vivid-green-cyan-color has-text-color\">Ein Schultag im Zeichen des Sports<\/h4>\n\n\n\n<p>Nachdem die Sch\u00fcler der Regionalen Schule pandemiebedingt \u00fcber einen langen Zeitraum gro\u00dfe Einschr\u00e4nkungen im Sport, bei Freizeitangeboten, Schulaktivit\u00e4ten und Veranstaltungen hinnehmen mussten, wurde am Dienstag (08.11.22) ein Zeichen f\u00fcr Aktivit\u00e4t, Sport und Bewegung gesetzt. Mithilfe von TRIXITT \u2013 Wir bewegen Schulen wurde die Sporthalle f\u00fcr einen Tag zum Veranstaltungsort f\u00fcr mitrei\u00dfende Wettk\u00e4mpfe, schwei\u00dftreibende Klassenduelle und beeindruckende Teamleistungen.   <br>In zwei Etappen kamen beinahe alle Klassen der Regionalen Schule zum Zuge: am Morgen starteten die 5. und 6. Klassen und k\u00e4mpften sich durch 5 Stationen mit klangvollen Namen wie Speedmaster Challenge -K\u00e4nguruvolltreffer, Schie\u00dfbude \u2013 das Kicker- Spiel, oder Ninja-Warrior- Hindernisparcours. Auf der Jagd nach Punkten f\u00fcr den Klassensieg verausgabten sich Burg Stargards Sch\u00fclerinnen und Sch\u00fcler \u00fcber zwei Stunden. <br>Danach testeten auch die \u00e4lteren Jahrg\u00e4nge 7 bis 9 die Wettkampfstationen, die aus zwei leichtathletischen Stationen sowie aus eindrucksvoll gestalteten aufblasbaren Modulen bestanden. Am Ende wurden bei der Siegerehrung sowohl die wettkampfst\u00e4rkste Klasse gek\u00fcrt als auch der Fair-play\u2013Preis vergeben. Gewonnen oder nicht, alle Sch\u00fcler hatten an diesem Tag ihren Spa\u00df und werden ihn dank des Engagements der Schulsozialarbeiterin Frau Lukasczyk und des F\u00f6rdervereins f\u00fcr Kinder- und Jugendarbeit Burg Stargard e.V. positiv in Erinnerung behalten.<\/p>\n\n\n\n<figure class=\"wp-block-gallery has-nested-images columns-default is-cropped wp-block-gallery-10 is-layout-flex wp-block-gallery-is-layout-flex\">\n<figure class=\"wp-block-image size-large\"><a href=\"https:\/\/regs-burg-stargard.de\/wordpress\/wp-content\/uploads\/2022\/11\/TRIXIT.jpg\"><img loading=\"lazy\" decoding=\"async\" width=\"714\" height=\"542\" data-id=\"3836\" src=\"https:\/\/regs-burg-stargard.de\/wordpress\/wp-content\/uploads\/2022\/11\/TRIXIT.jpg\" alt=\"\" class=\"wp-image-3836 colorbox-3677\" srcset=\"https:\/\/regs-burg-stargard.de\/wordpress\/wp-content\/uploads\/2022\/11\/TRIXIT.jpg 714w, https:\/\/regs-burg-stargard.de\/wordpress\/wp-content\/uploads\/2022\/11\/TRIXIT-300x228.jpg 300w\" sizes=\"auto, (max-width: 714px) 100vw, 714px\" \/><\/a><\/figure>\n\n\n\n<figure class=\"wp-block-image size-large\"><a href=\"https:\/\/regs-burg-stargard.de\/wordpress\/wp-content\/uploads\/2022\/11\/TRIXIT-2.jpg\"><img loading=\"lazy\" decoding=\"async\" width=\"728\" height=\"536\" data-id=\"3837\" src=\"https:\/\/regs-burg-stargard.de\/wordpress\/wp-content\/uploads\/2022\/11\/TRIXIT-2.jpg\" alt=\"\" class=\"wp-image-3837 colorbox-3677\" srcset=\"https:\/\/regs-burg-stargard.de\/wordpress\/wp-content\/uploads\/2022\/11\/TRIXIT-2.jpg 728w, https:\/\/regs-burg-stargard.de\/wordpress\/wp-content\/uploads\/2022\/11\/TRIXIT-2-300x221.jpg 300w\" sizes=\"auto, (max-width: 728px) 100vw, 728px\" \/><\/a><\/figure>\n<\/figure>\n\n\n\n<div class=\"wp-block-columns is-layout-flex wp-container-core-columns-is-layout-28f84493 wp-block-columns-is-layout-flex\">\n<div class=\"wp-block-column is-layout-flow wp-block-column-is-layout-flow\" style=\"flex-basis:66.66%\">\n<figure class=\"wp-block-image size-full\"><a href=\"https:\/\/regs-burg-stargard.de\/wordpress\/wp-content\/uploads\/2023\/01\/grafik.png\"><img loading=\"lazy\" decoding=\"async\" width=\"605\" height=\"179\" src=\"https:\/\/regs-burg-stargard.de\/wordpress\/wp-content\/uploads\/2023\/01\/grafik.png\" alt=\"\" class=\"wp-image-4043 colorbox-3677\" srcset=\"https:\/\/regs-burg-stargard.de\/wordpress\/wp-content\/uploads\/2023\/01\/grafik.png 605w, https:\/\/regs-burg-stargard.de\/wordpress\/wp-content\/uploads\/2023\/01\/grafik-300x89.png 300w\" sizes=\"auto, (max-width: 605px) 100vw, 605px\" \/><\/a><\/figure>\n<\/div>\n\n\n\n<div class=\"wp-block-column is-layout-flow wp-block-column-is-layout-flow\" style=\"flex-basis:33.33%\">\n<figure class=\"wp-block-image aligncenter size-full is-resized\"><a href=\"https:\/\/regs-burg-stargard.de\/wordpress\/wp-content\/uploads\/2023\/01\/grafik-2.png\"><img loading=\"lazy\" decoding=\"async\" src=\"https:\/\/regs-burg-stargard.de\/wordpress\/wp-content\/uploads\/2023\/01\/grafik-2.png\" alt=\"\" class=\"wp-image-4045 colorbox-3677\" width=\"99\" height=\"99\"\/><\/a><\/figure>\n<\/div>\n<\/div>\n\n\n\n<p>Thomas Frick<br>Fachlehrer Sport<\/p>\n\n\n\n<h3 class=\"wp-block-heading\">Projektfahrt der 10. Klassen in den Landtag nach Schwerin<\/h3>\n\n\n\n<p>Am 07.11.2022 fuhren die beiden 10. Klassen im Rahmen des Sozialkundeunterrichts nach Schwerin in den Landtag. Als erstes erwartete sie dort ein Informationsprogramm zur Zusammensetzung und Arbeitsweise des Landesparlaments. Im Anschluss durften die Sch\u00fcler in den Plenarsaal und eine Debatte zu einem selbst gew\u00e4hlten Thema f\u00fchren. Dabei wurden Positionen wie Pr\u00e4sident des Landtages und Schriftf\u00fchrer von den Sch\u00fclern\/innen besetzt und Argumente f\u00fcr und gegen den Verhandlungsgegenstand angeh\u00f6rt. Die Rollen der vortragenden Abgeordneten \u00fcbernahmen ebenfalls Sch\u00fcler\/innen. Im 3. Teil des Besuches stand der Abgeordnete der SPD, Herr Bernd Lange, den Sch\u00fclern und Sch\u00fclerinnen Rede und Antwort zu Fragen, die sie bewegen: wie wird man Abgeordneter, wieviel verdient man, wer schreibt die Reden, welche aktuellen Themen werden beraten, wie sieht der Tagesablauf eines Abgeordneten aus und warum sind bei Debatten oftmals leere Pl\u00e4tze im Plenarsaal zu sehen?<br>Dieser Besuch war ein gelungener Einblick in die Politik unseres Landes, auch wenn es nat\u00fcrlich nur ein ganz kleiner war.<\/p>\n\n\n\n<p>Silke Fandrich<br>Klassenleiterin 10 b<\/p>\n\n\n\n<figure class=\"wp-block-image size-full\"><a href=\"https:\/\/regs-burg-stargard.de\/wordpress\/wp-content\/uploads\/2022\/11\/grafik-8.png\"><img loading=\"lazy\" decoding=\"async\" width=\"415\" height=\"311\" src=\"https:\/\/regs-burg-stargard.de\/wordpress\/wp-content\/uploads\/2022\/11\/grafik-8.png\" alt=\"\" class=\"wp-image-3843 colorbox-3677\" srcset=\"https:\/\/regs-burg-stargard.de\/wordpress\/wp-content\/uploads\/2022\/11\/grafik-8.png 415w, https:\/\/regs-burg-stargard.de\/wordpress\/wp-content\/uploads\/2022\/11\/grafik-8-300x225.png 300w\" sizes=\"auto, (max-width: 415px) 100vw, 415px\" \/><\/a><\/figure>\n\n\n\n<p><\/p>\n\n\n\n<h3 class=\"wp-block-heading\">Die \u201eBeste Neunte 2022\u201c kommt aus der Regionalen Schule Burg Stargard<\/h3>\n\n\n\n<h4 class=\"wp-block-heading has-black-color has-text-color\">&#8211; Wettbewerb der IHK f\u00fcr das \u00f6stliche MV \u2013<\/h4>\n\n\n\n<p>Erneut nahmen Sch\u00fclerinnen und Sch\u00fcler der 9. Klasse der Regionalen Schule Burg Stargard am Wettbewerb der IHK f\u00fcr das \u00f6stliche Mecklenburg-Vorpommern um die \u201eBeste Neunte\u201c im Schuljahr 2021\/2022 teil und konnten sich \u00fcber einen Sieg und \u00fcber das Preisgeld in H\u00f6he von 1.000,00 \u20ac freuen. <br>Den Wettbewerb \u201eBeste Neunte\u201c gibt es seit sieben Jahren, viermal ging der Preis bereits an 9. Klassen der Regionalen Schule Burg Stargard.<br>Das ist eine tolle Leistung!<br>Ausschlaggebend f\u00fcr die Bewertung sind zu 75% die Notendurchschnitte und die Durchschnittsbewertung des Arbeits- und Sozialverhaltens. Nat\u00fcrlich ist bei den Sch\u00fclerinnen und Sch\u00fclern, die jetzt in der Klasse 10b lernen, die Freude \u00fcber das Preisgeld besonders gro\u00df, da sie es gut zur Finanzierung ihres Abschlussfestes oder des Wandertages einsetzen k\u00f6nnen.<\/p>\n\n\n\n<p>S. Schwenn<br>Schulleiterin<\/p>\n\n\n\n<figure class=\"wp-block-image size-full is-resized\"><a href=\"https:\/\/regs-burg-stargard.de\/wordpress\/wp-content\/uploads\/2022\/10\/BesteNeunte2021-2022.jpg\"><img loading=\"lazy\" decoding=\"async\" src=\"https:\/\/regs-burg-stargard.de\/wordpress\/wp-content\/uploads\/2022\/10\/BesteNeunte2021-2022.jpg\" alt=\"\" class=\"wp-image-3818 colorbox-3677\" width=\"438\" height=\"329\" srcset=\"https:\/\/regs-burg-stargard.de\/wordpress\/wp-content\/uploads\/2022\/10\/BesteNeunte2021-2022.jpg 640w, https:\/\/regs-burg-stargard.de\/wordpress\/wp-content\/uploads\/2022\/10\/BesteNeunte2021-2022-300x225.jpg 300w\" sizes=\"auto, (max-width: 438px) 100vw, 438px\" \/><\/a><\/figure>\n\n\n\n<h3 class=\"wp-block-heading\"><span style=\"color: #ff0000;\">Ein Ausflug in die Jungsteinzeit!<\/span><\/h3>\n\n\n\n<h4 class=\"wp-block-heading\"><span style=\"color: #339966;\">Das Geschichtsprojekt der 6. Klassen der Regionalen Schule.<\/span><\/h4>\n\n\n\n<p>Wie lebten und arbeiteten die Menschen vor \u00fcber 5000 Jahren? Dies konnten die Sch\u00fclerinnen und Sch\u00fcler der Klassen 6a-c am<br>28. September 2022 einmal auf ganz praktische Art erfahren. Im Rahmen eines spannenden Projekts zur Urgeschichte, welches auch in diesem Jahr zusammen mit der Kunstwerkstatt in der Regionalen Schule stattfand, lernten sie eine der wichtigsten Erfindungen der Jungsteinzeit n\u00e4her kennen: die Herstellung von Keramik.<\/p>\n\n\n\n<p>W\u00e4hrend einer kurzen Einf\u00fchrung erz\u00e4hlte Frau Gro\u00dfe einiges Interessantes dar\u00fcber, wie die Menschen damals aus Ton Gef\u00e4\u00dfe anfertigten und wozu sie diese nutzten \u2013 wobei die Sch\u00fclerinnen und Sch\u00fcler immer wieder ihr eigenes Wissen zum Leben der Steinzeitmenschen einbringen konnten. Anschlie\u00dfend hatten sie selbst die Gelegenheit, nach eigenen Vorlagen aus einem St\u00fcck Ton Gef\u00e4\u00dfe oder Figuren zu formen und zu gestalten. Beim Herstellen und Verzieren von Schalen, Vasen, Bechern mit Henkeln oder Deckeln bis hin zu kleinen Tieren und Werkzeugen vergingen die je zwei Stunden wie im Flug.<br>Das T\u00f6pfern brachte allen nicht nur eine Menge Spa\u00df, sondern zugleich viele tolle, kreative Ergebnisse, die nach dem Trocknen und Brennen des Tons fertig gestellt sein werden.<\/p>\n\n\n\n<p>U. Matzke<br>Fachlehrerin Geschichte<\/p>\n\n\n\n<figure class=\"wp-block-gallery has-nested-images columns-default is-cropped wp-block-gallery-11 is-layout-flex wp-block-gallery-is-layout-flex\">\n<figure class=\"wp-block-image size-large\"><a href=\"https:\/\/regs-burg-stargard.de\/wordpress\/wp-content\/uploads\/2022\/10\/Geschichtsprojekt_28.09.2022-scaled.jpg\"><img loading=\"lazy\" decoding=\"async\" width=\"2560\" height=\"1920\" data-id=\"3756\" src=\"https:\/\/regs-burg-stargard.de\/wordpress\/wp-content\/uploads\/2022\/10\/Geschichtsprojekt_28.09.2022-scaled.jpg\" alt=\"\" class=\"wp-image-3756 colorbox-3677\" srcset=\"https:\/\/regs-burg-stargard.de\/wordpress\/wp-content\/uploads\/2022\/10\/Geschichtsprojekt_28.09.2022-scaled.jpg 2560w, https:\/\/regs-burg-stargard.de\/wordpress\/wp-content\/uploads\/2022\/10\/Geschichtsprojekt_28.09.2022-300x225.jpg 300w, https:\/\/regs-burg-stargard.de\/wordpress\/wp-content\/uploads\/2022\/10\/Geschichtsprojekt_28.09.2022-1024x768.jpg 1024w, https:\/\/regs-burg-stargard.de\/wordpress\/wp-content\/uploads\/2022\/10\/Geschichtsprojekt_28.09.2022-768x576.jpg 768w, https:\/\/regs-burg-stargard.de\/wordpress\/wp-content\/uploads\/2022\/10\/Geschichtsprojekt_28.09.2022-1536x1152.jpg 1536w, https:\/\/regs-burg-stargard.de\/wordpress\/wp-content\/uploads\/2022\/10\/Geschichtsprojekt_28.09.2022-2048x1536.jpg 2048w\" sizes=\"auto, (max-width: 2560px) 100vw, 2560px\" \/><\/a><\/figure>\n\n\n\n<figure class=\"wp-block-image size-large\"><a href=\"https:\/\/regs-burg-stargard.de\/wordpress\/wp-content\/uploads\/2022\/10\/Geschichtsprojekt_28.09.2022-2-scaled.jpg\"><img loading=\"lazy\" decoding=\"async\" width=\"2560\" height=\"1920\" data-id=\"3755\" src=\"https:\/\/regs-burg-stargard.de\/wordpress\/wp-content\/uploads\/2022\/10\/Geschichtsprojekt_28.09.2022-2-scaled.jpg\" alt=\"\" class=\"wp-image-3755 colorbox-3677\" srcset=\"https:\/\/regs-burg-stargard.de\/wordpress\/wp-content\/uploads\/2022\/10\/Geschichtsprojekt_28.09.2022-2-scaled.jpg 2560w, https:\/\/regs-burg-stargard.de\/wordpress\/wp-content\/uploads\/2022\/10\/Geschichtsprojekt_28.09.2022-2-300x225.jpg 300w, https:\/\/regs-burg-stargard.de\/wordpress\/wp-content\/uploads\/2022\/10\/Geschichtsprojekt_28.09.2022-2-1024x768.jpg 1024w, https:\/\/regs-burg-stargard.de\/wordpress\/wp-content\/uploads\/2022\/10\/Geschichtsprojekt_28.09.2022-2-768x576.jpg 768w, https:\/\/regs-burg-stargard.de\/wordpress\/wp-content\/uploads\/2022\/10\/Geschichtsprojekt_28.09.2022-2-1536x1152.jpg 1536w, https:\/\/regs-burg-stargard.de\/wordpress\/wp-content\/uploads\/2022\/10\/Geschichtsprojekt_28.09.2022-2-2048x1536.jpg 2048w\" sizes=\"auto, (max-width: 2560px) 100vw, 2560px\" \/><\/a><\/figure>\n\n\n\n<figure class=\"wp-block-image size-large\"><a href=\"https:\/\/regs-burg-stargard.de\/wordpress\/wp-content\/uploads\/2022\/10\/Geschichtsprojekt_28.09.2022-3-scaled-e1664877733587.jpg\"><img loading=\"lazy\" decoding=\"async\" width=\"1920\" height=\"2560\" data-id=\"3757\" src=\"https:\/\/regs-burg-stargard.de\/wordpress\/wp-content\/uploads\/2022\/10\/Geschichtsprojekt_28.09.2022-3-scaled-e1664877733587.jpg\" alt=\"\" class=\"wp-image-3757 colorbox-3677\" srcset=\"https:\/\/regs-burg-stargard.de\/wordpress\/wp-content\/uploads\/2022\/10\/Geschichtsprojekt_28.09.2022-3-scaled-e1664877733587.jpg 1920w, https:\/\/regs-burg-stargard.de\/wordpress\/wp-content\/uploads\/2022\/10\/Geschichtsprojekt_28.09.2022-3-scaled-e1664877733587-225x300.jpg 225w, https:\/\/regs-burg-stargard.de\/wordpress\/wp-content\/uploads\/2022\/10\/Geschichtsprojekt_28.09.2022-3-scaled-e1664877733587-768x1024.jpg 768w, https:\/\/regs-burg-stargard.de\/wordpress\/wp-content\/uploads\/2022\/10\/Geschichtsprojekt_28.09.2022-3-scaled-e1664877733587-300x400.jpg 300w, https:\/\/regs-burg-stargard.de\/wordpress\/wp-content\/uploads\/2022\/10\/Geschichtsprojekt_28.09.2022-3-scaled-e1664877733587-1152x1536.jpg 1152w, https:\/\/regs-burg-stargard.de\/wordpress\/wp-content\/uploads\/2022\/10\/Geschichtsprojekt_28.09.2022-3-scaled-e1664877733587-1536x2048.jpg 1536w\" sizes=\"auto, (max-width: 1920px) 100vw, 1920px\" \/><\/a><\/figure>\n<\/figure>\n\n\n\n<p><a href=\"https:\/\/regs-burg-stargard.de\/wordpress\/wp-content\/uploads\/2022\/10\/Geschichtsprojekt_28.09.2022-2-scaled.jpg\">&nbsp;&nbsp;&nbsp;<\/a><\/p>\n\n\n\n<h3 class=\"wp-block-heading\"><span style=\"color: #ff0000;\">Gro\u00dfe Freude \u00fcber 5000,- \u20ac von der Manfred-Roth-Stiftung<\/span><\/h3>\n\n\n\n<h4 class=\"wp-block-heading\"><span style=\"color: #339966;\">Geld f\u00fcr digitale Bildung<\/span><\/h4>\n\n\n\n<div class=\"wp-block-columns is-layout-flex wp-container-core-columns-is-layout-28f84493 wp-block-columns-is-layout-flex\">\n<div class=\"wp-block-column is-layout-flow wp-block-column-is-layout-flow\" style=\"flex-basis:30%\">\n<figure class=\"wp-block-image\"><a href=\"https:\/\/regs-burg-stargard.de\/wordpress\/wp-content\/uploads\/2022\/09\/Spende-5.000-E.jpg\"><img loading=\"lazy\" decoding=\"async\" width=\"225\" height=\"300\" src=\"https:\/\/regs-burg-stargard.de\/wordpress\/wp-content\/uploads\/2022\/09\/Spende-5.000-E-225x300.jpg\" alt=\"\" class=\"wp-image-3749 colorbox-3677\" srcset=\"https:\/\/regs-burg-stargard.de\/wordpress\/wp-content\/uploads\/2022\/09\/Spende-5.000-E-225x300.jpg 225w, https:\/\/regs-burg-stargard.de\/wordpress\/wp-content\/uploads\/2022\/09\/Spende-5.000-E-300x400.jpg 300w, https:\/\/regs-burg-stargard.de\/wordpress\/wp-content\/uploads\/2022\/09\/Spende-5.000-E.jpg 480w\" sizes=\"auto, (max-width: 225px) 100vw, 225px\" \/><\/a><\/figure>\n<\/div>\n\n\n\n<div class=\"wp-block-column is-layout-flow wp-block-column-is-layout-flow\" style=\"flex-basis:70%\">\n<p>Am Donnerstag, dem 22.09.2022 gab es f\u00fcr die Regionale Schule einen Grund zur Freude. Sie erhielt einen Scheck \u00fcber 5000,- \u20ac von der Manfred-Roth-Stiftung, der f\u00fcr die Anschaffung von Tablets genutzt wird. Mit diesen k\u00f6nnen dann die Sch\u00fclerinnen und Sch\u00fcler im Unterricht und in der Hausaufgabenzeit arbeiten. Das ist eine willkommene Erg\u00e4nzung der bereits zur Verf\u00fcgung stehenden Tablets, Notebooks und digitalen Tafeln und er\u00f6ffnet neue M\u00f6glichkeiten f\u00fcr das Lernen mit digitalen Medien.<\/p>\n\n\n\n<p>S. Schwenn<br>Schulleiterin<\/p>\n<\/div>\n<\/div>\n\n\n\n<h3 class=\"wp-block-heading\"><span style=\"color: #ff0000;\">Schulstart mit neuer Technik &#8211; 15.08.2022<\/span><\/h3>\n\n\n\n<h4 class=\"wp-block-heading\"><span style=\"color: #339966;\">Digitale Tafeln und neue Computer<\/span><\/h4>\n\n\n\n<p>Am 15.08.2022 begann f\u00fcr alle Sch\u00fclerinnen und Sch\u00fcler das neue Schuljahr. Nach 6 Wochen Ferien freuten sie sich, ihre Klassenkameraden wiederzusehen und waren nat\u00fcrlich auch gespannt, was sie im neuen Jahr erwartet. In den ersten beiden Projekttagen wurde viel Organisatorisches besprochen, Unterrichtstoff wiederholt und es wurden auch Methoden trainiert, die f\u00fcr das Lernen wichtig sind.<br>Besonders interessant war das Kennenlernen der neuen digitalen Tafeln, die seit diesem Schuljahr f\u00fcr den Unterricht in jedem Raum zur Verf\u00fcgung stehen. Mit viel Freude haben Lehrer*innen und Sch\u00fcler*innen bereits in den ersten Stunden die Tafeln ausprobiert und viele Einsatzm\u00f6glichkeiten erkannt. Auch der neue Computerraum mit modernen M\u00f6beln und Ger\u00e4ten sorgte f\u00fcr Begeisterung und wird nat\u00fcrlich intensiv im Informatikunterricht genutzt.<\/p>\n\n\n\n<p>S. Schwenn<br>Schulleiterin<\/p>\n\n\n\n<figure class=\"wp-block-gallery has-nested-images columns-default is-cropped wp-block-gallery-12 is-layout-flex wp-block-gallery-is-layout-flex\">\n<figure class=\"wp-block-image size-large\"><a href=\"https:\/\/regs-burg-stargard.de\/wordpress\/wp-content\/uploads\/2022\/08\/Computerraum_Neu.jpg\"><img loading=\"lazy\" decoding=\"async\" width=\"480\" height=\"640\" data-id=\"3692\" src=\"https:\/\/regs-burg-stargard.de\/wordpress\/wp-content\/uploads\/2022\/08\/Computerraum_Neu.jpg\" alt=\"\" class=\"wp-image-3692 colorbox-3677\" srcset=\"https:\/\/regs-burg-stargard.de\/wordpress\/wp-content\/uploads\/2022\/08\/Computerraum_Neu.jpg 480w, https:\/\/regs-burg-stargard.de\/wordpress\/wp-content\/uploads\/2022\/08\/Computerraum_Neu-225x300.jpg 225w, https:\/\/regs-burg-stargard.de\/wordpress\/wp-content\/uploads\/2022\/08\/Computerraum_Neu-300x400.jpg 300w\" sizes=\"auto, (max-width: 480px) 100vw, 480px\" \/><\/a><\/figure>\n\n\n\n<figure class=\"wp-block-image size-large\"><a href=\"https:\/\/regs-burg-stargard.de\/wordpress\/wp-content\/uploads\/2022\/08\/Computerraum_Neu2.jpg\"><img loading=\"lazy\" decoding=\"async\" width=\"480\" height=\"640\" data-id=\"3691\" src=\"https:\/\/regs-burg-stargard.de\/wordpress\/wp-content\/uploads\/2022\/08\/Computerraum_Neu2.jpg\" alt=\"\" class=\"wp-image-3691 colorbox-3677\" srcset=\"https:\/\/regs-burg-stargard.de\/wordpress\/wp-content\/uploads\/2022\/08\/Computerraum_Neu2.jpg 480w, https:\/\/regs-burg-stargard.de\/wordpress\/wp-content\/uploads\/2022\/08\/Computerraum_Neu2-225x300.jpg 225w, https:\/\/regs-burg-stargard.de\/wordpress\/wp-content\/uploads\/2022\/08\/Computerraum_Neu2-300x400.jpg 300w\" sizes=\"auto, (max-width: 480px) 100vw, 480px\" \/><\/a><\/figure>\n<\/figure>\n\n\n\n<p><a href=\"https:\/\/regs-burg-stargard.de\/wordpress\/wp-content\/uploads\/2022\/08\/Computerraum_Neu.jpg\">&nbsp; &nbsp; &nbsp; &nbsp;&nbsp; <\/a><\/p>\n\n\n\n<h3 class=\"wp-block-heading\"><span style=\"color: #ff0000;\">Weiterbildung in den Ferien<\/span><\/h3>\n\n\n\n<h4 class=\"wp-block-heading\"><span style=\"color: #339966;\">Erste-Hilfe-Kurs an der Regionalen Schule<\/span><\/h4>\n\n\n\n<p>F\u00fcr einen guten Start ins neue Schuljahr braucht es auch gute Vorbereitung. Damit es auch immer sicher zugeht, haben die Lehrerinnen und Lehrer sowie die Schulsachbearbeiterin der Regionalen Schule einen Auffrischungslehrgang des DRK absolviert. Mit viel Elan wurden die Grundlagen der Ersten Hilfe reaktiviert und auch der Spa\u00df kam dabei nicht zu kurz. Sollte es also n\u00f6tig werden, k\u00f6nnen wir auf Ausfl\u00fcgen oder auch im Schulalltag mit einfachen Mitteln verletzte Beine ruhigstellen, Wunden versorgen und die richtigen Ma\u00dfnahmen bei Sonnenstich ergreifen. Allerdings hoffen wir sehr, dass unsere F\u00e4higkeiten nicht allzu oft zum Einsatz kommen m\u00fcssen.<\/p>\n\n\n\n<p>S. Eskaf<\/p>\n\n\n\n<figure class=\"wp-block-gallery has-nested-images columns-default is-cropped wp-block-gallery-13 is-layout-flex wp-block-gallery-is-layout-flex\">\n<figure class=\"wp-block-image size-large\"><a href=\"https:\/\/regs-burg-stargard.de\/wordpress\/wp-content\/uploads\/2022\/08\/Erste-Hilfe-4.jpg\"><img loading=\"lazy\" decoding=\"async\" width=\"1200\" height=\"1600\" data-id=\"3714\" src=\"https:\/\/regs-burg-stargard.de\/wordpress\/wp-content\/uploads\/2022\/08\/Erste-Hilfe-4.jpg\" alt=\"\" class=\"wp-image-3714 colorbox-3677\" srcset=\"https:\/\/regs-burg-stargard.de\/wordpress\/wp-content\/uploads\/2022\/08\/Erste-Hilfe-4.jpg 1200w, https:\/\/regs-burg-stargard.de\/wordpress\/wp-content\/uploads\/2022\/08\/Erste-Hilfe-4-225x300.jpg 225w, https:\/\/regs-burg-stargard.de\/wordpress\/wp-content\/uploads\/2022\/08\/Erste-Hilfe-4-768x1024.jpg 768w, https:\/\/regs-burg-stargard.de\/wordpress\/wp-content\/uploads\/2022\/08\/Erste-Hilfe-4-300x400.jpg 300w, https:\/\/regs-burg-stargard.de\/wordpress\/wp-content\/uploads\/2022\/08\/Erste-Hilfe-4-1152x1536.jpg 1152w\" sizes=\"auto, (max-width: 1200px) 100vw, 1200px\" \/><\/a><\/figure>\n\n\n\n<figure class=\"wp-block-image size-large\"><a href=\"https:\/\/regs-burg-stargard.de\/wordpress\/wp-content\/uploads\/2022\/08\/Erste-Hilfe-1.jpg\"><img loading=\"lazy\" decoding=\"async\" width=\"1512\" height=\"2016\" data-id=\"3713\" src=\"https:\/\/regs-burg-stargard.de\/wordpress\/wp-content\/uploads\/2022\/08\/Erste-Hilfe-1.jpg\" alt=\"\" class=\"wp-image-3713 colorbox-3677\" srcset=\"https:\/\/regs-burg-stargard.de\/wordpress\/wp-content\/uploads\/2022\/08\/Erste-Hilfe-1.jpg 1512w, https:\/\/regs-burg-stargard.de\/wordpress\/wp-content\/uploads\/2022\/08\/Erste-Hilfe-1-225x300.jpg 225w, https:\/\/regs-burg-stargard.de\/wordpress\/wp-content\/uploads\/2022\/08\/Erste-Hilfe-1-768x1024.jpg 768w, https:\/\/regs-burg-stargard.de\/wordpress\/wp-content\/uploads\/2022\/08\/Erste-Hilfe-1-300x400.jpg 300w, https:\/\/regs-burg-stargard.de\/wordpress\/wp-content\/uploads\/2022\/08\/Erste-Hilfe-1-1152x1536.jpg 1152w\" sizes=\"auto, (max-width: 1512px) 100vw, 1512px\" \/><\/a><\/figure>\n<\/figure>\n\n\n\n<p><a href=\"https:\/\/regs-burg-stargard.de\/wordpress\/wp-content\/uploads\/2022\/08\/Erste-Hilfe-1.jpg\"> &nbsp;&nbsp;&nbsp;&nbsp; <\/a> <\/p>\n\n\n\n<p><span style=\"color: #ff0000;\">&nbsp;<\/span><\/p>\n","protected":false},"excerpt":{"rendered":"<p>Arbeitseinsatz in den Heimatgemeinden Ein Projekttag an der Regionalen Schule Burg Stargard Am 12.07.2023 fand f\u00fcr die Sch\u00fclerinnen und Sch\u00fcler der Regionalen Schule Burg Stargard der traditionelle \u201eTag in den Gemeinden\u201c statt. Ziel dieses Tages ist es, dass die Kinder und Jugendlichen selbst aktiv werden, um ihr Lebensumfeld zu versch\u00f6nern und den Gemeinden so \u201eDanke\u201c [&hellip;]<\/p>\n","protected":false},"author":17,"featured_media":0,"parent":0,"menu_order":0,"comment_status":"closed","ping_status":"closed","template":"","meta":{"site-sidebar-layout":"default","site-content-layout":"","ast-site-content-layout":"default","site-content-style":"default","site-sidebar-style":"default","ast-global-header-display":"","ast-banner-title-visibility":"","ast-main-header-display":"","ast-hfb-above-header-display":"","ast-hfb-below-header-display":"","ast-hfb-mobile-header-display":"","site-post-title":"","ast-breadcrumbs-content":"","ast-featured-img":"","footer-sml-layout":"","theme-transparent-header-meta":"","adv-header-id-meta":"","stick-header-meta":"","header-above-stick-meta":"","header-main-stick-meta":"","header-below-stick-meta":"","astra-migrate-meta-layouts":"default","ast-page-background-enabled":"default","ast-page-background-meta":{"desktop":{"background-color":"","background-image":"","background-repeat":"repeat","background-position":"center center","background-size":"auto","background-attachment":"scroll","background-type":"","background-media":"","overlay-type":"","overlay-color":"","overlay-opacity":"","overlay-gradient":""},"tablet":{"background-color":"","background-image":"","background-repeat":"repeat","background-position":"center center","background-size":"auto","background-attachment":"scroll","background-type":"","background-media":"","overlay-type":"","overlay-color":"","overlay-opacity":"","overlay-gradient":""},"mobile":{"background-color":"","background-image":"","background-repeat":"repeat","background-position":"center center","background-size":"auto","background-attachment":"scroll","background-type":"","background-media":"","overlay-type":"","overlay-color":"","overlay-opacity":"","overlay-gradient":""}},"ast-content-background-meta":{"desktop":{"background-color":"var(--ast-global-color-5)","background-image":"","background-repeat":"repeat","background-position":"center center","background-size":"auto","background-attachment":"scroll","background-type":"","background-media":"","overlay-type":"","overlay-color":"","overlay-opacity":"","overlay-gradient":""},"tablet":{"background-color":"var(--ast-global-color-5)","background-image":"","background-repeat":"repeat","background-position":"center center","background-size":"auto","background-attachment":"scroll","background-type":"","background-media":"","overlay-type":"","overlay-color":"","overlay-opacity":"","overlay-gradient":""},"mobile":{"background-color":"var(--ast-global-color-5)","background-image":"","background-repeat":"repeat","background-position":"center center","background-size":"auto","background-attachment":"scroll","background-type":"","background-media":"","overlay-type":"","overlay-color":"","overlay-opacity":"","overlay-gradient":""}},"ngg_post_thumbnail":0,"footnotes":""},"class_list":["post-3677","page","type-page","status-publish","hentry"],"_links":{"self":[{"href":"https:\/\/regs-burg-stargard.de\/wordpress\/wp-json\/wp\/v2\/pages\/3677","targetHints":{"allow":["GET"]}}],"collection":[{"href":"https:\/\/regs-burg-stargard.de\/wordpress\/wp-json\/wp\/v2\/pages"}],"about":[{"href":"https:\/\/regs-burg-stargard.de\/wordpress\/wp-json\/wp\/v2\/types\/page"}],"author":[{"embeddable":true,"href":"https:\/\/regs-burg-stargard.de\/wordpress\/wp-json\/wp\/v2\/users\/17"}],"replies":[{"embeddable":true,"href":"https:\/\/regs-burg-stargard.de\/wordpress\/wp-json\/wp\/v2\/comments?post=3677"}],"version-history":[{"count":65,"href":"https:\/\/regs-burg-stargard.de\/wordpress\/wp-json\/wp\/v2\/pages\/3677\/revisions"}],"predecessor-version":[{"id":4272,"href":"https:\/\/regs-burg-stargard.de\/wordpress\/wp-json\/wp\/v2\/pages\/3677\/revisions\/4272"}],"wp:attachment":[{"href":"https:\/\/regs-burg-stargard.de\/wordpress\/wp-json\/wp\/v2\/media?parent=3677"}],"curies":[{"name":"wp","href":"https:\/\/api.w.org\/{rel}","templated":true}]}}