{"id":4273,"date":"2023-08-25T07:22:39","date_gmt":"2023-08-25T05:22:39","guid":{"rendered":"https:\/\/regs-burg-stargard.de\/wordpress\/?page_id=4273"},"modified":"2024-07-25T10:30:40","modified_gmt":"2024-07-25T08:30:40","slug":"schuljahr-2023-2024","status":"publish","type":"page","link":"https:\/\/regs-burg-stargard.de\/wordpress\/schuljahr-2023-2024\/","title":{"rendered":"Schuljahr 2023\/2024"},"content":{"rendered":"\n<h4 class=\"wp-block-heading\">Informationen zur Schulbuchausgabe 2024\/2025 &#8211; 5. Klasse<\/h4>\n\n\n\n<p>Die Ausgabe der Schulb\u00fccher und Arbeitshefte f\u00fcr die 5. Klassen erfolgt am <strong>Donnerstag, dem 29.08.2024 von 14:00 bis 17:00 Uhr<\/strong> in der Bibliothek der Regionalen Schule Burg Stargard.<br>Es besteht auch die M\u00f6glichkeit, dass die Sch\u00fcler ihre Schulb\u00fccher am ersten Schultag (02.09.2024) vom Klassenlehrer erhalten.<br><br>S. Schwenn<br>Schulleiterin<\/p>\n\n\n\n<h3 class=\"wp-block-heading\">Mit Volldampf in die Sommerferien<\/h3>\n\n\n\n<h4 class=\"wp-block-heading\">Pr\u00fcfungsstress und Wanderlust am Schuljahresende<\/h4>\n\n\n\n<p>Die letzten Schulwochen an der Regionalen Schule Burg Stargard waren besonders f\u00fcr die 10. Klassen noch einmal anstrengend und aufregend. Sie mussten die Pr\u00fcfungen zur Mittleren Reife ablegen. Das Ergebnis kann sich sehen lassen. 30 von 33 Sch\u00fclerinnen und Sch\u00fcler konnten am 12.07.2024 ihr Abschlusszeugnis entgegennehmen. Mit dem Pr\u00e4dikatsdurchschnitt von 2,2 kann man durchaus zufrieden sein. Herzlichen Gl\u00fcckwunsch!<br>Die 5. \u2013 9. Klassen haben die letzten Unterrichtstage vor den Ferien nicht im Klassenraum verbracht, sondern die Zeit f\u00fcr Sport, Spiel und Spa\u00df genutzt. Gemeinsam mit ihren Klassenlehrerinnen und Klassenlehrern begaben sie sich auf Wanderschaft. Einige erkundeten die Umgebung Burg Stargards, andere fuhren nach Neubrandenburg oder ins Slawendorf. Auch das gemeinsame Sportfest sorgte f\u00fcr viel Spa\u00df.<br>Wie in jedem Jahr haben sich die Sch\u00fclerinnen und Sch\u00fcler an einem Tag auch wieder in ihren Wohnorten engagiert. Sie haben Spielpl\u00e4tze und Bushaltestellen ges\u00e4ubert und versch\u00f6nert, haben unter anderem die Au\u00dfenanlagen auf der Burg und den Sportplatz von Unkraut befreit und M\u00fcll gesammelt.<br>Bei all diesen Aktivit\u00e4ten wurden sie von ihren Lehrerkr\u00e4ften begleitet und tatkr\u00e4ftigt unterst\u00fctzt. Ein herzliches Dankesch\u00f6n f\u00fcr das Engagement und die Organisation der letzten Schultage vor den Sommerferien an alle Lehrerinnen und Lehrer der Regionalen Schule.<br><br>S. Schwenn<br>Schulleiterin<\/p>\n\n\n\n<div class=\"wp-block-columns is-layout-flex wp-container-core-columns-is-layout-28f84493 wp-block-columns-is-layout-flex\">\n<div class=\"wp-block-column is-layout-flow wp-block-column-is-layout-flow\">\n<figure class=\"wp-block-image size-large is-resized\"><a href=\"https:\/\/regs-burg-stargard.de\/wordpress\/wp-content\/uploads\/2024\/07\/IMG_4843-scaled.jpg\"><img loading=\"lazy\" decoding=\"async\" width=\"1024\" height=\"768\" src=\"https:\/\/regs-burg-stargard.de\/wordpress\/wp-content\/uploads\/2024\/07\/IMG_4843-1024x768.jpg\" alt=\"\" class=\"wp-image-4596 colorbox-4273\" style=\"width:257px;height:auto\" srcset=\"https:\/\/regs-burg-stargard.de\/wordpress\/wp-content\/uploads\/2024\/07\/IMG_4843-1024x768.jpg 1024w, https:\/\/regs-burg-stargard.de\/wordpress\/wp-content\/uploads\/2024\/07\/IMG_4843-300x225.jpg 300w, https:\/\/regs-burg-stargard.de\/wordpress\/wp-content\/uploads\/2024\/07\/IMG_4843-768x576.jpg 768w, https:\/\/regs-burg-stargard.de\/wordpress\/wp-content\/uploads\/2024\/07\/IMG_4843-1536x1152.jpg 1536w, https:\/\/regs-burg-stargard.de\/wordpress\/wp-content\/uploads\/2024\/07\/IMG_4843-2048x1536.jpg 2048w\" sizes=\"auto, (max-width: 1024px) 100vw, 1024px\" \/><\/a><\/figure>\n<\/div>\n\n\n\n<div class=\"wp-block-column is-layout-flow wp-block-column-is-layout-flow\">\n<figure class=\"wp-block-image size-large\"><a href=\"https:\/\/regs-burg-stargard.de\/wordpress\/wp-content\/uploads\/2024\/07\/IMG-20240712-WA0041.jpg\"><img loading=\"lazy\" decoding=\"async\" width=\"768\" height=\"1024\" src=\"https:\/\/regs-burg-stargard.de\/wordpress\/wp-content\/uploads\/2024\/07\/IMG-20240712-WA0041-768x1024.jpg\" alt=\"\" class=\"wp-image-4599 colorbox-4273\" srcset=\"https:\/\/regs-burg-stargard.de\/wordpress\/wp-content\/uploads\/2024\/07\/IMG-20240712-WA0041-768x1024.jpg 768w, https:\/\/regs-burg-stargard.de\/wordpress\/wp-content\/uploads\/2024\/07\/IMG-20240712-WA0041-225x300.jpg 225w, https:\/\/regs-burg-stargard.de\/wordpress\/wp-content\/uploads\/2024\/07\/IMG-20240712-WA0041-300x400.jpg 300w, https:\/\/regs-burg-stargard.de\/wordpress\/wp-content\/uploads\/2024\/07\/IMG-20240712-WA0041-1152x1536.jpg 1152w, https:\/\/regs-burg-stargard.de\/wordpress\/wp-content\/uploads\/2024\/07\/IMG-20240712-WA0041.jpg 1200w\" sizes=\"auto, (max-width: 768px) 100vw, 768px\" \/><\/a><\/figure>\n<\/div>\n\n\n\n<div class=\"wp-block-column is-layout-flow wp-block-column-is-layout-flow\">\n<figure class=\"wp-block-image size-large is-resized\"><a href=\"https:\/\/regs-burg-stargard.de\/wordpress\/wp-content\/uploads\/2024\/07\/3637e0c9-858d-4fdd-ba77-fcc1c4cb988c.jpeg\"><img loading=\"lazy\" decoding=\"async\" width=\"1024\" height=\"768\" src=\"https:\/\/regs-burg-stargard.de\/wordpress\/wp-content\/uploads\/2024\/07\/3637e0c9-858d-4fdd-ba77-fcc1c4cb988c-1024x768.jpeg\" alt=\"\" class=\"wp-image-4600 colorbox-4273\" style=\"width:368px;height:auto\" srcset=\"https:\/\/regs-burg-stargard.de\/wordpress\/wp-content\/uploads\/2024\/07\/3637e0c9-858d-4fdd-ba77-fcc1c4cb988c-1024x768.jpeg 1024w, https:\/\/regs-burg-stargard.de\/wordpress\/wp-content\/uploads\/2024\/07\/3637e0c9-858d-4fdd-ba77-fcc1c4cb988c-300x225.jpeg 300w, https:\/\/regs-burg-stargard.de\/wordpress\/wp-content\/uploads\/2024\/07\/3637e0c9-858d-4fdd-ba77-fcc1c4cb988c-768x576.jpeg 768w, https:\/\/regs-burg-stargard.de\/wordpress\/wp-content\/uploads\/2024\/07\/3637e0c9-858d-4fdd-ba77-fcc1c4cb988c-1536x1152.jpeg 1536w, https:\/\/regs-burg-stargard.de\/wordpress\/wp-content\/uploads\/2024\/07\/3637e0c9-858d-4fdd-ba77-fcc1c4cb988c.jpeg 2048w\" sizes=\"auto, (max-width: 1024px) 100vw, 1024px\" \/><\/a><\/figure>\n<\/div>\n<\/div>\n\n\n\n<h3 class=\"wp-block-heading\">Mit Liedern Freude bereiten!<\/h3>\n\n\n\n<h4 class=\"wp-block-heading\">Ein Auftritt der Klasse 5c im Evangelischen Pflegeheim<\/h4>\n\n\n\n<p>Am 15. Juli 2024 traten die Sch\u00fcler der Klasse 5c unter Anleitung ihrer Musiklehrerin Frau Ulrike Henneberg im Evangelischen Pflegeheim Burg Stargard auf, um den Bewohnern ein musikalisches Kurzprogramm darzubieten. Ihre dortige Ansprechpartnerin war Frau Anja Schreiber. Zwei Sch\u00fclerinnen aus der neunten Klasse, Yasmin Porte\u00e9 und Leni Schreiber, halfen tatkr\u00e4ftig mit.<br>Die Bewohner freuten sich \u00fcber den abwechslungsreichen Auftritt der M\u00e4dchen und Jungen und spendeten f\u00fcr die Gesangsdarbietungen reichlich Beifall, wobei Ian Dehnert und Colin Holland als Solisten auftraten.<br>Das Liedrepertoire reichte \u00fcber Musiktitel aus der \u00e4lteren Zeit wie <em>Mein kleiner gr\u00fcner Kaktus<\/em>, <em>Major Tom <\/em>aus den Achtzigernoder <em>Ein Teil von meinem Herzen<\/em> aus den letzten Jahren, an die sich vielleicht der eine oder andere Pflegeheimbewohner noch gern erinnert hat.<br>Die Sch\u00fcler waren mit vollem Einsatz dabei und hatten selbst Spa\u00df bei ihren Darbietungen.<br>Zum Abschluss \u00fcberreichten sie den Zuschauern noch selbst gestaltete Karten mit Bildern, die sie im Kunstunterricht angefertigt und mit pers\u00f6nlichem Text an die Heimbewohner versehen haben.<br><br>H. Hecht<br>Klassenlehrerin Kl. 5c<\/p>\n\n\n\n<figure class=\"wp-block-image size-large is-resized\"><a href=\"https:\/\/regs-burg-stargard.de\/wordpress\/wp-content\/uploads\/2024\/07\/20240715_101721-scaled.jpg\"><img loading=\"lazy\" decoding=\"async\" width=\"1024\" height=\"576\" src=\"https:\/\/regs-burg-stargard.de\/wordpress\/wp-content\/uploads\/2024\/07\/20240715_101721-1024x576.jpg\" alt=\"\" class=\"wp-image-4590 colorbox-4273\" style=\"width:587px;height:auto\" srcset=\"https:\/\/regs-burg-stargard.de\/wordpress\/wp-content\/uploads\/2024\/07\/20240715_101721-1024x576.jpg 1024w, https:\/\/regs-burg-stargard.de\/wordpress\/wp-content\/uploads\/2024\/07\/20240715_101721-300x169.jpg 300w, https:\/\/regs-burg-stargard.de\/wordpress\/wp-content\/uploads\/2024\/07\/20240715_101721-768x432.jpg 768w, https:\/\/regs-burg-stargard.de\/wordpress\/wp-content\/uploads\/2024\/07\/20240715_101721-1536x864.jpg 1536w, https:\/\/regs-burg-stargard.de\/wordpress\/wp-content\/uploads\/2024\/07\/20240715_101721-2048x1152.jpg 2048w\" sizes=\"auto, (max-width: 1024px) 100vw, 1024px\" \/><\/a><\/figure>\n\n\n\n<h3 class=\"wp-block-heading\">Lesewettbewerb der 6. Klassen<\/h3>\n\n\n\n<p>Am 13. Juni 2024 fand der Lesewettbewerb der sechsten Klassen der Regionalen Schule in der Stadtbibliothek Burg Stargard statt. Die Vertreter aller sechsten Klassen wetteiferten um die besten Lesevortr\u00e4ge. Die Sch\u00fcler stellten ihr Buch mit einem selbst gew\u00e4hlten Lesebeitrag vor. Anschlie\u00dfend lasen sie einen f\u00fcr sie unbekannten Text. Alle Teilnehmer waren mit gro\u00dfem Einsatz dabei und versuchten&nbsp;ihre Texte lebendig zu gestalten. Daher war es f\u00fcr die Jury oftmals keine leichte Aufgabe den Sieger oder die Siegerin zu ermitteln.<br>Aufgrund ihrer sicheren und betonten Leseleistungen belegte Platz eins Melina Lobing, Platz zwei Oscar Scherbarth sowie den dritten Platz Mathilda Koletzko.<br>F\u00fcr alle Beteiligten war es eine sch\u00f6ne und gelungene Veranstaltung.<br><br>H. Hecht<br>Fachlehrerin Deutsch<\/p>\n\n\n\n<div class=\"wp-block-columns is-layout-flex wp-container-core-columns-is-layout-28f84493 wp-block-columns-is-layout-flex\">\n<div class=\"wp-block-column is-layout-flow wp-block-column-is-layout-flow\">\n<figure class=\"wp-block-image size-large\"><a href=\"https:\/\/regs-burg-stargard.de\/wordpress\/wp-content\/uploads\/2024\/07\/Lesewettbewerb_Stadtbibliothek-scaled.jpg\"><img loading=\"lazy\" decoding=\"async\" width=\"1024\" height=\"576\" src=\"https:\/\/regs-burg-stargard.de\/wordpress\/wp-content\/uploads\/2024\/07\/Lesewettbewerb_Stadtbibliothek-1024x576.jpg\" alt=\"\" class=\"wp-image-4586 colorbox-4273\" srcset=\"https:\/\/regs-burg-stargard.de\/wordpress\/wp-content\/uploads\/2024\/07\/Lesewettbewerb_Stadtbibliothek-1024x576.jpg 1024w, https:\/\/regs-burg-stargard.de\/wordpress\/wp-content\/uploads\/2024\/07\/Lesewettbewerb_Stadtbibliothek-300x169.jpg 300w, https:\/\/regs-burg-stargard.de\/wordpress\/wp-content\/uploads\/2024\/07\/Lesewettbewerb_Stadtbibliothek-768x432.jpg 768w, https:\/\/regs-burg-stargard.de\/wordpress\/wp-content\/uploads\/2024\/07\/Lesewettbewerb_Stadtbibliothek-1536x864.jpg 1536w, https:\/\/regs-burg-stargard.de\/wordpress\/wp-content\/uploads\/2024\/07\/Lesewettbewerb_Stadtbibliothek-2048x1152.jpg 2048w\" sizes=\"auto, (max-width: 1024px) 100vw, 1024px\" \/><\/a><\/figure>\n<\/div>\n\n\n\n<div class=\"wp-block-column is-layout-flow wp-block-column-is-layout-flow\">\n<figure class=\"wp-block-image size-large\"><a href=\"https:\/\/regs-burg-stargard.de\/wordpress\/wp-content\/uploads\/2024\/07\/Lesewettbewerb_Stadtbibliothek_2.jpg\"><img loading=\"lazy\" decoding=\"async\" width=\"1024\" height=\"485\" src=\"https:\/\/regs-burg-stargard.de\/wordpress\/wp-content\/uploads\/2024\/07\/Lesewettbewerb_Stadtbibliothek_2-1024x485.jpg\" alt=\"\" class=\"wp-image-4587 colorbox-4273\" srcset=\"https:\/\/regs-burg-stargard.de\/wordpress\/wp-content\/uploads\/2024\/07\/Lesewettbewerb_Stadtbibliothek_2-1024x485.jpg 1024w, https:\/\/regs-burg-stargard.de\/wordpress\/wp-content\/uploads\/2024\/07\/Lesewettbewerb_Stadtbibliothek_2-300x142.jpg 300w, https:\/\/regs-burg-stargard.de\/wordpress\/wp-content\/uploads\/2024\/07\/Lesewettbewerb_Stadtbibliothek_2-768x364.jpg 768w, https:\/\/regs-burg-stargard.de\/wordpress\/wp-content\/uploads\/2024\/07\/Lesewettbewerb_Stadtbibliothek_2-1536x727.jpg 1536w, https:\/\/regs-burg-stargard.de\/wordpress\/wp-content\/uploads\/2024\/07\/Lesewettbewerb_Stadtbibliothek_2-2048x970.jpg 2048w\" sizes=\"auto, (max-width: 1024px) 100vw, 1024px\" \/><\/a><\/figure>\n<\/div>\n<\/div>\n\n\n\n<h3 class=\"wp-block-heading\">Erfolgreiches Schachturnier<\/h3>\n\n\n\n<h4 class=\"wp-block-heading\">Sch\u00fcler*innen der Regionalen Schule belegten 3. und 4. Platz<\/h4>\n\n\n\n<p>Am 15.06.2024 veranstaltete die Schachjugend Mecklenburg-Vorpommern mit dem Schachverein Think Rochade Rostock ein Schachturnier an dem 150 Sch\u00fclerinnen und Sch\u00fcler unseres Landes teilnahmen. Gemeinsam mit ihrem Schachlehrer Herr Peter Gerlieb, der die Heranwachsenden im Rahmen der Ganztagsangebote in der Schule gemeinsam mit weiteren Sch\u00fclerinnen und Sch\u00fclern trainiert, nahmen Gerda Schwenn, Lea Winkelmann, Theo Ryll und Matteo Rode aus den 5. Klassen an dem Wettkampf teil. In diesem Turnier konnten sie das Gelernte erfolgreich unter Beweis stellen.<br>Nach der Anmeldung um 09:00 Uhr morgens, begannen auch schon die ersten Partien. Nach drei Schnellschachrunden (15 Minuten pro Spieler und Partie) gab es Mittag. Frisch gest\u00e4rkt konnten weitere Partien gespielt werden. Insgesamt war das Turnier f\u00fcr die vier Stargarder erfolgreich und so konnte Gerda den 3. und Lea den 4. Platz in ihrer Altersgruppe erringen, Theo und Matteo landeten auf den Pl\u00e4tzen 9 und 10. Alles in allem sagt Theo: \u201ewar es ein tolles Turnier, welches uns sehr viel Spa\u00df gemacht hat\u201c.<br><br>P. Gerlieb &amp; Theo Ryll<\/p>\n\n\n\n<div class=\"wp-block-columns is-layout-flex wp-container-core-columns-is-layout-28f84493 wp-block-columns-is-layout-flex\">\n<div class=\"wp-block-column is-layout-flow wp-block-column-is-layout-flow\" style=\"flex-basis:100%\">\n<figure class=\"wp-block-image size-large is-resized\"><a href=\"https:\/\/regs-burg-stargard.de\/wordpress\/wp-content\/uploads\/2024\/07\/Bild-Schach_15.06.2024-6-scaled.jpg\"><img loading=\"lazy\" decoding=\"async\" width=\"1024\" height=\"943\" src=\"https:\/\/regs-burg-stargard.de\/wordpress\/wp-content\/uploads\/2024\/07\/Bild-Schach_15.06.2024-6-1024x943.jpg\" alt=\"\" class=\"wp-image-4579 colorbox-4273\" style=\"width:551px;height:auto\" srcset=\"https:\/\/regs-burg-stargard.de\/wordpress\/wp-content\/uploads\/2024\/07\/Bild-Schach_15.06.2024-6-1024x943.jpg 1024w, https:\/\/regs-burg-stargard.de\/wordpress\/wp-content\/uploads\/2024\/07\/Bild-Schach_15.06.2024-6-300x276.jpg 300w, https:\/\/regs-burg-stargard.de\/wordpress\/wp-content\/uploads\/2024\/07\/Bild-Schach_15.06.2024-6-768x707.jpg 768w, https:\/\/regs-burg-stargard.de\/wordpress\/wp-content\/uploads\/2024\/07\/Bild-Schach_15.06.2024-6-1536x1414.jpg 1536w, https:\/\/regs-burg-stargard.de\/wordpress\/wp-content\/uploads\/2024\/07\/Bild-Schach_15.06.2024-6-2048x1885.jpg 2048w\" sizes=\"auto, (max-width: 1024px) 100vw, 1024px\" \/><\/a><\/figure>\n<\/div>\n<\/div>\n\n\n\n<h3 class=\"wp-block-heading\">Ehrenamtspreis MV f\u00fcr Sch\u00fcler der 7b<\/h3>\n\n\n\n<p>Der&nbsp;Ehrenamtspreis MV 2024&nbsp;\u2013 Lernen durch Engagement macht Schule zeichnet Projekte aus, in denen sich Sch\u00fcler im Unterricht mit ihrem Umfeld auseinandersetzen und erfahren, was ihr Einsatz f\u00fcr andere bewirken kann. Am 08.06.2024 war der Wahlpflichtkurs Gesundheit zur feierlichen Siegerehrung nach G\u00fcstrow eingeladen, um die Auszeichnung entgegenzunehmen.<br>Die Sch\u00fcler des Kurses besch\u00e4ftigten sich im Unterricht mit der Rolle von Bewegung f\u00fcr ein gesundes Leben. Sie recherchierten zu Bewegungsspielen f\u00fcr Senioren und ab Dezember gab es mehrere Besuche im Pflegeheim Johanneshaus in Burg Stargard, bei denen die Spiele zum Einsatz kamen. Auch wenn es nicht immer ganz einfach war, hatten beide Seiten viel Spa\u00df und die Jungs konnten eine Menge \u00fcber Empathie, Verantwortung und Einf\u00fchlungsverm\u00f6gen lernen.<br>Mit der Auszeichnung ist der Einsatz der Sch\u00fcler nun besonders gew\u00fcrdigt worden. Sie hatten einen gro\u00dfartigen Tag im Wildpark mit verschieden Angeboten, sie entschieden sich f\u00fcr eine Graffitiaktion. Sogar der NDR hat einen Beitrag f\u00fcr das Nordmagazin (Sendetermin 14.6.24 um 19:30 Uhr) \u00fcber das Projekt gedreht.<br><br>S. Eskaf<\/p>\n\n\n\n<div class=\"wp-block-columns is-layout-flex wp-container-core-columns-is-layout-28f84493 wp-block-columns-is-layout-flex\">\n<div class=\"wp-block-column is-layout-flow wp-block-column-is-layout-flow\">\n<figure class=\"wp-block-image size-large\"><a href=\"https:\/\/regs-burg-stargard.de\/wordpress\/wp-content\/uploads\/2024\/06\/Ehrenamt-Pokal-1-scaled.jpg\"><img loading=\"lazy\" decoding=\"async\" width=\"769\" height=\"1024\" src=\"https:\/\/regs-burg-stargard.de\/wordpress\/wp-content\/uploads\/2024\/06\/Ehrenamt-Pokal-1-769x1024.jpg\" alt=\"\" class=\"wp-image-4552 colorbox-4273\" srcset=\"https:\/\/regs-burg-stargard.de\/wordpress\/wp-content\/uploads\/2024\/06\/Ehrenamt-Pokal-1-769x1024.jpg 769w, https:\/\/regs-burg-stargard.de\/wordpress\/wp-content\/uploads\/2024\/06\/Ehrenamt-Pokal-1-225x300.jpg 225w, https:\/\/regs-burg-stargard.de\/wordpress\/wp-content\/uploads\/2024\/06\/Ehrenamt-Pokal-1-768x1023.jpg 768w, https:\/\/regs-burg-stargard.de\/wordpress\/wp-content\/uploads\/2024\/06\/Ehrenamt-Pokal-1-300x400.jpg 300w, https:\/\/regs-burg-stargard.de\/wordpress\/wp-content\/uploads\/2024\/06\/Ehrenamt-Pokal-1-1153x1536.jpg 1153w, https:\/\/regs-burg-stargard.de\/wordpress\/wp-content\/uploads\/2024\/06\/Ehrenamt-Pokal-1-1538x2048.jpg 1538w, https:\/\/regs-burg-stargard.de\/wordpress\/wp-content\/uploads\/2024\/06\/Ehrenamt-Pokal-1-scaled.jpg 1922w\" sizes=\"auto, (max-width: 769px) 100vw, 769px\" \/><\/a><\/figure>\n<\/div>\n\n\n\n<div class=\"wp-block-column is-layout-flow wp-block-column-is-layout-flow\">\n<figure class=\"wp-block-image size-large is-resized\"><a href=\"https:\/\/regs-burg-stargard.de\/wordpress\/wp-content\/uploads\/2024\/06\/Siegerfoto-scaled.jpg\"><img loading=\"lazy\" decoding=\"async\" width=\"1024\" height=\"769\" src=\"https:\/\/regs-burg-stargard.de\/wordpress\/wp-content\/uploads\/2024\/06\/Siegerfoto-1024x769.jpg\" alt=\"\" class=\"wp-image-4553 colorbox-4273\" style=\"width:511px;height:auto\" srcset=\"https:\/\/regs-burg-stargard.de\/wordpress\/wp-content\/uploads\/2024\/06\/Siegerfoto-1024x769.jpg 1024w, https:\/\/regs-burg-stargard.de\/wordpress\/wp-content\/uploads\/2024\/06\/Siegerfoto-300x225.jpg 300w, https:\/\/regs-burg-stargard.de\/wordpress\/wp-content\/uploads\/2024\/06\/Siegerfoto-768x577.jpg 768w, https:\/\/regs-burg-stargard.de\/wordpress\/wp-content\/uploads\/2024\/06\/Siegerfoto-1536x1153.jpg 1536w, https:\/\/regs-burg-stargard.de\/wordpress\/wp-content\/uploads\/2024\/06\/Siegerfoto-2048x1538.jpg 2048w\" sizes=\"auto, (max-width: 1024px) 100vw, 1024px\" \/><\/a><\/figure>\n<\/div>\n<\/div>\n\n\n\n<h3 class=\"wp-block-heading\">Ausflug ins Deutsche Zentrum f\u00fcr Luft- u. Raumfahrt DLR<\/h3>\n\n\n\n<p>Am 23.05.2024 fuhr unsere Klasse in einen der 30 deutschen DLR Standorte ins schoollab nach Neustrelitz. Dort konnten wir uns den ganzen Tag mit interessanten Themen rund um die Luft- und Raumfahrt besch\u00e4ftigen.<br>Als erstes bekamen wir eine kleine Einf\u00fchrung, was \u00fcberhaupt das DLR ist, womit sich die Wissenschaftler dort besch\u00e4ftigen \u2013 n\u00e4mlich Daten aus Satelliten herunterladen &#8211; und dass es etwas weiter au\u00dferhalb s\u00fcdlich von Neustrelitz liegt. Auch \u00fcber die unglaubliche Kraft der Sonnenstrahlen haben wir etwas erfahren: Wenn die Strahlen mit Spiegeln richtig geb\u00fcndelt werden, k\u00f6nnen sie innerhalb k\u00fcrzester Zeit sogar Stahlplatten schmelzen! Daf\u00fcr braucht es mindestens 1400 \u00b0C!<br>Danach haben wir uns in 4 Gruppen aufgeteilt und sind von Station zu Station gegangen.  In den jeweiligen Stationen wurden wir von sehr freundlichen Abiturienten und ehemaligen Lehrern betreut.<br>An diesen Stationen konnten wir VR-Brillen aufsetzen und virtuell durch die internationale Raumstation ISS fliegen oder sogar einen Weltraumspaziergang machen, Papierflieger basteln, 3D Bilder vom Mars durch 3D-Brillen betrachten und selbst solche Brillen basteln. In einer weiteren Station konnten wir Roboterarme steuern und kleine Tonnen stapeln. Der Rekord war 4 Tonnen \u00fcbereinander!<br>Nat\u00fcrlich haben wir auch viele Sachen gelernt, z.B. \u00fcber die ISS, \u00fcber den Roboter Justin, \u00fcber die verschiedenen Planeten und auch etwas \u00fcber Otto von Guericke. Dessen Vakuum-Experiment mit den ber\u00fchmten Magdeburger Halbkugeln haben wir selbst durchgef\u00fchrt, und die St\u00e4rksten der Klasse mussten sich schon ganz sch\u00f6n anstrengen, um die Kugelh\u00e4lften voneinander zu trennen.<br>Nach diesem sch\u00f6nen Tag fuhren wir mit vielen interessanten Erinnerungen und neuem Wissen nach Hause.<br><br>Jule, Amelie &amp; Melina<br>Klasse 6b<\/p>\n\n\n\n<div class=\"wp-block-columns is-layout-flex wp-container-core-columns-is-layout-28f84493 wp-block-columns-is-layout-flex\">\n<div class=\"wp-block-column is-layout-flow wp-block-column-is-layout-flow\">\n<figure class=\"wp-block-image size-large\"><a href=\"https:\/\/regs-burg-stargard.de\/wordpress\/wp-content\/uploads\/2024\/05\/Kl.-6b-1-rotated.jpg\"><img loading=\"lazy\" decoding=\"async\" width=\"768\" height=\"1024\" src=\"https:\/\/regs-burg-stargard.de\/wordpress\/wp-content\/uploads\/2024\/05\/Kl.-6b-1-768x1024.jpg\" alt=\"\" class=\"wp-image-4545 colorbox-4273\" srcset=\"https:\/\/regs-burg-stargard.de\/wordpress\/wp-content\/uploads\/2024\/05\/Kl.-6b-1-768x1024.jpg 768w, https:\/\/regs-burg-stargard.de\/wordpress\/wp-content\/uploads\/2024\/05\/Kl.-6b-1-225x300.jpg 225w, https:\/\/regs-burg-stargard.de\/wordpress\/wp-content\/uploads\/2024\/05\/Kl.-6b-1-300x400.jpg 300w, https:\/\/regs-burg-stargard.de\/wordpress\/wp-content\/uploads\/2024\/05\/Kl.-6b-1-rotated.jpg 816w\" sizes=\"auto, (max-width: 768px) 100vw, 768px\" \/><\/a><\/figure>\n<\/div>\n\n\n\n<div class=\"wp-block-column is-layout-flow wp-block-column-is-layout-flow\">\n<figure class=\"wp-block-image size-large is-resized\"><a href=\"https:\/\/regs-burg-stargard.de\/wordpress\/wp-content\/uploads\/2024\/05\/Kl.-6b_1.jpg\"><img loading=\"lazy\" decoding=\"async\" width=\"1024\" height=\"1024\" src=\"https:\/\/regs-burg-stargard.de\/wordpress\/wp-content\/uploads\/2024\/05\/Kl.-6b_1-1024x1024.jpg\" alt=\"\" class=\"wp-image-4544 colorbox-4273\" style=\"width:420px;height:auto\" srcset=\"https:\/\/regs-burg-stargard.de\/wordpress\/wp-content\/uploads\/2024\/05\/Kl.-6b_1-1024x1024.jpg 1024w, https:\/\/regs-burg-stargard.de\/wordpress\/wp-content\/uploads\/2024\/05\/Kl.-6b_1-300x300.jpg 300w, https:\/\/regs-burg-stargard.de\/wordpress\/wp-content\/uploads\/2024\/05\/Kl.-6b_1-150x150.jpg 150w, https:\/\/regs-burg-stargard.de\/wordpress\/wp-content\/uploads\/2024\/05\/Kl.-6b_1-768x768.jpg 768w, https:\/\/regs-burg-stargard.de\/wordpress\/wp-content\/uploads\/2024\/05\/Kl.-6b_1.jpg 1167w\" sizes=\"auto, (max-width: 1024px) 100vw, 1024px\" \/><\/a><\/figure>\n<\/div>\n<\/div>\n\n\n\n<h3 class=\"wp-block-heading\">Mal raus aus der Schule\u2026!<\/h3>\n\n\n\n<h4 class=\"wp-block-heading\">Wandertage und Klassenfahrten an der Regionalen Schule<\/h4>\n\n\n\n<p>Am 23. und 24.04.2024 fanden f\u00fcr die Sch\u00fclerinnen und Sch\u00fcler der Regionalen Schule Burg Stargard die ersten Wandertage in diesem Schuljahr statt. Die Klassen hatten sich hierf\u00fcr ganz unterschiedliche Ziele und Vorhaben \u00fcberlegt, bei denen es Einiges zu entdecken und zu erleben gab.<br>Klasse 5a f\u00fchrte ihr Ausflug z.B. zur\u00fcck in die Geschichte unserer Heimat. Angeleitet durch die Mitarbeiter vom Regionalmuseum Neubrandenburg durften die Jungen und M\u00e4dchen in das sonst nicht zug\u00e4ngliche Stargarder Tor hinaufsteigen und erfuhren bei dem anschlie\u00dfenden Spaziergang \u00fcber den Wall interessante Fakten \u00fcber die Geschichte der Stadtmauer, die Wiekh\u00e4user und alte Handwerke im Mittelalter. Im Treptower Tor gab es dann noch die M\u00f6glichkeit, sich selbst an der Herstellung einer Geldb\u00f6rse aus Leder auszuprobieren. Nach der m\u00fchseligen und manchmal auch kniffligen Arbeit mit ungewohnten Werkzeugen bekam das Wort \u201eHand\u201cwerk eine ganz neue Bedeutung. W\u00e4hrenddessen stand der Wandertag der 5b ganz im Zeichen der Umwelt. Bei ihrem Besuch im LEEA (Landdeszentrum f\u00fcr erneuerbare Energien) in Neustrelitz hatten die Sch\u00fcler die M\u00f6glichkeit, im Energielabor ein Windrad zu bauen, in einem Quiz ihr Wissen zum Thema zu testen und zum Abschluss auf der Carrera-Bahn mit vollem K\u00f6rpereinsatz aus \u201eFahrradkraft\u201c Bewegungsenergie zu erzeugen. Klasse 5c wiederrum nutzte den Tag und das sch\u00f6ne Wetter f\u00fcr eine Wanderung zur Hintersten M\u00fchle. Dort angekommen konnten die Sch\u00fcler an verschiedenen Stationen Geocaching spielen, Gokart fahren oder basteln. Das Highlight war jedoch der Streichelzoo, in dem man Ziegen streicheln, mit Papageien sprechen und einen pr\u00e4chtigen Pfau bewundern konnte.<br>Die Klassen 6a und b sowie 7a und b fuhren zusammen mit dem Bus nach Peenem\u00fcnde und verbrachten ein paar lehr- und erlebnisreiche Stunden in der Ph\u00e4nomenta. Dort konnten sich alle frei im Geb\u00e4ude bewegen, um die zahlreichen physikalischen Experimente und technischen Ger\u00e4te zu testen. Besonders interessant fanden viele das Astronautentraining, bei dem die Sch\u00fcler richtig durchgesch\u00fcttelt wurden.<br>Die 8. Klassen verbrachten ihren Wandertag diesmal in Berlin. Im Technikmuseum erfuhren die Sch\u00fcler viel Interessantes zu den Bereichen Technik und Physik, etwa zur Textilproduktion, dem Internet sowie der Film- und Fototechnik. Anschlie\u00dfend fuhren sie nach Charlottenburg zur Ged\u00e4chtniskirche.<br>Die beiden 10. Klassen nutzten den Tag dagegen, um gemeinsam per Bahn nach Rostock zu fahren. Nach einem l\u00e4ngeren Fu\u00dfmarsch durch die Hansestadt ging es in die Trampolinhalle und Actionarena \u201eFlip&amp;fly\u201c. Hier konnten die Sch\u00fclerinnen und Sch\u00fcler mal so richtig \u201eausflippen\u201c. Waghalsige Spr\u00fcnge, auspowern beim Trampolinbasketball oder ein spannender Wettkampf am \u201ePowertower\u201c \u2013 f\u00fcr jeden war etwas dabei. Wer sich abk\u00fchlen oder st\u00e4rken wollte tat dies an der Theke. Am Nachmittag ging es dann unversehrt und schlapp wieder nach Hause.<br>F\u00fcr alle Klassen war der erste Wandertag somit eine spannende Zeit au\u00dferhalb des gewohnten Schulalltags.<br><\/p>\n\n\n\n<div class=\"wp-block-columns is-layout-flex wp-container-core-columns-is-layout-28f84493 wp-block-columns-is-layout-flex\">\n<div class=\"wp-block-column is-layout-flow wp-block-column-is-layout-flow\">\n<figure class=\"wp-block-image size-large\"><a href=\"https:\/\/regs-burg-stargard.de\/wordpress\/wp-content\/uploads\/2024\/05\/Kl.-6a-1-scaled.jpg\"><img loading=\"lazy\" decoding=\"async\" width=\"1024\" height=\"768\" src=\"https:\/\/regs-burg-stargard.de\/wordpress\/wp-content\/uploads\/2024\/05\/Kl.-6a-1-1024x768.jpg\" alt=\"\" class=\"wp-image-4540 colorbox-4273\" srcset=\"https:\/\/regs-burg-stargard.de\/wordpress\/wp-content\/uploads\/2024\/05\/Kl.-6a-1-1024x768.jpg 1024w, https:\/\/regs-burg-stargard.de\/wordpress\/wp-content\/uploads\/2024\/05\/Kl.-6a-1-300x225.jpg 300w, https:\/\/regs-burg-stargard.de\/wordpress\/wp-content\/uploads\/2024\/05\/Kl.-6a-1-768x576.jpg 768w, https:\/\/regs-burg-stargard.de\/wordpress\/wp-content\/uploads\/2024\/05\/Kl.-6a-1-1536x1152.jpg 1536w, https:\/\/regs-burg-stargard.de\/wordpress\/wp-content\/uploads\/2024\/05\/Kl.-6a-1-2048x1536.jpg 2048w\" sizes=\"auto, (max-width: 1024px) 100vw, 1024px\" \/><\/a><\/figure>\n<\/div>\n\n\n\n<div class=\"wp-block-column is-layout-flow wp-block-column-is-layout-flow\">\n<figure class=\"wp-block-image size-large is-resized\"><a href=\"https:\/\/regs-burg-stargard.de\/wordpress\/wp-content\/uploads\/2024\/05\/Kl.-7b_2.jpg\"><img loading=\"lazy\" decoding=\"async\" width=\"1024\" height=\"768\" src=\"https:\/\/regs-burg-stargard.de\/wordpress\/wp-content\/uploads\/2024\/05\/Kl.-7b_2-1024x768.jpg\" alt=\"\" class=\"wp-image-4538 colorbox-4273\" style=\"width:416px;height:auto\" srcset=\"https:\/\/regs-burg-stargard.de\/wordpress\/wp-content\/uploads\/2024\/05\/Kl.-7b_2-1024x768.jpg 1024w, https:\/\/regs-burg-stargard.de\/wordpress\/wp-content\/uploads\/2024\/05\/Kl.-7b_2-300x225.jpg 300w, https:\/\/regs-burg-stargard.de\/wordpress\/wp-content\/uploads\/2024\/05\/Kl.-7b_2-768x576.jpg 768w, https:\/\/regs-burg-stargard.de\/wordpress\/wp-content\/uploads\/2024\/05\/Kl.-7b_2-1536x1152.jpg 1536w, https:\/\/regs-burg-stargard.de\/wordpress\/wp-content\/uploads\/2024\/05\/Kl.-7b_2.jpg 1600w\" sizes=\"auto, (max-width: 1024px) 100vw, 1024px\" \/><\/a><\/figure>\n<\/div>\n<\/div>\n\n\n\n<h4 class=\"wp-block-heading\">Klassenfahrten nach Leipzig und Heringsdorf<\/h4>\n\n\n\n<p>F\u00fcr die 7b ging es im Anschluss an Peenem\u00fcnde noch f\u00fcr 2 Tage auf Klassenfahrt nach Usedom. Mit der B\u00e4derbahn machte man sich auf zum Quartier in Heringsdorf. In der Jugendherberge angekommen, wurden die Zimmer belegt und kurz darauf ging es schon zu einer Strandexkursion zur Ahlbecker Seebr\u00fccke. Der n\u00e4chste Tag startete mit einer abenteuerlichen Tour im \u00dcckeritzer Kletterwald. Auf verschiedenen Parcours konnten die Jungen ihre Kletterf\u00e4higkeiten unter Beweis stellen. Alle legten sich m\u00e4chtig ins Zeug und kletterten teilweise bis zur Ersch\u00f6pfung. Bei der folgenden Erkundung des neuen Baumwipfelpfads in Heringsdorf konnten alle den tollen Ausblick \u00fcber Usedom und zugleich einen sch\u00f6nen Abschluss der Klassenfahrt genie\u00dfen, bevor es am n\u00e4chsten Tag zur\u00fcck nach Hause ging.<br>Die beiden 9. Klassen fuhren nach Leipzig. Sie besichtigten das V\u00f6lkerschlachtdenkmal und weitere historische Sehensw\u00fcrdigkeiten.<br><br>U. Matzke<\/p>\n\n\n\n<figure class=\"wp-block-image size-large\"><a href=\"https:\/\/regs-burg-stargard.de\/wordpress\/wp-content\/uploads\/2024\/05\/Kl.-7b.jpg\"><img loading=\"lazy\" decoding=\"async\" width=\"1024\" height=\"768\" src=\"https:\/\/regs-burg-stargard.de\/wordpress\/wp-content\/uploads\/2024\/05\/Kl.-7b-1024x768.jpg\" alt=\"\" class=\"wp-image-4530 colorbox-4273\" srcset=\"https:\/\/regs-burg-stargard.de\/wordpress\/wp-content\/uploads\/2024\/05\/Kl.-7b-1024x768.jpg 1024w, https:\/\/regs-burg-stargard.de\/wordpress\/wp-content\/uploads\/2024\/05\/Kl.-7b-300x225.jpg 300w, https:\/\/regs-burg-stargard.de\/wordpress\/wp-content\/uploads\/2024\/05\/Kl.-7b-768x576.jpg 768w, https:\/\/regs-burg-stargard.de\/wordpress\/wp-content\/uploads\/2024\/05\/Kl.-7b-1536x1152.jpg 1536w, https:\/\/regs-burg-stargard.de\/wordpress\/wp-content\/uploads\/2024\/05\/Kl.-7b.jpg 1600w\" sizes=\"auto, (max-width: 1024px) 100vw, 1024px\" \/><\/a><\/figure>\n\n\n\n<h3 class=\"wp-block-heading\">Geschichte hautnah erleben<\/h3>\n\n\n\n<h4 class=\"wp-block-heading\">Projektfahrt zur Gedenkst\u00e4tte Sachsenhausen<\/h4>\n\n\n\n<p>Am 09.04.2024 fuhren die Klassen 9a und 10a zur Gedenkst\u00e4tte Sachsenhausen. Dieser Projekttag fand im Rahmen des Geschichtsunterrichts statt.<br>In Sachsenhausen angekommen, wurden wir von zwei Guides begr\u00fc\u00dft. In zwei Gruppen aufgeteilt, besuchten wir verschiedene Orte auf dem Gel\u00e4nde des ehemaligen Konzentrationslagers Sachsenhausen. Besucht wurden unter anderem das Tor mit der Aufschrift \u201eArbeit macht frei\u201c, durch das jeder Neuank\u00f6mmling gehen musste, die Holzbaracken, in denen viel zu viele Gefangene auf viel zu wenig Raum leben mussten und die T\u00f6tungsanlage samt Verbrennungs\u00f6fen. Die Guides vermittelten uns viele interessante Fakten, die auch das grausame Vorgehen der Faschisten darstellten.<br>Organisiert wurde die Fahrt, um den Sch\u00fclern Einblicke in die Vergangenheit \u2013 insbesondere in die Schrecken des NS-Regimes \u2013 zu geben und sie zum Nachdenken anzuregen, denn, so der spanische Philosoph G. Santayana: \u201eWer die Vergangenheit nicht kennt, ist dazu verurteilt, sie zu wiederholen.\u201c<br><br>Arved Sorgers<br>Sch\u00fcler der Klasse 9a<\/p>\n\n\n\n<figure class=\"wp-block-gallery has-nested-images columns-default is-cropped wp-block-gallery-1 is-layout-flex wp-block-gallery-is-layout-flex\">\n<figure class=\"wp-block-image size-large\"><a href=\"https:\/\/regs-burg-stargard.de\/wordpress\/wp-content\/uploads\/2024\/04\/Projektfahrt-zur-Gedenkstaette-Sachsenhausen_09.04.2024-scaled.jpg\"><img loading=\"lazy\" decoding=\"async\" width=\"1024\" height=\"577\" data-id=\"4513\" src=\"https:\/\/regs-burg-stargard.de\/wordpress\/wp-content\/uploads\/2024\/04\/Projektfahrt-zur-Gedenkstaette-Sachsenhausen_09.04.2024-1024x577.jpg\" alt=\"\" class=\"wp-image-4513 colorbox-4273\" srcset=\"https:\/\/regs-burg-stargard.de\/wordpress\/wp-content\/uploads\/2024\/04\/Projektfahrt-zur-Gedenkstaette-Sachsenhausen_09.04.2024-1024x577.jpg 1024w, https:\/\/regs-burg-stargard.de\/wordpress\/wp-content\/uploads\/2024\/04\/Projektfahrt-zur-Gedenkstaette-Sachsenhausen_09.04.2024-300x169.jpg 300w, https:\/\/regs-burg-stargard.de\/wordpress\/wp-content\/uploads\/2024\/04\/Projektfahrt-zur-Gedenkstaette-Sachsenhausen_09.04.2024-768x432.jpg 768w, https:\/\/regs-burg-stargard.de\/wordpress\/wp-content\/uploads\/2024\/04\/Projektfahrt-zur-Gedenkstaette-Sachsenhausen_09.04.2024-1536x865.jpg 1536w, https:\/\/regs-burg-stargard.de\/wordpress\/wp-content\/uploads\/2024\/04\/Projektfahrt-zur-Gedenkstaette-Sachsenhausen_09.04.2024-2048x1153.jpg 2048w\" sizes=\"auto, (max-width: 1024px) 100vw, 1024px\" \/><\/a><\/figure>\n<\/figure>\n\n\n\n<h3 class=\"wp-block-heading\">Unser Besuch in der Konzertkirche Neubrandenburg<\/h3>\n\n\n\n<h4 class=\"wp-block-heading\">Ein Musik-Projekt der 5. Klassen<\/h4>\n\n\n\n<p>Am 07.03.2024 begaben sich die Klassen 5a und 5c der Regionalen Schule Burg Stargard auf einen Ausflug. Alle waren sehr aufgeregt und haben sich schon lange darauf gefreut. Der Tag begann mit einem Spaziergang vom Busbahnhof um den Neubrandenburger Wall bis zum neuen Spielplatz am Stargarder Tor.<br>Das Hauptziel jedoch war die Konzertkirche Neubrandenburg. Dort lauschten die Kinder in Begleitung ihrer Klassenlehrerinnen Frau Retzar und Frau Henneberg dem Klang des 7. Philharmonischen Konzertes.<br>Das war f\u00fcr alle ein tolles Erlebnis. Sie waren nicht nur von der Musik begeistert, sondern auch von der Atmosph\u00e4re in der Konzertkirche. Ein herzliches Dankesch\u00f6n geht auch an die Eltern, die die Klassen begleitet haben.<br><br>Marie-Sophie Tille<\/p>\n\n\n\n<div class=\"wp-block-columns is-layout-flex wp-container-core-columns-is-layout-28f84493 wp-block-columns-is-layout-flex\">\n<div class=\"wp-block-column is-layout-flow wp-block-column-is-layout-flow\">\n<figure class=\"wp-block-image size-large\"><a href=\"https:\/\/regs-burg-stargard.de\/wordpress\/wp-content\/uploads\/2024\/03\/PHOTO-2024-03-09-13-24-31.jpg\"><img loading=\"lazy\" decoding=\"async\" width=\"1024\" height=\"577\" src=\"https:\/\/regs-burg-stargard.de\/wordpress\/wp-content\/uploads\/2024\/03\/PHOTO-2024-03-09-13-24-31-1024x577.jpg\" alt=\"\" class=\"wp-image-4490 colorbox-4273\" srcset=\"https:\/\/regs-burg-stargard.de\/wordpress\/wp-content\/uploads\/2024\/03\/PHOTO-2024-03-09-13-24-31-1024x577.jpg 1024w, https:\/\/regs-burg-stargard.de\/wordpress\/wp-content\/uploads\/2024\/03\/PHOTO-2024-03-09-13-24-31-300x169.jpg 300w, https:\/\/regs-burg-stargard.de\/wordpress\/wp-content\/uploads\/2024\/03\/PHOTO-2024-03-09-13-24-31-768x433.jpg 768w, https:\/\/regs-burg-stargard.de\/wordpress\/wp-content\/uploads\/2024\/03\/PHOTO-2024-03-09-13-24-31-1536x866.jpg 1536w, https:\/\/regs-burg-stargard.de\/wordpress\/wp-content\/uploads\/2024\/03\/PHOTO-2024-03-09-13-24-31.jpg 1538w\" sizes=\"auto, (max-width: 1024px) 100vw, 1024px\" \/><\/a><\/figure>\n<\/div>\n\n\n\n<div class=\"wp-block-column is-layout-flow wp-block-column-is-layout-flow\">\n<figure class=\"wp-block-image size-large\"><a href=\"https:\/\/regs-burg-stargard.de\/wordpress\/wp-content\/uploads\/2024\/03\/PHOTO-2024-03-09-13-25-31-scaled.jpg\"><img loading=\"lazy\" decoding=\"async\" width=\"1024\" height=\"723\" src=\"https:\/\/regs-burg-stargard.de\/wordpress\/wp-content\/uploads\/2024\/03\/PHOTO-2024-03-09-13-25-31-1024x723.jpg\" alt=\"\" class=\"wp-image-4491 colorbox-4273\" srcset=\"https:\/\/regs-burg-stargard.de\/wordpress\/wp-content\/uploads\/2024\/03\/PHOTO-2024-03-09-13-25-31-1024x723.jpg 1024w, https:\/\/regs-burg-stargard.de\/wordpress\/wp-content\/uploads\/2024\/03\/PHOTO-2024-03-09-13-25-31-300x212.jpg 300w, https:\/\/regs-burg-stargard.de\/wordpress\/wp-content\/uploads\/2024\/03\/PHOTO-2024-03-09-13-25-31-768x542.jpg 768w, https:\/\/regs-burg-stargard.de\/wordpress\/wp-content\/uploads\/2024\/03\/PHOTO-2024-03-09-13-25-31-1536x1084.jpg 1536w, https:\/\/regs-burg-stargard.de\/wordpress\/wp-content\/uploads\/2024\/03\/PHOTO-2024-03-09-13-25-31-2048x1445.jpg 2048w\" sizes=\"auto, (max-width: 1024px) 100vw, 1024px\" \/><\/a><\/figure>\n<\/div>\n<\/div>\n\n\n\n<h3 class=\"wp-block-heading\">Was wei\u00dft du \u00fcber Whatsapp\u2026?<\/h3>\n\n\n\n<h4 class=\"wp-block-heading\">Ein Projekt zum Thema Cybernutzung.<\/h4>\n\n\n\n<p>Am 6. M\u00e4rz 2024 fand f\u00fcr die 6. Klassen der Regionalen Schule ein Projekt statt, in dem die Sch\u00fcler und Sch\u00fclerinnen eine Doppelstunde lang ihre Kenntnisse zu Sozialen Medien testen und ihr eigenes Nutzungsverhalten hinterfragen konnten. Als Einstieg erarbeiteten die Mitarbeiter von Mediatop Neubrandenburg zusammen mit der Klasse zun\u00e4chst eine \u00dcbersicht \u00fcber jene Apps, die am h\u00e4ufigsten genutzt werden \u2013 mit weitem Abstand vorn: Whatsapp. Nach einem aufschlussreichen Blick auf die eigenen Chatverl\u00e4ufe lie\u00df sich feststellen, wie viele Nachrichten erhalten oder geschrieben wurden. Die Zahlen lagen hier teilweise weit im f\u00fcnfstelligen Bereich. Auf die Frage nach der Nutzungszeit pro Tag gab es Antworten von 10 Minuten bis zu 5 Stunden. Im anschlie\u00dfenden Quiz \u00fcber klicksafe konnten die Sch\u00fcler zeigen, wie gut sie sich bereits mit Whatsapp auskennen. Auf Fragen wie \u201eWelche Funktionen lassen sich nutzen?\u201c, \u201eWie sollte man mit Kettenbriefen umgehen?\u201c oder \u201eWelche Fotos darf man \u00fcberhaupt verschicken?\u201c wussten viele Sch\u00fcler*innen die richtigen Antworten. Dennoch gab es auch \u00fcberraschende Erkenntnisse und Wissenswertes zu lernen, etwa zum Thema \u201eWer hat eigentlich die Rechte an eingestellten Bildern?\u201c. So diente uns der Projekttag u.a. dazu, sich heute und vielleicht auch in Zukunft etwas bewusster mit Sozialen Medien auseinanderzusetzen.<br><br>Ulrike Matzke<br>Klassenlehrerin Klasse 6a<\/p>\n\n\n\n<figure class=\"wp-block-gallery has-nested-images columns-default is-cropped wp-block-gallery-2 is-layout-flex wp-block-gallery-is-layout-flex\"><\/figure>\n\n\n\n<h3 class=\"wp-block-heading\">Information zum Unterricht Freitag, 01.03.2024<\/h3>\n\n\n\n<p>Liebe Eltern,<br>aufgrund des f\u00fcr Freitag, 01.03.2024 angek\u00fcndigten Streiks der MVVG werden einige Sch\u00fcler*innen nicht zum Unterricht erscheinen k\u00f6nnen. F\u00fcr diese werden Aufgaben \u00fcber Itslearning oder durch den Fachlehrer bereitgestellt. F\u00fcr alle anderen Sch\u00fcler*innen findet der Unterricht jedoch planm\u00e4\u00dfig statt. Sch\u00fclerinnen und Sch\u00fcler, die nicht am Unterricht teilnehmen k\u00f6nnen, m\u00fcssen durch die Eltern abgemeldet werden.<br><br>S. Schwenn<\/p>\n\n\n\n<h3 class=\"wp-block-heading\">Information zur Zeugnisausgabe &#8211; 02.02.2024<\/h3>\n\n\n\n<p><em>Die Zeugnisausgabe f\u00fcr die 5. \u2013 10. Klassen erfolgt wie geplant am Freitag, dem 02.02.2024, in Einzelgespr\u00e4chen nach festgelegten Zeiten.<\/em><br><em>Sch\u00fcler*innen, die am Freitag auf den \u00d6PNV angewiesen sind, erhalten ihre Zeugnisse bereits am Donnerstag, 01.02.2024 in der 6. Stunde.<\/em><br><em>Am Donnerstag endet der Unterricht f\u00fcr alle Klassen nach der 5. Stunde<\/em>.<br><br>S. Schwenn<br>Schulleiterin<\/p>\n\n\n\n<h3 class=\"wp-block-heading\">Tag der offenen T\u00fcr &#8211; Montag, 15.01.2024<\/h3>\n\n\n\n<p>Sch\u00fclerinnen und Sch\u00fcler der 4. Klasse sind mit ihren Eltern herzlich eingeladen, bei einem Rundgang die Schule kennen zu lernen, mit Lehrern ins Gespr\u00e4ch zu kommen und sich die Klassenr\u00e4ume und die Fachr\u00e4ume anzusehen.<br>Um 17:45 Uhr informiert die Schulleiterin \u00fcber das Schulprofil und Angebote der Ganztagsschule.<br><br>S. Schwenn<br>Schulleiterin<\/p>\n\n\n\n<h3 class=\"wp-block-heading\">Information zum Unterricht am Montag, 08.01.2024<\/h3>\n\n\n\n<p>Aufgrund von Protestaktionen kann es am Montag, den 08.01.2024 zu Verkehrsbeeintr\u00e4chtigungen kommen, die auch die Sch\u00fclerbef\u00f6rderung betreffen. Der Unterricht findet jedoch planm\u00e4\u00dfig statt. Sch\u00fclerinnen und Sch\u00fcler, die nicht am Unterricht teilnehmen k\u00f6nnen, m\u00fcssen durch die Eltern abgemeldet werden.<br><br>S. Schwenn<br>Schulleiterin<\/p>\n\n\n\n<h3 class=\"wp-block-heading\">\u201eJe mehr Freude wir anderen machen, desto mehr Freude kehrt ins eigene Herz zur\u00fcck\u201c<\/h3>\n\n\n\n<h4 class=\"wp-block-heading\">Weihnachtsgr\u00fc\u00dfe &#8211; Dezember 2023<\/h4>\n\n\n\n<p>Weihnachtliche Vorfreude ist bereits seit Ende November in der Regionalen Schule Burg Stargard zu sp\u00fcren. Ein gro\u00dfer Weihnachtsbaum schm\u00fcckt die Aula und ein riesiger Berg mit Weihnachtsp\u00e4ckchen liegt bereit zur Abholung. Mit ganz viel Eifer haben Sch\u00fcler*innen Geschenke f\u00fcr Kinder aus bed\u00fcrftigen Familien mitgebracht und gemeinsam mit Frau Eskaf und anderen flei\u00dfigen Helfern weihnachtlich verpackt. Sie hoffen, vielen M\u00e4dchen und Jungen, die auf Spenden von der Tafel angewiesen sind, damit eine Freude zu bereiten.<br>Frau Eskaf organisiert bereits seit mehreren Jahren gemeinsam mit Sch\u00fcler*innen diese weihnachtliche Geschenkaktion. In diesem Jahr k\u00f6nnen wieder weit \u00fcber einhundert P\u00e4ckchen Kinderaugen strahlen lassen.<br>Nach einem ereignisreichen Jahr freuen sich nun alle auf das bevorstehende Weihnachtsfest.<br><br>Im Namen der Lehrer*innen und Sch\u00fclerInnen der Regionalen Schule Burg Stargard w\u00fcnsche ich allen Eltern und au\u00dferschulischen Kooperationspartnern besinnliche Festtage sowie ein friedliches neues Jahr. Ich bedanke mich f\u00fcr die vertrauensvolle Zusammenarbeit und die engagierte Unterst\u00fctzung.<br>Frohe Weihnacht!<br><br>S. Schwenn<br>Schulleiterin<\/p>\n\n\n\n<figure class=\"wp-block-image size-large\"><a href=\"https:\/\/regs-burg-stargard.de\/wordpress\/wp-content\/uploads\/2023\/12\/20231127_131013-scaled.jpg\"><img loading=\"lazy\" decoding=\"async\" width=\"768\" height=\"1024\" src=\"https:\/\/regs-burg-stargard.de\/wordpress\/wp-content\/uploads\/2023\/12\/20231127_131013-768x1024.jpg\" alt=\"\" class=\"wp-image-4415 colorbox-4273\" style=\"aspect-ratio:4\/3;object-fit:cover\" srcset=\"https:\/\/regs-burg-stargard.de\/wordpress\/wp-content\/uploads\/2023\/12\/20231127_131013-768x1024.jpg 768w, https:\/\/regs-burg-stargard.de\/wordpress\/wp-content\/uploads\/2023\/12\/20231127_131013-225x300.jpg 225w, https:\/\/regs-burg-stargard.de\/wordpress\/wp-content\/uploads\/2023\/12\/20231127_131013-300x400.jpg 300w, https:\/\/regs-burg-stargard.de\/wordpress\/wp-content\/uploads\/2023\/12\/20231127_131013-1152x1536.jpg 1152w, https:\/\/regs-burg-stargard.de\/wordpress\/wp-content\/uploads\/2023\/12\/20231127_131013-1536x2048.jpg 1536w, https:\/\/regs-burg-stargard.de\/wordpress\/wp-content\/uploads\/2023\/12\/20231127_131013-scaled.jpg 1920w\" sizes=\"auto, (max-width: 768px) 100vw, 768px\" \/><\/a><\/figure>\n\n\n\n<h3 class=\"wp-block-heading\">&#8222;In der Weihnachtsb\u00e4ckerei &#8230; &#8222;<\/h3>\n\n\n\n<h4 class=\"wp-block-heading\">Weihnachtssingen im Pflegeheim Johannes<\/h4>\n\n\n\n<p>Singen \ud83c\udfa4 macht Spa\u00df, das haben wir heute wieder gemerkt. Im Pflegeheim Johannes in Burg Stargard sangen wir alte und neue Weihnachtslieder. Dar\u00fcber und auch \u00fcber unsere selbstgebastelten Karten haben sich die \u00e4lteren Menschen sehr gefreut. Einige Lieder konnten sie auch mitsingen, das war sch\u00f6n. Wir bekamen als Dankesch\u00f6n S\u00fc\u00dfigkeiten, sehr lecker.<br>Begleitet wurden wir von den M\u00e4dchen der Klasse 9b und Frau Tille. Alle gemeinsam machten wir zum Schluss eine Schneeballschlacht. Es war ein sch\u00f6ner Tag und wir haben versprochen, zum Frauentag wieder zu kommen.<br><br>U. Henneberg<br>Klassenlehrerin Kl. 5c<\/p>\n\n\n\n<figure class=\"wp-block-image size-large\"><a href=\"https:\/\/regs-burg-stargard.de\/wordpress\/wp-content\/uploads\/2023\/12\/Pflegeheim_Johannes_06.12.2023.jpeg\"><img loading=\"lazy\" decoding=\"async\" width=\"1024\" height=\"768\" src=\"https:\/\/regs-burg-stargard.de\/wordpress\/wp-content\/uploads\/2023\/12\/Pflegeheim_Johannes_06.12.2023-1024x768.jpeg\" alt=\"\" class=\"wp-image-4408 colorbox-4273\" srcset=\"https:\/\/regs-burg-stargard.de\/wordpress\/wp-content\/uploads\/2023\/12\/Pflegeheim_Johannes_06.12.2023-1024x768.jpeg 1024w, https:\/\/regs-burg-stargard.de\/wordpress\/wp-content\/uploads\/2023\/12\/Pflegeheim_Johannes_06.12.2023-300x225.jpeg 300w, https:\/\/regs-burg-stargard.de\/wordpress\/wp-content\/uploads\/2023\/12\/Pflegeheim_Johannes_06.12.2023-768x576.jpeg 768w, https:\/\/regs-burg-stargard.de\/wordpress\/wp-content\/uploads\/2023\/12\/Pflegeheim_Johannes_06.12.2023-1536x1152.jpeg 1536w, https:\/\/regs-burg-stargard.de\/wordpress\/wp-content\/uploads\/2023\/12\/Pflegeheim_Johannes_06.12.2023.jpeg 2048w\" sizes=\"auto, (max-width: 1024px) 100vw, 1024px\" \/><\/a><\/figure>\n\n\n\n<h3 class=\"wp-block-heading\">Politik hautnah<\/h3>\n\n\n\n<h4 class=\"wp-block-heading\">Ein interessanter Projekttag im Landtag in Schwerin<\/h4>\n\n\n\n<p>Die 10. Klassen der Regionalen Schule Burg Stargard machten sich gemeinsam mit ihren Klassenlehrern am Dienstag, 05.12.2023, auf den Weg ins verschneite Schwerin, um dort den Landtag MV kennen zu lernen. Nach einer Einweisung in die Zusammensetzung und Arbeitsweise des Landesparlaments, konnten die Sch\u00fcler im Plenarsaal probesitzen. Eine rege Diskussion \u00fcber eine Kleiderordnung f\u00fcr Besucher des Landtages folgte. Dabei nahmen die Jugendlichen die Rollen der vortragenden Politiker ein. Anschlie\u00dfend wurde die M\u00f6glichkeit genutzt, zwei Politikern mal richtig auf den Zahn zu f\u00fchlen. Herr F\u00f6rster von der AfD und Frau Kaselitz als Abgeordnete der SPD stellten sich den Fragen der Sch\u00fcler. Nach einer sehr intensiven Frage- und Antwortrunde ging es dann wieder zur\u00fcck nach Burg Stargard.<br><br>J. Streich<br>Klassenlehrerin Kl. 10a<\/p>\n\n\n\n<figure class=\"wp-block-image size-full\"><a href=\"https:\/\/regs-burg-stargard.de\/wordpress\/wp-content\/uploads\/2023\/12\/Schwerin_05.12.2023-scaled.jpg\"><img loading=\"lazy\" decoding=\"async\" width=\"2560\" height=\"1441\" src=\"https:\/\/regs-burg-stargard.de\/wordpress\/wp-content\/uploads\/2023\/12\/Schwerin_05.12.2023-scaled.jpg\" alt=\"\" class=\"wp-image-4406 colorbox-4273\" srcset=\"https:\/\/regs-burg-stargard.de\/wordpress\/wp-content\/uploads\/2023\/12\/Schwerin_05.12.2023-scaled.jpg 2560w, https:\/\/regs-burg-stargard.de\/wordpress\/wp-content\/uploads\/2023\/12\/Schwerin_05.12.2023-300x169.jpg 300w, https:\/\/regs-burg-stargard.de\/wordpress\/wp-content\/uploads\/2023\/12\/Schwerin_05.12.2023-1024x577.jpg 1024w, https:\/\/regs-burg-stargard.de\/wordpress\/wp-content\/uploads\/2023\/12\/Schwerin_05.12.2023-768x432.jpg 768w, https:\/\/regs-burg-stargard.de\/wordpress\/wp-content\/uploads\/2023\/12\/Schwerin_05.12.2023-1536x865.jpg 1536w, https:\/\/regs-burg-stargard.de\/wordpress\/wp-content\/uploads\/2023\/12\/Schwerin_05.12.2023-2048x1153.jpg 2048w\" sizes=\"auto, (max-width: 2560px) 100vw, 2560px\" \/><\/a><\/figure>\n\n\n\n<p><\/p>\n\n\n\n<h3 class=\"wp-block-heading\"><strong>Cybermobbing und Cybergrooming<\/strong><\/h3>\n\n\n\n<h4 class=\"wp-block-heading\"><strong>Projektunterricht an der Regionalen Schule Burg Stargard mit dem Pr\u00e4ventionsbeamten der Polizeiinspektion Neubrandenburg<\/strong><\/h4>\n\n\n\n<p>Pr\u00e4vention und Sensibilisierung f\u00fcr gesellschaftlich relevante Themen sind Aufgaben, die wir uns in unserer Schule immer wieder stellen. Im November haben wir uns Herrn Nattermann, den Pr\u00e4ventionsbeamten der Polizeiinspektion Neubrandenburg in die<br>7. \u2013 10. Klassen eingeladen, um mit den Sch\u00fclerinnen und Sch\u00fclern \u00fcber die Themen Cybergrooming und Cybermobbing zu sprechen.<br>Unter Cybergrooming versteht man die gezielte Ansprache Minderj\u00e4hriger durch Erwachsene \u00fcber das Internet, um sexuelle Kontakte anzubahnen. Gemeinsam sahen sich die Sch\u00fclerinnen und Sch\u00fcler der 9. und 10. Klassen den ARD-Film \u201eDas wei\u00dfe Kaninchen\u201c an und sollten so f\u00fcr die Erscheinungsformen der kriminellen Machenschaften p\u00e4dophiler T\u00e4ter sensibilisiert werden und erfahren, in welche kritischen Situationen man geraten kann.<br>Die Sch\u00fclerinnen und Sch\u00fcler der 7.\/8. Klassen setzen sich in gleicher Weise mit dem Thema Cybermobbing auseinandersetzen.<br>Kinder und Jugendliche sind auf den verschiedensten Plattformen der sozialen Medien zahlreichen Gefahren ausgesetzt. Das ist abscheuliche Realit\u00e4t. Viele Kinder und Jugendliche sind aufgekl\u00e4rt und praktizieren einen sicheren Umgang mit den sozialen Medien. Es gibt aber auch immer wieder F\u00e4lle, in denen Naivit\u00e4t und Gutgl\u00e4ubigkeit ausgenutzt und g\u00e4ngige Regeln aus irgendwelchen Gr\u00fcnden nicht eingehalten werden.<br>Das Wissen und die Auseinandersetzung mit den Themen kann in entscheidender Weise das Handeln der Sch\u00fclerinnen und Sch\u00fcler beeinflussen oder sie dazu bewegen, \u00fcber Probleme zu reden.<br><br>C. Lukasczyk<br>Schulsozialarbeiterin<\/p>\n\n\n\n<figure class=\"wp-block-image size-large\"><a href=\"https:\/\/regs-burg-stargard.de\/wordpress\/wp-content\/uploads\/2023\/11\/1700806736553-002.jpg\"><img loading=\"lazy\" decoding=\"async\" width=\"1024\" height=\"534\" src=\"https:\/\/regs-burg-stargard.de\/wordpress\/wp-content\/uploads\/2023\/11\/1700806736553-002-1024x534.jpg\" alt=\"\" class=\"wp-image-4388 colorbox-4273\" srcset=\"https:\/\/regs-burg-stargard.de\/wordpress\/wp-content\/uploads\/2023\/11\/1700806736553-002-1024x534.jpg 1024w, https:\/\/regs-burg-stargard.de\/wordpress\/wp-content\/uploads\/2023\/11\/1700806736553-002-300x157.jpg 300w, https:\/\/regs-burg-stargard.de\/wordpress\/wp-content\/uploads\/2023\/11\/1700806736553-002-768x401.jpg 768w, https:\/\/regs-burg-stargard.de\/wordpress\/wp-content\/uploads\/2023\/11\/1700806736553-002.jpg 1510w\" sizes=\"auto, (max-width: 1024px) 100vw, 1024px\" \/><\/a><\/figure>\n\n\n\n<p><\/p>\n\n\n\n<h3 class=\"wp-block-heading\">&#8222;Es war einmal &#8230;&#8220; Ein m\u00e4rchenhafter Projekttag<\/h3>\n\n\n\n<h4 class=\"wp-block-heading\">M\u00e4rchenprojekt Klasse 5<\/h4>\n\n\n\n<p>Am 09. November 2023 erlebten die Sch\u00fcler der f\u00fcnften Klassen einige \u201em\u00e4rchenhafte\u201c Stunden.<br>An diesem Tag drehte sich alles um das Thema M\u00e4rchen: die Vorstellung deutsch und \u2013 englischsprachiger M\u00e4rchen mit ihren Haupthelden, verschiedene M\u00e4rchenspiele und R\u00e4tselraten um viele M\u00e4rchen. Und auch andere m\u00e4rchenhafte Themen schauten sich die Sch\u00fclerinnen und Sch\u00fcler genauer an.<br>Sie konnten zum Beispiel \u201emagische\u201c Experimente wie den \u201eSternenregen\u201c aus dem M\u00e4rchen Sterntaler beobachten.<br>\u201eDie kluge Bauerntochter\u201c\u2026das M\u00e4rchen kennt wohl jeder. Aber wie ist es, wenn die Tochter ihre Barbiepuppe verkauft hat und bei Amazon neue Dinge bestellt, wenn die Wachen des K\u00f6nigs keine Lust auf ihren Job haben und der K\u00f6nig lieber Playstation spielt, anstatt sein Land ordentlich zu regieren&#8230;?<br>Hier ist doch einiges anders und es war f\u00fcr die Kinder sehr am\u00fcsant, dieses M\u00e4rchen zu spielen.<br>Zu ihren ausgew\u00e4hlten M\u00e4rchen bastelten die Sch\u00fcler M\u00e4rchenfiguren in der Kunstwerkstatt unter Anleitung von Frau Gro\u00dfe und Frau Mundry, die sie f\u00fcr ihre M\u00e4rchenvorf\u00fchrung verwenden.<br><br>H. Hecht<br>Klassenlehrerin Kl. 5c<\/p>\n\n\n\n<div class=\"wp-block-columns is-layout-flex wp-container-core-columns-is-layout-28f84493 wp-block-columns-is-layout-flex\">\n<div class=\"wp-block-column is-layout-flow wp-block-column-is-layout-flow\">\n<figure class=\"wp-block-image size-large\"><a href=\"https:\/\/regs-burg-stargard.de\/wordpress\/wp-content\/uploads\/2023\/11\/11.2023-1.jpg\"><img loading=\"lazy\" decoding=\"async\" width=\"1024\" height=\"768\" src=\"https:\/\/regs-burg-stargard.de\/wordpress\/wp-content\/uploads\/2023\/11\/11.2023-1-1024x768.jpg\" alt=\"\" class=\"wp-image-4381 colorbox-4273\" srcset=\"https:\/\/regs-burg-stargard.de\/wordpress\/wp-content\/uploads\/2023\/11\/11.2023-1-1024x768.jpg 1024w, https:\/\/regs-burg-stargard.de\/wordpress\/wp-content\/uploads\/2023\/11\/11.2023-1-300x225.jpg 300w, https:\/\/regs-burg-stargard.de\/wordpress\/wp-content\/uploads\/2023\/11\/11.2023-1-768x576.jpg 768w, https:\/\/regs-burg-stargard.de\/wordpress\/wp-content\/uploads\/2023\/11\/11.2023-1-1536x1152.jpg 1536w, https:\/\/regs-burg-stargard.de\/wordpress\/wp-content\/uploads\/2023\/11\/11.2023-1.jpg 1600w\" sizes=\"auto, (max-width: 1024px) 100vw, 1024px\" \/><\/a><\/figure>\n<\/div>\n\n\n\n<div class=\"wp-block-column is-layout-flow wp-block-column-is-layout-flow\">\n<figure class=\"wp-block-image size-large\"><a href=\"https:\/\/regs-burg-stargard.de\/wordpress\/wp-content\/uploads\/2023\/11\/11.2023_8-1.jpeg\"><img loading=\"lazy\" decoding=\"async\" width=\"768\" height=\"1024\" src=\"https:\/\/regs-burg-stargard.de\/wordpress\/wp-content\/uploads\/2023\/11\/11.2023_8-1-768x1024.jpeg\" alt=\"\" class=\"wp-image-4382 colorbox-4273\" srcset=\"https:\/\/regs-burg-stargard.de\/wordpress\/wp-content\/uploads\/2023\/11\/11.2023_8-1-768x1024.jpeg 768w, https:\/\/regs-burg-stargard.de\/wordpress\/wp-content\/uploads\/2023\/11\/11.2023_8-1-225x300.jpeg 225w, https:\/\/regs-burg-stargard.de\/wordpress\/wp-content\/uploads\/2023\/11\/11.2023_8-1-300x400.jpeg 300w, https:\/\/regs-burg-stargard.de\/wordpress\/wp-content\/uploads\/2023\/11\/11.2023_8-1-1152x1536.jpeg 1152w, https:\/\/regs-burg-stargard.de\/wordpress\/wp-content\/uploads\/2023\/11\/11.2023_8-1.jpeg 1536w\" sizes=\"auto, (max-width: 768px) 100vw, 768px\" \/><\/a><\/figure>\n<\/div>\n\n\n\n<div class=\"wp-block-column is-layout-flow wp-block-column-is-layout-flow\">\n<figure class=\"wp-block-image size-large is-resized\"><a href=\"https:\/\/regs-burg-stargard.de\/wordpress\/wp-content\/uploads\/2023\/11\/11.2023_2.jpg\"><img loading=\"lazy\" decoding=\"async\" width=\"1024\" height=\"768\" src=\"https:\/\/regs-burg-stargard.de\/wordpress\/wp-content\/uploads\/2023\/11\/11.2023_2-1024x768.jpg\" alt=\"\" class=\"wp-image-4379 colorbox-4273\" style=\"aspect-ratio:1.3333333333333333;width:267px;height:auto\" srcset=\"https:\/\/regs-burg-stargard.de\/wordpress\/wp-content\/uploads\/2023\/11\/11.2023_2-1024x768.jpg 1024w, https:\/\/regs-burg-stargard.de\/wordpress\/wp-content\/uploads\/2023\/11\/11.2023_2-300x225.jpg 300w, https:\/\/regs-burg-stargard.de\/wordpress\/wp-content\/uploads\/2023\/11\/11.2023_2-768x576.jpg 768w, https:\/\/regs-burg-stargard.de\/wordpress\/wp-content\/uploads\/2023\/11\/11.2023_2-1536x1152.jpg 1536w, https:\/\/regs-burg-stargard.de\/wordpress\/wp-content\/uploads\/2023\/11\/11.2023_2.jpg 1600w\" sizes=\"auto, (max-width: 1024px) 100vw, 1024px\" \/><\/a><\/figure>\n<\/div>\n<\/div>\n\n\n\n<p><\/p>\n\n\n\n<h3 class=\"wp-block-heading\">Spa\u00df in der Ganztagsschule<\/h3>\n\n\n\n<h4 class=\"wp-block-heading\">Angebote 2023\/2024<\/h4>\n\n\n\n<p>Auch in diesem Schuljahr haben die Sch\u00fclerinnen und Sch\u00fcler der 5. Klassen die Qual der Wahl. Im Rahmen der Ganztagsbeschulung stehen den Kids ganz verschiedene Besch\u00e4ftigungsangebote zur Verf\u00fcgung. <br>So kommen die Athleten im Kurs \u201eSportspiele\u201c bei Herrn Rohe voll und ganz auf ihre Kosten.<br>Andere kommen bei dem Denksport \u201eSchach\u201c ins Schwitzen. Herr Gerlieb hilft beim Erlernen des Spiels und dem Entwickeln von Strategien.<br>Sch\u00fclerinnen und Sch\u00fcler, die sich gerne k\u00fcnstlerisch ausleben m\u00f6chten, k\u00f6nnen dies in der Kunstwerkstatt unter dem Motto \u201eMalen, Modellieren, Ausprobieren\u201c unter der Leitung von Frau Gro\u00dfe machen.<br>Lecker und gesund werden die Kinder im Kurs \u201eKochen und Backen\u201c zu wahren SchmExperten. Gemeinsam mit Frau Lukasczyk lernen die Sch\u00fclerinnen und Sch\u00fcler Wissenswertes \u00fcber Lebensmittel, echte K\u00fcchen- und Zubereitungstipps und verwandeln so die Schule allw\u00f6chentlich in einen wohlduftenden Lernort.<br>Alle B\u00fccherfreunde k\u00f6nnen ihrer Leidenschaft im Leseclub, der von Frau Jock geleitet wird, nachgehen. Hier werden B\u00fccher gelesen und besprochen, die Stadt- und Schulbibliothek erkundet und einfach gemeinsam Lesespass erlebt.<br>F\u00fcr jeden Notfall gewappnet, sind zuk\u00fcnftig die Ersthelfer. \u201eVom Pflastertrick bis zur stabilen Seitenlage\u201c lernen die Sch\u00fclerinnen und Sch\u00fcler bei Herrn H\u00e4nisch alles Wissenswerte zur und \u00fcber die Erste Hilfe.<br>Ob S\u00e4nger, Violinist, Keyboarder, Schlagzeuger oder Gitarrist, in der Schulband unter der Leitung von Herrn Ivanov wird gemeinsam musiziert.<br><br>J. Streich<br>GTS-Verantwortliche<\/p>\n\n\n\n<div class=\"wp-block-columns is-layout-flex wp-container-core-columns-is-layout-28f84493 wp-block-columns-is-layout-flex\">\n<div class=\"wp-block-column is-layout-flow wp-block-column-is-layout-flow\">\n<figure class=\"wp-block-image size-full\"><a href=\"https:\/\/regs-burg-stargard.de\/wordpress\/wp-content\/uploads\/2023\/11\/1-4.png\"><img loading=\"lazy\" decoding=\"async\" width=\"619\" height=\"473\" src=\"https:\/\/regs-burg-stargard.de\/wordpress\/wp-content\/uploads\/2023\/11\/1-4.png\" alt=\"\" class=\"wp-image-4360 colorbox-4273\" srcset=\"https:\/\/regs-burg-stargard.de\/wordpress\/wp-content\/uploads\/2023\/11\/1-4.png 619w, https:\/\/regs-burg-stargard.de\/wordpress\/wp-content\/uploads\/2023\/11\/1-4-300x229.png 300w\" sizes=\"auto, (max-width: 619px) 100vw, 619px\" \/><\/a><\/figure>\n<\/div>\n\n\n\n<div class=\"wp-block-column is-layout-flow wp-block-column-is-layout-flow\">\n<figure class=\"wp-block-image size-full\"><a href=\"https:\/\/regs-burg-stargard.de\/wordpress\/wp-content\/uploads\/2023\/11\/2-2.jpg\"><img loading=\"lazy\" decoding=\"async\" width=\"732\" height=\"549\" src=\"https:\/\/regs-burg-stargard.de\/wordpress\/wp-content\/uploads\/2023\/11\/2-2.jpg\" alt=\"\" class=\"wp-image-4361 colorbox-4273\" srcset=\"https:\/\/regs-burg-stargard.de\/wordpress\/wp-content\/uploads\/2023\/11\/2-2.jpg 732w, https:\/\/regs-burg-stargard.de\/wordpress\/wp-content\/uploads\/2023\/11\/2-2-300x225.jpg 300w\" sizes=\"auto, (max-width: 732px) 100vw, 732px\" \/><\/a><\/figure>\n<\/div>\n<\/div>\n\n\n\n<div class=\"wp-block-columns is-layout-flex wp-container-core-columns-is-layout-28f84493 wp-block-columns-is-layout-flex\">\n<div class=\"wp-block-column is-layout-flow wp-block-column-is-layout-flow\">\n<figure class=\"wp-block-image size-full\"><a href=\"https:\/\/regs-burg-stargard.de\/wordpress\/wp-content\/uploads\/2023\/11\/3-2.jpg\"><img loading=\"lazy\" decoding=\"async\" width=\"616\" height=\"462\" src=\"https:\/\/regs-burg-stargard.de\/wordpress\/wp-content\/uploads\/2023\/11\/3-2.jpg\" alt=\"\" class=\"wp-image-4363 colorbox-4273\" srcset=\"https:\/\/regs-burg-stargard.de\/wordpress\/wp-content\/uploads\/2023\/11\/3-2.jpg 616w, https:\/\/regs-burg-stargard.de\/wordpress\/wp-content\/uploads\/2023\/11\/3-2-300x225.jpg 300w\" sizes=\"auto, (max-width: 616px) 100vw, 616px\" \/><\/a><\/figure>\n<\/div>\n\n\n\n<div class=\"wp-block-column is-layout-flow wp-block-column-is-layout-flow\">\n<figure class=\"wp-block-image size-full\"><a href=\"https:\/\/regs-burg-stargard.de\/wordpress\/wp-content\/uploads\/2023\/11\/4-2.jpg\"><img loading=\"lazy\" decoding=\"async\" width=\"640\" height=\"480\" src=\"https:\/\/regs-burg-stargard.de\/wordpress\/wp-content\/uploads\/2023\/11\/4-2.jpg\" alt=\"\" class=\"wp-image-4368 colorbox-4273\" srcset=\"https:\/\/regs-burg-stargard.de\/wordpress\/wp-content\/uploads\/2023\/11\/4-2.jpg 640w, https:\/\/regs-burg-stargard.de\/wordpress\/wp-content\/uploads\/2023\/11\/4-2-300x225.jpg 300w\" sizes=\"auto, (max-width: 640px) 100vw, 640px\" \/><\/a><\/figure>\n<\/div>\n\n\n\n<div class=\"wp-block-column is-layout-flow wp-block-column-is-layout-flow\">\n<figure class=\"wp-block-image size-full\"><a href=\"https:\/\/regs-burg-stargard.de\/wordpress\/wp-content\/uploads\/2023\/11\/5-2.jpg\"><img loading=\"lazy\" decoding=\"async\" width=\"375\" height=\"501\" src=\"https:\/\/regs-burg-stargard.de\/wordpress\/wp-content\/uploads\/2023\/11\/5-2.jpg\" alt=\"\" class=\"wp-image-4364 colorbox-4273\" srcset=\"https:\/\/regs-burg-stargard.de\/wordpress\/wp-content\/uploads\/2023\/11\/5-2.jpg 375w, https:\/\/regs-burg-stargard.de\/wordpress\/wp-content\/uploads\/2023\/11\/5-2-225x300.jpg 225w, https:\/\/regs-burg-stargard.de\/wordpress\/wp-content\/uploads\/2023\/11\/5-2-300x400.jpg 300w\" sizes=\"auto, (max-width: 375px) 100vw, 375px\" \/><\/a><\/figure>\n<\/div>\n<\/div>\n\n\n\n<div class=\"wp-block-columns is-layout-flex wp-container-core-columns-is-layout-28f84493 wp-block-columns-is-layout-flex\">\n<div class=\"wp-block-column is-layout-flow wp-block-column-is-layout-flow\">\n<figure class=\"wp-block-image size-full\"><a href=\"https:\/\/regs-burg-stargard.de\/wordpress\/wp-content\/uploads\/2023\/11\/6-2.jpg\"><img loading=\"lazy\" decoding=\"async\" width=\"793\" height=\"594\" src=\"https:\/\/regs-burg-stargard.de\/wordpress\/wp-content\/uploads\/2023\/11\/6-2.jpg\" alt=\"\" class=\"wp-image-4365 colorbox-4273\" srcset=\"https:\/\/regs-burg-stargard.de\/wordpress\/wp-content\/uploads\/2023\/11\/6-2.jpg 793w, https:\/\/regs-burg-stargard.de\/wordpress\/wp-content\/uploads\/2023\/11\/6-2-300x225.jpg 300w, https:\/\/regs-burg-stargard.de\/wordpress\/wp-content\/uploads\/2023\/11\/6-2-768x575.jpg 768w\" sizes=\"auto, (max-width: 793px) 100vw, 793px\" \/><\/a><\/figure>\n<\/div>\n\n\n\n<div class=\"wp-block-column is-layout-flow wp-block-column-is-layout-flow\">\n<figure class=\"wp-block-image size-full\"><a href=\"https:\/\/regs-burg-stargard.de\/wordpress\/wp-content\/uploads\/2023\/11\/7-2.jpg\"><img loading=\"lazy\" decoding=\"async\" width=\"748\" height=\"561\" src=\"https:\/\/regs-burg-stargard.de\/wordpress\/wp-content\/uploads\/2023\/11\/7-2.jpg\" alt=\"\" class=\"wp-image-4366 colorbox-4273\" srcset=\"https:\/\/regs-burg-stargard.de\/wordpress\/wp-content\/uploads\/2023\/11\/7-2.jpg 748w, https:\/\/regs-burg-stargard.de\/wordpress\/wp-content\/uploads\/2023\/11\/7-2-300x225.jpg 300w\" sizes=\"auto, (max-width: 748px) 100vw, 748px\" \/><\/a><\/figure>\n<\/div>\n<\/div>\n\n\n\n<p><\/p>\n\n\n\n<h3 class=\"wp-block-heading\">Per Keramik in die Jungsteinzeit!<\/h3>\n\n\n\n<h4 class=\"wp-block-heading\">Das Geschichtsprojekt der 6. Klassen der Regionalen Schule<\/h4>\n\n\n\n<p>Auch in diesem Jahr gab es f\u00fcr die 6. Klassen unserer Schule die Gelegenheit, das Leben der Menschen in der Jungsteinzeit vor rund 5000 Jahren n\u00e4her kennen zu lernen. Am 25. Oktober stand f\u00fcr die Sch\u00fclerinnen und Sch\u00fcler der 6a, b und c je zwei Stunden lang ein Projekt zur Urgeschichte auf dem Plan. Unter Anleitung von Frau Gro\u00dfe von der Kunstwerkstatt konnten sie ihre Kenntnisse aus dem Geschichtsunterricht einmal auf ganz praktische Weise anwenden und die Arbeit mit einer der wichtigsten Erfindungen der Jungsteinzeit testen: die Keramik. Mithilfe von selbstangefertigten Kohlezeichnungen sowie ein paar einfachen Werkzeugen (wie Schn\u00fcre&nbsp; oder Holzst\u00e4bchen) stellten sie aus einzelnen St\u00fccken Ton kleine Gegenst\u00e4nde her. Neben Gef\u00e4\u00dfen, wie Schalen, Vasen oder Bechern, die ganz verschieden gestaltet und teilweise reich verziert wurden, versuchten sich einige Sch\u00fclerinnen und Sch\u00fcler auch an der individuellen Darstellung von Tieren oder Figuren. Auf die fertigen Ergebnisse, die wir nach dem Trocknen und Brennen des Tons erhalten werden, freuen wir uns schon sehr. So brachte uns dieser Tag nicht nur viel Sch\u00f6nes und Kreatives aus eigener Herstellung, sondern zugleich die Erkenntnis, \u00fcber welch eindrucksvolle handwerkliche wie k\u00fcnstlerische F\u00e4higkeiten unsere fr\u00fchen Vorfahren bereits verf\u00fcgten.<br><br>U. Matzke<br>Klassenlehrerin Kl. 6b<\/p>\n\n\n\n<div class=\"wp-block-columns is-layout-flex wp-container-core-columns-is-layout-28f84493 wp-block-columns-is-layout-flex\">\n<div class=\"wp-block-column is-layout-flow wp-block-column-is-layout-flow\">\n<figure class=\"wp-block-image size-full\"><a href=\"https:\/\/regs-burg-stargard.de\/wordpress\/wp-content\/uploads\/2023\/11\/Geschichtsprojekt_25.10.2023.jpg\"><img loading=\"lazy\" decoding=\"async\" width=\"512\" height=\"384\" src=\"https:\/\/regs-burg-stargard.de\/wordpress\/wp-content\/uploads\/2023\/11\/Geschichtsprojekt_25.10.2023.jpg\" alt=\"\" class=\"wp-image-4335 colorbox-4273\" srcset=\"https:\/\/regs-burg-stargard.de\/wordpress\/wp-content\/uploads\/2023\/11\/Geschichtsprojekt_25.10.2023.jpg 512w, https:\/\/regs-burg-stargard.de\/wordpress\/wp-content\/uploads\/2023\/11\/Geschichtsprojekt_25.10.2023-300x225.jpg 300w\" sizes=\"auto, (max-width: 512px) 100vw, 512px\" \/><\/a><\/figure>\n<\/div>\n\n\n\n<div class=\"wp-block-column is-layout-flow wp-block-column-is-layout-flow\">\n<figure class=\"wp-block-image size-full\"><a href=\"https:\/\/regs-burg-stargard.de\/wordpress\/wp-content\/uploads\/2023\/11\/Geschichtsprojekt_25.10.2023_2.jpg\"><img loading=\"lazy\" decoding=\"async\" width=\"308\" height=\"408\" src=\"https:\/\/regs-burg-stargard.de\/wordpress\/wp-content\/uploads\/2023\/11\/Geschichtsprojekt_25.10.2023_2.jpg\" alt=\"\" class=\"wp-image-4337 colorbox-4273\" srcset=\"https:\/\/regs-burg-stargard.de\/wordpress\/wp-content\/uploads\/2023\/11\/Geschichtsprojekt_25.10.2023_2.jpg 308w, https:\/\/regs-burg-stargard.de\/wordpress\/wp-content\/uploads\/2023\/11\/Geschichtsprojekt_25.10.2023_2-226x300.jpg 226w\" sizes=\"auto, (max-width: 308px) 100vw, 308px\" \/><\/a><\/figure>\n<\/div>\n<\/div>\n\n\n\n<p><\/p>\n\n\n\n<h3 class=\"wp-block-heading\">Zeitkapsel bei Grundsteinlegung f\u00fcr neue Mensa versenkt<\/h3>\n\n\n\n<p>Am 5. Oktober war es soweit: Bei der Grundsteinlegung f\u00fcr die neue Mensa, die auf unserem Schulhof gebaut wird, konnten unsere Klassensprecher Mailo und Amelie die von unserer Klasse bef\u00fcllte Zeitkapsel ins Fundament einlassen.<br>Nachdem Frau Schwenn uns den Auftrag gegeben hatte, die Zeitkapsel zu gestalten, haben wir \u00fcberlegt, was man da einf\u00fcllen k\u00f6nnte. Am Ende wurden es Briefe an die zuk\u00fcnftigen Finder, in denen wir \u00fcber unsere Schule und uns selbst berichten. Au\u00dferdem stellte Mailo sein altes Hausaufgabenheft zur Verf\u00fcgung, aber auch eine verhauene Leistungskontrolle, der aktuelle Speiseplan, Essenmarken und ein Satz Eurom\u00fcnzen mit dem Pr\u00e4gedatum 2023 kamen mit in die Zeitkapsel.<br>Obwohl es bei der Grundsteinlegung geregnet hat, waren wir sehr gern dabei, denn man kann schon gut erkennen, wie sch\u00f6n und gro\u00df die Mensa sein wird. Wir freuen uns sehr, dass bald unser Schulhof wieder ganz zum Spielen nutzbar sein wird und alle Kinder der beiden Schulen viel Platz zum Essen haben werden.<br><br>Klasse 6b<br>S. Eskaf<\/p>\n\n\n\n<div class=\"wp-block-columns is-layout-flex wp-container-core-columns-is-layout-28f84493 wp-block-columns-is-layout-flex\">\n<div class=\"wp-block-column is-layout-flow wp-block-column-is-layout-flow\">\n<figure class=\"wp-block-image size-large\"><a href=\"https:\/\/regs-burg-stargard.de\/wordpress\/wp-content\/uploads\/2023\/10\/IMG_1165-scaled.jpg\"><img loading=\"lazy\" decoding=\"async\" width=\"1024\" height=\"768\" src=\"https:\/\/regs-burg-stargard.de\/wordpress\/wp-content\/uploads\/2023\/10\/IMG_1165-1024x768.jpg\" alt=\"\" class=\"wp-image-4323 colorbox-4273\" srcset=\"https:\/\/regs-burg-stargard.de\/wordpress\/wp-content\/uploads\/2023\/10\/IMG_1165-1024x768.jpg 1024w, https:\/\/regs-burg-stargard.de\/wordpress\/wp-content\/uploads\/2023\/10\/IMG_1165-300x225.jpg 300w, https:\/\/regs-burg-stargard.de\/wordpress\/wp-content\/uploads\/2023\/10\/IMG_1165-768x576.jpg 768w, https:\/\/regs-burg-stargard.de\/wordpress\/wp-content\/uploads\/2023\/10\/IMG_1165-1536x1152.jpg 1536w, https:\/\/regs-burg-stargard.de\/wordpress\/wp-content\/uploads\/2023\/10\/IMG_1165-2048x1536.jpg 2048w\" sizes=\"auto, (max-width: 1024px) 100vw, 1024px\" \/><\/a><\/figure>\n<\/div>\n\n\n\n<div class=\"wp-block-column is-layout-flow wp-block-column-is-layout-flow\">\n<figure class=\"wp-block-image size-large\"><a href=\"https:\/\/regs-burg-stargard.de\/wordpress\/wp-content\/uploads\/2023\/10\/Mensa-Stargard-Grundsteinlegung-Zeitkapsel_1_2-scaled.jpg\"><img loading=\"lazy\" decoding=\"async\" width=\"1024\" height=\"768\" src=\"https:\/\/regs-burg-stargard.de\/wordpress\/wp-content\/uploads\/2023\/10\/Mensa-Stargard-Grundsteinlegung-Zeitkapsel_1_2-1024x768.jpg\" alt=\"\" class=\"wp-image-4324 colorbox-4273\" srcset=\"https:\/\/regs-burg-stargard.de\/wordpress\/wp-content\/uploads\/2023\/10\/Mensa-Stargard-Grundsteinlegung-Zeitkapsel_1_2-1024x768.jpg 1024w, https:\/\/regs-burg-stargard.de\/wordpress\/wp-content\/uploads\/2023\/10\/Mensa-Stargard-Grundsteinlegung-Zeitkapsel_1_2-300x225.jpg 300w, https:\/\/regs-burg-stargard.de\/wordpress\/wp-content\/uploads\/2023\/10\/Mensa-Stargard-Grundsteinlegung-Zeitkapsel_1_2-768x576.jpg 768w, https:\/\/regs-burg-stargard.de\/wordpress\/wp-content\/uploads\/2023\/10\/Mensa-Stargard-Grundsteinlegung-Zeitkapsel_1_2-1536x1152.jpg 1536w, https:\/\/regs-burg-stargard.de\/wordpress\/wp-content\/uploads\/2023\/10\/Mensa-Stargard-Grundsteinlegung-Zeitkapsel_1_2-2048x1536.jpg 2048w\" sizes=\"auto, (max-width: 1024px) 100vw, 1024px\" \/><\/a><\/figure>\n<\/div>\n<\/div>\n\n\n\n<p><\/p>\n\n\n\n<h3 class=\"wp-block-heading\">Deutschstunde der besonderen Art<\/h3>\n\n\n\n<h4 class=\"wp-block-heading\"><strong>Buchlesung mit Claudia Gliermann \u2013 Papas Seele hat Schnupfen<\/strong><\/h4>\n\n\n\n<p>Kann eine Seele Schnupfen haben? Das fragten sich die Sch\u00fcler der Klasse 5a am 26.September in ihrer Deutschstunde, die ganz anders verlief als sonst.<br>Die Autorin Claudia Gliemann war mit ihrem neuen Buch zur Lesung eingeladen und las nicht nur aus ihrer Geschichte vor, sondern untermalte ihre Erz\u00e4hlung durch selbstkomponierte einf\u00fchlsame Lieder mit Gitarrenbegleitung.<br>Die Kinder stellten nicht nur viele Fragen, die im gemeinsamen Austausch besprochen wurden, sie bekamen auch Gestaltungsangebote, um sich dem Thema Depression behutsam und kindgerecht zu n\u00e4hern.<br>Diese Angebote nahmen die F\u00fcnftkl\u00e4ssler sehr aufgeschlossen an und zeigten mit ihren Arbeitsergebnissen, dass sie die Geschichte um Nele und ihren kranken Vater sehr bewegt hat. Sie w\u00fcnschen sich ebenso wie ihre Mitsch\u00fcler aus den Parallelklassen eine baldige Wiederholung.<br><br>A. Retzar<br>Klassenlehrerin Kl. 5a<\/p>\n\n\n\n<figure class=\"wp-block-image size-medium is-resized\"><a href=\"https:\/\/regs-burg-stargard.de\/wordpress\/wp-content\/uploads\/2023\/10\/Buchlesung_1696521939587-1.jpg\"><img loading=\"lazy\" decoding=\"async\" width=\"300\" height=\"291\" src=\"https:\/\/regs-burg-stargard.de\/wordpress\/wp-content\/uploads\/2023\/10\/Buchlesung_1696521939587-1-300x291.jpg\" alt=\"\" class=\"wp-image-4319 colorbox-4273\" style=\"width:328px;height:319px\" srcset=\"https:\/\/regs-burg-stargard.de\/wordpress\/wp-content\/uploads\/2023\/10\/Buchlesung_1696521939587-1-300x291.jpg 300w, https:\/\/regs-burg-stargard.de\/wordpress\/wp-content\/uploads\/2023\/10\/Buchlesung_1696521939587-1-1024x994.jpg 1024w, https:\/\/regs-burg-stargard.de\/wordpress\/wp-content\/uploads\/2023\/10\/Buchlesung_1696521939587-1-768x746.jpg 768w, https:\/\/regs-burg-stargard.de\/wordpress\/wp-content\/uploads\/2023\/10\/Buchlesung_1696521939587-1-1536x1492.jpg 1536w, https:\/\/regs-burg-stargard.de\/wordpress\/wp-content\/uploads\/2023\/10\/Buchlesung_1696521939587-1.jpg 1836w\" sizes=\"auto, (max-width: 300px) 100vw, 300px\" \/><\/a><\/figure>\n\n\n\n<h3 class=\"wp-block-heading\"><strong><em>Eine gute Idee!<\/em><\/strong><\/h3>\n\n\n\n<h4 class=\"wp-block-heading\"><strong><em>Ein Freiwilliges Soziales Jahr (Bundesfreiwilligendienst) an der Regionalen Schule Burg Stargard<\/em><\/strong><\/h4>\n\n\n\n<p>Du m\u00f6chtest einen Einblick in p\u00e4dagogische und soziale Berufe gewinnen und dich engagiert in die Arbeit mit Kindern und Jugendlichen einbringen?<br>Dann bewirb dich f\u00fcr ein Freiwilliges Soziales Jahr an der Regionalen Schule Burg Stargard. <\/p>\n\n\n\n<p><strong><em>Folgende Einsatzbereiche erwarten dich:<\/em><\/strong><\/p>\n\n\n\n<ul class=\"wp-block-list\">\n<li>Unterst\u00fctzung der Lehrkr\u00e4fte im Unterricht und der Aufsichtst\u00e4tigkeit<\/li>\n\n\n\n<li>Unterst\u00fctzung der GTS-Angebote und Hausaufgabenbetreuung<\/li>\n\n\n\n<li>Unterst\u00fctzung der Lehrkr\u00e4fte in der Organisation von Projekten und Schulfesten<\/li>\n<\/ul>\n\n\n\n<p><strong><em>Das bringst du mit:<\/em><\/strong><\/p>\n\n\n\n<ul class=\"wp-block-list\">\n<li>Verantwortungsbewusstsein, Einsatzbereitschaft, Zuverl\u00e4ssigkeit<\/li>\n\n\n\n<li>abgeschlossene Schulausbildung (Mittlere Reife \/ Abitur)<\/li>\n<\/ul>\n\n\n\n<p><strong><em>Deine Bewerbungsunterlagen sende bitte ab sofort an:<\/em><\/strong><br>Regionale Schule Burg Stargard<br>Kl\u00fcschenbergstra\u00dfe 13<br>17094 Burg Stargard<br>Tel. 039603 20312<br>E-Mail: <a href=\"mailto:schule@regs-burg-stargard.de\">schule@regs-burg-stargard.de<\/a><\/p>\n\n\n\n<p><\/p>\n\n\n\n<h3 class=\"wp-block-heading\"><strong>Informationen zum Schulstart am 28.08.2023<\/strong><\/h3>\n\n\n\n<p><strong>Liebe Eltern!<\/strong><br>Aufgrund des schlechten Wetters in den Sommerferien konnten die Bauma\u00dfnahmen am Auladach noch nicht abgeschlossen werden. Fortgesetzt werden nat\u00fcrlich auch die Arbeiten an der Baustelle Mensa.<br>Die Bauarbeiten am Dach und somit die Sperrung der Aula werden noch ca. 1-2 Wochen andauern. Das hat Auswirkungen auf den Schulbetrieb, da Bereiche des Schulhofs gesperrt sind und die Nutzung der Fachr\u00e4ume nur eingeschr\u00e4nkt m\u00f6glich ist. Aus diesem Grund endet der Unterricht in der 1. Schulwoche f\u00fcr alle Klassen bereits nach der 5. Stunde um 12.00 Uhr. Die Mittagsversorgung kann genutzt werden.<br>Der Zugang zu den Klassenr\u00e4umen erfolgt \u00fcber die Seiteneing\u00e4nge entsprechend der Lage der R\u00e4ume. Die Klassenlehrer*innen werden am Montag ab 7.20 &#8211; 7.30 Uhr vor den Eing\u00e4ngen die Sch\u00fcler*innen in Empfang nehmen. Die Klasse 9a wird im Physikraum unterrichtet. Die 5. Klassen treffen sich auf dem Schulhof, Eingang Kl\u00fcschenbergstra\u00dfe, werden dort durch die Klassenlehrer*innen begr\u00fc\u00dft und gehen dann gemeinsam in die R\u00e4ume.<br>Nach dem Unterricht bleiben die Fahrsch\u00fcler*innen der 5.\/6. Klassen noch bis 12.20 Uhr auf dem Schulhof unter Aufsicht einer Lehrkraft, um eine \u00dcberlastung an der Haltestelle zu vermeiden. Nat\u00fcrlich k\u00f6nnen auch die Fahrsch\u00fcler der anderen Jahrgangsstufen bis zur Abfahrt der Busse auf dem Schulhof warten.<br>Durch die Baustelle Mensa sind Zug\u00e4nge auf den Schulhof gesperrt. Am Montag,28.08.2023 wird der Bauzaun in Richtung Bushaltestelle von 7.10 &#8211; 7.35 Uhr ge\u00f6ffnet sein und die Sch\u00fcler k\u00f6nnen \u00fcber diesen Weg den Schulhof betreten. F\u00fcr die kommende Zeit ist das Betreten des Hofes aus dieser Richtung dann nur \u00fcber den Eingang Kl\u00fcschenbergstra\u00dfe bzw. \u00fcber den Hof der Grundschule m\u00f6glich. Bitte die Absperrungen beachten. Eine Belehrung \u00fcber die Wegef\u00fchrung und das Verhalten w\u00e4hrend der Bauma\u00dfnahmen erfolgt am 1. Schultag.<br>Ich bitte um Ihr Verst\u00e4ndnis, freue mich aber trotzdem auf einen guten Schulstart am Montag!<br><br>S.Schwenn<br>Schulleiterin<\/p>\n","protected":false},"excerpt":{"rendered":"<p>Informationen zur Schulbuchausgabe 2024\/2025 &#8211; 5. Klasse Die Ausgabe der Schulb\u00fccher und Arbeitshefte f\u00fcr die 5. Klassen erfolgt am Donnerstag, dem 29.08.2024 von 14:00 bis 17:00 Uhr in der Bibliothek der Regionalen Schule Burg Stargard.Es besteht auch die M\u00f6glichkeit, dass die Sch\u00fcler ihre Schulb\u00fccher am ersten Schultag (02.09.2024) vom Klassenlehrer erhalten. S. SchwennSchulleiterin Mit Volldampf [&hellip;]<\/p>\n","protected":false},"author":17,"featured_media":0,"parent":0,"menu_order":0,"comment_status":"closed","ping_status":"closed","template":"","meta":{"site-sidebar-layout":"default","site-content-layout":"","ast-site-content-layout":"default","site-content-style":"default","site-sidebar-style":"default","ast-global-header-display":"","ast-banner-title-visibility":"","ast-main-header-display":"","ast-hfb-above-header-display":"","ast-hfb-below-header-display":"","ast-hfb-mobile-header-display":"","site-post-title":"","ast-breadcrumbs-content":"","ast-featured-img":"","footer-sml-layout":"","theme-transparent-header-meta":"","adv-header-id-meta":"","stick-header-meta":"","header-above-stick-meta":"","header-main-stick-meta":"","header-below-stick-meta":"","astra-migrate-meta-layouts":"default","ast-page-background-enabled":"default","ast-page-background-meta":{"desktop":{"background-color":"","background-image":"","background-repeat":"repeat","background-position":"center center","background-size":"auto","background-attachment":"scroll","background-type":"","background-media":"","overlay-type":"","overlay-color":"","overlay-opacity":"","overlay-gradient":""},"tablet":{"background-color":"","background-image":"","background-repeat":"repeat","background-position":"center center","background-size":"auto","background-attachment":"scroll","background-type":"","background-media":"","overlay-type":"","overlay-color":"","overlay-opacity":"","overlay-gradient":""},"mobile":{"background-color":"","background-image":"","background-repeat":"repeat","background-position":"center center","background-size":"auto","background-attachment":"scroll","background-type":"","background-media":"","overlay-type":"","overlay-color":"","overlay-opacity":"","overlay-gradient":""}},"ast-content-background-meta":{"desktop":{"background-color":"var(--ast-global-color-5)","background-image":"","background-repeat":"repeat","background-position":"center center","background-size":"auto","background-attachment":"scroll","background-type":"","background-media":"","overlay-type":"","overlay-color":"","overlay-opacity":"","overlay-gradient":""},"tablet":{"background-color":"var(--ast-global-color-5)","background-image":"","background-repeat":"repeat","background-position":"center center","background-size":"auto","background-attachment":"scroll","background-type":"","background-media":"","overlay-type":"","overlay-color":"","overlay-opacity":"","overlay-gradient":""},"mobile":{"background-color":"var(--ast-global-color-5)","background-image":"","background-repeat":"repeat","background-position":"center center","background-size":"auto","background-attachment":"scroll","background-type":"","background-media":"","overlay-type":"","overlay-color":"","overlay-opacity":"","overlay-gradient":""}},"ngg_post_thumbnail":0,"footnotes":""},"class_list":["post-4273","page","type-page","status-publish","hentry"],"_links":{"self":[{"href":"https:\/\/regs-burg-stargard.de\/wordpress\/wp-json\/wp\/v2\/pages\/4273","targetHints":{"allow":["GET"]}}],"collection":[{"href":"https:\/\/regs-burg-stargard.de\/wordpress\/wp-json\/wp\/v2\/pages"}],"about":[{"href":"https:\/\/regs-burg-stargard.de\/wordpress\/wp-json\/wp\/v2\/types\/page"}],"author":[{"embeddable":true,"href":"https:\/\/regs-burg-stargard.de\/wordpress\/wp-json\/wp\/v2\/users\/17"}],"replies":[{"embeddable":true,"href":"https:\/\/regs-burg-stargard.de\/wordpress\/wp-json\/wp\/v2\/comments?post=4273"}],"version-history":[{"count":52,"href":"https:\/\/regs-burg-stargard.de\/wordpress\/wp-json\/wp\/v2\/pages\/4273\/revisions"}],"predecessor-version":[{"id":4616,"href":"https:\/\/regs-burg-stargard.de\/wordpress\/wp-json\/wp\/v2\/pages\/4273\/revisions\/4616"}],"wp:attachment":[{"href":"https:\/\/regs-burg-stargard.de\/wordpress\/wp-json\/wp\/v2\/media?parent=4273"}],"curies":[{"name":"wp","href":"https:\/\/api.w.org\/{rel}","templated":true}]}}