{"id":4810,"date":"2025-09-15T10:34:42","date_gmt":"2025-09-15T08:34:42","guid":{"rendered":"https:\/\/regs-burg-stargard.de\/wordpress\/?page_id=4810"},"modified":"2026-04-30T10:49:30","modified_gmt":"2026-04-30T08:49:30","slug":"schuljahr-2025-2026","status":"publish","type":"page","link":"https:\/\/regs-burg-stargard.de\/wordpress\/schuljahr-2025-2026\/","title":{"rendered":"Schuljahr 2025\/2026"},"content":{"rendered":"\n<h3 class=\"wp-block-heading\"><strong><u>Ein Schachturnier der besonderen Art<\/u><\/strong><\/h3>\n\n\n\n<p>Zusammen mit Sch\u00fclerinnen und Sch\u00fclern von mehr als 1500 Schulen Europas beteiligten sich 8 Sch\u00fcler der 5. &#8211; 10. Klassen unserer Schule am Wettbewerb zum L\u00f6sen von Schachaufgaben.<\/p>\n\n\n\n<p>Der Wettbewerb fand am 26. M\u00e4rz 2026 an Schulen aus Polen, Spanien, Frankreich, Italien und Deutschland statt. Innerhalb von 60 Minuten musste jeder Wettbewerbsteilnehmer 30 Schachaufgaben l\u00f6sen. 30 Schachstellungen, bei denen jeweils der beste Zug gefunden werden musste: zur Erreichung eines Vorteils \u2013 materiell, positionell -, eine geschickte Taktik oder ein Verteidigungszug.<br><br>Alle Sch\u00fcler erhielten Urkunden. Die besten Ergebnisse erreichten <strong>Louis (Klasse 10) mit 42 Punkten und Matteo (7. Klasse) mit 48 Punkten<\/strong> \u2013 jeweils \u00fcberdurchschnittliche Leistungen!<br>Mit diesen Ergebnissen stellten sie Kombinationsverm\u00f6gen und Kampfgeist unter Beweis \u2013 Eigenschaften, die sie beim n\u00e4chsten Spiel am Brett unbedingt ben\u00f6tigen.<br><br>Unsere Schule erwarb mit der Wettbewerbsteilnahme das <strong>Zertifikat \u201eSchachschule\u201c<\/strong><br><br>Peter Gerlieb<br>Kooperationspartner GTS<br>Regionale Schule Burg Stargard<\/p>\n\n\n\n<figure class=\"wp-block-image size-large\"><a href=\"https:\/\/regs-burg-stargard.de\/wordpress\/wp-content\/uploads\/2026\/04\/Schachwettbewerb-scaled.jpg\"><img loading=\"lazy\" decoding=\"async\" width=\"1024\" height=\"577\" src=\"https:\/\/regs-burg-stargard.de\/wordpress\/wp-content\/uploads\/2026\/04\/Schachwettbewerb-1024x577.jpg\" alt=\"\" class=\"wp-image-4925 colorbox-4810\" srcset=\"https:\/\/regs-burg-stargard.de\/wordpress\/wp-content\/uploads\/2026\/04\/Schachwettbewerb-1024x577.jpg 1024w, https:\/\/regs-burg-stargard.de\/wordpress\/wp-content\/uploads\/2026\/04\/Schachwettbewerb-300x169.jpg 300w, https:\/\/regs-burg-stargard.de\/wordpress\/wp-content\/uploads\/2026\/04\/Schachwettbewerb-768x432.jpg 768w, https:\/\/regs-burg-stargard.de\/wordpress\/wp-content\/uploads\/2026\/04\/Schachwettbewerb-1536x865.jpg 1536w, https:\/\/regs-burg-stargard.de\/wordpress\/wp-content\/uploads\/2026\/04\/Schachwettbewerb-2048x1153.jpg 2048w\" sizes=\"auto, (max-width: 1024px) 100vw, 1024px\" \/><\/a><\/figure>\n\n\n\n<h3 class=\"wp-block-heading\"><strong>Ein galaktisch guter Schultag im DLR_School_Lab<\/strong><\/h3>\n\n\n\n<h4 class=\"wp-block-heading\"><strong>Physik mal anders<\/strong><\/h4>\n\n\n\n<p>Was f\u00fcr ein Tag! Unsere Klasse war unterwegs in Deutsches Zentrum f\u00fcr Luft- und Raumfahrt \u2013 genauer gesagt im DLR_School_Lab in Neustrelitz. Schon morgens ging\u2019s los, voller Vorfreude und mit ziemlich viel Energie im Gep\u00e4ck. Und eins k\u00f6nnen wir vorwegnehmen: Es hat sich mehr als gelohnt!<br>In vier spannenden Stationen durften wir echte Raumfahrtluft schnuppern. Besonders beeindruckend war die virtuelle Reise zur Internationalen Raumstation. Mit VR-Brillen auf der Nase konnten wir die ISS erkunden, als w\u00e4ren wir selbst Astronautinnen und Astronauten. Schwerelos durchs All schweben? F\u00fchlte sich fast so an!<br>An einer weiteren Station hie\u00df es: \u201eUnsichtbares sichtbar machen\u201c. Klingt geheimnisvoll \u2013 war es auch! Mit moderner Technik konnten wir Dinge entdecken, die man mit dem blo\u00dfen Auge normalerweise nicht sieht. Wissenschaft kann wirklich zaubern.<br>Technisch wurde es bei der Roboterstation. Hier durften wir selbst ausprobieren, t\u00fcfteln und steuern. Gar nicht so leicht, aber auf jeden Fall richtig spannend. Und dann ging\u2019s noch um den roten Planeten \u2013 also den Mars. Dabei haben wir sogar eigene 3D-Brillen gebaut und gelernt, wie r\u00e4umliches Sehen funktioniert. Ziemlich cool, wenn pl\u00f6tzlich alles plastisch vor einem auftaucht!<br>Zwischendurch gab es nat\u00fcrlich auch eine Pause zum Durchatmen, Quatschen und Staunen \u00fcber das, was wir schon alles erlebt hatten. Die jungen Kursleiterinnen und Kursleiter vor Ort haben das Ganze super organisiert und alles verst\u00e4ndlich und locker erkl\u00e4rt. Man hat gemerkt: Die lieben, was sie tun!<br>Zum kr\u00f6nenden Abschluss bekommt jetzt jedes Kind sogar eine hochwertige Teilnehmerurkunde \u2013 mit eigenem Namen und Unterschrift. Ein echtes Andenken an einen richtig starken Tag.<br>Fazit: Ein Vormittag voller Entdeckungen, Technik zum Anfassen und ganz viel Spa\u00df. So macht Lernen richtig Laune!<br><br>J. Streich<br>Klassenlehrerin Kl. 6a<\/p>\n\n\n\n<div class=\"wp-block-columns is-layout-flex wp-container-core-columns-is-layout-28f84493 wp-block-columns-is-layout-flex\">\n<div class=\"wp-block-column is-layout-flow wp-block-column-is-layout-flow\">\n<figure class=\"wp-block-image size-large\"><a href=\"https:\/\/regs-burg-stargard.de\/wordpress\/wp-content\/uploads\/2026\/03\/DLR_26.02.2026_4-1-scaled.jpg\"><img loading=\"lazy\" decoding=\"async\" width=\"577\" height=\"1024\" src=\"https:\/\/regs-burg-stargard.de\/wordpress\/wp-content\/uploads\/2026\/03\/DLR_26.02.2026_4-1-577x1024.jpg\" alt=\"\" class=\"wp-image-4918 colorbox-4810\" srcset=\"https:\/\/regs-burg-stargard.de\/wordpress\/wp-content\/uploads\/2026\/03\/DLR_26.02.2026_4-1-577x1024.jpg 577w, https:\/\/regs-burg-stargard.de\/wordpress\/wp-content\/uploads\/2026\/03\/DLR_26.02.2026_4-1-169x300.jpg 169w, https:\/\/regs-burg-stargard.de\/wordpress\/wp-content\/uploads\/2026\/03\/DLR_26.02.2026_4-1-768x1364.jpg 768w, https:\/\/regs-burg-stargard.de\/wordpress\/wp-content\/uploads\/2026\/03\/DLR_26.02.2026_4-1-865x1536.jpg 865w, https:\/\/regs-burg-stargard.de\/wordpress\/wp-content\/uploads\/2026\/03\/DLR_26.02.2026_4-1-1153x2048.jpg 1153w, https:\/\/regs-burg-stargard.de\/wordpress\/wp-content\/uploads\/2026\/03\/DLR_26.02.2026_4-1-scaled.jpg 1441w\" sizes=\"auto, (max-width: 577px) 100vw, 577px\" \/><\/a><\/figure>\n<\/div>\n\n\n\n<div class=\"wp-block-column is-layout-flow wp-block-column-is-layout-flow\">\n<figure class=\"wp-block-image size-large\"><a href=\"https:\/\/regs-burg-stargard.de\/wordpress\/wp-content\/uploads\/2026\/03\/DLR_26.02.2026_3-scaled.jpg\"><img loading=\"lazy\" decoding=\"async\" width=\"577\" height=\"1024\" src=\"https:\/\/regs-burg-stargard.de\/wordpress\/wp-content\/uploads\/2026\/03\/DLR_26.02.2026_3-577x1024.jpg\" alt=\"\" class=\"wp-image-4917 colorbox-4810\" srcset=\"https:\/\/regs-burg-stargard.de\/wordpress\/wp-content\/uploads\/2026\/03\/DLR_26.02.2026_3-577x1024.jpg 577w, https:\/\/regs-burg-stargard.de\/wordpress\/wp-content\/uploads\/2026\/03\/DLR_26.02.2026_3-169x300.jpg 169w, https:\/\/regs-burg-stargard.de\/wordpress\/wp-content\/uploads\/2026\/03\/DLR_26.02.2026_3-768x1364.jpg 768w, https:\/\/regs-burg-stargard.de\/wordpress\/wp-content\/uploads\/2026\/03\/DLR_26.02.2026_3-865x1536.jpg 865w, https:\/\/regs-burg-stargard.de\/wordpress\/wp-content\/uploads\/2026\/03\/DLR_26.02.2026_3-1153x2048.jpg 1153w, https:\/\/regs-burg-stargard.de\/wordpress\/wp-content\/uploads\/2026\/03\/DLR_26.02.2026_3-scaled.jpg 1441w\" sizes=\"auto, (max-width: 577px) 100vw, 577px\" \/><\/a><\/figure>\n<\/div>\n<\/div>\n\n\n\n<h4 class=\"wp-block-heading\"><strong>An die Elternh\u00e4user der Regionalen Schule Burg Stargard und deren Netzwerk:<\/strong><\/h4>\n\n\n\n<p>Liebe Eltern,<br>mit gro\u00dfer Anstrengung arbeiten wir daran, Ihren Kindern die beste Bildung, F\u00f6rderung und Unterst\u00fctzung zu erm\u00f6glichen. Dazu geh\u00f6rt nicht nur, den Unterricht abzusichern, sondern auch qualifiziertes Personal zu gewinnen. Der bundesweite Fachkr\u00e4ftemangel stellt uns dabei vor besondere Herausforderungen, tagt\u00e4glich werben und stellen wir ein.<br>Ein neues Informationsangebot sind die Jobb\u00f6rsen an Schulen, bei denen sich teils mehrere Schulen an einem Ort pr\u00e4sentieren, um f\u00fcr die vielf\u00e4ltigen T\u00e4tigkeiten an den Schulen zu werben. Hier k\u00f6nnen sich Interessierte \u00fcber die T\u00e4tigkeit als ausgebildete Lehrkraft, als Lehrkraft im Seiteneinstieg, als unterst\u00fctzende p\u00e4dagogische Fachkraft (upF) oder auch als Alltagshilfe informieren. Im Mittelpunkt der Veranstaltungen steht der pers\u00f6nliche Austausch.<br>Sie als Eltern wissen nicht nur, wie wichtig gute Lehrkr\u00e4fte f\u00fcr Ihre Kinder sind, sondern Sie kennen Ihre Schule, das Lehrerkollegium und auch die Region als Wohn-, Arbeits- und Lebensort. Sie kennen sicherlich auch viele Menschen und wissen, wer in Ihrem privaten Netzwerk f\u00fcr eine T\u00e4tigkeit im Schuldienst geeignet w\u00e4re oder sich daf\u00fcr interessiert. Vielleicht sogar Sie selbst.<br>Wir freuen uns, wenn Sie Ihre Bekannten und Freunde einladen, unsere Schule als potentiellen Arbeitsort kennenzulernen:<br><br><strong>Am: &nbsp;&nbsp;&nbsp;&nbsp;&nbsp;&nbsp;&nbsp;&nbsp;&nbsp;&nbsp;&nbsp;&nbsp;&nbsp;&nbsp;&nbsp;&nbsp;&nbsp;&nbsp;&nbsp;&nbsp;&nbsp;&nbsp;&nbsp;&nbsp;&nbsp;&nbsp;&nbsp; 21.01.2026<\/strong><br><strong>In der Zeit von: &nbsp;&nbsp;&nbsp;&nbsp;&nbsp;&nbsp;&nbsp;&nbsp;&nbsp;&nbsp;17 \u2013 18:30 Uhr<\/strong><br><strong>In der Aula der Regionalen Schule Burg Stargard<\/strong><br><br>Sie haben au\u00dferdem die M\u00f6glichkeit, die Regionale Schule mit Grundschule Woldegk kennenzulernen.<br>Um <strong>Voranmeldung wird bis 19.01.2026<\/strong> an <a href=\"mailto:schule@regs-burg-stargard.de\">schule@regs-burg-stargard.de<\/a> gebeten. Interessierte sind herzlich eingeladen, vorbeizukommen.<br><br>Neben den Lehrkr\u00e4ften der jeweiligen Schule stehen auch Vertreterinnen und Vertreter des Staatlichen Schulamts Neubrandenburg bereit, die Wege in den Schuldienst zu erkl\u00e4ren, Fragen zu beantworten und individuell zu beraten.<br><br>Informationen \u00fcber offene Stellen und Einstiegsm\u00f6glichkeiten gibt es auf dem Karriereportal f\u00fcr den Schuldienst in Mecklenburg-Vorpommern unter<br><a href=\"http:\/\/www.Lehrer-in-MV.de\">www.Lehrer-in-MV.de<\/a>.<br><br>Bitte geben Sie die Einladung weiter und er\u00f6ffnen Sie Ihrem Netzwerk eine neue Perspektive.<br><br>Mit freundlichen Gr\u00fc\u00dfen<br><br>S. Schwenn<br>Schulleiterin<\/p>\n\n\n\n<h3 class=\"wp-block-heading\"><strong>Mit M\u00e4rchen Freude bereiten!<\/strong><\/h3>\n\n\n\n<h4 class=\"wp-block-heading\"><strong>Ein Auftritt der Klasse 5a der Regionalschule Burg Stargard im Evangelischen Pflegeheim<\/strong><\/h4>\n\n\n\n<p>Am Mittwoch, dem 10.12.2025, sah man eine Gruppe von Sch\u00fclerinnen und Sch\u00fcler mit einer knapp 3 Meter langen Stange auf der roter Stoff aufgerollt war, gut gelaunt und voller Vorfreude durch Burg Stargard ziehen.<br>Das waren wir: die Klasse 5a der Regionalschule Burg Stargard auf dem Weg zum Evangelischen Pflegeheim hier in Burg Stargard mit unserer B\u00fchne.<br>Wir freuten uns, den Senioreninnen und Senioren unsere Ergebnisse des M\u00e4rchenprojektes pr\u00e4sentieren zu d\u00fcrfen. Mit selbst gestalteten Puppen f\u00fchrten wir unsere leicht aufgepeppten M\u00e4rchen vor, z.B. Rapunzel, das feststellte, dass diese ganze Haarakrobatik schon Bodybuilding gleichkommt und sie vielleicht lieber direkt Haarstylistin wird, falls der Prinz sie nicht rettet.<br>Und nat\u00fcrlich kam es auch bei uns -wie bei allen gro\u00dfen Schauspielern &#8211; zu einem tollen Versprecher, der f\u00fcr Lacher sorgte: \u201eIch bin Rotk\u00e4ppchen und habe den O. gespielt\u201c, sagte ein Klassenkamerad vor lauter Aufregung. Wenn das mal nicht zeigt, dass die kleinen Puppenspieler voll in ihrer Rolle steckten. Wir ernteten auch f\u00fcr solch lustige Momente viel Applaus und hatten das Gef\u00fchl, dass wir mit unserem Auftritt Freude bereiten konnte. Das Gef\u00fchl ist toll.<br>Begleitet wurden wir von Frau Lukasczyk (unserer Sozialarbeiterin), Frau El Miasser (unserer Klassenlehrerin) und Frau Damadyous (BufDi).<br>Mit einem L\u00e4cheln im Gesicht, den zum Dank erhaltenen S\u00fc\u00dfigkeiten im Mund und voller Stolz ging es dann f\u00fcr uns zur\u00fcck zur Schule. Wir, freuen uns auf weitere Projekte dieser Art.<br>Die Regionale Schule Burg Stargard, das ist sicher, ist viel mehr als nur Mathe, Deutsch und Englisch. Frau Eskaf, die seit l\u00e4ngerem immer wieder Projekte im Seniorenheim initiiert, hat uns den Kontakt hergestellt, wof\u00fcr wir an dieser Stelle nochmals DANKE sagen.<br><br>Klasse 5a<br>A. El Miasser<br>Klassenlehrerin <\/p>\n\n\n\n<div class=\"wp-block-columns is-layout-flex wp-container-core-columns-is-layout-28f84493 wp-block-columns-is-layout-flex\">\n<div class=\"wp-block-column is-layout-flow wp-block-column-is-layout-flow\">\n<figure class=\"wp-block-image size-large\"><a href=\"https:\/\/regs-burg-stargard.de\/wordpress\/wp-content\/uploads\/2025\/12\/PHOTO-2025-12-10-12-40-52-1.jpg\"><img loading=\"lazy\" decoding=\"async\" width=\"740\" height=\"1024\" src=\"https:\/\/regs-burg-stargard.de\/wordpress\/wp-content\/uploads\/2025\/12\/PHOTO-2025-12-10-12-40-52-1-740x1024.jpg\" alt=\"\" class=\"wp-image-4892 colorbox-4810\" srcset=\"https:\/\/regs-burg-stargard.de\/wordpress\/wp-content\/uploads\/2025\/12\/PHOTO-2025-12-10-12-40-52-1-740x1024.jpg 740w, https:\/\/regs-burg-stargard.de\/wordpress\/wp-content\/uploads\/2025\/12\/PHOTO-2025-12-10-12-40-52-1-217x300.jpg 217w, https:\/\/regs-burg-stargard.de\/wordpress\/wp-content\/uploads\/2025\/12\/PHOTO-2025-12-10-12-40-52-1-768x1062.jpg 768w, https:\/\/regs-burg-stargard.de\/wordpress\/wp-content\/uploads\/2025\/12\/PHOTO-2025-12-10-12-40-52-1-1110x1536.jpg 1110w, https:\/\/regs-burg-stargard.de\/wordpress\/wp-content\/uploads\/2025\/12\/PHOTO-2025-12-10-12-40-52-1.jpg 1122w\" sizes=\"auto, (max-width: 740px) 100vw, 740px\" \/><\/a><\/figure>\n<\/div>\n\n\n\n<div class=\"wp-block-column is-layout-flow wp-block-column-is-layout-flow\">\n<figure class=\"wp-block-image size-full\"><a href=\"https:\/\/regs-burg-stargard.de\/wordpress\/wp-content\/uploads\/2025\/12\/PHOTO-2025-12-10-12-40-48-004.jpg\"><img loading=\"lazy\" decoding=\"async\" width=\"640\" height=\"480\" src=\"https:\/\/regs-burg-stargard.de\/wordpress\/wp-content\/uploads\/2025\/12\/PHOTO-2025-12-10-12-40-48-004.jpg\" alt=\"\" class=\"wp-image-4890 colorbox-4810\" srcset=\"https:\/\/regs-burg-stargard.de\/wordpress\/wp-content\/uploads\/2025\/12\/PHOTO-2025-12-10-12-40-48-004.jpg 640w, https:\/\/regs-burg-stargard.de\/wordpress\/wp-content\/uploads\/2025\/12\/PHOTO-2025-12-10-12-40-48-004-300x225.jpg 300w\" sizes=\"auto, (max-width: 640px) 100vw, 640px\" \/><\/a><\/figure>\n<\/div>\n<\/div>\n\n\n\n<h3 class=\"wp-block-heading\">Alle Jahre wieder &#8230;<\/h3>\n\n\n\n<h4 class=\"wp-block-heading\">Weihnachtsp\u00e4ckchen f\u00fcr die Tafel<\/h4>\n\n\n\n<p>Weihnachten r\u00fcckt n\u00e4her \u2013 und mit ihm der Duft von Vorfreude und viel Arbeit f\u00fcr die helfenden H\u00e4nde in der Regionalen Schule Burg Stargard. Wie schon in den vergangenen Jahren sind die \u201eWichtel\u201c der Schule eifrig dabei, P\u00e4ckchen f\u00fcr die Neubrandenburger Tafel zu packen.<br>Nach Unterrichtsschluss werden aus den zahlreichen Spenden der Sch\u00fclerinnen und Sch\u00fcler liebevoll kleine Pr\u00e4sente zusammengestellt. Sorgf\u00e4ltig achten die Helferinnen und Helfer darauf, dass jedes Paket neben Leckereien und n\u00fctzlichen Dingen auch ein Buch enth\u00e4lt \u2013 ein St\u00fcck W\u00e4rme f\u00fcr K\u00f6rper und Seele.<br>Erg\u00e4nzt werden diese P\u00e4ckchen durch viele weitere Geschenke, die bereits zu Hause mit Herz und Hingabe gepackt wurden.<br>Mit all diesen Beitr\u00e4gen tr\u00e4gt die Schulgemeinschaft schon seit vielen Jahren dazu bei, Menschen in schwierigen Lebenssituationen ein helleres, fr\u00f6hlicheres Weihnachtsfest zu bereiten. Eine Tradition, die zeigt: Teilen macht die Feiertage erst richtig sch\u00f6n.<br><br>S. Eskaf<\/p>\n\n\n\n<div class=\"wp-block-columns is-layout-flex wp-container-core-columns-is-layout-28f84493 wp-block-columns-is-layout-flex\">\n<div class=\"wp-block-column is-layout-flow wp-block-column-is-layout-flow\">\n<figure class=\"wp-block-image size-large\"><a href=\"https:\/\/regs-burg-stargard.de\/wordpress\/wp-content\/uploads\/2025\/12\/Alle-Jahre-wieder_Weihnachtspaeckchen.jpg\"><img loading=\"lazy\" decoding=\"async\" width=\"768\" height=\"1024\" src=\"https:\/\/regs-burg-stargard.de\/wordpress\/wp-content\/uploads\/2025\/12\/Alle-Jahre-wieder_Weihnachtspaeckchen-768x1024.jpg\" alt=\"\" class=\"wp-image-4881 colorbox-4810\" srcset=\"https:\/\/regs-burg-stargard.de\/wordpress\/wp-content\/uploads\/2025\/12\/Alle-Jahre-wieder_Weihnachtspaeckchen-768x1024.jpg 768w, https:\/\/regs-burg-stargard.de\/wordpress\/wp-content\/uploads\/2025\/12\/Alle-Jahre-wieder_Weihnachtspaeckchen-225x300.jpg 225w, https:\/\/regs-burg-stargard.de\/wordpress\/wp-content\/uploads\/2025\/12\/Alle-Jahre-wieder_Weihnachtspaeckchen-300x400.jpg 300w, https:\/\/regs-burg-stargard.de\/wordpress\/wp-content\/uploads\/2025\/12\/Alle-Jahre-wieder_Weihnachtspaeckchen-1152x1536.jpg 1152w, https:\/\/regs-burg-stargard.de\/wordpress\/wp-content\/uploads\/2025\/12\/Alle-Jahre-wieder_Weihnachtspaeckchen.jpg 1200w\" sizes=\"auto, (max-width: 768px) 100vw, 768px\" \/><\/a><\/figure>\n<\/div>\n\n\n\n<div class=\"wp-block-column is-layout-flow wp-block-column-is-layout-flow\">\n<figure class=\"wp-block-image size-full\"><a href=\"https:\/\/regs-burg-stargard.de\/wordpress\/wp-content\/uploads\/2025\/12\/Weihnachtspaeckchen_3.jpg\"><img loading=\"lazy\" decoding=\"async\" width=\"480\" height=\"640\" src=\"https:\/\/regs-burg-stargard.de\/wordpress\/wp-content\/uploads\/2025\/12\/Weihnachtspaeckchen_3.jpg\" alt=\"\" class=\"wp-image-4884 colorbox-4810\" srcset=\"https:\/\/regs-burg-stargard.de\/wordpress\/wp-content\/uploads\/2025\/12\/Weihnachtspaeckchen_3.jpg 480w, https:\/\/regs-burg-stargard.de\/wordpress\/wp-content\/uploads\/2025\/12\/Weihnachtspaeckchen_3-225x300.jpg 225w, https:\/\/regs-burg-stargard.de\/wordpress\/wp-content\/uploads\/2025\/12\/Weihnachtspaeckchen_3-300x400.jpg 300w\" sizes=\"auto, (max-width: 480px) 100vw, 480px\" \/><\/a><\/figure>\n<\/div>\n<\/div>\n\n\n\n<h3 class=\"wp-block-heading\">&#8222;Es war einmal &#8230;&#8220;<\/h3>\n\n\n\n<h4 class=\"wp-block-heading\">M\u00e4rchenprojekt der 5. Klassen<\/h4>\n\n\n\n<p>Am 27. und 28. November 2025 drehte sich f\u00fcr die f\u00fcnften Klassen der Regionalen Schule Burg Stargard alles um m\u00e4rchenhafte Themen. Die Sch\u00fcler besch\u00e4ftigten sich auf vielf\u00e4ltige Art und Weise mit M\u00e4rchen. So schrieben sie eigene M\u00e4rchentexte am Computer, lernten englischsprachige M\u00e4rchen kennen oder l\u00f6sten ein mathematisches M\u00e4rchenpuzzle.<br>Oftmals kommen in M\u00e4rchen magische Momente mit schillernden Farben vor. Derartige Farbwechsel konnten die F\u00fcnftkl\u00e4ssler bei chemischen Experimenten beobachten und bekamen die \u201eMagie\u201c dahinter erkl\u00e4rt.<br>Beim Basteln von Figuren aus selbstgew\u00e4hlten M\u00e4rchen f\u00fcr die Vorf\u00fchrung eines M\u00e4rchenspiels und der Gestaltung der dazugeh\u00f6rigen B\u00fchnenbilder tauchten die Sch\u00fcler nochmals in die M\u00e4rchenwelt ein. Besonderer Dank gilt Frau Gro\u00dfe und Frau Mundry von der Kunstwerkstatt, die den kreativen Teil des Tages tatkr\u00e4ftig und fantasievoll unterst\u00fctzten und gemeinsam mit den beteiligten Lehrkr\u00e4ften daf\u00fcr sorgten, dass die Kinder viel Spa\u00df an diesen Tagen hatten.<br><br>S. Eskaf<\/p>\n\n\n\n<div class=\"wp-block-columns is-layout-flex wp-container-core-columns-is-layout-28f84493 wp-block-columns-is-layout-flex\">\n<div class=\"wp-block-column is-layout-flow wp-block-column-is-layout-flow\">\n<figure class=\"wp-block-image size-large\"><a href=\"https:\/\/regs-burg-stargard.de\/wordpress\/wp-content\/uploads\/2025\/12\/20251127_Maerchenprojekt2-scaled.jpg\"><img loading=\"lazy\" decoding=\"async\" width=\"768\" height=\"1024\" src=\"https:\/\/regs-burg-stargard.de\/wordpress\/wp-content\/uploads\/2025\/12\/20251127_Maerchenprojekt2-768x1024.jpg\" alt=\"\" class=\"wp-image-4873 colorbox-4810\" srcset=\"https:\/\/regs-burg-stargard.de\/wordpress\/wp-content\/uploads\/2025\/12\/20251127_Maerchenprojekt2-768x1024.jpg 768w, https:\/\/regs-burg-stargard.de\/wordpress\/wp-content\/uploads\/2025\/12\/20251127_Maerchenprojekt2-225x300.jpg 225w, https:\/\/regs-burg-stargard.de\/wordpress\/wp-content\/uploads\/2025\/12\/20251127_Maerchenprojekt2-300x400.jpg 300w, https:\/\/regs-burg-stargard.de\/wordpress\/wp-content\/uploads\/2025\/12\/20251127_Maerchenprojekt2-1152x1536.jpg 1152w, https:\/\/regs-burg-stargard.de\/wordpress\/wp-content\/uploads\/2025\/12\/20251127_Maerchenprojekt2-1536x2048.jpg 1536w, https:\/\/regs-burg-stargard.de\/wordpress\/wp-content\/uploads\/2025\/12\/20251127_Maerchenprojekt2-scaled.jpg 1920w\" sizes=\"auto, (max-width: 768px) 100vw, 768px\" \/><\/a><\/figure>\n<\/div>\n\n\n\n<div class=\"wp-block-column is-layout-flow wp-block-column-is-layout-flow\">\n<figure class=\"wp-block-image size-large\"><a href=\"https:\/\/regs-burg-stargard.de\/wordpress\/wp-content\/uploads\/2025\/12\/20251127_Maerchenprojekt-scaled.jpg\"><img loading=\"lazy\" decoding=\"async\" width=\"768\" height=\"1024\" src=\"https:\/\/regs-burg-stargard.de\/wordpress\/wp-content\/uploads\/2025\/12\/20251127_Maerchenprojekt-768x1024.jpg\" alt=\"\" class=\"wp-image-4874 colorbox-4810\" srcset=\"https:\/\/regs-burg-stargard.de\/wordpress\/wp-content\/uploads\/2025\/12\/20251127_Maerchenprojekt-768x1024.jpg 768w, https:\/\/regs-burg-stargard.de\/wordpress\/wp-content\/uploads\/2025\/12\/20251127_Maerchenprojekt-225x300.jpg 225w, https:\/\/regs-burg-stargard.de\/wordpress\/wp-content\/uploads\/2025\/12\/20251127_Maerchenprojekt-300x400.jpg 300w, https:\/\/regs-burg-stargard.de\/wordpress\/wp-content\/uploads\/2025\/12\/20251127_Maerchenprojekt-1152x1536.jpg 1152w, https:\/\/regs-burg-stargard.de\/wordpress\/wp-content\/uploads\/2025\/12\/20251127_Maerchenprojekt-1536x2048.jpg 1536w, https:\/\/regs-burg-stargard.de\/wordpress\/wp-content\/uploads\/2025\/12\/20251127_Maerchenprojekt-scaled.jpg 1920w\" sizes=\"auto, (max-width: 768px) 100vw, 768px\" \/><\/a><\/figure>\n<\/div>\n<\/div>\n\n\n\n<h3 class=\"wp-block-heading\">Besuch des Landtages Schwerin<\/h3>\n\n\n\n<h4 class=\"wp-block-heading\">Ein gelungener Projekttag der Klasse 10<\/h4>\n\n\n\n<p>Am 18. November durften die Sch\u00fclerinnen und Sch\u00fcler der 10a und der 10b der Regionalen Schule Burg Stargard den Landtag in Schwerin besuchen. Der Besuch startete mit einer kurzen Einf\u00fchrung in das politische Geschehen und allgemeinen Informationen \u00fcber den Landtag Mecklenburg-Vorpommerns. Hier hatten die Sch\u00fclerinnen und Sch\u00fcler die M\u00f6glichkeit, ihr Vorwissen unter Beweis zu stellen. Weiterhin erfuhren die Zehntkl\u00e4ssler, dass der Hauptteil f\u00fcr politische Debatten bereits im Vorfeld stattfindet. Nach der Einf\u00fchrung wurde der Plenarsaal besichtigt. Hier durften die Sch\u00fclerinnen und Sch\u00fcler sich auf die St\u00fchle der Abgeordneten setzen und sich an das Rednerpult stellen. Danach fand das sogenannte Abgeordnetengespr\u00e4ch statt. Thomas Kr\u00fcger (SPD) und Horst F\u00f6rster (AfD) stellten sich den Fragen der Sch\u00fclerinnen und Sch\u00fcler. Diese nutzten die M\u00f6glichkeit, um Fragen aus verschiedenen Bereichen zu stellen. Hierbei wurde deutlich, dass sich die Sch\u00fclerInnen nicht nur sehr gut vorbereitet hatten, sondern dass unterschiedliche Ansichten der Abgeordneten zu einer regen Diskussion der beiden untereinander f\u00fchrten.<br><br>M. Rohe<br>Klassenlehrer Kl. 10b &amp; Fachlehrer Sozialkunde 10a\/b<\/p>\n\n\n\n<div class=\"wp-block-columns is-layout-flex wp-container-core-columns-is-layout-28f84493 wp-block-columns-is-layout-flex\">\n<div class=\"wp-block-column is-layout-flow wp-block-column-is-layout-flow\">\n<figure class=\"wp-block-image size-large\"><a href=\"https:\/\/regs-burg-stargard.de\/wordpress\/wp-content\/uploads\/2025\/11\/IMG-20251120-WA0000.jpg\"><img loading=\"lazy\" decoding=\"async\" width=\"1024\" height=\"768\" src=\"https:\/\/regs-burg-stargard.de\/wordpress\/wp-content\/uploads\/2025\/11\/IMG-20251120-WA0000-1024x768.jpg\" alt=\"\" class=\"wp-image-4868 colorbox-4810\" srcset=\"https:\/\/regs-burg-stargard.de\/wordpress\/wp-content\/uploads\/2025\/11\/IMG-20251120-WA0000-1024x768.jpg 1024w, https:\/\/regs-burg-stargard.de\/wordpress\/wp-content\/uploads\/2025\/11\/IMG-20251120-WA0000-300x225.jpg 300w, https:\/\/regs-burg-stargard.de\/wordpress\/wp-content\/uploads\/2025\/11\/IMG-20251120-WA0000-768x576.jpg 768w, https:\/\/regs-burg-stargard.de\/wordpress\/wp-content\/uploads\/2025\/11\/IMG-20251120-WA0000-1536x1152.jpg 1536w, https:\/\/regs-burg-stargard.de\/wordpress\/wp-content\/uploads\/2025\/11\/IMG-20251120-WA0000.jpg 2048w\" sizes=\"auto, (max-width: 1024px) 100vw, 1024px\" \/><\/a><\/figure>\n<\/div>\n\n\n\n<div class=\"wp-block-column is-layout-flow wp-block-column-is-layout-flow\">\n<figure class=\"wp-block-image size-large\"><a href=\"https:\/\/regs-burg-stargard.de\/wordpress\/wp-content\/uploads\/2025\/11\/IMG-20251120-WA0001.jpg\"><img loading=\"lazy\" decoding=\"async\" width=\"1024\" height=\"768\" src=\"https:\/\/regs-burg-stargard.de\/wordpress\/wp-content\/uploads\/2025\/11\/IMG-20251120-WA0001-1024x768.jpg\" alt=\"\" class=\"wp-image-4869 colorbox-4810\" srcset=\"https:\/\/regs-burg-stargard.de\/wordpress\/wp-content\/uploads\/2025\/11\/IMG-20251120-WA0001-1024x768.jpg 1024w, https:\/\/regs-burg-stargard.de\/wordpress\/wp-content\/uploads\/2025\/11\/IMG-20251120-WA0001-300x225.jpg 300w, https:\/\/regs-burg-stargard.de\/wordpress\/wp-content\/uploads\/2025\/11\/IMG-20251120-WA0001-768x576.jpg 768w, https:\/\/regs-burg-stargard.de\/wordpress\/wp-content\/uploads\/2025\/11\/IMG-20251120-WA0001-1536x1152.jpg 1536w, https:\/\/regs-burg-stargard.de\/wordpress\/wp-content\/uploads\/2025\/11\/IMG-20251120-WA0001.jpg 2048w\" sizes=\"auto, (max-width: 1024px) 100vw, 1024px\" \/><\/a><\/figure>\n<\/div>\n<\/div>\n\n\n\n<h3 class=\"wp-block-heading\">Zeitreise ins Mittelalter<\/h3>\n\n\n\n<h4 class=\"wp-block-heading\">Geschichte zum Anfassen, Staunen und Schmunzeln<\/h4>\n\n\n\n<p>Wie schwer ist eigentlich ein Kettenhemd? Wie riecht echte Tinte? Und was trug man, wenn man im Jahr 930 auf einem Markt unterwegs war? Antworten auf diese Fragen fanden die Sch\u00fclerinnen und Sch\u00fcler der Klassen 6a und 7b bei einem ganz besonderen Schultag unter dem Motto <em>\u201eGeschichte mit allen Sinnen erleben\u201c<\/em>.<br>Organisiert von den Geschichtslehrkr\u00e4ften der Schule, wurde der Unterricht an diesem Tag kurzerhand ins Mittelalter verlegt. Unterst\u00fctzung kam von der Kunstwerkstatt und vom F\u00f6rderverein Alte Burg Penzlin e.V. mit seiner Arbeitsgruppe \u201eW\u00e4chter der Isern Purt\u201c, die mit viel Fachwissen, Humor und einer beeindruckenden Sammlung historischer Ausr\u00fcstung, Kleidung und Alltagsgegenst\u00e4nde anreiste.<br>In zwei Workshops konnten die Sch\u00fclerinnen und Sch\u00fcler auf ganz unterschiedliche Weise in die Welt des Mittelalters eintauchen. In einem Kurs der Kunstwerkstatt drehte sich alles um mittelalterliche Schriften: Mit Federkiel und Tinte entstanden kunstvolle Buchstaben und verzierte Initialen \u2013 und wer flei\u00dfig \u00fcbte, nahm am Ende nicht nur neue Erkenntnisse, sondern vielleicht auch einen kleinen blauen Tintenfleck als Erinnerung mit nach Hause.<br>Im zweiten Workshop begegneten die Kinder den \u201eW\u00e4chtern der Isern Purt\u201c, die Charaktere aus verschiedenen Epochen des Mittelalters lebendig werden lie\u00dfen. Der aus dem fr\u00fchen 14. Jahrhundert stammende Richwin von Godenswege, ein gelehrter Hofberater, stellte das Wissen der Kinder mit kniffligen Fragen auf die Probe. Sein Weggef\u00e4hrte, Friedrich von Grapenwerder, Hauptmann der Ritterschaft von 1380, brachte nicht nur gl\u00e4nzende Helme, schwere Kettenhemden und echte Schwerter mit \u2013 er verk\u00f6rperte auch mit Haltung und Stimme den Stolz und die W\u00fcrde eines echten Ritters. Er zeigte, wie man eine R\u00fcstung richtig anlegt und ein Schwert sicher f\u00fchrt. Die Sch\u00fclerinnen und Sch\u00fcler durften selbst in die Ausr\u00fcstung schl\u00fcpfen, das Gewicht der R\u00fcstung sp\u00fcren und feststellen, wie ungewohnt \u2013 aber auch faszinierend \u2013 sich das anf\u00fchlt, einmal in die Rolle eines Ritters zu schl\u00fcpfen. Auch der H\u00e4ndler Magnus Skallagrimsson aus dem Jahr 930 A.D. brachte viele Geschichten mit: Er berichtete vom Leben auf mittelalterlichen M\u00e4rkten und pr\u00e4sentierte Alltagsgegenst\u00e4nde, die heute kaum jemand kennt \u2013 von Lampen aus Tierhaut bis zu kunstvoll gearbeiteten Sch\u00fcsseln. Mit sp\u00fcrbarer Begeisterung sprach Verna von der Insel Gotland \u00fcber die Welt der mittelalterlichen Mode: Sie erkl\u00e4rte, welche Stoffe damals verwendet wurden, wie aufw\u00e4ndig das F\u00e4rben war und welche Farben sich nur Wohlhabende leisten konnten. Ihre Leidenschaft f\u00fcr das Thema steckte an: Die Kinder h\u00f6rten gespannt zu, als sie von den vielen handwerklichen Schritten sprach, die n\u00f6tig waren, um ein einziges Kleidungsst\u00fcck entstehen zu lassen.<br>Am Ende dieses besonderen Tages waren sich alle einig: Geschichte l\u00e4sst sich am besten verstehen, wenn man sie erleben darf. Mit viel neuem Wissen, spannenden Eindr\u00fccken und vielleicht noch etwas Tinte an den Fingern ging es zur\u00fcck in die Gegenwart \u2013 um eine unvergessliche Erfahrung reicher.<br><br>J. Streich<br>Klassenlehrerin Kl. 6a<\/p>\n\n\n\n<div class=\"wp-block-columns is-layout-flex wp-container-core-columns-is-layout-28f84493 wp-block-columns-is-layout-flex\">\n<div class=\"wp-block-column is-layout-flow wp-block-column-is-layout-flow\">\n<figure class=\"wp-block-image size-large\"><a href=\"https:\/\/regs-burg-stargard.de\/wordpress\/wp-content\/uploads\/2025\/11\/Geschichte_12.11.2025_Bild1.jpg\"><img loading=\"lazy\" decoding=\"async\" width=\"1024\" height=\"576\" src=\"https:\/\/regs-burg-stargard.de\/wordpress\/wp-content\/uploads\/2025\/11\/Geschichte_12.11.2025_Bild1-1024x576.jpg\" alt=\"\" class=\"wp-image-4862 colorbox-4810\" srcset=\"https:\/\/regs-burg-stargard.de\/wordpress\/wp-content\/uploads\/2025\/11\/Geschichte_12.11.2025_Bild1-1024x576.jpg 1024w, https:\/\/regs-burg-stargard.de\/wordpress\/wp-content\/uploads\/2025\/11\/Geschichte_12.11.2025_Bild1-300x169.jpg 300w, https:\/\/regs-burg-stargard.de\/wordpress\/wp-content\/uploads\/2025\/11\/Geschichte_12.11.2025_Bild1-768x432.jpg 768w, https:\/\/regs-burg-stargard.de\/wordpress\/wp-content\/uploads\/2025\/11\/Geschichte_12.11.2025_Bild1-1536x864.jpg 1536w, https:\/\/regs-burg-stargard.de\/wordpress\/wp-content\/uploads\/2025\/11\/Geschichte_12.11.2025_Bild1.jpg 1539w\" sizes=\"auto, (max-width: 1024px) 100vw, 1024px\" \/><\/a><\/figure>\n<\/div>\n\n\n\n<div class=\"wp-block-column is-layout-flow wp-block-column-is-layout-flow\">\n<figure class=\"wp-block-image size-full is-resized\"><a href=\"https:\/\/regs-burg-stargard.de\/wordpress\/wp-content\/uploads\/2025\/11\/Geschichte_12.11.2025_Bild2.jpg\"><img loading=\"lazy\" decoding=\"async\" width=\"363\" height=\"867\" src=\"https:\/\/regs-burg-stargard.de\/wordpress\/wp-content\/uploads\/2025\/11\/Geschichte_12.11.2025_Bild2.jpg\" alt=\"\" class=\"wp-image-4863 colorbox-4810\" style=\"width:220px;height:auto\" srcset=\"https:\/\/regs-burg-stargard.de\/wordpress\/wp-content\/uploads\/2025\/11\/Geschichte_12.11.2025_Bild2.jpg 363w, https:\/\/regs-burg-stargard.de\/wordpress\/wp-content\/uploads\/2025\/11\/Geschichte_12.11.2025_Bild2-126x300.jpg 126w\" sizes=\"auto, (max-width: 363px) 100vw, 363px\" \/><\/a><\/figure>\n<\/div>\n<\/div>\n\n\n\n<h3 class=\"wp-block-heading\">Zur\u00fcck in die Altsteinzeit!<\/h3>\n\n\n\n<h4 class=\"wp-block-heading\">Das Geschichtsprojekt der 5. und 6. Klassen der Regionalen Schule.<\/h4>\n\n\n\n<p>Um Geschichte f\u00fcr unsere Sch\u00fclerinnen und Sch\u00fcler erlebarer zu machen stand im Herbst in der Regionalen Schule ein kreativer Ausflug in die Altsteinzeit auf dem Programm \u2013 in diesem Jahr einmalig f\u00fcr gleich zwei Jahrg\u00e4nge. So konnten sowohl die 5. als auch 6. Klassen eine ganz praktische Reise ins Europa um 30000 v.Chr. machen und dabei die \u00e4ltesten erhaltenen Bilder der Welt kennenlernen. Mit der Unterst\u00fctzung von Frau Gro\u00dfe von der Kunstwerkstatt erfuhren sie nicht nur Wissenswertes \u00fcber die H\u00f6hlenmalereien der Altsteinzeit, sondern konnten sich selbst beim Zeichnen und Gestalten dieser Motive ausprobieren. Dazu hatten die Sch\u00fclerinnen und Sch\u00fcler zun\u00e4chst die Aufgabe, Farben herzustellen. \u00c4hnlich wie den Menschen damals standen ihnen hierf\u00fcr Ocker, Holzkohle und Kreide zur Verf\u00fcgung, die zerstampft, verfl\u00fcssigt und anger\u00fchrt werden mussten. Mit Hilfe der Farben gelb, rotbraun, schwarz und wei\u00df konnten sie anschlie\u00dfend anhand eigener Vorlagen versuchen, Bilder zu malen, wie sie sich im Original in den steinzeitlichen H\u00f6hlen in Frankreich oder Spanien finden lassen. Dabei entstanden viele tolle Ergebnisse, insbesondere von den typischen Tiermotiven der Zeit, wie z.B. von Stieren, Steinb\u00f6cken, Mammuts oder Hirschen. Ab und zu fand sich dazwischen auch der ein oder andere Osterhase oder Teddyb\u00e4r. Unabh\u00e4ngig von den verschiedenen Darstellungen bot uns das Projekt neben der Abwechslung zum Unterrichtsalltag einen Eindruck, \u00fcber welch umfangreiche Kunstfertigkeiten und Organisationstalente die Menschen vor zehntausenden von Jahren bereits verf\u00fcgten.<br><br>U. Matzke<br>Projektleiterin<\/p>\n\n\n\n<div class=\"wp-block-columns is-layout-flex wp-container-core-columns-is-layout-28f84493 wp-block-columns-is-layout-flex\">\n<div class=\"wp-block-column is-layout-flow wp-block-column-is-layout-flow\">\n<figure class=\"wp-block-image size-large\"><a href=\"https:\/\/regs-burg-stargard.de\/wordpress\/wp-content\/uploads\/2025\/11\/Geschichtsprojekt_05.11.2025_DSC01024-scaled.jpg\"><img loading=\"lazy\" decoding=\"async\" width=\"1024\" height=\"768\" src=\"https:\/\/regs-burg-stargard.de\/wordpress\/wp-content\/uploads\/2025\/11\/Geschichtsprojekt_05.11.2025_DSC01024-1024x768.jpg\" alt=\"\" class=\"wp-image-4854 colorbox-4810\" srcset=\"https:\/\/regs-burg-stargard.de\/wordpress\/wp-content\/uploads\/2025\/11\/Geschichtsprojekt_05.11.2025_DSC01024-1024x768.jpg 1024w, https:\/\/regs-burg-stargard.de\/wordpress\/wp-content\/uploads\/2025\/11\/Geschichtsprojekt_05.11.2025_DSC01024-300x225.jpg 300w, https:\/\/regs-burg-stargard.de\/wordpress\/wp-content\/uploads\/2025\/11\/Geschichtsprojekt_05.11.2025_DSC01024-768x576.jpg 768w, https:\/\/regs-burg-stargard.de\/wordpress\/wp-content\/uploads\/2025\/11\/Geschichtsprojekt_05.11.2025_DSC01024-1536x1152.jpg 1536w, https:\/\/regs-burg-stargard.de\/wordpress\/wp-content\/uploads\/2025\/11\/Geschichtsprojekt_05.11.2025_DSC01024-2048x1536.jpg 2048w\" sizes=\"auto, (max-width: 1024px) 100vw, 1024px\" \/><\/a><\/figure>\n<\/div>\n\n\n\n<div class=\"wp-block-column is-layout-flow wp-block-column-is-layout-flow\">\n<figure class=\"wp-block-image size-large\"><a href=\"https:\/\/regs-burg-stargard.de\/wordpress\/wp-content\/uploads\/2025\/11\/Geschichtsprojekt_05.11.2025_2-DSC01024-scaled.jpg\"><img loading=\"lazy\" decoding=\"async\" width=\"1024\" height=\"768\" src=\"https:\/\/regs-burg-stargard.de\/wordpress\/wp-content\/uploads\/2025\/11\/Geschichtsprojekt_05.11.2025_2-DSC01024-1024x768.jpg\" alt=\"\" class=\"wp-image-4855 colorbox-4810\" srcset=\"https:\/\/regs-burg-stargard.de\/wordpress\/wp-content\/uploads\/2025\/11\/Geschichtsprojekt_05.11.2025_2-DSC01024-1024x768.jpg 1024w, https:\/\/regs-burg-stargard.de\/wordpress\/wp-content\/uploads\/2025\/11\/Geschichtsprojekt_05.11.2025_2-DSC01024-300x225.jpg 300w, https:\/\/regs-burg-stargard.de\/wordpress\/wp-content\/uploads\/2025\/11\/Geschichtsprojekt_05.11.2025_2-DSC01024-768x576.jpg 768w, https:\/\/regs-burg-stargard.de\/wordpress\/wp-content\/uploads\/2025\/11\/Geschichtsprojekt_05.11.2025_2-DSC01024-1536x1152.jpg 1536w, https:\/\/regs-burg-stargard.de\/wordpress\/wp-content\/uploads\/2025\/11\/Geschichtsprojekt_05.11.2025_2-DSC01024-2048x1536.jpg 2048w\" sizes=\"auto, (max-width: 1024px) 100vw, 1024px\" \/><\/a><\/figure>\n<\/div>\n<\/div>\n\n\n\n<h3 class=\"wp-block-heading\"><strong>\u201eBewegung ist Leben\u201c geht in die n\u00e4chste Runde<\/strong><\/h3>\n\n\n\n<p>Vor gut einem Jahr wurde das Lernen durch Engagement-Projekt \u201eBewegung ist Leben\u201c der Regionalen Schule mit dem Ehrenamtspreis Mecklenburg-Vorpommern ausgezeichnet. Im Rahmen dieses Projektes haben Sch\u00fcler im Pflegeheim \u201eJohanneshaus\u201c regelm\u00e4\u00dfig Bewegungs- und Denkspiele mit den Bewohnern gespielt und durch ihre Besuche Abwechslung und neuen Schwung in den Alltag der Heimbewohner gebracht. In diesem Jahr wollen wir das Projekt fortf\u00fchren, diesmal mit der 8. Klasse. Kurz vor Ende des letzten Schuljahres haben sich die Sch\u00fclerinnen und Sch\u00fcler bei einem gemeinsamen Kaffeetrinken mit Bingospiel schon mit den Senioren bekannt gemacht. Die Spannung und Vorfreude auf beiden Seiten sind gro\u00df.<br>Noch gr\u00f6\u00dfer wird die Aufregung durch die Tatsache, dass das Projekt durch die Ehrenamtsstiftung M-V f\u00fcr den Deutschen Engagementpreis nominiert wurde. Der Gewinn w\u00e4re eine gro\u00dfartige Anerkennung f\u00fcr das Engagement der Sch\u00fcler. Wir hoffen sehr, dass unsere Nominierung die Jury \u00fcberzeugt. Doch auch, wenn wir uns nicht gegen die bundesweite Konkurrenz fantastischer Projekte durchsetzen k\u00f6nnen, bleibt die Chance auf den Publikumspreis. Da bauen wir nat\u00fcrlich auf die Unterst\u00fctzung durch Sie alle, um Burg Stargard und unserer Schule bundesweite Reichweite zu verleihen. Zu gegebener Zeit werden wir selbstverst\u00e4ndlich \u00fcber den Stand der Jury-Entscheidung informieren.<br><br><a href=\"https:\/\/www.deutscher-engagementpreis.de\/publikumspreis\/nominierte\/6537-bewegung-ist-leben-projekt-der-regionalen-schule-burg-stargard\">https:\/\/www.deutscher-engagementpreis.de\/publikumspreis\/nominierte\/6537-bewegung-ist-leben-projekt-der-regionalen-schule-burg-stargard<\/a><br><br>S. Eskaf &#8211; Projektleiterin<br>S. Schwenn &#8211; Schulleiterin<\/p>\n\n\n\n<div class=\"wp-block-columns is-layout-flex wp-container-core-columns-is-layout-28f84493 wp-block-columns-is-layout-flex\">\n<div class=\"wp-block-column is-layout-flow wp-block-column-is-layout-flow\" style=\"flex-basis:100%\">\n<div class=\"wp-block-columns is-layout-flex wp-container-core-columns-is-layout-28f84493 wp-block-columns-is-layout-flex\">\n<div class=\"wp-block-column is-layout-flow wp-block-column-is-layout-flow\" style=\"flex-basis:100%\">\n<figure class=\"wp-block-gallery has-nested-images columns-default is-cropped wp-block-gallery-1 is-layout-flex wp-block-gallery-is-layout-flex\">\n<figure class=\"wp-block-image size-full\"><a href=\"https:\/\/regs-burg-stargard.de\/wordpress\/wp-content\/uploads\/2025\/09\/grafik.png\"><img loading=\"lazy\" decoding=\"async\" width=\"944\" height=\"277\" data-id=\"4814\" src=\"https:\/\/regs-burg-stargard.de\/wordpress\/wp-content\/uploads\/2025\/09\/grafik.png\" alt=\"\" class=\"wp-image-4814 colorbox-4810\" srcset=\"https:\/\/regs-burg-stargard.de\/wordpress\/wp-content\/uploads\/2025\/09\/grafik.png 944w, https:\/\/regs-burg-stargard.de\/wordpress\/wp-content\/uploads\/2025\/09\/grafik-300x88.png 300w, https:\/\/regs-burg-stargard.de\/wordpress\/wp-content\/uploads\/2025\/09\/grafik-768x225.png 768w\" sizes=\"auto, (max-width: 944px) 100vw, 944px\" \/><\/a><\/figure>\n<\/figure>\n<\/div>\n<\/div>\n\n\n\n<div class=\"wp-block-columns is-layout-flex wp-container-core-columns-is-layout-28f84493 wp-block-columns-is-layout-flex\">\n<div class=\"wp-block-column is-layout-flow wp-block-column-is-layout-flow\">\n<figure class=\"wp-block-image size-full\"><a href=\"https:\/\/regs-burg-stargard.de\/wordpress\/wp-content\/uploads\/2025\/10\/QR-Code.png\"><img loading=\"lazy\" decoding=\"async\" width=\"563\" height=\"562\" src=\"https:\/\/regs-burg-stargard.de\/wordpress\/wp-content\/uploads\/2025\/10\/QR-Code.png\" alt=\"\" class=\"wp-image-4833 colorbox-4810\" srcset=\"https:\/\/regs-burg-stargard.de\/wordpress\/wp-content\/uploads\/2025\/10\/QR-Code.png 563w, https:\/\/regs-burg-stargard.de\/wordpress\/wp-content\/uploads\/2025\/10\/QR-Code-300x300.png 300w, https:\/\/regs-burg-stargard.de\/wordpress\/wp-content\/uploads\/2025\/10\/QR-Code-150x150.png 150w\" sizes=\"auto, (max-width: 563px) 100vw, 563px\" \/><\/a><\/figure>\n<\/div>\n\n\n\n<div class=\"wp-block-column is-layout-flow wp-block-column-is-layout-flow\"><\/div>\n<\/div>\n<\/div>\n<\/div>\n\n\n\n<figure class=\"wp-block-image size-full\"><a href=\"https:\/\/regs-burg-stargard.de\/wordpress\/wp-content\/uploads\/2025\/10\/Screenshot-2025-10-15-133338.png\"><img loading=\"lazy\" decoding=\"async\" width=\"867\" height=\"916\" src=\"https:\/\/regs-burg-stargard.de\/wordpress\/wp-content\/uploads\/2025\/10\/Screenshot-2025-10-15-133338.png\" alt=\"\" class=\"wp-image-4849 colorbox-4810\" srcset=\"https:\/\/regs-burg-stargard.de\/wordpress\/wp-content\/uploads\/2025\/10\/Screenshot-2025-10-15-133338.png 867w, https:\/\/regs-burg-stargard.de\/wordpress\/wp-content\/uploads\/2025\/10\/Screenshot-2025-10-15-133338-284x300.png 284w, https:\/\/regs-burg-stargard.de\/wordpress\/wp-content\/uploads\/2025\/10\/Screenshot-2025-10-15-133338-768x811.png 768w\" sizes=\"auto, (max-width: 867px) 100vw, 867px\" \/><\/a><\/figure>\n","protected":false},"excerpt":{"rendered":"<p>Ein Schachturnier der besonderen Art Zusammen mit Sch\u00fclerinnen und Sch\u00fclern von mehr als 1500 Schulen Europas beteiligten sich 8 Sch\u00fcler der 5. &#8211; 10. Klassen unserer Schule am Wettbewerb zum L\u00f6sen von Schachaufgaben. Der Wettbewerb fand am 26. M\u00e4rz 2026 an Schulen aus Polen, Spanien, Frankreich, Italien und Deutschland statt. Innerhalb von 60 Minuten musste [&hellip;]<\/p>\n","protected":false},"author":17,"featured_media":0,"parent":0,"menu_order":0,"comment_status":"closed","ping_status":"closed","template":"","meta":{"site-sidebar-layout":"default","site-content-layout":"","ast-site-content-layout":"default","site-content-style":"default","site-sidebar-style":"default","ast-global-header-display":"","ast-banner-title-visibility":"","ast-main-header-display":"","ast-hfb-above-header-display":"","ast-hfb-below-header-display":"","ast-hfb-mobile-header-display":"","site-post-title":"","ast-breadcrumbs-content":"","ast-featured-img":"","footer-sml-layout":"","theme-transparent-header-meta":"","adv-header-id-meta":"","stick-header-meta":"","header-above-stick-meta":"","header-main-stick-meta":"","header-below-stick-meta":"","astra-migrate-meta-layouts":"set","ast-page-background-enabled":"default","ast-page-background-meta":{"desktop":{"background-color":"","background-image":"","background-repeat":"repeat","background-position":"center center","background-size":"auto","background-attachment":"scroll","background-type":"","background-media":"","overlay-type":"","overlay-color":"","overlay-opacity":"","overlay-gradient":""},"tablet":{"background-color":"","background-image":"","background-repeat":"repeat","background-position":"center center","background-size":"auto","background-attachment":"scroll","background-type":"","background-media":"","overlay-type":"","overlay-color":"","overlay-opacity":"","overlay-gradient":""},"mobile":{"background-color":"","background-image":"","background-repeat":"repeat","background-position":"center center","background-size":"auto","background-attachment":"scroll","background-type":"","background-media":"","overlay-type":"","overlay-color":"","overlay-opacity":"","overlay-gradient":""}},"ast-content-background-meta":{"desktop":{"background-color":"var(--ast-global-color-5)","background-image":"","background-repeat":"repeat","background-position":"center center","background-size":"auto","background-attachment":"scroll","background-type":"","background-media":"","overlay-type":"","overlay-color":"","overlay-opacity":"","overlay-gradient":""},"tablet":{"background-color":"var(--ast-global-color-5)","background-image":"","background-repeat":"repeat","background-position":"center center","background-size":"auto","background-attachment":"scroll","background-type":"","background-media":"","overlay-type":"","overlay-color":"","overlay-opacity":"","overlay-gradient":""},"mobile":{"background-color":"var(--ast-global-color-5)","background-image":"","background-repeat":"repeat","background-position":"center center","background-size":"auto","background-attachment":"scroll","background-type":"","background-media":"","overlay-type":"","overlay-color":"","overlay-opacity":"","overlay-gradient":""}},"ngg_post_thumbnail":0,"footnotes":""},"class_list":["post-4810","page","type-page","status-publish","hentry"],"_links":{"self":[{"href":"https:\/\/regs-burg-stargard.de\/wordpress\/wp-json\/wp\/v2\/pages\/4810","targetHints":{"allow":["GET"]}}],"collection":[{"href":"https:\/\/regs-burg-stargard.de\/wordpress\/wp-json\/wp\/v2\/pages"}],"about":[{"href":"https:\/\/regs-burg-stargard.de\/wordpress\/wp-json\/wp\/v2\/types\/page"}],"author":[{"embeddable":true,"href":"https:\/\/regs-burg-stargard.de\/wordpress\/wp-json\/wp\/v2\/users\/17"}],"replies":[{"embeddable":true,"href":"https:\/\/regs-burg-stargard.de\/wordpress\/wp-json\/wp\/v2\/comments?post=4810"}],"version-history":[{"count":28,"href":"https:\/\/regs-burg-stargard.de\/wordpress\/wp-json\/wp\/v2\/pages\/4810\/revisions"}],"predecessor-version":[{"id":4926,"href":"https:\/\/regs-burg-stargard.de\/wordpress\/wp-json\/wp\/v2\/pages\/4810\/revisions\/4926"}],"wp:attachment":[{"href":"https:\/\/regs-burg-stargard.de\/wordpress\/wp-json\/wp\/v2\/media?parent=4810"}],"curies":[{"name":"wp","href":"https:\/\/api.w.org\/{rel}","templated":true}]}}